{"id":5683,"date":"2025-10-16T09:02:31","date_gmt":"2025-10-16T07:02:31","guid":{"rendered":"https:\/\/www.sueverkruep.de\/renault\/?page_id=5683"},"modified":"2025-10-23T11:39:53","modified_gmt":"2025-10-23T09:39:53","slug":"megane-e-tech","status":"publish","type":"page","link":"https:\/\/www.sueverkruep.de\/renault\/elektromobilitaet\/megane-e-tech\/","title":{"rendered":"Megane E-Tech"},"content":{"rendered":"\t\t<div data-elementor-type=\"wp-page\" data-elementor-id=\"5683\" class=\"elementor elementor-5683\" data-elementor-post-type=\"page\">\n\t\t\t\t\t\t<section class=\"elementor-section elementor-top-section elementor-element elementor-element-6c1d46fc elementor-section-full_width elementor-hidden-mobile elementor-hidden-tablet elementor-section-height-default elementor-section-height-default wpr-particle-no wpr-jarallax-no wpr-parallax-no wpr-sticky-section-no wpr-equal-height-no\" data-id=\"6c1d46fc\" data-element_type=\"section\" data-e-type=\"section\">\n\t\t\t\t\t\t<div class=\"elementor-container elementor-column-gap-default\">\n\t\t\t\t\t<div class=\"elementor-column elementor-col-50 elementor-top-column elementor-element elementor-element-14470cf\" data-id=\"14470cf\" data-element_type=\"column\" data-e-type=\"column\">\n\t\t\t<div class=\"elementor-widget-wrap elementor-element-populated\">\n\t\t\t\t\t\t<div class=\"elementor-element elementor-element-70a9e320 elementor-view-default elementor-widget elementor-widget-icon\" data-id=\"70a9e320\" data-element_type=\"widget\" data-e-type=\"widget\" data-widget_type=\"icon.default\">\n\t\t\t\t<div class=\"elementor-widget-container\">\n\t\t\t\t\t\t\t<div class=\"elementor-icon-wrapper\">\n\t\t\t<a class=\"elementor-icon\" href=\"https:\/\/www.sueverkruep.de\">\n\t\t\t<i aria-hidden=\"true\" class=\"fas fa-home\"><\/i>\t\t\t<\/a>\n\t\t<\/div>\n\t\t\t\t\t\t<\/div>\n\t\t\t\t<\/div>\n\t\t\t\t\t<\/div>\n\t\t<\/div>\n\t\t\t\t<div class=\"elementor-column elementor-col-50 elementor-top-column elementor-element elementor-element-3a498f94\" data-id=\"3a498f94\" data-element_type=\"column\" data-e-type=\"column\">\n\t\t\t<div class=\"elementor-widget-wrap elementor-element-populated\">\n\t\t\t\t\t\t<div class=\"elementor-element elementor-element-49b5375a elementor-align-left elementor-widget elementor-widget-breadcrumbs\" data-id=\"49b5375a\" data-element_type=\"widget\" data-e-type=\"widget\" data-widget_type=\"breadcrumbs.default\">\n\t\t\t\t<div class=\"elementor-widget-container\">\n\t\t\t\t\t<p id=\"breadcrumbs\"><span><span><a href=\"https:\/\/www.sueverkruep.de\/renault\/\">Startseite Renault<\/a><\/span><\/span><\/p>\t\t\t\t<\/div>\n\t\t\t\t<\/div>\n\t\t\t\t\t<\/div>\n\t\t<\/div>\n\t\t\t\t\t<\/div>\n\t\t<\/section>\n\t\t\t\t<section class=\"elementor-section elementor-top-section elementor-element elementor-element-7dc5bfb elementor-section-height-min-height elementor-section-full_width elementor-section-items-bottom elementor-section-height-default wpr-particle-no wpr-jarallax-no wpr-parallax-no wpr-sticky-section-no wpr-equal-height-no\" data-id=\"7dc5bfb\" data-element_type=\"section\" data-e-type=\"section\" data-settings=\"{&quot;background_background&quot;:&quot;classic&quot;}\">\n\t\t\t\t\t\t\t<div class=\"elementor-background-overlay\"><\/div>\n\t\t\t\t\t\t\t<div class=\"elementor-container elementor-column-gap-default\">\n\t\t\t\t\t<div class=\"elementor-column elementor-col-100 elementor-top-column elementor-element elementor-element-519994fc\" data-id=\"519994fc\" data-element_type=\"column\" data-e-type=\"column\">\n\t\t\t<div class=\"elementor-widget-wrap\">\n\t\t\t\t\t\t\t<\/div>\n\t\t<\/div>\n\t\t\t\t\t<\/div>\n\t\t<\/section>\n\t\t\t\t<section class=\"elementor-section elementor-top-section elementor-element elementor-element-6d45c5c8 elementor-section-boxed elementor-section-height-default elementor-section-height-default wpr-particle-no wpr-jarallax-no wpr-parallax-no wpr-sticky-section-no wpr-equal-height-no\" data-id=\"6d45c5c8\" data-element_type=\"section\" data-e-type=\"section\">\n\t\t\t\t\t\t<div class=\"elementor-container elementor-column-gap-default\">\n\t\t\t\t\t<div class=\"elementor-column elementor-col-50 elementor-top-column elementor-element elementor-element-3f6ec03c\" data-id=\"3f6ec03c\" data-element_type=\"column\" data-e-type=\"column\">\n\t\t\t<div class=\"elementor-widget-wrap elementor-element-populated\">\n\t\t\t\t\t\t<div class=\"elementor-element elementor-element-1e5e116f elementor-widget elementor-widget-heading\" data-id=\"1e5e116f\" data-element_type=\"widget\" data-e-type=\"widget\" data-widget_type=\"heading.default\">\n\t\t\t\t<div class=\"elementor-widget-container\">\n\t\t\t\t\t<h1 class=\"elementor-heading-title elementor-size-default\">Der neue Megane E-Tech<\/h1>\t\t\t\t<\/div>\n\t\t\t\t<\/div>\n\t\t\t\t<div class=\"elementor-element elementor-element-226ffbb7 elementor-widget elementor-widget-text-editor\" data-id=\"226ffbb7\" data-element_type=\"widget\" data-e-type=\"widget\" data-widget_type=\"text-editor.default\">\n\t\t\t\t<div class=\"elementor-widget-container\">\n\t\t\t\t\t\t\t\t\t<p data-start=\"176\" data-end=\"255\"><strong data-start=\"176\" data-end=\"255\">Der neue Renault Megane E-Tech Electric \u2013 Elektromobilit\u00e4t, die begeistert.<\/strong><\/p><p data-start=\"257\" data-end=\"720\">Erleben Sie die n\u00e4chste Generation vollelektrischer Mobilit\u00e4t \u2013 schon heute. Der Renault Megane E-Tech Electric vereint avantgardistisches Design, fortschrittliche Technologie und alltagstaugliche Reichweite in einem modernen Kompaktfahrzeug. Mit seiner dynamischen Silhouette, hochwertiger Ausstattung und lokal emissionsfreiem Fahrspa\u00df definiert der Megane E-Tech nachhaltige Mobilit\u00e4t neu \u2013 f\u00fcr die Stadt, den Arbeitsweg und jede spontane Fahrt dar\u00fcber hinaus.<\/p>\t\t\t\t\t\t\t\t<\/div>\n\t\t\t\t<\/div>\n\t\t\t\t\t<\/div>\n\t\t<\/div>\n\t\t\t\t<div class=\"elementor-column elementor-col-50 elementor-top-column elementor-element elementor-element-317c6aef\" data-id=\"317c6aef\" data-element_type=\"column\" data-e-type=\"column\">\n\t\t\t<div class=\"elementor-widget-wrap elementor-element-populated\">\n\t\t\t\t\t\t<section class=\"elementor-section elementor-inner-section elementor-element elementor-element-3370c3f elementor-section-full_width elementor-section-height-default elementor-section-height-default wpr-particle-no wpr-jarallax-no wpr-parallax-no wpr-sticky-section-no wpr-equal-height-no\" data-id=\"3370c3f\" data-element_type=\"section\" data-e-type=\"section\">\n\t\t\t\t\t\t\t<div class=\"elementor-background-overlay\"><\/div>\n\t\t\t\t\t\t\t<div class=\"elementor-container elementor-column-gap-default\">\n\t\t\t\t\t<div class=\"elementor-column elementor-col-100 elementor-inner-column elementor-element elementor-element-12f1de2\" data-id=\"12f1de2\" data-element_type=\"column\" data-e-type=\"column\">\n\t\t\t<div class=\"elementor-widget-wrap elementor-element-populated\">\n\t\t\t\t\t\t<div class=\"elementor-element elementor-element-4c59732 elementor-widget__width-initial elementor-widget elementor-widget-text-editor\" data-id=\"4c59732\" data-element_type=\"widget\" data-e-type=\"widget\" data-widget_type=\"text-editor.default\">\n\t\t\t\t<div class=\"elementor-widget-container\">\n\t\t\t\t\t\t\t\t\t<h2>\u00dcbersicht<\/h2>\t\t\t\t\t\t\t\t<\/div>\n\t\t\t\t<\/div>\n\t\t\t\t<div class=\"elementor-element elementor-element-7c039e3a elementor-widget__width-initial elementor-icon-list--layout-traditional elementor-list-item-link-full_width elementor-widget elementor-widget-icon-list\" data-id=\"7c039e3a\" data-element_type=\"widget\" data-e-type=\"widget\" data-widget_type=\"icon-list.default\">\n\t\t\t\t<div class=\"elementor-widget-container\">\n\t\t\t\t\t\t\t<ul class=\"elementor-icon-list-items\">\n\t\t\t\t\t\t\t<li class=\"elementor-icon-list-item\">\n\t\t\t\t\t\t\t\t\t\t\t<a href=\"#Exterieur\">\n\n\t\t\t\t\t\t\t\t\t\t\t\t<span class=\"elementor-icon-list-icon\">\n\t\t\t\t\t\t\t<i aria-hidden=\"true\" class=\"fas fa-chevron-right\"><\/i>\t\t\t\t\t\t<\/span>\n\t\t\t\t\t\t\t\t\t\t<span class=\"elementor-icon-list-text\">Exterieur<\/span>\n\t\t\t\t\t\t\t\t\t\t\t<\/a>\n\t\t\t\t\t\t\t\t\t<\/li>\n\t\t\t\t\t\t\t\t<li class=\"elementor-icon-list-item\">\n\t\t\t\t\t\t\t\t\t\t\t<a href=\"#Interieur\">\n\n\t\t\t\t\t\t\t\t\t\t\t\t<span class=\"elementor-icon-list-icon\">\n\t\t\t\t\t\t\t<i aria-hidden=\"true\" class=\"fas fa-chevron-right\"><\/i>\t\t\t\t\t\t<\/span>\n\t\t\t\t\t\t\t\t\t\t<span class=\"elementor-icon-list-text\">Interieur<\/span>\n\t\t\t\t\t\t\t\t\t\t\t<\/a>\n\t\t\t\t\t\t\t\t\t<\/li>\n\t\t\t\t\t\t\t\t<li class=\"elementor-icon-list-item\">\n\t\t\t\t\t\t\t\t\t\t\t<a href=\"#Besonderheiten\">\n\n\t\t\t\t\t\t\t\t\t\t\t\t<span class=\"elementor-icon-list-icon\">\n\t\t\t\t\t\t\t<i aria-hidden=\"true\" class=\"fas fa-chevron-right\"><\/i>\t\t\t\t\t\t<\/span>\n\t\t\t\t\t\t\t\t\t\t<span class=\"elementor-icon-list-text\">Besonderheiten <\/span>\n\t\t\t\t\t\t\t\t\t\t\t<\/a>\n\t\t\t\t\t\t\t\t\t<\/li>\n\t\t\t\t\t\t\t\t<li class=\"elementor-icon-list-item\">\n\t\t\t\t\t\t\t\t\t\t\t<a href=\"#Kontakt\">\n\n\t\t\t\t\t\t\t\t\t\t\t\t<span class=\"elementor-icon-list-icon\">\n\t\t\t\t\t\t\t<i aria-hidden=\"true\" class=\"fas fa-chevron-right\"><\/i>\t\t\t\t\t\t<\/span>\n\t\t\t\t\t\t\t\t\t\t<span class=\"elementor-icon-list-text\">Kontakt<\/span>\n\t\t\t\t\t\t\t\t\t\t\t<\/a>\n\t\t\t\t\t\t\t\t\t<\/li>\n\t\t\t\t\t\t<\/ul>\n\t\t\t\t\t\t<\/div>\n\t\t\t\t<\/div>\n\t\t\t\t\t<\/div>\n\t\t<\/div>\n\t\t\t\t\t<\/div>\n\t\t<\/section>\n\t\t\t\t\t<\/div>\n\t\t<\/div>\n\t\t\t\t\t<\/div>\n\t\t<\/section>\n\t\t\t\t<section class=\"elementor-section elementor-top-section elementor-element elementor-element-24cb9ec9 elementor-section-boxed elementor-section-height-default elementor-section-height-default wpr-particle-no wpr-jarallax-no wpr-parallax-no wpr-sticky-section-no wpr-equal-height-no\" data-id=\"24cb9ec9\" data-element_type=\"section\" data-e-type=\"section\">\n\t\t\t\t\t\t<div class=\"elementor-container elementor-column-gap-default\">\n\t\t\t\t\t<div class=\"elementor-column elementor-col-100 elementor-top-column elementor-element elementor-element-3514a8\" data-id=\"3514a8\" data-element_type=\"column\" data-e-type=\"column\">\n\t\t\t<div class=\"elementor-widget-wrap elementor-element-populated\">\n\t\t\t\t\t\t<div class=\"elementor-element elementor-element-206f1200 elementor-widget elementor-widget-menu-anchor\" data-id=\"206f1200\" data-element_type=\"widget\" data-e-type=\"widget\" data-widget_type=\"menu-anchor.default\">\n\t\t\t\t<div class=\"elementor-widget-container\">\n\t\t\t\t\t\t\t<div class=\"elementor-menu-anchor\" id=\"Exterieur\"><\/div>\n\t\t\t\t\t\t<\/div>\n\t\t\t\t<\/div>\n\t\t\t\t\t<\/div>\n\t\t<\/div>\n\t\t\t\t\t<\/div>\n\t\t<\/section>\n\t\t\t\t<section class=\"elementor-section elementor-top-section elementor-element elementor-element-580ff6dc elementor-section-boxed elementor-section-height-default elementor-section-height-default wpr-particle-no wpr-jarallax-no wpr-parallax-no wpr-sticky-section-no wpr-equal-height-no\" data-id=\"580ff6dc\" data-element_type=\"section\" data-e-type=\"section\">\n\t\t\t\t\t\t<div class=\"elementor-container elementor-column-gap-default\">\n\t\t\t\t\t<div class=\"elementor-column elementor-col-50 elementor-top-column elementor-element elementor-element-2c57ff8f\" data-id=\"2c57ff8f\" data-element_type=\"column\" data-e-type=\"column\">\n\t\t\t<div class=\"elementor-widget-wrap elementor-element-populated\">\n\t\t\t\t\t\t<div class=\"elementor-element elementor-element-1376919a elementor--h-position-center elementor--v-position-middle elementor-arrows-position-inside elementor-pagination-position-inside elementor-widget elementor-widget-slides\" data-id=\"1376919a\" data-element_type=\"widget\" data-e-type=\"widget\" data-settings=\"{&quot;navigation&quot;:&quot;both&quot;,&quot;autoplay&quot;:&quot;yes&quot;,&quot;pause_on_hover&quot;:&quot;yes&quot;,&quot;pause_on_interaction&quot;:&quot;yes&quot;,&quot;autoplay_speed&quot;:5000,&quot;infinite&quot;:&quot;yes&quot;,&quot;transition&quot;:&quot;slide&quot;,&quot;transition_speed&quot;:500}\" data-widget_type=\"slides.default\">\n\t\t\t\t<div class=\"elementor-widget-container\">\n\t\t\t\t\t\t\t\t\t<div class=\"elementor-swiper\">\n\t\t\t\t\t<div class=\"elementor-slides-wrapper elementor-main-swiper swiper\" role=\"region\" aria-roledescription=\"carousel\" aria-label=\"Slider\" dir=\"ltr\" data-animation=\"fadeInUp\">\n\t\t\t\t<div class=\"swiper-wrapper elementor-slides\">\n\t\t\t\t\t\t\t\t\t\t<div class=\"elementor-repeater-item-aebbb3c swiper-slide\" role=\"group\" aria-roledescription=\"slide\"><div class=\"swiper-slide-bg\" role=\"img\" aria-label=\"S\u00fcverkr\u00fcp Renault Megane E-Tech Neuwagen Gebrauchtwagen Pkw kaufen finanzieren leasen\"><\/div><div class=\"swiper-slide-inner\" ><div class=\"swiper-slide-contents\"><\/div><\/div><\/div><div class=\"elementor-repeater-item-1d5e2a4 swiper-slide\" role=\"group\" aria-roledescription=\"slide\"><div class=\"swiper-slide-bg\" role=\"img\" aria-label=\"S\u00fcverkr\u00fcp Renault Megane E-Tech Neuwagen Gebrauchtwagen Pkw kaufen finanzieren leasen\"><\/div><div class=\"swiper-slide-inner\" ><div class=\"swiper-slide-contents\"><\/div><\/div><\/div><div class=\"elementor-repeater-item-6ee41c6 swiper-slide\" role=\"group\" aria-roledescription=\"slide\"><div class=\"swiper-slide-bg\" role=\"img\" aria-label=\"S\u00fcverkr\u00fcp Renault Megane E-Tech Neuwagen Gebrauchtwagen Pkw kaufen finanzieren leasen\"><\/div><div class=\"swiper-slide-inner\" ><div class=\"swiper-slide-contents\"><\/div><\/div><\/div>\t\t\t\t<\/div>\n\t\t\t\t\t\t\t\t\t\t\t\t\t\t\t<div class=\"elementor-swiper-button elementor-swiper-button-prev\" role=\"button\" tabindex=\"0\" aria-label=\"Vorheriger Slide\">\n\t\t\t\t\t\t\t<i aria-hidden=\"true\" class=\"eicon-chevron-left\"><\/i>\t\t\t\t\t\t<\/div>\n\t\t\t\t\t\t<div class=\"elementor-swiper-button elementor-swiper-button-next\" role=\"button\" tabindex=\"0\" aria-label=\"N\u00e4chster Slide\">\n\t\t\t\t\t\t\t<i aria-hidden=\"true\" class=\"eicon-chevron-right\"><\/i>\t\t\t\t\t\t<\/div>\n\t\t\t\t\t\t\t\t\t\t\t\t\t\t\t\t<div class=\"swiper-pagination\"><\/div>\n\t\t\t\t\t\t\t\t\t\t\t\t<\/div>\n\t\t\t\t<\/div>\n\t\t\t\t\t\t\t\t<\/div>\n\t\t\t\t<\/div>\n\t\t\t\t\t<\/div>\n\t\t<\/div>\n\t\t\t\t<div class=\"elementor-column elementor-col-50 elementor-top-column elementor-element elementor-element-79b08caa\" data-id=\"79b08caa\" data-element_type=\"column\" data-e-type=\"column\">\n\t\t\t<div class=\"elementor-widget-wrap elementor-element-populated\">\n\t\t\t\t\t\t<div class=\"elementor-element elementor-element-57a8c47b elementor-widget elementor-widget-text-editor\" data-id=\"57a8c47b\" data-element_type=\"widget\" data-e-type=\"widget\" data-widget_type=\"text-editor.default\">\n\t\t\t\t<div class=\"elementor-widget-container\">\n\t\t\t\t\t\t\t\t\t<p><span style=\"color: #082c5c;\"><strong>Exterieur<\/strong><\/span><\/p><h2>Dynamisches Design, das begeistert<\/h2><div><strong data-start=\"173\" data-end=\"277\">Der Renault Megane E-Tech Electric \u00fcberzeugt mit einem Design, das Innovation und Charakter vereint.<\/strong><br data-start=\"277\" data-end=\"280\" \/>Seine flie\u00dfenden Proportionen, die markant gezeichnete Front mit schmalen LED-Scheinwerfern und das unverwechselbare Lichtdesign am Heck verleihen ihm einen futuristischen und dynamischen Auftritt. Die coup\u00e9hafte Silhouette und die klaren Linien unterstreichen seinen modernen Anspruch \u2013 urban, kraftvoll und bereit, \u00fcberall Eindruck zu hinterlassen.<\/div>\t\t\t\t\t\t\t\t<\/div>\n\t\t\t\t<\/div>\n\t\t\t\t\t<\/div>\n\t\t<\/div>\n\t\t\t\t\t<\/div>\n\t\t<\/section>\n\t\t\t\t<section class=\"elementor-section elementor-top-section elementor-element elementor-element-7329a298 elementor-section-boxed elementor-section-height-default elementor-section-height-default wpr-particle-no wpr-jarallax-no wpr-parallax-no wpr-sticky-section-no wpr-equal-height-no\" data-id=\"7329a298\" data-element_type=\"section\" data-e-type=\"section\">\n\t\t\t\t\t\t<div class=\"elementor-container elementor-column-gap-default\">\n\t\t\t\t\t<div class=\"elementor-column elementor-col-100 elementor-top-column elementor-element elementor-element-aa91512\" data-id=\"aa91512\" data-element_type=\"column\" data-e-type=\"column\">\n\t\t\t<div class=\"elementor-widget-wrap elementor-element-populated\">\n\t\t\t\t\t\t<div class=\"elementor-element elementor-element-96876b8 elementor-widget elementor-widget-menu-anchor\" data-id=\"96876b8\" data-element_type=\"widget\" data-e-type=\"widget\" data-widget_type=\"menu-anchor.default\">\n\t\t\t\t<div class=\"elementor-widget-container\">\n\t\t\t\t\t\t\t<div class=\"elementor-menu-anchor\" id=\"Interieur\"><\/div>\n\t\t\t\t\t\t<\/div>\n\t\t\t\t<\/div>\n\t\t\t\t\t<\/div>\n\t\t<\/div>\n\t\t\t\t\t<\/div>\n\t\t<\/section>\n\t\t\t\t<section class=\"elementor-section elementor-top-section elementor-element elementor-element-5164605 elementor-section-boxed elementor-section-height-default elementor-section-height-default wpr-particle-no wpr-jarallax-no wpr-parallax-no wpr-sticky-section-no wpr-equal-height-no\" data-id=\"5164605\" data-element_type=\"section\" data-e-type=\"section\">\n\t\t\t\t\t\t<div class=\"elementor-container elementor-column-gap-default\">\n\t\t\t\t\t<div class=\"elementor-column elementor-col-50 elementor-top-column elementor-element elementor-element-a349ffa\" data-id=\"a349ffa\" data-element_type=\"column\" data-e-type=\"column\">\n\t\t\t<div class=\"elementor-widget-wrap elementor-element-populated\">\n\t\t\t\t\t\t<div class=\"elementor-element elementor-element-22d4a015 elementor-widget elementor-widget-text-editor\" data-id=\"22d4a015\" data-element_type=\"widget\" data-e-type=\"widget\" data-widget_type=\"text-editor.default\">\n\t\t\t\t<div class=\"elementor-widget-container\">\n\t\t\t\t\t\t\t\t\t<p><span style=\"color: #082c5c;\"><strong>Interieur<\/strong><\/span><\/p><h2 data-start=\"0\" data-end=\"50\">Modernes Interieur mit Luxus und Technologie<\/h2><p><strong data-start=\"154\" data-end=\"271\">Der Renault Megane E-Tech Electric bietet ein Interieur, das digitalen Fortschritt und stilvolles Design vereint.<\/strong><br data-start=\"271\" data-end=\"274\" \/>Das innovative OpenR-Cockpit mit gro\u00dfem, gebogenem Touchscreen und integriertem Google-System sorgt f\u00fcr ein intuitives, voll vernetztes Fahrerlebnis. Hochwertige Materialien, ergonomisch geformte Sitze und eine ambientebeleuchtete Innenraumgestaltung bieten Komfort auf hohem Niveau \u2013 sowohl im Alltag als auch auf l\u00e4ngeren Strecken. Gro\u00dfz\u00fcgige Glasfl\u00e4chen und klare Linien schaffen ein modernes Raumgef\u00fchl. Ein Innenraum, der Technologie, Komfort und franz\u00f6sisches Design auf elegante Weise zusammenbringt.<\/p>\t\t\t\t\t\t\t\t<\/div>\n\t\t\t\t<\/div>\n\t\t\t\t\t<\/div>\n\t\t<\/div>\n\t\t\t\t<div class=\"elementor-column elementor-col-50 elementor-top-column elementor-element elementor-element-67ac0bf2\" data-id=\"67ac0bf2\" data-element_type=\"column\" data-e-type=\"column\">\n\t\t\t<div class=\"elementor-widget-wrap elementor-element-populated\">\n\t\t\t\t\t\t<div class=\"elementor-element elementor-element-6a8f2501 elementor--h-position-center elementor--v-position-middle elementor-arrows-position-inside elementor-pagination-position-inside elementor-widget elementor-widget-slides\" data-id=\"6a8f2501\" data-element_type=\"widget\" data-e-type=\"widget\" data-settings=\"{&quot;navigation&quot;:&quot;both&quot;,&quot;autoplay&quot;:&quot;yes&quot;,&quot;pause_on_hover&quot;:&quot;yes&quot;,&quot;pause_on_interaction&quot;:&quot;yes&quot;,&quot;autoplay_speed&quot;:5000,&quot;infinite&quot;:&quot;yes&quot;,&quot;transition&quot;:&quot;slide&quot;,&quot;transition_speed&quot;:500}\" data-widget_type=\"slides.default\">\n\t\t\t\t<div class=\"elementor-widget-container\">\n\t\t\t\t\t\t\t\t\t<div class=\"elementor-swiper\">\n\t\t\t\t\t<div class=\"elementor-slides-wrapper elementor-main-swiper swiper\" role=\"region\" aria-roledescription=\"carousel\" aria-label=\"Slider\" dir=\"ltr\" data-animation=\"fadeInUp\">\n\t\t\t\t<div class=\"swiper-wrapper elementor-slides\">\n\t\t\t\t\t\t\t\t\t\t<div class=\"elementor-repeater-item-d6524de swiper-slide\" role=\"group\" aria-roledescription=\"slide\"><div class=\"swiper-slide-bg\" role=\"img\" aria-label=\"S\u00fcverkr\u00fcp Renault Megane E-Tech Neuwagen Gebrauchtwagen Pkw kaufen finanzieren leasen\"><\/div><div class=\"swiper-slide-inner\" ><div class=\"swiper-slide-contents\"><\/div><\/div><\/div><div class=\"elementor-repeater-item-6eab374 swiper-slide\" role=\"group\" aria-roledescription=\"slide\"><div class=\"swiper-slide-bg\" role=\"img\" aria-label=\"S\u00fcverkr\u00fcp Renault Megane E-Tech Neuwagen Gebrauchtwagen Pkw kaufen finanzieren leasen\"><\/div><div class=\"swiper-slide-inner\" ><div class=\"swiper-slide-contents\"><\/div><\/div><\/div><div class=\"elementor-repeater-item-53173b2 swiper-slide\" role=\"group\" aria-roledescription=\"slide\"><div class=\"swiper-slide-bg\" role=\"img\" aria-label=\"S\u00fcverkr\u00fcp Renault Megane E-Tech Neuwagen Gebrauchtwagen Pkw kaufen finanzieren leasen\"><\/div><div class=\"swiper-slide-inner\" ><div class=\"swiper-slide-contents\"><\/div><\/div><\/div><div class=\"elementor-repeater-item-c14ae51 swiper-slide\" role=\"group\" aria-roledescription=\"slide\"><div class=\"swiper-slide-bg\" role=\"img\" aria-label=\"S\u00fcverkr\u00fcp Renault Megane E-Tech Neuwagen Gebrauchtwagen Pkw kaufen finanzieren leasen\"><\/div><div class=\"swiper-slide-inner\" ><div class=\"swiper-slide-contents\"><\/div><\/div><\/div>\t\t\t\t<\/div>\n\t\t\t\t\t\t\t\t\t\t\t\t\t\t\t<div class=\"elementor-swiper-button elementor-swiper-button-prev\" role=\"button\" tabindex=\"0\" aria-label=\"Vorheriger Slide\">\n\t\t\t\t\t\t\t<i aria-hidden=\"true\" class=\"eicon-chevron-left\"><\/i>\t\t\t\t\t\t<\/div>\n\t\t\t\t\t\t<div class=\"elementor-swiper-button elementor-swiper-button-next\" role=\"button\" tabindex=\"0\" aria-label=\"N\u00e4chster Slide\">\n\t\t\t\t\t\t\t<i aria-hidden=\"true\" class=\"eicon-chevron-right\"><\/i>\t\t\t\t\t\t<\/div>\n\t\t\t\t\t\t\t\t\t\t\t\t\t\t\t\t<div class=\"swiper-pagination\"><\/div>\n\t\t\t\t\t\t\t\t\t\t\t\t<\/div>\n\t\t\t\t<\/div>\n\t\t\t\t\t\t\t\t<\/div>\n\t\t\t\t<\/div>\n\t\t\t\t\t<\/div>\n\t\t<\/div>\n\t\t\t\t\t<\/div>\n\t\t<\/section>\n\t\t\t\t<section class=\"elementor-section elementor-top-section elementor-element elementor-element-489e6aab elementor-section-boxed elementor-section-height-default elementor-section-height-default wpr-particle-no wpr-jarallax-no wpr-parallax-no wpr-sticky-section-no wpr-equal-height-no\" data-id=\"489e6aab\" data-element_type=\"section\" data-e-type=\"section\">\n\t\t\t\t\t\t<div class=\"elementor-container elementor-column-gap-default\">\n\t\t\t\t\t<div class=\"elementor-column elementor-col-100 elementor-top-column elementor-element elementor-element-439bb9d1\" data-id=\"439bb9d1\" data-element_type=\"column\" data-e-type=\"column\">\n\t\t\t<div class=\"elementor-widget-wrap elementor-element-populated\">\n\t\t\t\t\t\t<div class=\"elementor-element elementor-element-2b285bc8 elementor-widget elementor-widget-menu-anchor\" data-id=\"2b285bc8\" data-element_type=\"widget\" data-e-type=\"widget\" data-widget_type=\"menu-anchor.default\">\n\t\t\t\t<div class=\"elementor-widget-container\">\n\t\t\t\t\t\t\t<div class=\"elementor-menu-anchor\" id=\"Besonderheiten\"><\/div>\n\t\t\t\t\t\t<\/div>\n\t\t\t\t<\/div>\n\t\t\t\t\t<\/div>\n\t\t<\/div>\n\t\t\t\t\t<\/div>\n\t\t<\/section>\n\t\t\t\t<section class=\"elementor-section elementor-top-section elementor-element elementor-element-bebef25 elementor-section-boxed elementor-section-height-default elementor-section-height-default wpr-particle-no wpr-jarallax-no wpr-parallax-no wpr-sticky-section-no wpr-equal-height-no\" data-id=\"bebef25\" data-element_type=\"section\" data-e-type=\"section\">\n\t\t\t\t\t\t<div class=\"elementor-container elementor-column-gap-default\">\n\t\t\t\t\t<div class=\"elementor-column elementor-col-100 elementor-top-column elementor-element elementor-element-f4de651\" data-id=\"f4de651\" data-element_type=\"column\" data-e-type=\"column\">\n\t\t\t<div class=\"elementor-widget-wrap\">\n\t\t\t\t\t\t\t<\/div>\n\t\t<\/div>\n\t\t\t\t\t<\/div>\n\t\t<\/section>\n\t\t\t\t<section class=\"elementor-section elementor-top-section elementor-element elementor-element-7af11a1f elementor-section-boxed elementor-section-height-default elementor-section-height-default wpr-particle-no wpr-jarallax-no wpr-parallax-no wpr-sticky-section-no wpr-equal-height-no\" data-id=\"7af11a1f\" data-element_type=\"section\" data-e-type=\"section\">\n\t\t\t\t\t\t<div class=\"elementor-container elementor-column-gap-default\">\n\t\t\t\t\t<div class=\"elementor-column elementor-col-50 elementor-top-column elementor-element elementor-element-4e18987d\" data-id=\"4e18987d\" data-element_type=\"column\" data-e-type=\"column\">\n\t\t\t<div class=\"elementor-widget-wrap elementor-element-populated\">\n\t\t\t\t\t\t<div class=\"elementor-element elementor-element-2c63b040 elementor--h-position-center elementor--v-position-middle elementor-arrows-position-inside elementor-pagination-position-inside elementor-widget elementor-widget-slides\" data-id=\"2c63b040\" data-element_type=\"widget\" data-e-type=\"widget\" data-settings=\"{&quot;navigation&quot;:&quot;both&quot;,&quot;autoplay&quot;:&quot;yes&quot;,&quot;pause_on_hover&quot;:&quot;yes&quot;,&quot;pause_on_interaction&quot;:&quot;yes&quot;,&quot;autoplay_speed&quot;:5000,&quot;infinite&quot;:&quot;yes&quot;,&quot;transition&quot;:&quot;slide&quot;,&quot;transition_speed&quot;:500}\" data-widget_type=\"slides.default\">\n\t\t\t\t<div class=\"elementor-widget-container\">\n\t\t\t\t\t\t\t\t\t<div class=\"elementor-swiper\">\n\t\t\t\t\t<div class=\"elementor-slides-wrapper elementor-main-swiper swiper\" role=\"region\" aria-roledescription=\"carousel\" aria-label=\"Slider\" dir=\"ltr\" data-animation=\"fadeInUp\">\n\t\t\t\t<div class=\"swiper-wrapper elementor-slides\">\n\t\t\t\t\t\t\t\t\t\t<div class=\"elementor-repeater-item-53173b2 swiper-slide\" role=\"group\" aria-roledescription=\"slide\"><div class=\"swiper-slide-bg\" role=\"img\" aria-label=\"S\u00fcverkr\u00fcp Renault Megane E-Tech Neuwagen Gebrauchtwagen Pkw kaufen finanzieren leasen\"><\/div><div class=\"swiper-slide-inner\" ><div class=\"swiper-slide-contents\"><\/div><\/div><\/div>\t\t\t\t<\/div>\n\t\t\t\t\t\t\t<\/div>\n\t\t\t\t<\/div>\n\t\t\t\t\t\t\t\t<\/div>\n\t\t\t\t<\/div>\n\t\t\t\t\t<\/div>\n\t\t<\/div>\n\t\t\t\t<div class=\"elementor-column elementor-col-50 elementor-top-column elementor-element elementor-element-2193d8ca\" data-id=\"2193d8ca\" data-element_type=\"column\" data-e-type=\"column\">\n\t\t\t<div class=\"elementor-widget-wrap elementor-element-populated\">\n\t\t\t\t\t\t<div class=\"elementor-element elementor-element-520e137c elementor-widget elementor-widget-text-editor\" data-id=\"520e137c\" data-element_type=\"widget\" data-e-type=\"widget\" data-widget_type=\"text-editor.default\">\n\t\t\t\t<div class=\"elementor-widget-container\">\n\t\t\t\t\t\t\t\t\t<p data-start=\"140\" data-end=\"158\"><strong data-start=\"140\" data-end=\"158\">Besonderheiten<\/strong><\/p><p data-start=\"160\" data-end=\"203\"><strong data-start=\"160\" data-end=\"203\">Innovative Technologie f\u00fcr Ihren Alltag<\/strong><\/p><p data-start=\"205\" data-end=\"881\">Der neue vollelektrische Renault Megane E-Tech verk\u00f6rpert moderne Elektromobilit\u00e4t mit intelligentem Design und zukunftsweisender Technik. Sein leistungsstarkes, energieeffizientes Antriebssystem sorgt f\u00fcr dynamisches Fahrverhalten und eine beeindruckende alltagstaugliche Reichweite. Dank moderner Schnellladefunktion ist der Megane E-Tech in kurzer Zeit wieder fahrbereit \u2013 perfekt f\u00fcr den urbanen Alltag, l\u00e4ngere Pendelstrecken und spontane Wochenendtrips. Das integrierte OpenR Link Infotainmentsystem mit Google-Services inklusive Echtzeit-Ladepunktanzeige unterst\u00fctzt Sie dabei, jederzeit die n\u00e4chste verf\u00fcgbare Ladestation zu finden \u2013 einfach, vernetzt und komfortabel.<\/p>\t\t\t\t\t\t\t\t<\/div>\n\t\t\t\t<\/div>\n\t\t\t\t\t<\/div>\n\t\t<\/div>\n\t\t\t\t\t<\/div>\n\t\t<\/section>\n\t\t\t\t<section class=\"elementor-section elementor-top-section elementor-element elementor-element-1a7a2cb elementor-section-boxed elementor-section-height-default elementor-section-height-default wpr-particle-no wpr-jarallax-no wpr-parallax-no wpr-sticky-section-no wpr-equal-height-no\" data-id=\"1a7a2cb\" data-element_type=\"section\" data-e-type=\"section\">\n\t\t\t\t\t\t<div class=\"elementor-container elementor-column-gap-default\">\n\t\t\t\t\t<div class=\"elementor-column elementor-col-100 elementor-top-column elementor-element elementor-element-92a634e\" data-id=\"92a634e\" data-element_type=\"column\" data-e-type=\"column\">\n\t\t\t<div class=\"elementor-widget-wrap elementor-element-populated\">\n\t\t\t\t\t\t<div class=\"elementor-element elementor-element-872e419 elementor-widget elementor-widget-menu-anchor\" data-id=\"872e419\" data-element_type=\"widget\" data-e-type=\"widget\" data-widget_type=\"menu-anchor.default\">\n\t\t\t\t<div class=\"elementor-widget-container\">\n\t\t\t\t\t\t\t<div class=\"elementor-menu-anchor\" id=\"Kontakt\"><\/div>\n\t\t\t\t\t\t<\/div>\n\t\t\t\t<\/div>\n\t\t\t\t<div class=\"elementor-element elementor-element-f2c4b97 elementor-widget elementor-widget-text-editor\" data-id=\"f2c4b97\" data-element_type=\"widget\" data-e-type=\"widget\" data-widget_type=\"text-editor.default\">\n\t\t\t\t<div class=\"elementor-widget-container\">\n\t\t\t\t\t\t\t\t\t<h3>Kontaktformular:<\/h3><p>\n<div class=\"wpcf7 no-js\" id=\"wpcf7-f5839-o1\" lang=\"de-DE\" dir=\"ltr\" data-wpcf7-id=\"5839\">\n<div class=\"screen-reader-response\"><p role=\"status\" aria-live=\"polite\" aria-atomic=\"true\"><\/p> <ul><\/ul><\/div>\n<form action=\"\/renault\/wp-json\/wp\/v2\/pages\/5683#wpcf7-f5839-o1\" method=\"post\" class=\"wpcf7-form init\" aria-label=\"Kontaktformular\" novalidate=\"novalidate\" data-status=\"init\">\n<fieldset class=\"hidden-fields-container\"><input type=\"hidden\" name=\"_wpcf7\" value=\"5839\" \/><input type=\"hidden\" name=\"_wpcf7_version\" value=\"6.1.5\" \/><input type=\"hidden\" name=\"_wpcf7_locale\" value=\"de_DE\" \/><input type=\"hidden\" name=\"_wpcf7_unit_tag\" value=\"wpcf7-f5839-o1\" \/><input type=\"hidden\" name=\"_wpcf7_container_post\" value=\"0\" \/><input type=\"hidden\" name=\"_wpcf7_posted_data_hash\" value=\"\" \/><input type=\"hidden\" name=\"_wpcf7dtx_version\" value=\"5.0.5\" \/><input type=\"hidden\" name=\"_wpcf7cf_hidden_group_fields\" value=\"[]\" \/><input type=\"hidden\" name=\"_wpcf7cf_hidden_groups\" value=\"[]\" \/><input type=\"hidden\" name=\"_wpcf7cf_visible_groups\" value=\"[]\" \/><input type=\"hidden\" name=\"_wpcf7cf_repeaters\" value=\"[]\" \/><input type=\"hidden\" name=\"_wpcf7cf_steps\" value=\"{}\" \/><input type=\"hidden\" name=\"_wpcf7cf_options\" value=\"{&quot;form_id&quot;:5839,&quot;conditions&quot;:[],&quot;settings&quot;:{&quot;animation&quot;:&quot;yes&quot;,&quot;animation_intime&quot;:200,&quot;animation_outtime&quot;:200,&quot;conditions_ui&quot;:&quot;normal&quot;,&quot;notice_dismissed&quot;:false}}\" \/><input type=\"hidden\" name=\"_uacf7_hidden_conditional_fields\" value=\"\" \/>\n<\/fieldset>\n<div class=\"uacf7-form-wrapper-container uacf7-form-5839  \"><div class=\"form-group grid-x grid-margin-x\" data-equalizer data-equalize-on=\"medium\">\n\t<div class=\"cell large-6\" data-equalizer-watch>\n\t\t\n\t\t\n<div class=\"form-group grid-x grid-margin-x form-standortfield\">\n\t\t\t<div class=\"cell\">\n\t\t\t\t<span class=\"wpcf7-form-control-wrap\" data-name=\"standort\"><select class=\"wpcf7-form-control wpcf7-select wpcf7-validates-as-required custom-select\" aria-required=\"true\" aria-invalid=\"false\" name=\"standort\"><option value=\"\">gew\u00fcnschter Standort*<\/option><option value=\"Autohaus S\u00fcverkr\u00fcp - Kiel\">Autohaus S\u00fcverkr\u00fcp &#8211; Kiel<\/option><option value=\"Autohaus S\u00fcverkr\u00fcp - Rendsburg\">Autohaus S\u00fcverkr\u00fcp &#8211; Rendsburg<\/option><option value=\"Autohaus S\u00fcverkr\u00fcp - Neum\u00fcnster\">Autohaus S\u00fcverkr\u00fcp &#8211; Neum\u00fcnster<\/option><option value=\"Autohaus S\u00fcverkr\u00fcp - Flensburg\">Autohaus S\u00fcverkr\u00fcp &#8211; Flensburg<\/option><\/select><\/span>\n\t\t\t<\/div>\n\t\t<\/div>\n\n\t\t<div class=\"form-group grid-x grid-margin-x\">\n\t\t\t<div class=\"cell\"><span class=\"wpcf7-form-control-wrap\" data-name=\"anrede\"><span class=\"wpcf7-form-control wpcf7-radio\"><span class=\"wpcf7-list-item first\"><label><input type=\"radio\" name=\"anrede\" value=\"Herr\" \/><span class=\"wpcf7-list-item-label\">Herr<\/span><\/label><\/span><span class=\"wpcf7-list-item\"><label><input type=\"radio\" name=\"anrede\" value=\"Frau\" \/><span class=\"wpcf7-list-item-label\">Frau<\/span><\/label><\/span><span class=\"wpcf7-list-item last\"><label><input type=\"radio\" name=\"anrede\" value=\"Divers\" \/><span class=\"wpcf7-list-item-label\">Divers<\/span><\/label><\/span><\/span><\/span><\/div>\n\t\t<\/div>\n\t\t\n\t\t\n\t\t<div class=\"form-group grid-x grid-margin-x\">\n\t\t\t<div class=\"cell\"><span class=\"wpcf7-form-control-wrap\" data-name=\"vorname_name\"><input size=\"40\" maxlength=\"400\" class=\"wpcf7-form-control wpcf7-text wpcf7-validates-as-required\" aria-required=\"true\" aria-invalid=\"false\" placeholder=\"Vor- &amp; Nachname*\" value=\"\" type=\"text\" name=\"vorname_name\" \/><\/span><\/div>\n\n\t\t\t<div class=\"cell\"><span class=\"wpcf7-form-control-wrap\" data-name=\"telefon\"><input size=\"40\" maxlength=\"400\" class=\"wpcf7-form-control wpcf7-text\" aria-invalid=\"false\" placeholder=\"Telefonnummer\" value=\"\" type=\"text\" name=\"telefon\" \/><\/span><\/div>\n\n\t\t\t<div class=\"cell\"><span class=\"wpcf7-form-control-wrap\" data-name=\"client-email\"><input size=\"40\" maxlength=\"400\" class=\"wpcf7-form-control wpcf7-email wpcf7-validates-as-required wpcf7-text wpcf7-validates-as-email\" aria-required=\"true\" aria-invalid=\"false\" placeholder=\"E-Mail*\" value=\"\" type=\"email\" name=\"client-email\" \/><\/span> <\/div>\n\n\t\t\t\n\t\t<\/div>\n\t<\/div>\n\n\t<div class=\"cell large-6 message-box\">\n\t\t<span class=\"wpcf7-form-control-wrap\" data-name=\"message\"><textarea cols=\"40\" rows=\"10\" maxlength=\"2000\" class=\"wpcf7-form-control wpcf7-textarea\" aria-invalid=\"false\" placeholder=\"Bitte geben Sie uns so viele Information wie m\u00f6glich.\" name=\"message\"><\/textarea><\/span>\n\t<\/div>\n\n<\/div>\n\n<div class=\"grid-x grid-margin-x newsletter-datenschutz-box\">\n\t<div class=\"cell datenschutz\" data-accordion data-allow-all-closed=\"true\">\n\t\t<span class=\"accordion-item is-active\" data-accordion-item>\n\t\t\t<a href=\"#\" class=\"accordion-title cf7-accordion-title\">Datenschutzrechtliche Einwilligungserkl\u00e4rung lesen<\/a>\n\t\t\t<div class=\"cell datenschutz accordion-content\" data-tab-content>\n\t\t\t\t<span class=\"wpcf7-form-control-wrap\" data-name=\"datenschutz\"><span class=\"wpcf7-form-control wpcf7-acceptance\"><span class=\"wpcf7-list-item\"><label><input type=\"checkbox\" name=\"datenschutz\" value=\"1\" aria-invalid=\"false\" \/><span class=\"wpcf7-list-item-label\"><span class=\"after-checkbox\">\n<p>\n\t\t\t\tIch habe die <u><a href=\"https:\/\/www.sueverkruep.de\/datenschutzerklaerung\/\"target=\"_blank\"\">Datenschutzerkl\u00e4rung<\/a><\/u> \nzur Kenntnis genommen.\n\t\t\t\t<\/p><\/span><\/span><\/label><\/span><\/span><\/span>\n\t\t\t<br>* Pflichtfeld<\/br> <\/div>\n\t\t<\/span>\n<\/div>\n\n      <div class=\"cell submit-btn\"><input class=\"wpcf7-form-control wpcf7-submit has-spinner button fill small-only-expanded\" type=\"submit\" value=\"E-Mail senden\" \/><\/div><\/div><input type='hidden' class='wpcf7-pum' value='{\"closepopup\":false,\"closedelay\":0,\"openpopup\":false,\"openpopup_id\":0}' \/><div class=\"frc-captcha \" data-sitekey=\"FCMSI6ARJ3P3EIJS\" data-lang=\"de\" ><\/div>\n\t\t<noscript>You need to enable Javascript for the anti-spam check.<\/noscript><div class=\"wpcf7-response-output\" aria-hidden=\"true\"><\/div>\n<\/form>\n<\/div>\n<\/p>\t\t\t\t\t\t\t\t<\/div>\n\t\t\t\t<\/div>\n\t\t\t\t\t<\/div>\n\t\t<\/div>\n\t\t\t\t\t<\/div>\n\t\t<\/section>\n\t\t\t\t<section class=\"elementor-section elementor-top-section elementor-element elementor-element-3d94744c elementor-section-boxed elementor-section-height-default elementor-section-height-default wpr-particle-no wpr-jarallax-no wpr-parallax-no wpr-sticky-section-no wpr-equal-height-no\" data-id=\"3d94744c\" data-element_type=\"section\" data-e-type=\"section\">\n\t\t\t\t\t\t<div class=\"elementor-container elementor-column-gap-default\">\n\t\t\t\t\t<div class=\"elementor-column elementor-col-100 elementor-top-column elementor-element elementor-element-72babbe2\" data-id=\"72babbe2\" data-element_type=\"column\" data-e-type=\"column\">\n\t\t\t<div class=\"elementor-widget-wrap elementor-element-populated\">\n\t\t\t\t\t\t<div class=\"elementor-element elementor-element-3e647e9f elementor-widget elementor-widget-text-editor\" data-id=\"3e647e9f\" data-element_type=\"widget\" data-e-type=\"widget\" data-widget_type=\"text-editor.default\">\n\t\t\t\t<div class=\"elementor-widget-container\">\n\t\t\t\t\t\t\t\t\t<p data-start=\"186\" data-end=\"331\"><strong data-start=\"186\" data-end=\"331\">Renault Megane E-Tech Electric | Energieverbrauch kombiniert: ab 16,1 kWh\/100 km | CO\u2082-Emissionen kombiniert: 0 g\/km | CO\u2082-Emissionsklasse: A<\/strong><\/p><p data-start=\"333\" data-end=\"1163\">Die Informationen erfolgen gem\u00e4\u00df der Pkw-Energieverbrauchskennzeichnungsverordnung. Die angegebenen Werte wurden nach dem vorgeschriebenen Messverfahren WLTP (Worldwide harmonized Light-duty vehicles Test Procedure) ermittelt. WLTP ersetzt seit dem 01.09.2018 den NEFZ. Aus diesem Grund sind nicht nur der Verbrauch und die CO\u2082-Emissionen eines Pkw-Modells, sondern auch die Reichweite von Elektrofahrzeugen angegeben. Die Angaben beziehen sich nicht auf ein einzelnes Fahrzeug und sind nicht Bestandteil des Angebots, sondern dienen allein Vergleichszwecken zwischen den verschiedenen Fahrzeugtypen. Die Werte sind abh\u00e4ngig von der gew\u00e4hlten Sonderausstattung (insbesondere der Reifen-\/R\u00e4derspezifikation) und k\u00f6nnen sich w\u00e4hrend der Konfiguration \u00e4ndern. Der Leitfaden ist auch unter <a class=\"decorated-link cursor-pointer\" target=\"_new\" rel=\"noopener\" data-start=\"1119\" data-end=\"1151\">www.dat.de<\/a> erh\u00e4ltlich.<\/p><p data-start=\"1165\" data-end=\"1428\">Es werden nur die CO\u2082-Emissionen angegeben, die durch den Betrieb des Pkw entstehen. CO\u2082-Emissionen, die durch die Produktion und Bereitstellung des Pkw sowie der Energie entstehen, werden bei der Ermittlung der CO\u2082-Emissionen gem\u00e4\u00df dem WLTP nicht ber\u00fccksichtigt.<\/p>\t\t\t\t\t\t\t\t<\/div>\n\t\t\t\t<\/div>\n\t\t\t\t\t<\/div>\n\t\t<\/div>\n\t\t\t\t\t<\/div>\n\t\t<\/section>\n\t\t\t\t<\/div>\n\t\t","protected":false},"excerpt":{"rendered":"<p>Der neue Megane E-Tech Der neue Renault Megane E-Tech Electric \u2013 Elektromobilit\u00e4t, die begeistert. Erleben Sie die n\u00e4chste Generation vollelektrischer Mobilit\u00e4t \u2013 schon heute. Der Renault Megane E-Tech Electric vereint avantgardistisches Design, fortschrittliche Technologie und alltagstaugliche Reichweite in einem modernen Kompaktfahrzeug. Mit seiner dynamischen Silhouette, hochwertiger Ausstattung und lokal emissionsfreiem Fahrspa\u00df definiert der Megane E-Tech nachhaltige Mobilit\u00e4t neu \u2013 f\u00fcr die Stadt, den Arbeitsweg und jede spontane Fahrt dar\u00fcber hinaus. \u00dcbersicht Exterieur Interieur Besonderheiten Kontakt Exterieur Dynamisches Design, das begeistert Der Renault Megane E-Tech Electric \u00fcberzeugt mit einem Design, das Innovation und Charakter vereint.Seine flie\u00dfenden Proportionen, die markant gezeichnete Front mit schmalen LED-Scheinwerfern und das unverwechselbare Lichtdesign am Heck verleihen ihm einen futuristischen und dynamischen Auftritt. Die coup\u00e9hafte Silhouette und die klaren Linien unterstreichen seinen modernen Anspruch \u2013 urban, kraftvoll und bereit, \u00fcberall Eindruck zu hinterlassen. Interieur Modernes Interieur mit Luxus und Technologie Der Renault Megane E-Tech Electric bietet ein Interieur, das digitalen Fortschritt und stilvolles Design vereint.Das innovative OpenR-Cockpit mit gro\u00dfem, gebogenem Touchscreen und integriertem Google-System sorgt f\u00fcr ein intuitives, voll vernetztes Fahrerlebnis. Hochwertige Materialien, ergonomisch geformte Sitze und eine ambientebeleuchtete Innenraumgestaltung bieten Komfort auf hohem Niveau \u2013 sowohl im Alltag als auch auf l\u00e4ngeren Strecken. Gro\u00dfz\u00fcgige Glasfl\u00e4chen und klare Linien schaffen ein modernes Raumgef\u00fchl. Ein Innenraum, der Technologie, Komfort und franz\u00f6sisches Design auf elegante Weise zusammenbringt. Besonderheiten Innovative Technologie f\u00fcr Ihren Alltag Der neue vollelektrische Renault Megane E-Tech verk\u00f6rpert moderne Elektromobilit\u00e4t mit intelligentem Design und zukunftsweisender Technik. Sein leistungsstarkes, energieeffizientes Antriebssystem sorgt f\u00fcr dynamisches Fahrverhalten und eine beeindruckende alltagstaugliche Reichweite. Dank moderner Schnellladefunktion ist der Megane E-Tech in kurzer Zeit wieder fahrbereit \u2013 perfekt f\u00fcr den urbanen Alltag, l\u00e4ngere Pendelstrecken und spontane Wochenendtrips. Das integrierte OpenR Link Infotainmentsystem mit Google-Services inklusive Echtzeit-Ladepunktanzeige unterst\u00fctzt Sie dabei, jederzeit die n\u00e4chste verf\u00fcgbare Ladestation zu finden \u2013 einfach, vernetzt und komfortabel. Kontaktformular: Renault Megane E-Tech Electric | Energieverbrauch kombiniert: ab 16,1 kWh\/100 km | CO\u2082-Emissionen kombiniert: 0 g\/km | CO\u2082-Emissionsklasse: A Die Informationen erfolgen gem\u00e4\u00df der Pkw-Energieverbrauchskennzeichnungsverordnung. Die angegebenen Werte wurden nach dem vorgeschriebenen Messverfahren WLTP (Worldwide harmonized Light-duty vehicles Test Procedure) ermittelt. WLTP ersetzt seit dem 01.09.2018 den NEFZ. Aus diesem Grund sind nicht nur der Verbrauch und die CO\u2082-Emissionen eines Pkw-Modells, sondern auch die Reichweite von Elektrofahrzeugen angegeben. Die Angaben beziehen sich nicht auf ein einzelnes Fahrzeug und sind nicht Bestandteil des Angebots, sondern dienen allein Vergleichszwecken zwischen den verschiedenen Fahrzeugtypen. Die Werte sind abh\u00e4ngig von der gew\u00e4hlten Sonderausstattung (insbesondere der Reifen-\/R\u00e4derspezifikation) und k\u00f6nnen sich w\u00e4hrend der Konfiguration \u00e4ndern. Der Leitfaden ist auch unter www.dat.de erh\u00e4ltlich. Es werden nur die CO\u2082-Emissionen angegeben, die durch den Betrieb des Pkw entstehen. CO\u2082-Emissionen, die durch die Produktion und Bereitstellung des Pkw sowie der Energie entstehen, werden bei der Ermittlung der CO\u2082-Emissionen gem\u00e4\u00df dem WLTP nicht ber\u00fccksichtigt.<\/p>\n","protected":false},"author":21,"featured_media":0,"parent":5581,"menu_order":0,"comment_status":"closed","ping_status":"closed","template":"","meta":{"footnotes":""},"class_list":["post-5683","page","type-page","status-publish","hentry"],"acf":[],"yoast_head":"<!-- This site is optimized with the Yoast SEO plugin v27.4 - https:\/\/yoast.com\/product\/yoast-seo-wordpress\/ -->\n<title>Megane E-Tech - S\u00fcverkr\u00fcp Renault<\/title>\n<meta name=\"robots\" content=\"index, follow, max-snippet:-1, max-image-preview:large, max-video-preview:-1\" \/>\n<link rel=\"canonical\" href=\"https:\/\/www.sueverkruep.de\/renault\/elektromobilitaet\/megane-e-tech\/\" \/>\n<meta property=\"og:locale\" content=\"de_DE\" \/>\n<meta property=\"og:type\" content=\"article\" \/>\n<meta property=\"og:title\" content=\"Megane E-Tech - S\u00fcverkr\u00fcp Renault\" \/>\n<meta property=\"og:description\" content=\"Der neue Megane E-Tech Der neue Renault Megane E-Tech Electric \u2013 Elektromobilit\u00e4t, die begeistert. Erleben Sie die n\u00e4chste Generation vollelektrischer Mobilit\u00e4t \u2013 schon heute. Der Renault Megane E-Tech Electric vereint avantgardistisches Design, fortschrittliche Technologie und alltagstaugliche Reichweite in einem modernen Kompaktfahrzeug. Mit seiner dynamischen Silhouette, hochwertiger Ausstattung und lokal emissionsfreiem Fahrspa\u00df definiert der Megane E-Tech nachhaltige Mobilit\u00e4t neu \u2013 f\u00fcr die Stadt, den Arbeitsweg und jede spontane Fahrt dar\u00fcber hinaus. \u00dcbersicht Exterieur Interieur Besonderheiten Kontakt Exterieur Dynamisches Design, das begeistert Der Renault Megane E-Tech Electric \u00fcberzeugt mit einem Design, das Innovation und Charakter vereint.Seine flie\u00dfenden Proportionen, die markant gezeichnete Front mit schmalen LED-Scheinwerfern und das unverwechselbare Lichtdesign am Heck verleihen ihm einen futuristischen und dynamischen Auftritt. Die coup\u00e9hafte Silhouette und die klaren Linien unterstreichen seinen modernen Anspruch \u2013 urban, kraftvoll und bereit, \u00fcberall Eindruck zu hinterlassen. Interieur Modernes Interieur mit Luxus und Technologie Der Renault Megane E-Tech Electric bietet ein Interieur, das digitalen Fortschritt und stilvolles Design vereint.Das innovative OpenR-Cockpit mit gro\u00dfem, gebogenem Touchscreen und integriertem Google-System sorgt f\u00fcr ein intuitives, voll vernetztes Fahrerlebnis. Hochwertige Materialien, ergonomisch geformte Sitze und eine ambientebeleuchtete Innenraumgestaltung bieten Komfort auf hohem Niveau \u2013 sowohl im Alltag als auch auf l\u00e4ngeren Strecken. Gro\u00dfz\u00fcgige Glasfl\u00e4chen und klare Linien schaffen ein modernes Raumgef\u00fchl. Ein Innenraum, der Technologie, Komfort und franz\u00f6sisches Design auf elegante Weise zusammenbringt. Besonderheiten Innovative Technologie f\u00fcr Ihren Alltag Der neue vollelektrische Renault Megane E-Tech verk\u00f6rpert moderne Elektromobilit\u00e4t mit intelligentem Design und zukunftsweisender Technik. Sein leistungsstarkes, energieeffizientes Antriebssystem sorgt f\u00fcr dynamisches Fahrverhalten und eine beeindruckende alltagstaugliche Reichweite. Dank moderner Schnellladefunktion ist der Megane E-Tech in kurzer Zeit wieder fahrbereit \u2013 perfekt f\u00fcr den urbanen Alltag, l\u00e4ngere Pendelstrecken und spontane Wochenendtrips. Das integrierte OpenR Link Infotainmentsystem mit Google-Services inklusive Echtzeit-Ladepunktanzeige unterst\u00fctzt Sie dabei, jederzeit die n\u00e4chste verf\u00fcgbare Ladestation zu finden \u2013 einfach, vernetzt und komfortabel. Kontaktformular: Renault Megane E-Tech Electric | Energieverbrauch kombiniert: ab 16,1 kWh\/100 km | CO\u2082-Emissionen kombiniert: 0 g\/km | CO\u2082-Emissionsklasse: A Die Informationen erfolgen gem\u00e4\u00df der Pkw-Energieverbrauchskennzeichnungsverordnung. Die angegebenen Werte wurden nach dem vorgeschriebenen Messverfahren WLTP (Worldwide harmonized Light-duty vehicles Test Procedure) ermittelt. WLTP ersetzt seit dem 01.09.2018 den NEFZ. Aus diesem Grund sind nicht nur der Verbrauch und die CO\u2082-Emissionen eines Pkw-Modells, sondern auch die Reichweite von Elektrofahrzeugen angegeben. Die Angaben beziehen sich nicht auf ein einzelnes Fahrzeug und sind nicht Bestandteil des Angebots, sondern dienen allein Vergleichszwecken zwischen den verschiedenen Fahrzeugtypen. Die Werte sind abh\u00e4ngig von der gew\u00e4hlten Sonderausstattung (insbesondere der Reifen-\/R\u00e4derspezifikation) und k\u00f6nnen sich w\u00e4hrend der Konfiguration \u00e4ndern. Der Leitfaden ist auch unter www.dat.de erh\u00e4ltlich. Es werden nur die CO\u2082-Emissionen angegeben, die durch den Betrieb des Pkw entstehen. CO\u2082-Emissionen, die durch die Produktion und Bereitstellung des Pkw sowie der Energie entstehen, werden bei der Ermittlung der CO\u2082-Emissionen gem\u00e4\u00df dem WLTP nicht ber\u00fccksichtigt.\" \/>\n<meta property=\"og:url\" content=\"https:\/\/www.sueverkruep.de\/renault\/elektromobilitaet\/megane-e-tech\/\" \/>\n<meta property=\"og:site_name\" content=\"S\u00fcverkr\u00fcp Renault\" \/>\n<meta property=\"article:modified_time\" content=\"2025-10-23T09:39:53+00:00\" \/>\n<meta name=\"twitter:card\" content=\"summary_large_image\" \/>\n<meta name=\"twitter:label1\" content=\"Gesch\u00e4tzte Lesezeit\" \/>\n\t<meta name=\"twitter:data1\" content=\"3\u00a0Minuten\" \/>\n<script type=\"application\/ld+json\" class=\"yoast-schema-graph\">{\"@context\":\"https:\\\/\\\/schema.org\",\"@graph\":[{\"@type\":\"WebPage\",\"@id\":\"https:\\\/\\\/www.sueverkruep.de\\\/renault\\\/elektromobilitaet\\\/megane-e-tech\\\/\",\"url\":\"https:\\\/\\\/www.sueverkruep.de\\\/renault\\\/elektromobilitaet\\\/megane-e-tech\\\/\",\"name\":\"Megane E-Tech - S\u00fcverkr\u00fcp Renault\",\"isPartOf\":{\"@id\":\"https:\\\/\\\/www.sueverkruep.de\\\/renault\\\/#website\"},\"datePublished\":\"2025-10-16T07:02:31+00:00\",\"dateModified\":\"2025-10-23T09:39:53+00:00\",\"breadcrumb\":{\"@id\":\"https:\\\/\\\/www.sueverkruep.de\\\/renault\\\/elektromobilitaet\\\/megane-e-tech\\\/#breadcrumb\"},\"inLanguage\":\"de\",\"potentialAction\":[{\"@type\":\"ReadAction\",\"target\":[\"https:\\\/\\\/www.sueverkruep.de\\\/renault\\\/elektromobilitaet\\\/megane-e-tech\\\/\"]}]},{\"@type\":\"BreadcrumbList\",\"@id\":\"https:\\\/\\\/www.sueverkruep.de\\\/renault\\\/elektromobilitaet\\\/megane-e-tech\\\/#breadcrumb\",\"itemListElement\":[{\"@type\":\"ListItem\",\"position\":1,\"name\":\"Startseite Renault\",\"item\":\"https:\\\/\\\/www.sueverkruep.de\\\/renault\\\/\"},{\"@type\":\"ListItem\",\"position\":2,\"name\":\"Elektromobilit\u00e4t\",\"item\":\"https:\\\/\\\/www.sueverkruep.de\\\/renault\\\/elektromobilitaet\\\/\"},{\"@type\":\"ListItem\",\"position\":3,\"name\":\"Megane E-Tech\"}]},{\"@type\":\"WebSite\",\"@id\":\"https:\\\/\\\/www.sueverkruep.de\\\/renault\\\/#website\",\"url\":\"https:\\\/\\\/www.sueverkruep.de\\\/renault\\\/\",\"name\":\"S\u00fcverkr\u00fcp Renault\",\"description\":\"Ihr L\u00e4cheln. Unser Antrieb.\",\"publisher\":{\"@id\":\"https:\\\/\\\/www.sueverkruep.de\\\/renault\\\/#organization\"},\"potentialAction\":[{\"@type\":\"SearchAction\",\"target\":{\"@type\":\"EntryPoint\",\"urlTemplate\":\"https:\\\/\\\/www.sueverkruep.de\\\/renault\\\/?s={search_term_string}\"},\"query-input\":{\"@type\":\"PropertyValueSpecification\",\"valueRequired\":true,\"valueName\":\"search_term_string\"}}],\"inLanguage\":\"de\"},{\"@type\":\"Organization\",\"@id\":\"https:\\\/\\\/www.sueverkruep.de\\\/renault\\\/#organization\",\"name\":\"S\u00fcverkr\u00fcp Renault\",\"url\":\"https:\\\/\\\/www.sueverkruep.de\\\/renault\\\/\",\"logo\":{\"@type\":\"ImageObject\",\"inLanguage\":\"de\",\"@id\":\"https:\\\/\\\/www.sueverkruep.de\\\/renault\\\/#\\\/schema\\\/logo\\\/image\\\/\",\"url\":\"https:\\\/\\\/www.sueverkruep.de\\\/renault\\\/wp-content\\\/uploads\\\/sites\\\/3\\\/2020\\\/12\\\/cropped-renault_logoo.png\",\"contentUrl\":\"https:\\\/\\\/www.sueverkruep.de\\\/renault\\\/wp-content\\\/uploads\\\/sites\\\/3\\\/2020\\\/12\\\/cropped-renault_logoo.png\",\"width\":294,\"height\":88,\"caption\":\"S\u00fcverkr\u00fcp Renault\"},\"image\":{\"@id\":\"https:\\\/\\\/www.sueverkruep.de\\\/renault\\\/#\\\/schema\\\/logo\\\/image\\\/\"}}]}<\/script>\n<!-- \/ Yoast SEO plugin. -->","yoast_head_json":{"title":"Megane E-Tech - S\u00fcverkr\u00fcp Renault","robots":{"index":"index","follow":"follow","max-snippet":"max-snippet:-1","max-image-preview":"max-image-preview:large","max-video-preview":"max-video-preview:-1"},"canonical":"https:\/\/www.sueverkruep.de\/renault\/elektromobilitaet\/megane-e-tech\/","og_locale":"de_DE","og_type":"article","og_title":"Megane E-Tech - S\u00fcverkr\u00fcp Renault","og_description":"Der neue Megane E-Tech Der neue Renault Megane E-Tech Electric \u2013 Elektromobilit\u00e4t, die begeistert. Erleben Sie die n\u00e4chste Generation vollelektrischer Mobilit\u00e4t \u2013 schon heute. Der Renault Megane E-Tech Electric vereint avantgardistisches Design, fortschrittliche Technologie und alltagstaugliche Reichweite in einem modernen Kompaktfahrzeug. Mit seiner dynamischen Silhouette, hochwertiger Ausstattung und lokal emissionsfreiem Fahrspa\u00df definiert der Megane E-Tech nachhaltige Mobilit\u00e4t neu \u2013 f\u00fcr die Stadt, den Arbeitsweg und jede spontane Fahrt dar\u00fcber hinaus. \u00dcbersicht Exterieur Interieur Besonderheiten Kontakt Exterieur Dynamisches Design, das begeistert Der Renault Megane E-Tech Electric \u00fcberzeugt mit einem Design, das Innovation und Charakter vereint.Seine flie\u00dfenden Proportionen, die markant gezeichnete Front mit schmalen LED-Scheinwerfern und das unverwechselbare Lichtdesign am Heck verleihen ihm einen futuristischen und dynamischen Auftritt. Die coup\u00e9hafte Silhouette und die klaren Linien unterstreichen seinen modernen Anspruch \u2013 urban, kraftvoll und bereit, \u00fcberall Eindruck zu hinterlassen. Interieur Modernes Interieur mit Luxus und Technologie Der Renault Megane E-Tech Electric bietet ein Interieur, das digitalen Fortschritt und stilvolles Design vereint.Das innovative OpenR-Cockpit mit gro\u00dfem, gebogenem Touchscreen und integriertem Google-System sorgt f\u00fcr ein intuitives, voll vernetztes Fahrerlebnis. Hochwertige Materialien, ergonomisch geformte Sitze und eine ambientebeleuchtete Innenraumgestaltung bieten Komfort auf hohem Niveau \u2013 sowohl im Alltag als auch auf l\u00e4ngeren Strecken. Gro\u00dfz\u00fcgige Glasfl\u00e4chen und klare Linien schaffen ein modernes Raumgef\u00fchl. Ein Innenraum, der Technologie, Komfort und franz\u00f6sisches Design auf elegante Weise zusammenbringt. Besonderheiten Innovative Technologie f\u00fcr Ihren Alltag Der neue vollelektrische Renault Megane E-Tech verk\u00f6rpert moderne Elektromobilit\u00e4t mit intelligentem Design und zukunftsweisender Technik. Sein leistungsstarkes, energieeffizientes Antriebssystem sorgt f\u00fcr dynamisches Fahrverhalten und eine beeindruckende alltagstaugliche Reichweite. Dank moderner Schnellladefunktion ist der Megane E-Tech in kurzer Zeit wieder fahrbereit \u2013 perfekt f\u00fcr den urbanen Alltag, l\u00e4ngere Pendelstrecken und spontane Wochenendtrips. Das integrierte OpenR Link Infotainmentsystem mit Google-Services inklusive Echtzeit-Ladepunktanzeige unterst\u00fctzt Sie dabei, jederzeit die n\u00e4chste verf\u00fcgbare Ladestation zu finden \u2013 einfach, vernetzt und komfortabel. Kontaktformular: Renault Megane E-Tech Electric | Energieverbrauch kombiniert: ab 16,1 kWh\/100 km | CO\u2082-Emissionen kombiniert: 0 g\/km | CO\u2082-Emissionsklasse: A Die Informationen erfolgen gem\u00e4\u00df der Pkw-Energieverbrauchskennzeichnungsverordnung. Die angegebenen Werte wurden nach dem vorgeschriebenen Messverfahren WLTP (Worldwide harmonized Light-duty vehicles Test Procedure) ermittelt. WLTP ersetzt seit dem 01.09.2018 den NEFZ. Aus diesem Grund sind nicht nur der Verbrauch und die CO\u2082-Emissionen eines Pkw-Modells, sondern auch die Reichweite von Elektrofahrzeugen angegeben. Die Angaben beziehen sich nicht auf ein einzelnes Fahrzeug und sind nicht Bestandteil des Angebots, sondern dienen allein Vergleichszwecken zwischen den verschiedenen Fahrzeugtypen. Die Werte sind abh\u00e4ngig von der gew\u00e4hlten Sonderausstattung (insbesondere der Reifen-\/R\u00e4derspezifikation) und k\u00f6nnen sich w\u00e4hrend der Konfiguration \u00e4ndern. Der Leitfaden ist auch unter www.dat.de erh\u00e4ltlich. Es werden nur die CO\u2082-Emissionen angegeben, die durch den Betrieb des Pkw entstehen. CO\u2082-Emissionen, die durch die Produktion und Bereitstellung des Pkw sowie der Energie entstehen, werden bei der Ermittlung der CO\u2082-Emissionen gem\u00e4\u00df dem WLTP nicht ber\u00fccksichtigt.","og_url":"https:\/\/www.sueverkruep.de\/renault\/elektromobilitaet\/megane-e-tech\/","og_site_name":"S\u00fcverkr\u00fcp Renault","article_modified_time":"2025-10-23T09:39:53+00:00","twitter_card":"summary_large_image","twitter_misc":{"Gesch\u00e4tzte Lesezeit":"3\u00a0Minuten"},"schema":{"@context":"https:\/\/schema.org","@graph":[{"@type":"WebPage","@id":"https:\/\/www.sueverkruep.de\/renault\/elektromobilitaet\/megane-e-tech\/","url":"https:\/\/www.sueverkruep.de\/renault\/elektromobilitaet\/megane-e-tech\/","name":"Megane E-Tech - S\u00fcverkr\u00fcp Renault","isPartOf":{"@id":"https:\/\/www.sueverkruep.de\/renault\/#website"},"datePublished":"2025-10-16T07:02:31+00:00","dateModified":"2025-10-23T09:39:53+00:00","breadcrumb":{"@id":"https:\/\/www.sueverkruep.de\/renault\/elektromobilitaet\/megane-e-tech\/#breadcrumb"},"inLanguage":"de","potentialAction":[{"@type":"ReadAction","target":["https:\/\/www.sueverkruep.de\/renault\/elektromobilitaet\/megane-e-tech\/"]}]},{"@type":"BreadcrumbList","@id":"https:\/\/www.sueverkruep.de\/renault\/elektromobilitaet\/megane-e-tech\/#breadcrumb","itemListElement":[{"@type":"ListItem","position":1,"name":"Startseite Renault","item":"https:\/\/www.sueverkruep.de\/renault\/"},{"@type":"ListItem","position":2,"name":"Elektromobilit\u00e4t","item":"https:\/\/www.sueverkruep.de\/renault\/elektromobilitaet\/"},{"@type":"ListItem","position":3,"name":"Megane E-Tech"}]},{"@type":"WebSite","@id":"https:\/\/www.sueverkruep.de\/renault\/#website","url":"https:\/\/www.sueverkruep.de\/renault\/","name":"S\u00fcverkr\u00fcp Renault","description":"Ihr L\u00e4cheln. Unser Antrieb.","publisher":{"@id":"https:\/\/www.sueverkruep.de\/renault\/#organization"},"potentialAction":[{"@type":"SearchAction","target":{"@type":"EntryPoint","urlTemplate":"https:\/\/www.sueverkruep.de\/renault\/?s={search_term_string}"},"query-input":{"@type":"PropertyValueSpecification","valueRequired":true,"valueName":"search_term_string"}}],"inLanguage":"de"},{"@type":"Organization","@id":"https:\/\/www.sueverkruep.de\/renault\/#organization","name":"S\u00fcverkr\u00fcp Renault","url":"https:\/\/www.sueverkruep.de\/renault\/","logo":{"@type":"ImageObject","inLanguage":"de","@id":"https:\/\/www.sueverkruep.de\/renault\/#\/schema\/logo\/image\/","url":"https:\/\/www.sueverkruep.de\/renault\/wp-content\/uploads\/sites\/3\/2020\/12\/cropped-renault_logoo.png","contentUrl":"https:\/\/www.sueverkruep.de\/renault\/wp-content\/uploads\/sites\/3\/2020\/12\/cropped-renault_logoo.png","width":294,"height":88,"caption":"S\u00fcverkr\u00fcp Renault"},"image":{"@id":"https:\/\/www.sueverkruep.de\/renault\/#\/schema\/logo\/image\/"}}]}},"_links":{"self":[{"href":"https:\/\/www.sueverkruep.de\/renault\/wp-json\/wp\/v2\/pages\/5683","targetHints":{"allow":["GET"]}}],"collection":[{"href":"https:\/\/www.sueverkruep.de\/renault\/wp-json\/wp\/v2\/pages"}],"about":[{"href":"https:\/\/www.sueverkruep.de\/renault\/wp-json\/wp\/v2\/types\/page"}],"author":[{"embeddable":true,"href":"https:\/\/www.sueverkruep.de\/renault\/wp-json\/wp\/v2\/users\/21"}],"replies":[{"embeddable":true,"href":"https:\/\/www.sueverkruep.de\/renault\/wp-json\/wp\/v2\/comments?post=5683"}],"version-history":[{"count":41,"href":"https:\/\/www.sueverkruep.de\/renault\/wp-json\/wp\/v2\/pages\/5683\/revisions"}],"predecessor-version":[{"id":5894,"href":"https:\/\/www.sueverkruep.de\/renault\/wp-json\/wp\/v2\/pages\/5683\/revisions\/5894"}],"up":[{"embeddable":true,"href":"https:\/\/www.sueverkruep.de\/renault\/wp-json\/wp\/v2\/pages\/5581"}],"wp:attachment":[{"href":"https:\/\/www.sueverkruep.de\/renault\/wp-json\/wp\/v2\/media?parent=5683"}],"curies":[{"name":"wp","href":"https:\/\/api.w.org\/{rel}","templated":true}]}}