{"id":5581,"date":"2025-10-09T11:31:46","date_gmt":"2025-10-09T09:31:46","guid":{"rendered":"https:\/\/www.sueverkruep.de\/renault\/?page_id=5581"},"modified":"2025-10-23T12:05:25","modified_gmt":"2025-10-23T10:05:25","slug":"elektromobilitaet","status":"publish","type":"page","link":"https:\/\/www.sueverkruep.de\/renault\/elektromobilitaet\/","title":{"rendered":"Elektromobilit\u00e4t"},"content":{"rendered":"\t\t<div data-elementor-type=\"wp-page\" data-elementor-id=\"5581\" class=\"elementor elementor-5581\" data-elementor-post-type=\"page\">\n\t\t\t\t\t\t<section class=\"elementor-section elementor-top-section elementor-element elementor-element-4b6a43d4 elementor-hidden-tablet elementor-hidden-mobile elementor-section-boxed elementor-section-height-default elementor-section-height-default wpr-particle-no wpr-jarallax-no wpr-parallax-no wpr-sticky-section-no wpr-equal-height-no\" data-id=\"4b6a43d4\" data-element_type=\"section\" data-e-type=\"section\">\n\t\t\t\t\t\t<div class=\"elementor-container elementor-column-gap-default\">\n\t\t\t\t\t<div class=\"elementor-column elementor-col-50 elementor-top-column elementor-element elementor-element-772fa4aa\" data-id=\"772fa4aa\" data-element_type=\"column\" data-e-type=\"column\">\n\t\t\t<div class=\"elementor-widget-wrap elementor-element-populated\">\n\t\t\t\t\t\t<div class=\"elementor-element elementor-element-4d631c4e elementor-view-default elementor-widget elementor-widget-icon\" data-id=\"4d631c4e\" data-element_type=\"widget\" data-e-type=\"widget\" data-widget_type=\"icon.default\">\n\t\t\t\t<div class=\"elementor-widget-container\">\n\t\t\t\t\t\t\t<div class=\"elementor-icon-wrapper\">\n\t\t\t<a class=\"elementor-icon\" href=\"https:\/\/www.sueverkruep.de\" aria-label=\"Startseite\">\n\t\t\t<i aria-hidden=\"true\" class=\"fas fa-home\"><\/i>\t\t\t<\/a>\n\t\t<\/div>\n\t\t\t\t\t\t<\/div>\n\t\t\t\t<\/div>\n\t\t\t\t\t<\/div>\n\t\t<\/div>\n\t\t\t\t<div class=\"elementor-column elementor-col-50 elementor-top-column elementor-element elementor-element-78a041d7\" data-id=\"78a041d7\" data-element_type=\"column\" data-e-type=\"column\">\n\t\t\t<div class=\"elementor-widget-wrap elementor-element-populated\">\n\t\t\t\t\t\t<div class=\"elementor-element elementor-element-6523b2da elementor-align-left elementor-mobile-align-left elementor-widget elementor-widget-breadcrumbs\" data-id=\"6523b2da\" data-element_type=\"widget\" data-e-type=\"widget\" data-widget_type=\"breadcrumbs.default\">\n\t\t\t\t<div class=\"elementor-widget-container\">\n\t\t\t\t\t<p id=\"breadcrumbs\"><span><span><a href=\"https:\/\/www.sueverkruep.de\/renault\/\">Startseite Renault<\/a><\/span><\/span><\/p>\t\t\t\t<\/div>\n\t\t\t\t<\/div>\n\t\t\t\t\t<\/div>\n\t\t<\/div>\n\t\t\t\t\t<\/div>\n\t\t<\/section>\n\t\t\t\t<section class=\"elementor-section elementor-top-section elementor-element elementor-element-45464c77 elementor-section-full_width elementor-section-height-min-height elementor-section-height-default elementor-section-items-middle wpr-particle-no wpr-jarallax-no wpr-parallax-no wpr-sticky-section-no wpr-equal-height-no\" data-id=\"45464c77\" data-element_type=\"section\" data-e-type=\"section\" data-settings=\"{&quot;background_background&quot;:&quot;classic&quot;}\">\n\t\t\t\t\t\t<div class=\"elementor-container elementor-column-gap-default\">\n\t\t\t\t\t<div class=\"elementor-column elementor-col-100 elementor-top-column elementor-element elementor-element-1e943ace\" data-id=\"1e943ace\" data-element_type=\"column\" data-e-type=\"column\">\n\t\t\t<div class=\"elementor-widget-wrap\">\n\t\t\t\t\t\t\t<\/div>\n\t\t<\/div>\n\t\t\t\t\t<\/div>\n\t\t<\/section>\n\t\t\t\t<section class=\"elementor-section elementor-top-section elementor-element elementor-element-4c0967fd elementor-section-boxed elementor-section-height-default elementor-section-height-default wpr-particle-no wpr-jarallax-no wpr-parallax-no wpr-sticky-section-no wpr-equal-height-no\" data-id=\"4c0967fd\" data-element_type=\"section\" data-e-type=\"section\" data-settings=\"{&quot;background_background&quot;:&quot;classic&quot;}\">\n\t\t\t\t\t\t<div class=\"elementor-container elementor-column-gap-default\">\n\t\t\t\t\t<div class=\"elementor-column elementor-col-100 elementor-top-column elementor-element elementor-element-29501205\" data-id=\"29501205\" data-element_type=\"column\" data-e-type=\"column\">\n\t\t\t<div class=\"elementor-widget-wrap elementor-element-populated\">\n\t\t\t\t\t\t<div class=\"elementor-element elementor-element-d426a50 elementor-widget elementor-widget-heading\" data-id=\"d426a50\" data-element_type=\"widget\" data-e-type=\"widget\" data-widget_type=\"heading.default\">\n\t\t\t\t<div class=\"elementor-widget-container\">\n\t\t\t\t\t<h1 class=\"elementor-heading-title elementor-size-default\">Elektromobilit\u00e4t bei Renault<\/h1>\t\t\t\t<\/div>\n\t\t\t\t<\/div>\n\t\t\t\t<div class=\"elementor-element elementor-element-323d2911 elementor-widget elementor-widget-text-editor\" data-id=\"323d2911\" data-element_type=\"widget\" data-e-type=\"widget\" data-widget_type=\"text-editor.default\">\n\t\t\t\t<div class=\"elementor-widget-container\">\n\t\t\t\t\t\t\t\t\t<p><span class=\"citation-19 citation-end-19\">Elektromobilit\u00e4t gewinnt immer mehr an Bedeutung in der heutigen Zeit durch das aktive Umdenken in Sachen Umweltbewusstsein. Als Vorreiter bietet Ihnen Renault eine ganze Palette an Elektrofahrzeugen, die sich sowohl f\u00fcr Businesstouren als auch den t\u00e4glichen Gebrauch im Stadtverkehr eign<\/span>en.Die Auswahl reicht vom praktischen Renault Twizzy, der eine optimale L\u00f6sung f\u00fcr den Stadtverkehr darstellt, \u00fcber den ikonischen Renault 5 E-Tech, der die Elektro-Offensive von Renault in der Kompaktklasse neu definiert, bis hin zum Renault Master Z.E., der als elektrisches Nutzfahrzeug sowohl die Brieftasche als auch die Umwelt schont.<\/p><p>Neugierig? Entdecken Sie jetzt die passende Elektrol\u00f6sung f\u00fcr Ihre Bed\u00fcrfnisse.<\/p>\t\t\t\t\t\t\t\t<\/div>\n\t\t\t\t<\/div>\n\t\t\t\t\t<\/div>\n\t\t<\/div>\n\t\t\t\t\t<\/div>\n\t\t<\/section>\n\t\t\t\t<section class=\"elementor-section elementor-top-section elementor-element elementor-element-2cb27b10 elementor-section-boxed elementor-section-height-default elementor-section-height-default wpr-particle-no wpr-jarallax-no wpr-parallax-no wpr-sticky-section-no wpr-equal-height-no\" data-id=\"2cb27b10\" data-element_type=\"section\" data-e-type=\"section\">\n\t\t\t\t\t\t<div class=\"elementor-container elementor-column-gap-default\">\n\t\t\t\t\t<div class=\"elementor-column elementor-col-100 elementor-top-column elementor-element elementor-element-7dabe20b\" data-id=\"7dabe20b\" data-element_type=\"column\" data-e-type=\"column\">\n\t\t\t<div class=\"elementor-widget-wrap elementor-element-populated\">\n\t\t\t\t\t\t<div class=\"elementor-element elementor-element-64a8ffb4 elementor-widget elementor-widget-heading\" data-id=\"64a8ffb4\" data-element_type=\"widget\" data-e-type=\"widget\" data-widget_type=\"heading.default\">\n\t\t\t\t<div class=\"elementor-widget-container\">\n\t\t\t\t\t<h2 class=\"elementor-heading-title elementor-size-default\">Unsere vollelektrischen Fahrzeuge auf einen Blick:<\/h2>\t\t\t\t<\/div>\n\t\t\t\t<\/div>\n\t\t\t\t\t<\/div>\n\t\t<\/div>\n\t\t\t\t\t<\/div>\n\t\t<\/section>\n\t\t\t\t<section class=\"elementor-section elementor-top-section elementor-element elementor-element-7f02e092 elementor-section-boxed elementor-section-height-default elementor-section-height-default wpr-particle-no wpr-jarallax-no wpr-parallax-no wpr-sticky-section-no wpr-equal-height-no\" data-id=\"7f02e092\" data-element_type=\"section\" data-e-type=\"section\">\n\t\t\t\t\t\t<div class=\"elementor-container elementor-column-gap-default\">\n\t\t\t\t\t<div class=\"elementor-column elementor-col-100 elementor-top-column elementor-element elementor-element-4061cb01\" data-id=\"4061cb01\" data-element_type=\"column\" data-e-type=\"column\">\n\t\t\t<div class=\"elementor-widget-wrap elementor-element-populated\">\n\t\t\t\t\t\t<div class=\"elementor-element elementor-element-dce8963 elementor-widget-divider--view-line elementor-widget elementor-widget-divider\" data-id=\"dce8963\" data-element_type=\"widget\" data-e-type=\"widget\" data-widget_type=\"divider.default\">\n\t\t\t\t<div class=\"elementor-widget-container\">\n\t\t\t\t\t\t\t<div class=\"elementor-divider\">\n\t\t\t<span class=\"elementor-divider-separator\">\n\t\t\t\t\t\t<\/span>\n\t\t<\/div>\n\t\t\t\t\t\t<\/div>\n\t\t\t\t<\/div>\n\t\t\t\t\t<\/div>\n\t\t<\/div>\n\t\t\t\t\t<\/div>\n\t\t<\/section>\n\t\t\t\t<section class=\"elementor-section elementor-top-section elementor-element elementor-element-5f0a3899 elementor-section-boxed elementor-section-height-default elementor-section-height-default wpr-particle-no wpr-jarallax-no wpr-parallax-no wpr-sticky-section-no wpr-equal-height-no\" data-id=\"5f0a3899\" data-element_type=\"section\" data-e-type=\"section\">\n\t\t\t\t\t\t<div class=\"elementor-container elementor-column-gap-default\">\n\t\t\t\t\t<div class=\"elementor-column elementor-col-33 elementor-top-column elementor-element elementor-element-7b13bc2e\" data-id=\"7b13bc2e\" data-element_type=\"column\" data-e-type=\"column\">\n\t\t\t<div class=\"elementor-widget-wrap elementor-element-populated\">\n\t\t\t\t\t\t<div class=\"elementor-element elementor-element-81c7085 elementor-widget elementor-widget-image\" data-id=\"81c7085\" data-element_type=\"widget\" data-e-type=\"widget\" data-widget_type=\"image.default\">\n\t\t\t\t<div class=\"elementor-widget-container\">\n\t\t\t\t\t\t\t\t\t\t\t\t\t\t\t\t<a href=\"https:\/\/www.sueverkruep.de\/renault\/elektromobilitaet\/renault-zoe\/\">\n\t\t\t\t\t\t\t<img fetchpriority=\"high\" decoding=\"async\" width=\"584\" height=\"320\" src=\"https:\/\/www.sueverkruep.de\/renault\/wp-content\/uploads\/sites\/3\/2025\/10\/Renault_Zoe_2025.jpg\" class=\"attachment-large size-large wp-image-5604\" alt=\"S\u00fcverkr\u00fcp Renault ZOE E Neuwagen Gebrauchtwagen Pkw kaufen finanzieren leasen\" srcset=\"https:\/\/www.sueverkruep.de\/renault\/wp-content\/uploads\/sites\/3\/2025\/10\/Renault_Zoe_2025.jpg 584w, https:\/\/www.sueverkruep.de\/renault\/wp-content\/uploads\/sites\/3\/2025\/10\/Renault_Zoe_2025-300x164.jpg 300w, https:\/\/www.sueverkruep.de\/renault\/wp-content\/uploads\/sites\/3\/2025\/10\/Renault_Zoe_2025-24x13.jpg 24w, https:\/\/www.sueverkruep.de\/renault\/wp-content\/uploads\/sites\/3\/2025\/10\/Renault_Zoe_2025-36x20.jpg 36w, https:\/\/www.sueverkruep.de\/renault\/wp-content\/uploads\/sites\/3\/2025\/10\/Renault_Zoe_2025-48x26.jpg 48w\" sizes=\"(max-width: 584px) 100vw, 584px\" \/>\t\t\t\t\t\t\t\t<\/a>\n\t\t\t\t\t\t\t\t\t\t\t\t\t\t\t<\/div>\n\t\t\t\t<\/div>\n\t\t\t\t<div class=\"elementor-element elementor-element-1c81465e elementor-widget elementor-widget-text-editor\" data-id=\"1c81465e\" data-element_type=\"widget\" data-e-type=\"widget\" data-widget_type=\"text-editor.default\">\n\t\t\t\t<div class=\"elementor-widget-container\">\n\t\t\t\t\t\t\t\t\t<h4 class=\"overhead\">Renault<\/h4><h2 class=\"headline\">ZOE<\/h2><p class=\"bodytext\">Enorme Reichweite bei 0 Emissionen mit dem Renault ZOE: So einfach ist Elektromobilit\u00e4t im Alltag. Alle Highlights im \u00dcberblick.<\/p>\t\t\t\t\t\t\t\t<\/div>\n\t\t\t\t<\/div>\n\t\t\t\t\t<\/div>\n\t\t<\/div>\n\t\t\t\t<div class=\"elementor-column elementor-col-33 elementor-top-column elementor-element elementor-element-3b44e8b4\" data-id=\"3b44e8b4\" data-element_type=\"column\" data-e-type=\"column\">\n\t\t\t<div class=\"elementor-widget-wrap elementor-element-populated\">\n\t\t\t\t\t\t<div class=\"elementor-element elementor-element-4b3579cd elementor-widget elementor-widget-image\" data-id=\"4b3579cd\" data-element_type=\"widget\" data-e-type=\"widget\" aria-hidden=\"\" aria-label=\"\" data-widget_type=\"image.default\">\n\t\t\t\t<div class=\"elementor-widget-container\">\n\t\t\t\t\t\t\t\t\t\t\t\t\t\t\t\t<a href=\"https:\/\/www.sueverkruep.de\/renault\/elektromobilitaet\/megane-e-tech\/\">\n\t\t\t\t\t\t\t<img decoding=\"async\" width=\"584\" height=\"320\" src=\"https:\/\/www.sueverkruep.de\/renault\/wp-content\/uploads\/sites\/3\/2025\/10\/Renault_Capture_2025.jpg\" class=\"attachment-large size-large wp-image-5603\" alt=\"S\u00fcverkr\u00fcp Renault Captur E-Tech Neuwagen Gebrauchtwagen PKW kaufen finanzieren leasen\" srcset=\"https:\/\/www.sueverkruep.de\/renault\/wp-content\/uploads\/sites\/3\/2025\/10\/Renault_Capture_2025.jpg 584w, https:\/\/www.sueverkruep.de\/renault\/wp-content\/uploads\/sites\/3\/2025\/10\/Renault_Capture_2025-300x164.jpg 300w, https:\/\/www.sueverkruep.de\/renault\/wp-content\/uploads\/sites\/3\/2025\/10\/Renault_Capture_2025-24x13.jpg 24w, https:\/\/www.sueverkruep.de\/renault\/wp-content\/uploads\/sites\/3\/2025\/10\/Renault_Capture_2025-36x20.jpg 36w, https:\/\/www.sueverkruep.de\/renault\/wp-content\/uploads\/sites\/3\/2025\/10\/Renault_Capture_2025-48x26.jpg 48w\" sizes=\"(max-width: 584px) 100vw, 584px\" \/>\t\t\t\t\t\t\t\t<\/a>\n\t\t\t\t\t\t\t\t\t\t\t\t\t\t\t<\/div>\n\t\t\t\t<\/div>\n\t\t\t\t<div class=\"elementor-element elementor-element-783de431 elementor-widget elementor-widget-text-editor\" data-id=\"783de431\" data-element_type=\"widget\" data-e-type=\"widget\" data-widget_type=\"text-editor.default\">\n\t\t\t\t<div class=\"elementor-widget-container\">\n\t\t\t\t\t\t\t\t\t<h4 class=\"overhead\">Renault<\/h4><h2 class=\"headline\">M\u00e9gane E-Tech<\/h2><p class=\"bodytext\">Der E-TECH Electric f\u00fchrt als erstes Modell mit dem neuen Renault Logo an Front und Heck das aufsehenerregende \u201eSensual Tech\u201c-Design ein.<\/p>\t\t\t\t\t\t\t\t<\/div>\n\t\t\t\t<\/div>\n\t\t\t\t\t<\/div>\n\t\t<\/div>\n\t\t\t\t<div class=\"elementor-column elementor-col-33 elementor-top-column elementor-element elementor-element-b18026f\" data-id=\"b18026f\" data-element_type=\"column\" data-e-type=\"column\">\n\t\t\t<div class=\"elementor-widget-wrap elementor-element-populated\">\n\t\t\t\t\t\t<div class=\"elementor-element elementor-element-89e684b elementor-widget elementor-widget-image\" data-id=\"89e684b\" data-element_type=\"widget\" data-e-type=\"widget\" data-widget_type=\"image.default\">\n\t\t\t\t<div class=\"elementor-widget-container\">\n\t\t\t\t\t\t\t\t\t\t\t\t\t\t\t\t<a href=\"https:\/\/www.sueverkruep.de\/renault\/elektromobilitaet\/renault-master-e-tech\/\">\n\t\t\t\t\t\t\t<img decoding=\"async\" width=\"584\" height=\"320\" src=\"https:\/\/www.sueverkruep.de\/renault\/wp-content\/uploads\/sites\/3\/2023\/03\/Ext_Renault_Master_E-Tech01.jpg\" class=\"attachment-large size-large wp-image-2811\" alt=\"S\u00fcverkr\u00fcp Renault Master E-Tech\" srcset=\"https:\/\/www.sueverkruep.de\/renault\/wp-content\/uploads\/sites\/3\/2023\/03\/Ext_Renault_Master_E-Tech01.jpg 584w, https:\/\/www.sueverkruep.de\/renault\/wp-content\/uploads\/sites\/3\/2023\/03\/Ext_Renault_Master_E-Tech01-300x164.jpg 300w, https:\/\/www.sueverkruep.de\/renault\/wp-content\/uploads\/sites\/3\/2023\/03\/Ext_Renault_Master_E-Tech01-24x13.jpg 24w, https:\/\/www.sueverkruep.de\/renault\/wp-content\/uploads\/sites\/3\/2023\/03\/Ext_Renault_Master_E-Tech01-36x20.jpg 36w, https:\/\/www.sueverkruep.de\/renault\/wp-content\/uploads\/sites\/3\/2023\/03\/Ext_Renault_Master_E-Tech01-48x26.jpg 48w\" sizes=\"(max-width: 584px) 100vw, 584px\" \/>\t\t\t\t\t\t\t\t<\/a>\n\t\t\t\t\t\t\t\t\t\t\t\t\t\t\t<\/div>\n\t\t\t\t<\/div>\n\t\t\t\t<div class=\"elementor-element elementor-element-2f1e883e elementor-widget elementor-widget-text-editor\" data-id=\"2f1e883e\" data-element_type=\"widget\" data-e-type=\"widget\" data-widget_type=\"text-editor.default\">\n\t\t\t\t<div class=\"elementor-widget-container\">\n\t\t\t\t\t\t\t\t\t<h4 class=\"overhead\">Renault<\/h4><h2 class=\"headline\">Master Z.E.<\/h2><p class=\"bodytext\">Renault setzt seine Elektroauto-Offensive fort: Der Renault Master Z.E.: Ein Elektrotransporter mit 200 km Reichweite.<span style=\"font-size: 16px;\"> \u00a0<\/span><\/p>\t\t\t\t\t\t\t\t<\/div>\n\t\t\t\t<\/div>\n\t\t\t\t\t<\/div>\n\t\t<\/div>\n\t\t\t\t\t<\/div>\n\t\t<\/section>\n\t\t\t\t<section class=\"elementor-section elementor-top-section elementor-element elementor-element-37e766fb elementor-section-boxed elementor-section-height-default elementor-section-height-default wpr-particle-no wpr-jarallax-no wpr-parallax-no wpr-sticky-section-no wpr-equal-height-no\" data-id=\"37e766fb\" data-element_type=\"section\" data-e-type=\"section\">\n\t\t\t\t\t\t<div class=\"elementor-container elementor-column-gap-default\">\n\t\t\t\t\t<div class=\"elementor-column elementor-col-33 elementor-top-column elementor-element elementor-element-4e9cd5f5\" data-id=\"4e9cd5f5\" data-element_type=\"column\" data-e-type=\"column\">\n\t\t\t<div class=\"elementor-widget-wrap elementor-element-populated\">\n\t\t\t\t\t\t<div class=\"elementor-element elementor-element-3cef028d elementor-widget elementor-widget-image\" data-id=\"3cef028d\" data-element_type=\"widget\" data-e-type=\"widget\" aria-hidden=\"\" aria-label=\"\" data-widget_type=\"image.default\">\n\t\t\t\t<div class=\"elementor-widget-container\">\n\t\t\t\t\t\t\t\t\t\t\t\t\t\t\t\t<a href=\"https:\/\/www.sueverkruep.de\/renault\/elektromobilitaet\/renault-kangoo-rapid-e-tech\/\">\n\t\t\t\t\t\t\t<img loading=\"lazy\" decoding=\"async\" width=\"584\" height=\"320\" src=\"https:\/\/www.sueverkruep.de\/renault\/wp-content\/uploads\/sites\/3\/2022\/11\/Kangoo-Rapid-Ext-1.jpg\" class=\"attachment-large size-large wp-image-2515\" alt=\"S\u00fcverkr\u00fcp Renault Kangoo Rapid E-Tech Neuwagen Gebrauchtwagen Transporter kaufen finanzieren leasen\" srcset=\"https:\/\/www.sueverkruep.de\/renault\/wp-content\/uploads\/sites\/3\/2022\/11\/Kangoo-Rapid-Ext-1.jpg 584w, https:\/\/www.sueverkruep.de\/renault\/wp-content\/uploads\/sites\/3\/2022\/11\/Kangoo-Rapid-Ext-1-300x164.jpg 300w, https:\/\/www.sueverkruep.de\/renault\/wp-content\/uploads\/sites\/3\/2022\/11\/Kangoo-Rapid-Ext-1-24x13.jpg 24w, https:\/\/www.sueverkruep.de\/renault\/wp-content\/uploads\/sites\/3\/2022\/11\/Kangoo-Rapid-Ext-1-36x20.jpg 36w, https:\/\/www.sueverkruep.de\/renault\/wp-content\/uploads\/sites\/3\/2022\/11\/Kangoo-Rapid-Ext-1-48x26.jpg 48w\" sizes=\"(max-width: 584px) 100vw, 584px\" \/>\t\t\t\t\t\t\t\t<\/a>\n\t\t\t\t\t\t\t\t\t\t\t\t\t\t\t<\/div>\n\t\t\t\t<\/div>\n\t\t\t\t<div class=\"elementor-element elementor-element-3671cc99 elementor-widget elementor-widget-text-editor\" data-id=\"3671cc99\" data-element_type=\"widget\" data-e-type=\"widget\" data-widget_type=\"text-editor.default\">\n\t\t\t\t<div class=\"elementor-widget-container\">\n\t\t\t\t\t\t\t\t\t<h4 class=\"overhead\">Renault<\/h4><h2 class=\"headline\">Kangoo Rapid E-Tech<\/h2><p class=\"bodytext\">Der Kangoo Rapid ist die L\u00f6sung f\u00fcr Sie mit der Innovation \u201eOpen Sesame by Renault\u201c. Der Kangoo Rapid erf\u00fcllt alle Anforderungen Ihres Alltags.<\/p>\t\t\t\t\t\t\t\t<\/div>\n\t\t\t\t<\/div>\n\t\t\t\t\t<\/div>\n\t\t<\/div>\n\t\t\t\t<div class=\"elementor-column elementor-col-33 elementor-top-column elementor-element elementor-element-23689fd4\" data-id=\"23689fd4\" data-element_type=\"column\" data-e-type=\"column\">\n\t\t\t<div class=\"elementor-widget-wrap elementor-element-populated\">\n\t\t\t\t\t\t<div class=\"elementor-element elementor-element-ff0128d elementor-widget elementor-widget-image\" data-id=\"ff0128d\" data-element_type=\"widget\" data-e-type=\"widget\" aria-hidden=\"\" aria-label=\"\" data-widget_type=\"image.default\">\n\t\t\t\t<div class=\"elementor-widget-container\">\n\t\t\t\t\t\t\t\t\t\t\t\t\t\t\t\t<a href=\"https:\/\/www.sueverkruep.de\/renault\/elektromobilitaet\/renault-captur-e-tech\/\">\n\t\t\t\t\t\t\t<img loading=\"lazy\" decoding=\"async\" width=\"584\" height=\"320\" src=\"https:\/\/www.sueverkruep.de\/renault\/wp-content\/uploads\/sites\/3\/2022\/10\/megane_e-tech_electric_kachel.jpg\" class=\"attachment-large size-large wp-image-2476\" alt=\"S\u00fcverkr\u00fcp Renault Megane E-Tech Neuwagen Gebrauchtwagen Pkw kaufen finanzieren leasen\" srcset=\"https:\/\/www.sueverkruep.de\/renault\/wp-content\/uploads\/sites\/3\/2022\/10\/megane_e-tech_electric_kachel.jpg 584w, https:\/\/www.sueverkruep.de\/renault\/wp-content\/uploads\/sites\/3\/2022\/10\/megane_e-tech_electric_kachel-300x164.jpg 300w, https:\/\/www.sueverkruep.de\/renault\/wp-content\/uploads\/sites\/3\/2022\/10\/megane_e-tech_electric_kachel-24x13.jpg 24w, https:\/\/www.sueverkruep.de\/renault\/wp-content\/uploads\/sites\/3\/2022\/10\/megane_e-tech_electric_kachel-36x20.jpg 36w, https:\/\/www.sueverkruep.de\/renault\/wp-content\/uploads\/sites\/3\/2022\/10\/megane_e-tech_electric_kachel-48x26.jpg 48w\" sizes=\"(max-width: 584px) 100vw, 584px\" \/>\t\t\t\t\t\t\t\t<\/a>\n\t\t\t\t\t\t\t\t\t\t\t\t\t\t\t<\/div>\n\t\t\t\t<\/div>\n\t\t\t\t<div class=\"elementor-element elementor-element-1a14e8ff elementor-widget__width-initial elementor-widget elementor-widget-text-editor\" data-id=\"1a14e8ff\" data-element_type=\"widget\" data-e-type=\"widget\" data-widget_type=\"text-editor.default\">\n\t\t\t\t<div class=\"elementor-widget-container\">\n\t\t\t\t\t\t\t\t\t<h4 class=\"overhead\">Renault<\/h4><h2 class=\"headline\">Captur E-Tech Plug-In Hybrid<\/h2><p class=\"bodytext\">Renault setzt seine Elektroauto-Offensive fort: Der Captur Plug-In Hybrid ist nur der Anfang<\/p>\t\t\t\t\t\t\t\t<\/div>\n\t\t\t\t<\/div>\n\t\t\t\t\t<\/div>\n\t\t<\/div>\n\t\t\t\t<div class=\"elementor-column elementor-col-33 elementor-top-column elementor-element elementor-element-8f7ff5b\" data-id=\"8f7ff5b\" data-element_type=\"column\" data-e-type=\"column\">\n\t\t\t<div class=\"elementor-widget-wrap elementor-element-populated\">\n\t\t\t\t\t\t<div class=\"elementor-element elementor-element-0e8fdce elementor-widget elementor-widget-image\" data-id=\"0e8fdce\" data-element_type=\"widget\" data-e-type=\"widget\" aria-hidden=\"\" aria-label=\"\" data-widget_type=\"image.default\">\n\t\t\t\t<div class=\"elementor-widget-container\">\n\t\t\t\t\t\t\t\t\t\t\t\t\t\t\t\t<a href=\"https:\/\/www.sueverkruep.de\/mercedes-benz\/van-mieten\/\">\n\t\t\t\t\t\t\t<img loading=\"lazy\" decoding=\"async\" width=\"584\" height=\"320\" src=\"https:\/\/www.sueverkruep.de\/renault\/wp-content\/uploads\/sites\/3\/2025\/01\/Unbenannt-7.jpeg\" class=\"attachment-large size-large wp-image-5054\" alt=\"S\u00fcverkr\u00fcp Renault 5 Angebot\" srcset=\"https:\/\/www.sueverkruep.de\/renault\/wp-content\/uploads\/sites\/3\/2025\/01\/Unbenannt-7.jpeg 584w, https:\/\/www.sueverkruep.de\/renault\/wp-content\/uploads\/sites\/3\/2025\/01\/Unbenannt-7-300x164.jpeg 300w, https:\/\/www.sueverkruep.de\/renault\/wp-content\/uploads\/sites\/3\/2025\/01\/Unbenannt-7-24x13.jpeg 24w, https:\/\/www.sueverkruep.de\/renault\/wp-content\/uploads\/sites\/3\/2025\/01\/Unbenannt-7-36x20.jpeg 36w, https:\/\/www.sueverkruep.de\/renault\/wp-content\/uploads\/sites\/3\/2025\/01\/Unbenannt-7-48x26.jpeg 48w\" sizes=\"(max-width: 584px) 100vw, 584px\" \/>\t\t\t\t\t\t\t\t<\/a>\n\t\t\t\t\t\t\t\t\t\t\t\t\t\t\t<\/div>\n\t\t\t\t<\/div>\n\t\t\t\t<div class=\"elementor-element elementor-element-b59b386 elementor-widget__width-initial elementor-widget elementor-widget-text-editor\" data-id=\"b59b386\" data-element_type=\"widget\" data-e-type=\"widget\" data-widget_type=\"text-editor.default\">\n\t\t\t\t<div class=\"elementor-widget-container\">\n\t\t\t\t\t\t\t\t\t<h4 class=\"overhead\">Renault<\/h4><h2 class=\"headline\">5 E-Tech<\/h2><p class=\"bodytext\">Der Renault 5 E-Tech ist das ikonische, vollelektrische Stadtauto von Renault, das das ber\u00fchmte Design der 70er und 80er Jahre in die moderne Elektro-\u00c4ra bringt.<\/p>\t\t\t\t\t\t\t\t<\/div>\n\t\t\t\t<\/div>\n\t\t\t\t\t<\/div>\n\t\t<\/div>\n\t\t\t\t\t<\/div>\n\t\t<\/section>\n\t\t\t\t<section class=\"elementor-section elementor-top-section elementor-element elementor-element-1a7a2cb elementor-section-boxed elementor-section-height-default elementor-section-height-default wpr-particle-no wpr-jarallax-no wpr-parallax-no wpr-sticky-section-no wpr-equal-height-no\" data-id=\"1a7a2cb\" data-element_type=\"section\" data-e-type=\"section\">\n\t\t\t\t\t\t<div class=\"elementor-container elementor-column-gap-default\">\n\t\t\t\t\t<div class=\"elementor-column elementor-col-100 elementor-top-column elementor-element elementor-element-92a634e\" data-id=\"92a634e\" data-element_type=\"column\" data-e-type=\"column\">\n\t\t\t<div class=\"elementor-widget-wrap elementor-element-populated\">\n\t\t\t\t\t\t<div class=\"elementor-element elementor-element-f2c4b97 elementor-widget elementor-widget-text-editor\" data-id=\"f2c4b97\" data-element_type=\"widget\" data-e-type=\"widget\" data-widget_type=\"text-editor.default\">\n\t\t\t\t<div class=\"elementor-widget-container\">\n\t\t\t\t\t\t\t\t\t<h3>Ich interessiere mich f\u00fcr folgendes Modell:<\/h3><p>\n<div class=\"wpcf7 no-js\" id=\"wpcf7-f5609-o1\" lang=\"de-DE\" dir=\"ltr\" data-wpcf7-id=\"5609\">\n<div class=\"screen-reader-response\"><p role=\"status\" aria-live=\"polite\" aria-atomic=\"true\"><\/p> <ul><\/ul><\/div>\n<form action=\"\/renault\/wp-json\/wp\/v2\/pages\/5581#wpcf7-f5609-o1\" method=\"post\" class=\"wpcf7-form init\" aria-label=\"Kontaktformular\" novalidate=\"novalidate\" data-status=\"init\">\n<fieldset class=\"hidden-fields-container\"><input type=\"hidden\" name=\"_wpcf7\" value=\"5609\" \/><input type=\"hidden\" name=\"_wpcf7_version\" value=\"6.1.5\" \/><input type=\"hidden\" name=\"_wpcf7_locale\" value=\"de_DE\" \/><input type=\"hidden\" name=\"_wpcf7_unit_tag\" value=\"wpcf7-f5609-o1\" \/><input type=\"hidden\" name=\"_wpcf7_container_post\" value=\"0\" \/><input type=\"hidden\" name=\"_wpcf7_posted_data_hash\" value=\"\" \/><input type=\"hidden\" name=\"_wpcf7dtx_version\" value=\"5.0.5\" \/><input type=\"hidden\" name=\"_wpcf7cf_hidden_group_fields\" value=\"[]\" \/><input type=\"hidden\" name=\"_wpcf7cf_hidden_groups\" value=\"[]\" \/><input type=\"hidden\" name=\"_wpcf7cf_visible_groups\" value=\"[]\" \/><input type=\"hidden\" name=\"_wpcf7cf_repeaters\" value=\"[]\" \/><input type=\"hidden\" name=\"_wpcf7cf_steps\" value=\"{}\" \/><input type=\"hidden\" name=\"_wpcf7cf_options\" value=\"{&quot;form_id&quot;:5609,&quot;conditions&quot;:[],&quot;settings&quot;:{&quot;animation&quot;:&quot;yes&quot;,&quot;animation_intime&quot;:200,&quot;animation_outtime&quot;:200,&quot;conditions_ui&quot;:&quot;normal&quot;,&quot;notice_dismissed&quot;:false}}\" \/><input type=\"hidden\" name=\"_uacf7_hidden_conditional_fields\" value=\"\" \/>\n<\/fieldset>\n<div class=\"uacf7-form-wrapper-container uacf7-form-5609  \"><div class=\"form-group grid-x grid-margin-x\" data-equalizer data-equalize-on=\"medium\">\n\t<div class=\"cell large-6\" data-equalizer-watch>\n\t\t<div class=\"form-group grid-x grid-margin-x\">\n\t\t\t\n\t\t\t<div class=\"cell medium-6\">\n\t\t\t\t<span class=\"wpcf7-form-control-wrap\" data-name=\"auto\"><select class=\"wpcf7-form-control wpcf7-select wpcf7-validates-as-required custom-select\" aria-required=\"true\" aria-invalid=\"false\" name=\"auto\"><option value=\"\">W\u00e4hlen Sie ein Modell*<\/option><option value=\"Zoe\">Zoe<\/option><option value=\"M\u00e9gane\">M\u00e9gane<\/option><option value=\"Master\">Master<\/option><option value=\"Kangoo\">Kangoo<\/option><option value=\"Captur\">Captur<\/option><option value=\"5 E-Tech\">5 E-Tech<\/option><\/select><\/span>\n\n\n\t\t\t<\/div>\n\t\t<\/div>\n<div class=\"form-group grid-x grid-margin-x form-standortfield\">\n\t\t\t<div class=\"cell\">\n\t\t\t\t<span class=\"wpcf7-form-control-wrap\" data-name=\"standort\"><select class=\"wpcf7-form-control wpcf7-select wpcf7-validates-as-required custom-select\" aria-required=\"true\" aria-invalid=\"false\" name=\"standort\"><option value=\"\">gew\u00fcnschter Standort*<\/option><option value=\"Autohaus S\u00fcverkr\u00fcp - Kiel\">Autohaus S\u00fcverkr\u00fcp &#8211; Kiel<\/option><option value=\"Autohaus S\u00fcverkr\u00fcp - Rendsburg\">Autohaus S\u00fcverkr\u00fcp &#8211; Rendsburg<\/option><option value=\"Autohaus S\u00fcverkr\u00fcp - Neum\u00fcnster\">Autohaus S\u00fcverkr\u00fcp &#8211; Neum\u00fcnster<\/option><option value=\"Autohaus S\u00fcverkr\u00fcp - Flensburg\">Autohaus S\u00fcverkr\u00fcp &#8211; Flensburg<\/option><\/select><\/span>\n\t\t\t<\/div>\n\t\t<\/div>\n\n\t\t<div class=\"form-group grid-x grid-margin-x\">\n\t\t\t<div class=\"cell\"><span class=\"wpcf7-form-control-wrap\" data-name=\"anrede\"><span class=\"wpcf7-form-control wpcf7-radio\"><span class=\"wpcf7-list-item first\"><label><input type=\"radio\" name=\"anrede\" value=\"Herr\" \/><span class=\"wpcf7-list-item-label\">Herr<\/span><\/label><\/span><span class=\"wpcf7-list-item\"><label><input type=\"radio\" name=\"anrede\" value=\"Frau\" \/><span class=\"wpcf7-list-item-label\">Frau<\/span><\/label><\/span><span class=\"wpcf7-list-item last\"><label><input type=\"radio\" name=\"anrede\" value=\"Divers\" \/><span class=\"wpcf7-list-item-label\">Divers<\/span><\/label><\/span><\/span><\/span><\/div>\n\t\t<\/div>\n\t\t\n\t\t\n\t\t<div class=\"form-group grid-x grid-margin-x\">\n\t\t\t<div class=\"cell\"><span class=\"wpcf7-form-control-wrap\" data-name=\"vorname_name\"><input size=\"40\" maxlength=\"400\" class=\"wpcf7-form-control wpcf7-text wpcf7-validates-as-required\" aria-required=\"true\" aria-invalid=\"false\" placeholder=\"Vor- &amp; Nachname*\" value=\"\" type=\"text\" name=\"vorname_name\" \/><\/span><\/div>\n\n\t\t\t<div class=\"cell\"><span class=\"wpcf7-form-control-wrap\" data-name=\"telefon\"><input size=\"40\" maxlength=\"400\" class=\"wpcf7-form-control wpcf7-text\" aria-invalid=\"false\" placeholder=\"Telefonnummer\" value=\"\" type=\"text\" name=\"telefon\" \/><\/span><\/div>\n\n\t\t\t<div class=\"cell\"><span class=\"wpcf7-form-control-wrap\" data-name=\"client-email\"><input size=\"40\" maxlength=\"400\" class=\"wpcf7-form-control wpcf7-email wpcf7-validates-as-required wpcf7-text wpcf7-validates-as-email\" aria-required=\"true\" aria-invalid=\"false\" placeholder=\"E-Mail*\" value=\"\" type=\"email\" name=\"client-email\" \/><\/span> <\/div>\n\n\t\t\t\n\t\t<\/div>\n\t<\/div>\n\n\t<div class=\"cell large-6 message-box\">\n\t\t<span class=\"wpcf7-form-control-wrap\" data-name=\"message\"><textarea cols=\"40\" rows=\"10\" maxlength=\"2000\" class=\"wpcf7-form-control wpcf7-textarea\" aria-invalid=\"false\" placeholder=\"Bitte geben Sie uns so viele Information wie m\u00f6glich.\" name=\"message\"><\/textarea><\/span>\n\t<\/div>\n\n<\/div>\n\n<div class=\"grid-x grid-margin-x newsletter-datenschutz-box\">\n\t<div class=\"cell datenschutz\" data-accordion data-allow-all-closed=\"true\">\n\t\t<span class=\"accordion-item is-active\" data-accordion-item>\n\t\t\t<a href=\"#\" class=\"accordion-title cf7-accordion-title\">Datenschutzrechtliche Einwilligungserkl\u00e4rung lesen<\/a>\n\t\t\t<div class=\"cell datenschutz accordion-content\" data-tab-content>\n\t\t\t\t<span class=\"wpcf7-form-control-wrap\" data-name=\"datenschutz\"><span class=\"wpcf7-form-control wpcf7-acceptance\"><span class=\"wpcf7-list-item\"><label><input type=\"checkbox\" name=\"datenschutz\" value=\"1\" aria-invalid=\"false\" \/><span class=\"wpcf7-list-item-label\"><span class=\"after-checkbox\">\n<p>\n\t\t\t\tIch habe die <u><a href=\"https:\/\/www.sueverkruep.de\/datenschutzerklaerung\/\"target=\"_blank\"\">Datenschutzerkl\u00e4rung<\/a><\/u> \nzur Kenntnis genommen.\n\t\t\t\t<\/p><\/span><\/span><\/label><\/span><\/span><\/span>\n\t\t\t<br>* Pflichtfeld<\/br> <\/div>\n\t\t<\/span>\n<\/div>\n\n      <div class=\"cell submit-btn\"><input class=\"wpcf7-form-control wpcf7-submit has-spinner button fill small-only-expanded\" type=\"submit\" value=\"E-Mail senden\" \/><\/div><\/div><input type='hidden' class='wpcf7-pum' value='{\"closepopup\":false,\"closedelay\":0,\"openpopup\":false,\"openpopup_id\":0}' \/><div class=\"frc-captcha \" data-sitekey=\"FCMSI6ARJ3P3EIJS\" data-lang=\"de\" ><\/div>\n\t\t<noscript>You need to enable Javascript for the anti-spam check.<\/noscript><div class=\"wpcf7-response-output\" aria-hidden=\"true\"><\/div>\n<\/form>\n<\/div>\n<\/p>\t\t\t\t\t\t\t\t<\/div>\n\t\t\t\t<\/div>\n\t\t\t\t\t<\/div>\n\t\t<\/div>\n\t\t\t\t\t<\/div>\n\t\t<\/section>\n\t\t\t\t<section class=\"elementor-section elementor-top-section elementor-element elementor-element-e4392b1 elementor-section-boxed elementor-section-height-default elementor-section-height-default wpr-particle-no wpr-jarallax-no wpr-parallax-no wpr-sticky-section-no wpr-equal-height-no\" data-id=\"e4392b1\" data-element_type=\"section\" data-e-type=\"section\">\n\t\t\t\t\t\t<div class=\"elementor-container elementor-column-gap-default\">\n\t\t\t\t\t<div class=\"elementor-column elementor-col-100 elementor-top-column elementor-element elementor-element-161001a\" data-id=\"161001a\" data-element_type=\"column\" data-e-type=\"column\">\n\t\t\t<div class=\"elementor-widget-wrap elementor-element-populated\">\n\t\t\t\t\t\t<div class=\"elementor-element elementor-element-e0f265f elementor-widget__width-initial elementor-widget elementor-widget-text-editor\" data-id=\"e0f265f\" data-element_type=\"widget\" data-e-type=\"widget\" data-widget_type=\"text-editor.default\">\n\t\t\t\t<div class=\"elementor-widget-container\">\n\t\t\t\t\t\t\t\t\t<p>Renault Zoe E-Tech elektrisch (52 kWh Batterie): Stromverbrauch kombiniert (kWh\/100 km): 17,0\u201317,3; CO\u2082-Emission kombiniert (g\/km): 0; CO\u2082-Klasse: A.<\/p><p>Renault Megane E-Tech elektrisch 220 Comfort Range (60 kWh Batterie), Elektro: Stromverbrauch kombiniert (kWh\/100 km): 15,4; CO\u2082-Emission kombiniert (g\/km): 0; CO\u2082-Klasse: A.<\/p><p>Renault Master E-Tech Electric Long Range (52 kWh Batterie): Stromverbrauch kombiniert (kWh\/100 km): 25,3; CO\u2082-Emission kombiniert (g\/km): 0; CO2-Klasse: A.<\/p><p>Renault Grand Kangoo E-Tech elektrisch 45 kWh Batterie, Elektro: Stromverbrauch kombiniert (kWh\/100 km): 21,5; CO\u2082-Emission kombiniert (g\/km): 0; CO2-Klasse: A<\/p><p>Renault Captur Full Hybrid E-Tech 160: Gesamtverbrauch kombiniert (l\/100 km): 4,5; CO\u2082-Emission kombiniert (g\/km): 102; CO\u2082-Klasse: C.<\/p><p>Renault 5 E-Tech elektrisch 150 Comfort Range (52 kWh Batterie): Stromverbrauch kombiniert (kWh\/100 km): 15,2; CO\u2082-Emission kombiniert (g\/km): 0; CO\u2082-Klasse: A<\/p><p>Die angegebenen Werte wurden nach dem vorgeschriebenen Messverfahren WLTP (Worldwide harmonised Light-duty vehicles Test Procedures) ermittelt. Der Energieverbrauch und der CO\u2082-Aussto\u00df eines Pkw sind nicht nur von der effizienten Ausnutzung des Kraftstoffs bzw. des Energietr\u00e4gers durch den Pkw, sondern auch vom Fahrstil und anderen nichttechnischen Faktoren abh\u00e4ngig.<\/p><p>Der zertifizierte elektrische Verbrauch wird in der Regel mit maximaler AC Ladeleistung durch ein Mode 3 Kabel bestimmt. Daher wird empfohlen, Fahrzeuge mit einer HV-Batterie bevorzugt an einer Wallbox oder einer AC-Ladestation mit einem Mode 3 Kabel zu laden, um k\u00fcrzere Ladezeiten und einen besseren Ladewirkungsgrad zu erreichen.<\/p>\t\t\t\t\t\t\t\t<\/div>\n\t\t\t\t<\/div>\n\t\t\t\t\t<\/div>\n\t\t<\/div>\n\t\t\t\t\t<\/div>\n\t\t<\/section>\n\t\t\t\t<\/div>\n\t\t","protected":false},"excerpt":{"rendered":"<p>Elektromobilit\u00e4t bei Renault Elektromobilit\u00e4t gewinnt immer mehr an Bedeutung in der heutigen Zeit durch das aktive Umdenken in Sachen Umweltbewusstsein. Als Vorreiter bietet Ihnen Renault eine ganze Palette an Elektrofahrzeugen, die sich sowohl f\u00fcr Businesstouren als auch den t\u00e4glichen Gebrauch im Stadtverkehr eignen.Die Auswahl reicht vom praktischen Renault Twizzy, der eine optimale L\u00f6sung f\u00fcr den Stadtverkehr darstellt, \u00fcber den ikonischen Renault 5 E-Tech, der die Elektro-Offensive von Renault in der Kompaktklasse neu definiert, bis hin zum Renault Master Z.E., der als elektrisches Nutzfahrzeug sowohl die Brieftasche als auch die Umwelt schont. Neugierig? Entdecken Sie jetzt die passende Elektrol\u00f6sung f\u00fcr Ihre Bed\u00fcrfnisse. Unsere vollelektrischen Fahrzeuge auf einen Blick: Renault ZOE Enorme Reichweite bei 0 Emissionen mit dem Renault ZOE: So einfach ist Elektromobilit\u00e4t im Alltag. Alle Highlights im \u00dcberblick. Renault M\u00e9gane E-Tech Der E-TECH Electric f\u00fchrt als erstes Modell mit dem neuen Renault Logo an Front und Heck das aufsehenerregende \u201eSensual Tech\u201c-Design ein. Renault Master Z.E. Renault setzt seine Elektroauto-Offensive fort: Der Renault Master Z.E.: Ein Elektrotransporter mit 200 km Reichweite. \u00a0 Renault Kangoo Rapid E-Tech Der Kangoo Rapid ist die L\u00f6sung f\u00fcr Sie mit der Innovation \u201eOpen Sesame by Renault\u201c. Der Kangoo Rapid erf\u00fcllt alle Anforderungen Ihres Alltags. Renault Captur E-Tech Plug-In Hybrid Renault setzt seine Elektroauto-Offensive fort: Der Captur Plug-In Hybrid ist nur der Anfang Renault 5 E-Tech Der Renault 5 E-Tech ist das ikonische, vollelektrische Stadtauto von Renault, das das ber\u00fchmte Design der 70er und 80er Jahre in die moderne Elektro-\u00c4ra bringt. Ich interessiere mich f\u00fcr folgendes Modell: Renault Zoe E-Tech elektrisch (52 kWh Batterie): Stromverbrauch kombiniert (kWh\/100 km): 17,0\u201317,3; CO\u2082-Emission kombiniert (g\/km): 0; CO\u2082-Klasse: A. Renault Megane E-Tech elektrisch 220 Comfort Range (60 kWh Batterie), Elektro: Stromverbrauch kombiniert (kWh\/100 km): 15,4; CO\u2082-Emission kombiniert (g\/km): 0; CO\u2082-Klasse: A. Renault Master E-Tech Electric Long Range (52 kWh Batterie): Stromverbrauch kombiniert (kWh\/100 km): 25,3; CO\u2082-Emission kombiniert (g\/km): 0; CO2-Klasse: A. Renault Grand Kangoo E-Tech elektrisch 45 kWh Batterie, Elektro: Stromverbrauch kombiniert (kWh\/100 km): 21,5; CO\u2082-Emission kombiniert (g\/km): 0; CO2-Klasse: A Renault Captur Full Hybrid E-Tech 160: Gesamtverbrauch kombiniert (l\/100 km): 4,5; CO\u2082-Emission kombiniert (g\/km): 102; CO\u2082-Klasse: C. Renault 5 E-Tech elektrisch 150 Comfort Range (52 kWh Batterie): Stromverbrauch kombiniert (kWh\/100 km): 15,2; CO\u2082-Emission kombiniert (g\/km): 0; CO\u2082-Klasse: A Die angegebenen Werte wurden nach dem vorgeschriebenen Messverfahren WLTP (Worldwide harmonised Light-duty vehicles Test Procedures) ermittelt. Der Energieverbrauch und der CO\u2082-Aussto\u00df eines Pkw sind nicht nur von der effizienten Ausnutzung des Kraftstoffs bzw. des Energietr\u00e4gers durch den Pkw, sondern auch vom Fahrstil und anderen nichttechnischen Faktoren abh\u00e4ngig. Der zertifizierte elektrische Verbrauch wird in der Regel mit maximaler AC Ladeleistung durch ein Mode 3 Kabel bestimmt. Daher wird empfohlen, Fahrzeuge mit einer HV-Batterie bevorzugt an einer Wallbox oder einer AC-Ladestation mit einem Mode 3 Kabel zu laden, um k\u00fcrzere Ladezeiten und einen besseren Ladewirkungsgrad zu erreichen.<\/p>\n","protected":false},"author":21,"featured_media":0,"parent":0,"menu_order":0,"comment_status":"closed","ping_status":"closed","template":"","meta":{"footnotes":""},"class_list":["post-5581","page","type-page","status-publish","hentry"],"acf":[],"yoast_head":"<!-- This site is optimized with the Yoast SEO plugin v27.4 - https:\/\/yoast.com\/product\/yoast-seo-wordpress\/ -->\n<title>Elektromobilit\u00e4t - S\u00fcverkr\u00fcp Renault<\/title>\n<meta name=\"robots\" content=\"index, follow, max-snippet:-1, max-image-preview:large, max-video-preview:-1\" \/>\n<link rel=\"canonical\" href=\"https:\/\/www.sueverkruep.de\/renault\/elektromobilitaet\/\" \/>\n<meta property=\"og:locale\" content=\"de_DE\" \/>\n<meta property=\"og:type\" content=\"article\" \/>\n<meta property=\"og:title\" content=\"Elektromobilit\u00e4t - S\u00fcverkr\u00fcp Renault\" \/>\n<meta property=\"og:description\" content=\"Elektromobilit\u00e4t bei Renault Elektromobilit\u00e4t gewinnt immer mehr an Bedeutung in der heutigen Zeit durch das aktive Umdenken in Sachen Umweltbewusstsein. Als Vorreiter bietet Ihnen Renault eine ganze Palette an Elektrofahrzeugen, die sich sowohl f\u00fcr Businesstouren als auch den t\u00e4glichen Gebrauch im Stadtverkehr eignen.Die Auswahl reicht vom praktischen Renault Twizzy, der eine optimale L\u00f6sung f\u00fcr den Stadtverkehr darstellt, \u00fcber den ikonischen Renault 5 E-Tech, der die Elektro-Offensive von Renault in der Kompaktklasse neu definiert, bis hin zum Renault Master Z.E., der als elektrisches Nutzfahrzeug sowohl die Brieftasche als auch die Umwelt schont. Neugierig? Entdecken Sie jetzt die passende Elektrol\u00f6sung f\u00fcr Ihre Bed\u00fcrfnisse. Unsere vollelektrischen Fahrzeuge auf einen Blick: Renault ZOE Enorme Reichweite bei 0 Emissionen mit dem Renault ZOE: So einfach ist Elektromobilit\u00e4t im Alltag. Alle Highlights im \u00dcberblick. Renault M\u00e9gane E-Tech Der E-TECH Electric f\u00fchrt als erstes Modell mit dem neuen Renault Logo an Front und Heck das aufsehenerregende \u201eSensual Tech\u201c-Design ein. Renault Master Z.E. Renault setzt seine Elektroauto-Offensive fort: Der Renault Master Z.E.: Ein Elektrotransporter mit 200 km Reichweite. \u00a0 Renault Kangoo Rapid E-Tech Der Kangoo Rapid ist die L\u00f6sung f\u00fcr Sie mit der Innovation \u201eOpen Sesame by Renault\u201c. Der Kangoo Rapid erf\u00fcllt alle Anforderungen Ihres Alltags. Renault Captur E-Tech Plug-In Hybrid Renault setzt seine Elektroauto-Offensive fort: Der Captur Plug-In Hybrid ist nur der Anfang Renault 5 E-Tech Der Renault 5 E-Tech ist das ikonische, vollelektrische Stadtauto von Renault, das das ber\u00fchmte Design der 70er und 80er Jahre in die moderne Elektro-\u00c4ra bringt. Ich interessiere mich f\u00fcr folgendes Modell: Renault Zoe E-Tech elektrisch (52 kWh Batterie): Stromverbrauch kombiniert (kWh\/100 km): 17,0\u201317,3; CO\u2082-Emission kombiniert (g\/km): 0; CO\u2082-Klasse: A. Renault Megane E-Tech elektrisch 220 Comfort Range (60 kWh Batterie), Elektro: Stromverbrauch kombiniert (kWh\/100 km): 15,4; CO\u2082-Emission kombiniert (g\/km): 0; CO\u2082-Klasse: A. Renault Master E-Tech Electric Long Range (52 kWh Batterie): Stromverbrauch kombiniert (kWh\/100 km): 25,3; CO\u2082-Emission kombiniert (g\/km): 0; CO2-Klasse: A. Renault Grand Kangoo E-Tech elektrisch 45 kWh Batterie, Elektro: Stromverbrauch kombiniert (kWh\/100 km): 21,5; CO\u2082-Emission kombiniert (g\/km): 0; CO2-Klasse: A Renault Captur Full Hybrid E-Tech 160: Gesamtverbrauch kombiniert (l\/100 km): 4,5; CO\u2082-Emission kombiniert (g\/km): 102; CO\u2082-Klasse: C. Renault 5 E-Tech elektrisch 150 Comfort Range (52 kWh Batterie): Stromverbrauch kombiniert (kWh\/100 km): 15,2; CO\u2082-Emission kombiniert (g\/km): 0; CO\u2082-Klasse: A Die angegebenen Werte wurden nach dem vorgeschriebenen Messverfahren WLTP (Worldwide harmonised Light-duty vehicles Test Procedures) ermittelt. Der Energieverbrauch und der CO\u2082-Aussto\u00df eines Pkw sind nicht nur von der effizienten Ausnutzung des Kraftstoffs bzw. des Energietr\u00e4gers durch den Pkw, sondern auch vom Fahrstil und anderen nichttechnischen Faktoren abh\u00e4ngig. Der zertifizierte elektrische Verbrauch wird in der Regel mit maximaler AC Ladeleistung durch ein Mode 3 Kabel bestimmt. Daher wird empfohlen, Fahrzeuge mit einer HV-Batterie bevorzugt an einer Wallbox oder einer AC-Ladestation mit einem Mode 3 Kabel zu laden, um k\u00fcrzere Ladezeiten und einen besseren Ladewirkungsgrad zu erreichen.\" \/>\n<meta property=\"og:url\" content=\"https:\/\/www.sueverkruep.de\/renault\/elektromobilitaet\/\" \/>\n<meta property=\"og:site_name\" content=\"S\u00fcverkr\u00fcp Renault\" \/>\n<meta property=\"article:modified_time\" content=\"2025-10-23T10:05:25+00:00\" \/>\n<meta property=\"og:image\" content=\"https:\/\/www.sueverkruep.de\/renault\/wp-content\/uploads\/sites\/3\/2025\/10\/Renault_Zoe_2025.jpg\" \/>\n\t<meta property=\"og:image:width\" content=\"584\" \/>\n\t<meta property=\"og:image:height\" content=\"320\" \/>\n\t<meta property=\"og:image:type\" content=\"image\/jpeg\" \/>\n<meta name=\"twitter:card\" content=\"summary_large_image\" \/>\n<meta name=\"twitter:label1\" content=\"Gesch\u00e4tzte Lesezeit\" \/>\n\t<meta name=\"twitter:data1\" content=\"5\u00a0Minuten\" \/>\n<script type=\"application\/ld+json\" class=\"yoast-schema-graph\">{\"@context\":\"https:\\\/\\\/schema.org\",\"@graph\":[{\"@type\":\"WebPage\",\"@id\":\"https:\\\/\\\/www.sueverkruep.de\\\/renault\\\/elektromobilitaet\\\/\",\"url\":\"https:\\\/\\\/www.sueverkruep.de\\\/renault\\\/elektromobilitaet\\\/\",\"name\":\"Elektromobilit\u00e4t - S\u00fcverkr\u00fcp Renault\",\"isPartOf\":{\"@id\":\"https:\\\/\\\/www.sueverkruep.de\\\/renault\\\/#website\"},\"primaryImageOfPage\":{\"@id\":\"https:\\\/\\\/www.sueverkruep.de\\\/renault\\\/elektromobilitaet\\\/#primaryimage\"},\"image\":{\"@id\":\"https:\\\/\\\/www.sueverkruep.de\\\/renault\\\/elektromobilitaet\\\/#primaryimage\"},\"thumbnailUrl\":\"https:\\\/\\\/www.sueverkruep.de\\\/renault\\\/wp-content\\\/uploads\\\/sites\\\/3\\\/2025\\\/10\\\/Renault_Zoe_2025.jpg\",\"datePublished\":\"2025-10-09T09:31:46+00:00\",\"dateModified\":\"2025-10-23T10:05:25+00:00\",\"breadcrumb\":{\"@id\":\"https:\\\/\\\/www.sueverkruep.de\\\/renault\\\/elektromobilitaet\\\/#breadcrumb\"},\"inLanguage\":\"de\",\"potentialAction\":[{\"@type\":\"ReadAction\",\"target\":[\"https:\\\/\\\/www.sueverkruep.de\\\/renault\\\/elektromobilitaet\\\/\"]}]},{\"@type\":\"ImageObject\",\"inLanguage\":\"de\",\"@id\":\"https:\\\/\\\/www.sueverkruep.de\\\/renault\\\/elektromobilitaet\\\/#primaryimage\",\"url\":\"https:\\\/\\\/www.sueverkruep.de\\\/renault\\\/wp-content\\\/uploads\\\/sites\\\/3\\\/2025\\\/10\\\/Renault_Zoe_2025.jpg\",\"contentUrl\":\"https:\\\/\\\/www.sueverkruep.de\\\/renault\\\/wp-content\\\/uploads\\\/sites\\\/3\\\/2025\\\/10\\\/Renault_Zoe_2025.jpg\",\"width\":584,\"height\":320,\"caption\":\"S\u00fcverkr\u00fcp Renault ZOE E Neuwagen Gebrauchtwagen Pkw kaufen finanzieren leasen\"},{\"@type\":\"BreadcrumbList\",\"@id\":\"https:\\\/\\\/www.sueverkruep.de\\\/renault\\\/elektromobilitaet\\\/#breadcrumb\",\"itemListElement\":[{\"@type\":\"ListItem\",\"position\":1,\"name\":\"Startseite Renault\",\"item\":\"https:\\\/\\\/www.sueverkruep.de\\\/renault\\\/\"},{\"@type\":\"ListItem\",\"position\":2,\"name\":\"Elektromobilit\u00e4t\"}]},{\"@type\":\"WebSite\",\"@id\":\"https:\\\/\\\/www.sueverkruep.de\\\/renault\\\/#website\",\"url\":\"https:\\\/\\\/www.sueverkruep.de\\\/renault\\\/\",\"name\":\"S\u00fcverkr\u00fcp Renault\",\"description\":\"Ihr L\u00e4cheln. Unser Antrieb.\",\"publisher\":{\"@id\":\"https:\\\/\\\/www.sueverkruep.de\\\/renault\\\/#organization\"},\"potentialAction\":[{\"@type\":\"SearchAction\",\"target\":{\"@type\":\"EntryPoint\",\"urlTemplate\":\"https:\\\/\\\/www.sueverkruep.de\\\/renault\\\/?s={search_term_string}\"},\"query-input\":{\"@type\":\"PropertyValueSpecification\",\"valueRequired\":true,\"valueName\":\"search_term_string\"}}],\"inLanguage\":\"de\"},{\"@type\":\"Organization\",\"@id\":\"https:\\\/\\\/www.sueverkruep.de\\\/renault\\\/#organization\",\"name\":\"S\u00fcverkr\u00fcp Renault\",\"url\":\"https:\\\/\\\/www.sueverkruep.de\\\/renault\\\/\",\"logo\":{\"@type\":\"ImageObject\",\"inLanguage\":\"de\",\"@id\":\"https:\\\/\\\/www.sueverkruep.de\\\/renault\\\/#\\\/schema\\\/logo\\\/image\\\/\",\"url\":\"https:\\\/\\\/www.sueverkruep.de\\\/renault\\\/wp-content\\\/uploads\\\/sites\\\/3\\\/2020\\\/12\\\/cropped-renault_logoo.png\",\"contentUrl\":\"https:\\\/\\\/www.sueverkruep.de\\\/renault\\\/wp-content\\\/uploads\\\/sites\\\/3\\\/2020\\\/12\\\/cropped-renault_logoo.png\",\"width\":294,\"height\":88,\"caption\":\"S\u00fcverkr\u00fcp Renault\"},\"image\":{\"@id\":\"https:\\\/\\\/www.sueverkruep.de\\\/renault\\\/#\\\/schema\\\/logo\\\/image\\\/\"}}]}<\/script>\n<!-- \/ Yoast SEO plugin. -->","yoast_head_json":{"title":"Elektromobilit\u00e4t - S\u00fcverkr\u00fcp Renault","robots":{"index":"index","follow":"follow","max-snippet":"max-snippet:-1","max-image-preview":"max-image-preview:large","max-video-preview":"max-video-preview:-1"},"canonical":"https:\/\/www.sueverkruep.de\/renault\/elektromobilitaet\/","og_locale":"de_DE","og_type":"article","og_title":"Elektromobilit\u00e4t - S\u00fcverkr\u00fcp Renault","og_description":"Elektromobilit\u00e4t bei Renault Elektromobilit\u00e4t gewinnt immer mehr an Bedeutung in der heutigen Zeit durch das aktive Umdenken in Sachen Umweltbewusstsein. Als Vorreiter bietet Ihnen Renault eine ganze Palette an Elektrofahrzeugen, die sich sowohl f\u00fcr Businesstouren als auch den t\u00e4glichen Gebrauch im Stadtverkehr eignen.Die Auswahl reicht vom praktischen Renault Twizzy, der eine optimale L\u00f6sung f\u00fcr den Stadtverkehr darstellt, \u00fcber den ikonischen Renault 5 E-Tech, der die Elektro-Offensive von Renault in der Kompaktklasse neu definiert, bis hin zum Renault Master Z.E., der als elektrisches Nutzfahrzeug sowohl die Brieftasche als auch die Umwelt schont. Neugierig? Entdecken Sie jetzt die passende Elektrol\u00f6sung f\u00fcr Ihre Bed\u00fcrfnisse. Unsere vollelektrischen Fahrzeuge auf einen Blick: Renault ZOE Enorme Reichweite bei 0 Emissionen mit dem Renault ZOE: So einfach ist Elektromobilit\u00e4t im Alltag. Alle Highlights im \u00dcberblick. Renault M\u00e9gane E-Tech Der E-TECH Electric f\u00fchrt als erstes Modell mit dem neuen Renault Logo an Front und Heck das aufsehenerregende \u201eSensual Tech\u201c-Design ein. Renault Master Z.E. Renault setzt seine Elektroauto-Offensive fort: Der Renault Master Z.E.: Ein Elektrotransporter mit 200 km Reichweite. \u00a0 Renault Kangoo Rapid E-Tech Der Kangoo Rapid ist die L\u00f6sung f\u00fcr Sie mit der Innovation \u201eOpen Sesame by Renault\u201c. Der Kangoo Rapid erf\u00fcllt alle Anforderungen Ihres Alltags. Renault Captur E-Tech Plug-In Hybrid Renault setzt seine Elektroauto-Offensive fort: Der Captur Plug-In Hybrid ist nur der Anfang Renault 5 E-Tech Der Renault 5 E-Tech ist das ikonische, vollelektrische Stadtauto von Renault, das das ber\u00fchmte Design der 70er und 80er Jahre in die moderne Elektro-\u00c4ra bringt. Ich interessiere mich f\u00fcr folgendes Modell: Renault Zoe E-Tech elektrisch (52 kWh Batterie): Stromverbrauch kombiniert (kWh\/100 km): 17,0\u201317,3; CO\u2082-Emission kombiniert (g\/km): 0; CO\u2082-Klasse: A. Renault Megane E-Tech elektrisch 220 Comfort Range (60 kWh Batterie), Elektro: Stromverbrauch kombiniert (kWh\/100 km): 15,4; CO\u2082-Emission kombiniert (g\/km): 0; CO\u2082-Klasse: A. Renault Master E-Tech Electric Long Range (52 kWh Batterie): Stromverbrauch kombiniert (kWh\/100 km): 25,3; CO\u2082-Emission kombiniert (g\/km): 0; CO2-Klasse: A. Renault Grand Kangoo E-Tech elektrisch 45 kWh Batterie, Elektro: Stromverbrauch kombiniert (kWh\/100 km): 21,5; CO\u2082-Emission kombiniert (g\/km): 0; CO2-Klasse: A Renault Captur Full Hybrid E-Tech 160: Gesamtverbrauch kombiniert (l\/100 km): 4,5; CO\u2082-Emission kombiniert (g\/km): 102; CO\u2082-Klasse: C. Renault 5 E-Tech elektrisch 150 Comfort Range (52 kWh Batterie): Stromverbrauch kombiniert (kWh\/100 km): 15,2; CO\u2082-Emission kombiniert (g\/km): 0; CO\u2082-Klasse: A Die angegebenen Werte wurden nach dem vorgeschriebenen Messverfahren WLTP (Worldwide harmonised Light-duty vehicles Test Procedures) ermittelt. Der Energieverbrauch und der CO\u2082-Aussto\u00df eines Pkw sind nicht nur von der effizienten Ausnutzung des Kraftstoffs bzw. des Energietr\u00e4gers durch den Pkw, sondern auch vom Fahrstil und anderen nichttechnischen Faktoren abh\u00e4ngig. Der zertifizierte elektrische Verbrauch wird in der Regel mit maximaler AC Ladeleistung durch ein Mode 3 Kabel bestimmt. Daher wird empfohlen, Fahrzeuge mit einer HV-Batterie bevorzugt an einer Wallbox oder einer AC-Ladestation mit einem Mode 3 Kabel zu laden, um k\u00fcrzere Ladezeiten und einen besseren Ladewirkungsgrad zu erreichen.","og_url":"https:\/\/www.sueverkruep.de\/renault\/elektromobilitaet\/","og_site_name":"S\u00fcverkr\u00fcp Renault","article_modified_time":"2025-10-23T10:05:25+00:00","og_image":[{"width":584,"height":320,"url":"https:\/\/www.sueverkruep.de\/renault\/wp-content\/uploads\/sites\/3\/2025\/10\/Renault_Zoe_2025.jpg","type":"image\/jpeg"}],"twitter_card":"summary_large_image","twitter_misc":{"Gesch\u00e4tzte Lesezeit":"5\u00a0Minuten"},"schema":{"@context":"https:\/\/schema.org","@graph":[{"@type":"WebPage","@id":"https:\/\/www.sueverkruep.de\/renault\/elektromobilitaet\/","url":"https:\/\/www.sueverkruep.de\/renault\/elektromobilitaet\/","name":"Elektromobilit\u00e4t - S\u00fcverkr\u00fcp Renault","isPartOf":{"@id":"https:\/\/www.sueverkruep.de\/renault\/#website"},"primaryImageOfPage":{"@id":"https:\/\/www.sueverkruep.de\/renault\/elektromobilitaet\/#primaryimage"},"image":{"@id":"https:\/\/www.sueverkruep.de\/renault\/elektromobilitaet\/#primaryimage"},"thumbnailUrl":"https:\/\/www.sueverkruep.de\/renault\/wp-content\/uploads\/sites\/3\/2025\/10\/Renault_Zoe_2025.jpg","datePublished":"2025-10-09T09:31:46+00:00","dateModified":"2025-10-23T10:05:25+00:00","breadcrumb":{"@id":"https:\/\/www.sueverkruep.de\/renault\/elektromobilitaet\/#breadcrumb"},"inLanguage":"de","potentialAction":[{"@type":"ReadAction","target":["https:\/\/www.sueverkruep.de\/renault\/elektromobilitaet\/"]}]},{"@type":"ImageObject","inLanguage":"de","@id":"https:\/\/www.sueverkruep.de\/renault\/elektromobilitaet\/#primaryimage","url":"https:\/\/www.sueverkruep.de\/renault\/wp-content\/uploads\/sites\/3\/2025\/10\/Renault_Zoe_2025.jpg","contentUrl":"https:\/\/www.sueverkruep.de\/renault\/wp-content\/uploads\/sites\/3\/2025\/10\/Renault_Zoe_2025.jpg","width":584,"height":320,"caption":"S\u00fcverkr\u00fcp Renault ZOE E Neuwagen Gebrauchtwagen Pkw kaufen finanzieren leasen"},{"@type":"BreadcrumbList","@id":"https:\/\/www.sueverkruep.de\/renault\/elektromobilitaet\/#breadcrumb","itemListElement":[{"@type":"ListItem","position":1,"name":"Startseite Renault","item":"https:\/\/www.sueverkruep.de\/renault\/"},{"@type":"ListItem","position":2,"name":"Elektromobilit\u00e4t"}]},{"@type":"WebSite","@id":"https:\/\/www.sueverkruep.de\/renault\/#website","url":"https:\/\/www.sueverkruep.de\/renault\/","name":"S\u00fcverkr\u00fcp Renault","description":"Ihr L\u00e4cheln. Unser Antrieb.","publisher":{"@id":"https:\/\/www.sueverkruep.de\/renault\/#organization"},"potentialAction":[{"@type":"SearchAction","target":{"@type":"EntryPoint","urlTemplate":"https:\/\/www.sueverkruep.de\/renault\/?s={search_term_string}"},"query-input":{"@type":"PropertyValueSpecification","valueRequired":true,"valueName":"search_term_string"}}],"inLanguage":"de"},{"@type":"Organization","@id":"https:\/\/www.sueverkruep.de\/renault\/#organization","name":"S\u00fcverkr\u00fcp Renault","url":"https:\/\/www.sueverkruep.de\/renault\/","logo":{"@type":"ImageObject","inLanguage":"de","@id":"https:\/\/www.sueverkruep.de\/renault\/#\/schema\/logo\/image\/","url":"https:\/\/www.sueverkruep.de\/renault\/wp-content\/uploads\/sites\/3\/2020\/12\/cropped-renault_logoo.png","contentUrl":"https:\/\/www.sueverkruep.de\/renault\/wp-content\/uploads\/sites\/3\/2020\/12\/cropped-renault_logoo.png","width":294,"height":88,"caption":"S\u00fcverkr\u00fcp Renault"},"image":{"@id":"https:\/\/www.sueverkruep.de\/renault\/#\/schema\/logo\/image\/"}}]}},"_links":{"self":[{"href":"https:\/\/www.sueverkruep.de\/renault\/wp-json\/wp\/v2\/pages\/5581","targetHints":{"allow":["GET"]}}],"collection":[{"href":"https:\/\/www.sueverkruep.de\/renault\/wp-json\/wp\/v2\/pages"}],"about":[{"href":"https:\/\/www.sueverkruep.de\/renault\/wp-json\/wp\/v2\/types\/page"}],"author":[{"embeddable":true,"href":"https:\/\/www.sueverkruep.de\/renault\/wp-json\/wp\/v2\/users\/21"}],"replies":[{"embeddable":true,"href":"https:\/\/www.sueverkruep.de\/renault\/wp-json\/wp\/v2\/comments?post=5581"}],"version-history":[{"count":55,"href":"https:\/\/www.sueverkruep.de\/renault\/wp-json\/wp\/v2\/pages\/5581\/revisions"}],"predecessor-version":[{"id":5909,"href":"https:\/\/www.sueverkruep.de\/renault\/wp-json\/wp\/v2\/pages\/5581\/revisions\/5909"}],"wp:attachment":[{"href":"https:\/\/www.sueverkruep.de\/renault\/wp-json\/wp\/v2\/media?parent=5581"}],"curies":[{"name":"wp","href":"https:\/\/api.w.org\/{rel}","templated":true}]}}