{"id":4113,"date":"2024-10-24T10:09:47","date_gmt":"2024-10-24T08:09:47","guid":{"rendered":"https:\/\/www.sueverkruep.de\/renault\/?page_id=4113"},"modified":"2026-04-28T10:02:24","modified_gmt":"2026-04-28T08:02:24","slug":"neu","status":"publish","type":"page","link":"https:\/\/www.sueverkruep.de\/renault\/","title":{"rendered":"Renault"},"content":{"rendered":"\t\t<div data-elementor-type=\"wp-page\" data-elementor-id=\"4113\" class=\"elementor elementor-4113\" data-elementor-post-type=\"page\">\n\t\t\t\t\t\t<section class=\"elementor-section elementor-top-section elementor-element elementor-element-51dfdf95 elementor-hidden-tablet elementor-hidden-mobile elementor-section-boxed elementor-section-height-default elementor-section-height-default wpr-particle-no wpr-jarallax-no wpr-parallax-no wpr-sticky-section-no wpr-equal-height-no\" data-id=\"51dfdf95\" data-element_type=\"section\" data-e-type=\"section\">\n\t\t\t\t\t\t<div class=\"elementor-container elementor-column-gap-default\">\n\t\t\t\t\t<div class=\"elementor-column elementor-col-50 elementor-top-column elementor-element elementor-element-214012cd\" data-id=\"214012cd\" data-element_type=\"column\" data-e-type=\"column\">\n\t\t\t<div class=\"elementor-widget-wrap elementor-element-populated\">\n\t\t\t\t\t\t<div class=\"elementor-element elementor-element-34e49835 elementor-view-default elementor-widget elementor-widget-icon\" data-id=\"34e49835\" data-element_type=\"widget\" data-e-type=\"widget\" data-widget_type=\"icon.default\">\n\t\t\t\t<div class=\"elementor-widget-container\">\n\t\t\t\t\t\t\t<div class=\"elementor-icon-wrapper\">\n\t\t\t<a class=\"elementor-icon\" href=\"https:\/\/www.sueverkruep.de\">\n\t\t\t<i aria-hidden=\"true\" class=\"fas fa-home\"><\/i>\t\t\t<\/a>\n\t\t<\/div>\n\t\t\t\t\t\t<\/div>\n\t\t\t\t<\/div>\n\t\t\t\t\t<\/div>\n\t\t<\/div>\n\t\t\t\t<div class=\"elementor-column elementor-col-50 elementor-top-column elementor-element elementor-element-65f3ca25\" data-id=\"65f3ca25\" data-element_type=\"column\" data-e-type=\"column\">\n\t\t\t<div class=\"elementor-widget-wrap elementor-element-populated\">\n\t\t\t\t\t\t<div class=\"elementor-element elementor-element-6801815e elementor-align-left elementor-mobile-align-left elementor-widget elementor-widget-breadcrumbs\" data-id=\"6801815e\" data-element_type=\"widget\" data-e-type=\"widget\" data-widget_type=\"breadcrumbs.default\">\n\t\t\t\t<div class=\"elementor-widget-container\">\n\t\t\t\t\t<p id=\"breadcrumbs\"><span><span><a href=\"https:\/\/www.sueverkruep.de\/renault\/\">Startseite Renault<\/a><\/span><\/span><\/p>\t\t\t\t<\/div>\n\t\t\t\t<\/div>\n\t\t\t\t\t<\/div>\n\t\t<\/div>\n\t\t\t\t\t<\/div>\n\t\t<\/section>\n\t\t\t\t<section class=\"elementor-section elementor-top-section elementor-element elementor-element-1cc31f32 elementor-section-boxed elementor-section-height-default elementor-section-height-default wpr-particle-no wpr-jarallax-no wpr-parallax-no wpr-sticky-section-no wpr-equal-height-no\" data-id=\"1cc31f32\" data-element_type=\"section\" data-e-type=\"section\" data-settings=\"{&quot;background_background&quot;:&quot;classic&quot;}\">\n\t\t\t\t\t\t\t<div class=\"elementor-background-overlay\"><\/div>\n\t\t\t\t\t\t\t<div class=\"elementor-container elementor-column-gap-default\">\n\t\t\t\t\t<div class=\"elementor-column elementor-col-33 elementor-top-column elementor-element elementor-element-ce4aed6\" data-id=\"ce4aed6\" data-element_type=\"column\" data-e-type=\"column\" data-settings=\"{&quot;background_background&quot;:&quot;classic&quot;}\">\n\t\t\t<div class=\"elementor-widget-wrap elementor-element-populated\">\n\t\t\t\t\t<div class=\"elementor-background-overlay\"><\/div>\n\t\t\t\t\t\t<div class=\"elementor-element elementor-element-47002a1d elementor-widget-mobile__width-initial elementor-widget elementor-widget-text-editor\" data-id=\"47002a1d\" data-element_type=\"widget\" data-e-type=\"widget\" data-widget_type=\"text-editor.default\">\n\t\t\t\t<div class=\"elementor-widget-container\">\n\t\t\t\t\t\t\t\t\t<h2>Renault \u2013 Innovation, die bewegt.<\/h2>\t\t\t\t\t\t\t\t<\/div>\n\t\t\t\t<\/div>\n\t\t\t\t\t<\/div>\n\t\t<\/div>\n\t\t\t\t<div class=\"elementor-column elementor-col-66 elementor-top-column elementor-element elementor-element-6be4a8ce\" data-id=\"6be4a8ce\" data-element_type=\"column\" data-e-type=\"column\">\n\t\t\t<div class=\"elementor-widget-wrap\">\n\t\t\t\t\t\t\t<\/div>\n\t\t<\/div>\n\t\t\t\t\t<\/div>\n\t\t<\/section>\n\t\t\t\t<section class=\"elementor-section elementor-top-section elementor-element elementor-element-1e5e670 elementor-section-boxed elementor-section-height-default elementor-section-height-default wpr-particle-no wpr-jarallax-no wpr-parallax-no wpr-sticky-section-no wpr-equal-height-no\" data-id=\"1e5e670\" data-element_type=\"section\" data-e-type=\"section\" data-settings=\"{&quot;background_background&quot;:&quot;classic&quot;}\">\n\t\t\t\t\t\t<div class=\"elementor-container elementor-column-gap-default\">\n\t\t\t\t\t<div class=\"elementor-column elementor-col-100 elementor-top-column elementor-element elementor-element-945973e\" data-id=\"945973e\" data-element_type=\"column\" data-e-type=\"column\">\n\t\t\t<div class=\"elementor-widget-wrap elementor-element-populated\">\n\t\t\t\t\t\t<div class=\"elementor-element elementor-element-9ffe962 elementor-widget elementor-widget-heading\" data-id=\"9ffe962\" data-element_type=\"widget\" data-e-type=\"widget\" data-widget_type=\"heading.default\">\n\t\t\t\t<div class=\"elementor-widget-container\">\n\t\t\t\t\t<h1 class=\"elementor-heading-title elementor-size-default\">Renault erleben<\/h1>\t\t\t\t<\/div>\n\t\t\t\t<\/div>\n\t\t\t\t<div class=\"elementor-element elementor-element-a8bf3b4 elementor-widget elementor-widget-text-editor\" data-id=\"a8bf3b4\" data-element_type=\"widget\" data-e-type=\"widget\" data-widget_type=\"text-editor.default\">\n\t\t\t\t<div class=\"elementor-widget-container\">\n\t\t\t\t\t\t\t\t\t<p>Entdecken Sie die Vielfalt an Renault-Fahrzeugen, die mit innovativer <strong>Technik, Effizienz und einem dynamischen Design<\/strong> \u00fcberzeugen. Ob f\u00fcr den Alltag oder besondeyre Anl\u00e4sse \u2013 Renault bietet Modelle, die Ihrem Leben und Stil entsprechen. Erleben Sie die neuesten Renault-Modelle bei einer <strong>Probefahrt<\/strong> oder profitieren Sie von umfassenden <strong>Wartungs- und Serviceangeboten.<\/strong> Wir stehen Ihnen f\u00fcr alle Fragen zur Seite und sorgen daf\u00fcr, dass Ihr Renault stets in besten H\u00e4nden ist.<\/p>\t\t\t\t\t\t\t\t<\/div>\n\t\t\t\t<\/div>\n\t\t\t\t\t<\/div>\n\t\t<\/div>\n\t\t\t\t\t<\/div>\n\t\t<\/section>\n\t\t\t\t<section class=\"elementor-section elementor-top-section elementor-element elementor-element-4f1bd201 elementor-section-boxed elementor-section-height-default elementor-section-height-default wpr-particle-no wpr-jarallax-no wpr-parallax-no wpr-sticky-section-no wpr-equal-height-no\" data-id=\"4f1bd201\" data-element_type=\"section\" data-e-type=\"section\">\n\t\t\t\t\t\t<div class=\"elementor-container elementor-column-gap-default\">\n\t\t\t\t\t<div class=\"elementor-column elementor-col-20 elementor-top-column elementor-element elementor-element-98a60d6\" data-id=\"98a60d6\" data-element_type=\"column\" data-e-type=\"column\">\n\t\t\t<div class=\"elementor-widget-wrap elementor-element-populated\">\n\t\t\t\t\t\t<div class=\"elementor-element elementor-element-4c2e4b95 e-transform elementor-widget elementor-widget-image\" data-id=\"4c2e4b95\" data-element_type=\"widget\" data-e-type=\"widget\" data-settings=\"{&quot;_transform_scale_effect_hover&quot;:{&quot;unit&quot;:&quot;px&quot;,&quot;size&quot;:1.15,&quot;sizes&quot;:[]},&quot;_transform_scale_effect_hover_tablet&quot;:{&quot;unit&quot;:&quot;px&quot;,&quot;size&quot;:&quot;&quot;,&quot;sizes&quot;:[]},&quot;_transform_scale_effect_hover_mobile_extra&quot;:{&quot;unit&quot;:&quot;px&quot;,&quot;size&quot;:&quot;&quot;,&quot;sizes&quot;:[]},&quot;_transform_scale_effect_hover_mobile&quot;:{&quot;unit&quot;:&quot;px&quot;,&quot;size&quot;:&quot;&quot;,&quot;sizes&quot;:[]}}\" data-widget_type=\"image.default\">\n\t\t\t\t<div class=\"elementor-widget-container\">\n\t\t\t\t\t\t\t\t\t\t\t\t\t\t\t\t<a href=\"#angebot\">\n\t\t\t\t\t\t\t<img decoding=\"async\" width=\"150\" height=\"150\" src=\"https:\/\/www.sueverkruep.de\/renault\/wp-content\/uploads\/sites\/3\/2024\/07\/Startseiten-Icon-Stern_Angebote_500x400x72_22-05-2024-150x150.png\" class=\"attachment-thumbnail size-thumbnail wp-image-3871\" alt=\"Startseiten-Icon-Stern_Angebote_500x400x72_22-05-2024.png\" \/>\t\t\t\t\t\t\t\t<\/a>\n\t\t\t\t\t\t\t\t\t\t\t\t\t\t\t<\/div>\n\t\t\t\t<\/div>\n\t\t\t\t<div class=\"elementor-element elementor-element-138584ce elementor-align-justify elementor-widget elementor-widget-button\" data-id=\"138584ce\" data-element_type=\"widget\" data-e-type=\"widget\" data-widget_type=\"button.default\">\n\t\t\t\t<div class=\"elementor-widget-container\">\n\t\t\t\t\t\t\t\t\t<div class=\"elementor-button-wrapper\">\n\t\t\t\t\t<a class=\"elementor-button elementor-button-link elementor-size-sm\" href=\"#angebot\">\n\t\t\t\t\t\t<span class=\"elementor-button-content-wrapper\">\n\t\t\t\t\t\t\t\t\t<span class=\"elementor-button-text\">Neuheiten<\/span>\n\t\t\t\t\t<\/span>\n\t\t\t\t\t<\/a>\n\t\t\t\t<\/div>\n\t\t\t\t\t\t\t\t<\/div>\n\t\t\t\t<\/div>\n\t\t\t\t\t<\/div>\n\t\t<\/div>\n\t\t\t\t<div class=\"elementor-column elementor-col-20 elementor-top-column elementor-element elementor-element-74eec11b\" data-id=\"74eec11b\" data-element_type=\"column\" data-e-type=\"column\">\n\t\t\t<div class=\"elementor-widget-wrap elementor-element-populated\">\n\t\t\t\t\t\t<div class=\"elementor-element elementor-element-3e248e1b e-transform e-transform e-transform elementor-widget elementor-widget-image\" data-id=\"3e248e1b\" data-element_type=\"widget\" data-e-type=\"widget\" data-settings=\"{&quot;_transform_scale_effect_hover&quot;:{&quot;unit&quot;:&quot;px&quot;,&quot;size&quot;:1.15,&quot;sizes&quot;:[]},&quot;_transform_rotateZ_effect&quot;:{&quot;unit&quot;:&quot;px&quot;,&quot;size&quot;:&quot;&quot;,&quot;sizes&quot;:[]},&quot;_transform_rotateZ_effect_tablet&quot;:{&quot;unit&quot;:&quot;deg&quot;,&quot;size&quot;:&quot;&quot;,&quot;sizes&quot;:[]},&quot;_transform_rotateZ_effect_mobile_extra&quot;:{&quot;unit&quot;:&quot;deg&quot;,&quot;size&quot;:&quot;&quot;,&quot;sizes&quot;:[]},&quot;_transform_rotateZ_effect_mobile&quot;:{&quot;unit&quot;:&quot;deg&quot;,&quot;size&quot;:&quot;&quot;,&quot;sizes&quot;:[]},&quot;_transform_scale_effect&quot;:{&quot;unit&quot;:&quot;px&quot;,&quot;size&quot;:&quot;&quot;,&quot;sizes&quot;:[]},&quot;_transform_scale_effect_tablet&quot;:{&quot;unit&quot;:&quot;px&quot;,&quot;size&quot;:&quot;&quot;,&quot;sizes&quot;:[]},&quot;_transform_scale_effect_mobile_extra&quot;:{&quot;unit&quot;:&quot;px&quot;,&quot;size&quot;:&quot;&quot;,&quot;sizes&quot;:[]},&quot;_transform_scale_effect_mobile&quot;:{&quot;unit&quot;:&quot;px&quot;,&quot;size&quot;:&quot;&quot;,&quot;sizes&quot;:[]},&quot;_transform_scale_effect_hover_tablet&quot;:{&quot;unit&quot;:&quot;px&quot;,&quot;size&quot;:&quot;&quot;,&quot;sizes&quot;:[]},&quot;_transform_scale_effect_hover_mobile_extra&quot;:{&quot;unit&quot;:&quot;px&quot;,&quot;size&quot;:&quot;&quot;,&quot;sizes&quot;:[]},&quot;_transform_scale_effect_hover_mobile&quot;:{&quot;unit&quot;:&quot;px&quot;,&quot;size&quot;:&quot;&quot;,&quot;sizes&quot;:[]}}\" data-widget_type=\"image.default\">\n\t\t\t\t<div class=\"elementor-widget-container\">\n\t\t\t\t\t\t\t\t\t\t\t\t\t\t\t\t<a href=\"#termin\">\n\t\t\t\t\t\t\t<img decoding=\"async\" width=\"150\" height=\"150\" src=\"https:\/\/www.sueverkruep.de\/renault\/wp-content\/uploads\/sites\/3\/2024\/07\/Startseiten-Icon-Termine_500x400x72_08-03-2024-150x150.jpg\" class=\"attachment-thumbnail size-thumbnail wp-image-3872\" alt=\"Startseiten-Icon-Termine_500x400x72_08-03-2024.jpg\" \/>\t\t\t\t\t\t\t\t<\/a>\n\t\t\t\t\t\t\t\t\t\t\t\t\t\t\t<\/div>\n\t\t\t\t<\/div>\n\t\t\t\t<div class=\"elementor-element elementor-element-bb9d786 elementor-align-justify elementor-widget elementor-widget-button\" data-id=\"bb9d786\" data-element_type=\"widget\" data-e-type=\"widget\" data-widget_type=\"button.default\">\n\t\t\t\t<div class=\"elementor-widget-container\">\n\t\t\t\t\t\t\t\t\t<div class=\"elementor-button-wrapper\">\n\t\t\t\t\t<a class=\"elementor-button elementor-button-link elementor-size-sm\" href=\"#termin\">\n\t\t\t\t\t\t<span class=\"elementor-button-content-wrapper\">\n\t\t\t\t\t\t\t\t\t<span class=\"elementor-button-text\">Werkstatttermin<\/span>\n\t\t\t\t\t<\/span>\n\t\t\t\t\t<\/a>\n\t\t\t\t<\/div>\n\t\t\t\t\t\t\t\t<\/div>\n\t\t\t\t<\/div>\n\t\t\t\t\t<\/div>\n\t\t<\/div>\n\t\t\t\t<div class=\"elementor-column elementor-col-20 elementor-top-column elementor-element elementor-element-7138942b\" data-id=\"7138942b\" data-element_type=\"column\" data-e-type=\"column\">\n\t\t\t<div class=\"elementor-widget-wrap elementor-element-populated\">\n\t\t\t\t\t\t<div class=\"elementor-element elementor-element-117745cd e-transform elementor-widget elementor-widget-image\" data-id=\"117745cd\" data-element_type=\"widget\" data-e-type=\"widget\" data-settings=\"{&quot;_transform_scale_effect_hover&quot;:{&quot;unit&quot;:&quot;px&quot;,&quot;size&quot;:1.15,&quot;sizes&quot;:[]},&quot;_transform_scale_effect_hover_tablet&quot;:{&quot;unit&quot;:&quot;px&quot;,&quot;size&quot;:&quot;&quot;,&quot;sizes&quot;:[]},&quot;_transform_scale_effect_hover_mobile_extra&quot;:{&quot;unit&quot;:&quot;px&quot;,&quot;size&quot;:&quot;&quot;,&quot;sizes&quot;:[]},&quot;_transform_scale_effect_hover_mobile&quot;:{&quot;unit&quot;:&quot;px&quot;,&quot;size&quot;:&quot;&quot;,&quot;sizes&quot;:[]}}\" data-widget_type=\"image.default\">\n\t\t\t\t<div class=\"elementor-widget-container\">\n\t\t\t\t\t\t\t\t\t\t\t\t\t\t\t\t<a href=\"#produkte\">\n\t\t\t\t\t\t\t<img decoding=\"async\" width=\"150\" height=\"150\" src=\"https:\/\/www.sueverkruep.de\/renault\/wp-content\/uploads\/sites\/3\/2024\/07\/Startseiten-Icon-Car_Auto_Angebote_500x400x72_17-05-2024-150x150.png\" class=\"attachment-thumbnail size-thumbnail wp-image-3873\" alt=\"Startseiten-Icon-Car_Auto_Angebote_500x400x72_17-05-2024.png\" \/>\t\t\t\t\t\t\t\t<\/a>\n\t\t\t\t\t\t\t\t\t\t\t\t\t\t\t<\/div>\n\t\t\t\t<\/div>\n\t\t\t\t<div class=\"elementor-element elementor-element-781bbc33 elementor-align-justify elementor-widget elementor-widget-button\" data-id=\"781bbc33\" data-element_type=\"widget\" data-e-type=\"widget\" data-widget_type=\"button.default\">\n\t\t\t\t<div class=\"elementor-widget-container\">\n\t\t\t\t\t\t\t\t\t<div class=\"elementor-button-wrapper\">\n\t\t\t\t\t<a class=\"elementor-button elementor-button-link elementor-size-sm\" href=\"#produkte\">\n\t\t\t\t\t\t<span class=\"elementor-button-content-wrapper\">\n\t\t\t\t\t\t\t\t\t<span class=\"elementor-button-text\">Angebotspalette<\/span>\n\t\t\t\t\t<\/span>\n\t\t\t\t\t<\/a>\n\t\t\t\t<\/div>\n\t\t\t\t\t\t\t\t<\/div>\n\t\t\t\t<\/div>\n\t\t\t\t\t<\/div>\n\t\t<\/div>\n\t\t\t\t<div class=\"elementor-column elementor-col-20 elementor-top-column elementor-element elementor-element-365a66e7\" data-id=\"365a66e7\" data-element_type=\"column\" data-e-type=\"column\">\n\t\t\t<div class=\"elementor-widget-wrap elementor-element-populated\">\n\t\t\t\t\t\t<div class=\"elementor-element elementor-element-5744b41 e-transform e-transform elementor-widget elementor-widget-image\" data-id=\"5744b41\" data-element_type=\"widget\" data-e-type=\"widget\" data-settings=\"{&quot;_transform_scale_effect_hover&quot;:{&quot;unit&quot;:&quot;px&quot;,&quot;size&quot;:1.15,&quot;sizes&quot;:[]},&quot;_transform_scale_effect&quot;:{&quot;unit&quot;:&quot;px&quot;,&quot;size&quot;:&quot;&quot;,&quot;sizes&quot;:[]},&quot;_transform_scale_effect_tablet&quot;:{&quot;unit&quot;:&quot;px&quot;,&quot;size&quot;:&quot;&quot;,&quot;sizes&quot;:[]},&quot;_transform_scale_effect_mobile_extra&quot;:{&quot;unit&quot;:&quot;px&quot;,&quot;size&quot;:&quot;&quot;,&quot;sizes&quot;:[]},&quot;_transform_scale_effect_mobile&quot;:{&quot;unit&quot;:&quot;px&quot;,&quot;size&quot;:&quot;&quot;,&quot;sizes&quot;:[]},&quot;_transform_scale_effect_hover_tablet&quot;:{&quot;unit&quot;:&quot;px&quot;,&quot;size&quot;:&quot;&quot;,&quot;sizes&quot;:[]},&quot;_transform_scale_effect_hover_mobile_extra&quot;:{&quot;unit&quot;:&quot;px&quot;,&quot;size&quot;:&quot;&quot;,&quot;sizes&quot;:[]},&quot;_transform_scale_effect_hover_mobile&quot;:{&quot;unit&quot;:&quot;px&quot;,&quot;size&quot;:&quot;&quot;,&quot;sizes&quot;:[]}}\" data-widget_type=\"image.default\">\n\t\t\t\t<div class=\"elementor-widget-container\">\n\t\t\t\t\t\t\t\t\t\t\t\t\t\t\t\t<a href=\"#kontakt\">\n\t\t\t\t\t\t\t<img loading=\"lazy\" decoding=\"async\" width=\"150\" height=\"150\" src=\"https:\/\/www.sueverkruep.de\/renault\/wp-content\/uploads\/sites\/3\/2024\/07\/Startseiten-Icon-Ansprechpartner-AP_500x400x72_08-03-2024-150x150.jpg\" class=\"attachment-thumbnail size-thumbnail wp-image-3875\" alt=\"Startseiten-Icon-Ansprechpartner-AP_500x400x72_08-03-2024.jpg\" \/>\t\t\t\t\t\t\t\t<\/a>\n\t\t\t\t\t\t\t\t\t\t\t\t\t\t\t<\/div>\n\t\t\t\t<\/div>\n\t\t\t\t<div class=\"elementor-element elementor-element-44ce8408 elementor-align-justify elementor-widget elementor-widget-button\" data-id=\"44ce8408\" data-element_type=\"widget\" data-e-type=\"widget\" data-widget_type=\"button.default\">\n\t\t\t\t<div class=\"elementor-widget-container\">\n\t\t\t\t\t\t\t\t\t<div class=\"elementor-button-wrapper\">\n\t\t\t\t\t<a class=\"elementor-button elementor-button-link elementor-size-sm\" href=\"#kontakt\">\n\t\t\t\t\t\t<span class=\"elementor-button-content-wrapper\">\n\t\t\t\t\t\t\t\t\t<span class=\"elementor-button-text\">Kontakt<\/span>\n\t\t\t\t\t<\/span>\n\t\t\t\t\t<\/a>\n\t\t\t\t<\/div>\n\t\t\t\t\t\t\t\t<\/div>\n\t\t\t\t<\/div>\n\t\t\t\t\t<\/div>\n\t\t<\/div>\n\t\t\t\t<div class=\"elementor-column elementor-col-20 elementor-top-column elementor-element elementor-element-2e9cfda4\" data-id=\"2e9cfda4\" data-element_type=\"column\" data-e-type=\"column\">\n\t\t\t<div class=\"elementor-widget-wrap elementor-element-populated\">\n\t\t\t\t\t\t<div class=\"elementor-element elementor-element-60838b8d e-transform elementor-widget elementor-widget-image\" data-id=\"60838b8d\" data-element_type=\"widget\" data-e-type=\"widget\" data-settings=\"{&quot;_transform_scale_effect_hover&quot;:{&quot;unit&quot;:&quot;px&quot;,&quot;size&quot;:1.15,&quot;sizes&quot;:[]},&quot;_transform_scale_effect_hover_tablet&quot;:{&quot;unit&quot;:&quot;px&quot;,&quot;size&quot;:&quot;&quot;,&quot;sizes&quot;:[]},&quot;_transform_scale_effect_hover_mobile_extra&quot;:{&quot;unit&quot;:&quot;px&quot;,&quot;size&quot;:&quot;&quot;,&quot;sizes&quot;:[]},&quot;_transform_scale_effect_hover_mobile&quot;:{&quot;unit&quot;:&quot;px&quot;,&quot;size&quot;:&quot;&quot;,&quot;sizes&quot;:[]}}\" data-widget_type=\"image.default\">\n\t\t\t\t<div class=\"elementor-widget-container\">\n\t\t\t\t\t\t\t\t\t\t\t\t\t\t\t\t<a href=\"#standorte\">\n\t\t\t\t\t\t\t<img loading=\"lazy\" decoding=\"async\" width=\"150\" height=\"150\" src=\"https:\/\/www.sueverkruep.de\/renault\/wp-content\/uploads\/sites\/3\/2024\/07\/Startseiten-Icon-Standort_500x400x72_08-03-2024-150x150.jpg\" class=\"attachment-thumbnail size-thumbnail wp-image-3874\" alt=\"Startseiten-Icon-Standort_500x400x72_08-03-2024.jpg\" \/>\t\t\t\t\t\t\t\t<\/a>\n\t\t\t\t\t\t\t\t\t\t\t\t\t\t\t<\/div>\n\t\t\t\t<\/div>\n\t\t\t\t<div class=\"elementor-element elementor-element-4c2fa216 elementor-align-justify elementor-widget elementor-widget-button\" data-id=\"4c2fa216\" data-element_type=\"widget\" data-e-type=\"widget\" data-widget_type=\"button.default\">\n\t\t\t\t<div class=\"elementor-widget-container\">\n\t\t\t\t\t\t\t\t\t<div class=\"elementor-button-wrapper\">\n\t\t\t\t\t<a class=\"elementor-button elementor-button-link elementor-size-sm\" href=\"#standorte\">\n\t\t\t\t\t\t<span class=\"elementor-button-content-wrapper\">\n\t\t\t\t\t\t\t\t\t<span class=\"elementor-button-text\">Standorte<\/span>\n\t\t\t\t\t<\/span>\n\t\t\t\t\t<\/a>\n\t\t\t\t<\/div>\n\t\t\t\t\t\t\t\t<\/div>\n\t\t\t\t<\/div>\n\t\t\t\t\t<\/div>\n\t\t<\/div>\n\t\t\t\t\t<\/div>\n\t\t<\/section>\n\t\t\t\t<section class=\"elementor-section elementor-top-section elementor-element elementor-element-701b5a6a elementor-section-boxed elementor-section-height-default elementor-section-height-default wpr-particle-no wpr-jarallax-no wpr-parallax-no wpr-sticky-section-no wpr-equal-height-no\" data-id=\"701b5a6a\" data-element_type=\"section\" data-e-type=\"section\">\n\t\t\t\t\t\t<div class=\"elementor-container elementor-column-gap-default\">\n\t\t\t\t\t<div class=\"elementor-column elementor-col-100 elementor-top-column elementor-element elementor-element-2b74ca0c\" data-id=\"2b74ca0c\" data-element_type=\"column\" data-e-type=\"column\">\n\t\t\t<div class=\"elementor-widget-wrap elementor-element-populated\">\n\t\t\t\t\t\t<div class=\"elementor-element elementor-element-7ac77dac elementor-widget elementor-widget-menu-anchor\" data-id=\"7ac77dac\" data-element_type=\"widget\" data-e-type=\"widget\" data-widget_type=\"menu-anchor.default\">\n\t\t\t\t<div class=\"elementor-widget-container\">\n\t\t\t\t\t\t\t<div class=\"elementor-menu-anchor\" id=\"gw\"><\/div>\n\t\t\t\t\t\t<\/div>\n\t\t\t\t<\/div>\n\t\t\t\t\t<\/div>\n\t\t<\/div>\n\t\t\t\t\t<\/div>\n\t\t<\/section>\n\t\t\t\t<section class=\"elementor-section elementor-top-section elementor-element elementor-element-0d3d4fe elementor-section-boxed elementor-section-height-default elementor-section-height-default wpr-particle-no wpr-jarallax-no wpr-parallax-no wpr-sticky-section-no wpr-equal-height-no\" data-id=\"0d3d4fe\" data-element_type=\"section\" data-e-type=\"section\">\n\t\t\t\t\t\t<div class=\"elementor-container elementor-column-gap-default\">\n\t\t\t\t\t<div class=\"elementor-column elementor-col-100 elementor-top-column elementor-element elementor-element-70dae91\" data-id=\"70dae91\" data-element_type=\"column\" data-e-type=\"column\">\n\t\t\t<div class=\"elementor-widget-wrap elementor-element-populated\">\n\t\t\t\t\t\t<div class=\"elementor-element elementor-element-aed44ba elementor-widget elementor-widget-text-editor\" data-id=\"aed44ba\" data-element_type=\"widget\" data-e-type=\"widget\" data-widget_type=\"text-editor.default\">\n\t\t\t\t<div class=\"elementor-widget-container\">\n\t\t\t\t\t\t\t\t\t<h2 style=\"text-align: center;\">Unsere Renault Gebrauchtwagen<\/h2>\t\t\t\t\t\t\t\t<\/div>\n\t\t\t\t<\/div>\n\t\t\t\t<div class=\"elementor-element elementor-element-835f6ba elementor-widget elementor-widget-html\" data-id=\"835f6ba\" data-element_type=\"widget\" data-e-type=\"widget\" data-widget_type=\"html.default\">\n\t\t\t\t<div class=\"elementor-widget-container\">\n\t\t\t\t\t<div data-cmzn24-slot=\"combination_renault\"><\/div>\t\t\t\t<\/div>\n\t\t\t\t<\/div>\n\t\t\t\t\t<\/div>\n\t\t<\/div>\n\t\t\t\t\t<\/div>\n\t\t<\/section>\n\t\t\t\t<section class=\"elementor-section elementor-top-section elementor-element elementor-element-b48f8aa elementor-section-boxed elementor-section-height-default elementor-section-height-default wpr-particle-no wpr-jarallax-no wpr-parallax-no wpr-sticky-section-no wpr-equal-height-no\" data-id=\"b48f8aa\" data-element_type=\"section\" data-e-type=\"section\">\n\t\t\t\t\t\t<div class=\"elementor-container elementor-column-gap-default\">\n\t\t\t\t\t<div class=\"elementor-column elementor-col-100 elementor-top-column elementor-element elementor-element-679a91b\" data-id=\"679a91b\" data-element_type=\"column\" data-e-type=\"column\">\n\t\t\t<div class=\"elementor-widget-wrap elementor-element-populated\">\n\t\t\t\t\t\t<div class=\"elementor-element elementor-element-43c1912 elementor-widget elementor-widget-heading\" data-id=\"43c1912\" data-element_type=\"widget\" data-e-type=\"widget\" data-widget_type=\"heading.default\">\n\t\t\t\t<div class=\"elementor-widget-container\">\n\t\t\t\t\t<div class=\"elementor-heading-title elementor-size-default\">Unsere Neuheiten<\/div>\t\t\t\t<\/div>\n\t\t\t\t<\/div>\n\t\t\t\t\t<\/div>\n\t\t<\/div>\n\t\t\t\t\t<\/div>\n\t\t<\/section>\n\t\t\t\t<section class=\"elementor-section elementor-top-section elementor-element elementor-element-7a06586 elementor-section-boxed elementor-section-height-default elementor-section-height-default wpr-particle-no wpr-jarallax-no wpr-parallax-no wpr-sticky-section-no wpr-equal-height-no\" data-id=\"7a06586\" data-element_type=\"section\" data-e-type=\"section\">\n\t\t\t\t\t\t<div class=\"elementor-container elementor-column-gap-default\">\n\t\t\t\t\t<div class=\"make-column-clickable-elementor elementor-column elementor-col-100 elementor-top-column elementor-element elementor-element-304be2e\" style=\"cursor: pointer;\" data-column-clickable=\"https:\/\/www.sueverkruep.de\/renault\/modelluebersicht\/#elektro\" data-column-clickable-blank=\"_self\" data-id=\"304be2e\" data-element_type=\"column\" data-e-type=\"column\">\n\t\t\t<div class=\"elementor-widget-wrap elementor-element-populated\">\n\t\t\t\t\t\t<div class=\"elementor-element elementor-element-a157ec9 elementor-widget elementor-widget-image\" data-id=\"a157ec9\" data-element_type=\"widget\" data-e-type=\"widget\" data-widget_type=\"image.default\">\n\t\t\t\t<div class=\"elementor-widget-container\">\n\t\t\t\t\t\t\t\t\t\t\t\t\t\t\t\t<a href=\"https:\/\/www.sueverkruep.de\/renault\/modelluebersicht\/#elektro\">\n\t\t\t\t\t\t\t<img loading=\"lazy\" decoding=\"async\" width=\"1184\" height=\"350\" src=\"https:\/\/www.sueverkruep.de\/renault\/wp-content\/uploads\/sites\/3\/2026\/01\/Banner-4-Renault-Banner.png\" class=\"attachment-full size-full wp-image-6245\" alt=\"\" srcset=\"https:\/\/www.sueverkruep.de\/renault\/wp-content\/uploads\/sites\/3\/2026\/01\/Banner-4-Renault-Banner.png 1184w, https:\/\/www.sueverkruep.de\/renault\/wp-content\/uploads\/sites\/3\/2026\/01\/Banner-4-Renault-Banner-300x89.png 300w, https:\/\/www.sueverkruep.de\/renault\/wp-content\/uploads\/sites\/3\/2026\/01\/Banner-4-Renault-Banner-1024x303.png 1024w, https:\/\/www.sueverkruep.de\/renault\/wp-content\/uploads\/sites\/3\/2026\/01\/Banner-4-Renault-Banner-768x227.png 768w, https:\/\/www.sueverkruep.de\/renault\/wp-content\/uploads\/sites\/3\/2026\/01\/Banner-4-Renault-Banner-24x7.png 24w, https:\/\/www.sueverkruep.de\/renault\/wp-content\/uploads\/sites\/3\/2026\/01\/Banner-4-Renault-Banner-36x11.png 36w, https:\/\/www.sueverkruep.de\/renault\/wp-content\/uploads\/sites\/3\/2026\/01\/Banner-4-Renault-Banner-48x14.png 48w\" sizes=\"(max-width: 1184px) 100vw, 1184px\" \/>\t\t\t\t\t\t\t\t<\/a>\n\t\t\t\t\t\t\t\t\t\t\t\t\t\t\t<\/div>\n\t\t\t\t<\/div>\n\t\t\t\t<div class=\"elementor-element elementor-element-ae2d3c7 elementor-widget__width-inherit elementor-widget elementor-widget-text-editor\" data-id=\"ae2d3c7\" data-element_type=\"widget\" data-e-type=\"widget\" data-widget_type=\"text-editor.default\">\n\t\t\t\t<div class=\"elementor-widget-container\">\n\t\t\t\t\t\t\t\t\t<h2>Die Renault Elektropr\u00e4mie-Modellpalette<br \/>Sparen Sie bis zu<br \/>6.000 \u20ac* mit der Elektropr\u00e4mie.<\/h2><h2>&amp; zus\u00e4tzlich bis zu 6 Monate kostenfrei laden**.<\/h2>\t\t\t\t\t\t\t\t<\/div>\n\t\t\t\t<\/div>\n\t\t\t\t\t<\/div>\n\t\t<\/div>\n\t\t\t\t\t<\/div>\n\t\t<\/section>\n\t\t\t\t<section class=\"elementor-section elementor-top-section elementor-element elementor-element-4c6eccc elementor-section-boxed elementor-section-height-default elementor-section-height-default wpr-particle-no wpr-jarallax-no wpr-parallax-no wpr-sticky-section-no wpr-equal-height-no\" data-id=\"4c6eccc\" data-element_type=\"section\" data-e-type=\"section\">\n\t\t\t\t\t\t<div class=\"elementor-container elementor-column-gap-default\">\n\t\t\t\t\t<div class=\"make-column-clickable-elementor elementor-column elementor-col-33 elementor-top-column elementor-element elementor-element-f9b34e4\" style=\"cursor: pointer;\" data-column-clickable=\"https:\/\/www.sueverkruep.de\/renault\/renaultzoedeals\/\" data-column-clickable-blank=\"_self\" data-id=\"f9b34e4\" data-element_type=\"column\" data-e-type=\"column\">\n\t\t\t<div class=\"elementor-widget-wrap elementor-element-populated\">\n\t\t\t\t\t\t<div class=\"elementor-element elementor-element-e92ebfe elementor-widget elementor-widget-image\" data-id=\"e92ebfe\" data-element_type=\"widget\" data-e-type=\"widget\" data-widget_type=\"image.default\">\n\t\t\t\t<div class=\"elementor-widget-container\">\n\t\t\t\t\t\t\t\t\t\t\t\t\t\t\t\t<a href=\"https:\/\/www.sueverkruep.de\/renault\/pkw\/#renault5\">\n\t\t\t\t\t\t\t<img loading=\"lazy\" decoding=\"async\" width=\"584\" height=\"320\" src=\"https:\/\/www.sueverkruep.de\/renault\/wp-content\/uploads\/sites\/3\/2025\/02\/Renault5Kachel_Vorlage_Stoerer_584x320-Kopie.jpg\" class=\"attachment-full size-full wp-image-5210\" alt=\"Renault5Kachel\" srcset=\"https:\/\/www.sueverkruep.de\/renault\/wp-content\/uploads\/sites\/3\/2025\/02\/Renault5Kachel_Vorlage_Stoerer_584x320-Kopie.jpg 584w, https:\/\/www.sueverkruep.de\/renault\/wp-content\/uploads\/sites\/3\/2025\/02\/Renault5Kachel_Vorlage_Stoerer_584x320-Kopie-300x164.jpg 300w, https:\/\/www.sueverkruep.de\/renault\/wp-content\/uploads\/sites\/3\/2025\/02\/Renault5Kachel_Vorlage_Stoerer_584x320-Kopie-24x13.jpg 24w, https:\/\/www.sueverkruep.de\/renault\/wp-content\/uploads\/sites\/3\/2025\/02\/Renault5Kachel_Vorlage_Stoerer_584x320-Kopie-36x20.jpg 36w, https:\/\/www.sueverkruep.de\/renault\/wp-content\/uploads\/sites\/3\/2025\/02\/Renault5Kachel_Vorlage_Stoerer_584x320-Kopie-48x26.jpg 48w\" sizes=\"(max-width: 584px) 100vw, 584px\" \/>\t\t\t\t\t\t\t\t<\/a>\n\t\t\t\t\t\t\t\t\t\t\t\t\t\t\t<\/div>\n\t\t\t\t<\/div>\n\t\t\t\t<div class=\"elementor-element elementor-element-dc81fc5 elementor-widget elementor-widget-text-editor\" data-id=\"dc81fc5\" data-element_type=\"widget\" data-e-type=\"widget\" data-widget_type=\"text-editor.default\">\n\t\t\t\t<div class=\"elementor-widget-container\">\n\t\t\t\t\t\t\t\t\t<p><strong>NEU: Renault 5 E-Tech 100 % elektrisch\u00a0<\/strong><\/p><ul><li>Kauf <strong>ab 27.990 \u20ac<\/strong> oder Leasing <strong>ab 169 \u20ac<\/strong><\/li><li><strong>car of the year 2025<\/strong><\/li><li>bis zu <strong>410 km<\/strong> Reichweite<\/li><\/ul>\t\t\t\t\t\t\t\t<\/div>\n\t\t\t\t<\/div>\n\t\t\t\t\t<\/div>\n\t\t<\/div>\n\t\t\t\t<div class=\"make-column-clickable-elementor elementor-column elementor-col-33 elementor-top-column elementor-element elementor-element-c478231\" style=\"cursor: pointer;\" data-column-clickable=\"https:\/\/www.sueverkruep.de\/renault\/renaultzoedeals\/\" data-column-clickable-blank=\"_self\" data-id=\"c478231\" data-element_type=\"column\" data-e-type=\"column\">\n\t\t\t<div class=\"elementor-widget-wrap elementor-element-populated\">\n\t\t\t\t\t\t<div class=\"elementor-element elementor-element-2533356 elementor-widget elementor-widget-image\" data-id=\"2533356\" data-element_type=\"widget\" data-e-type=\"widget\" data-widget_type=\"image.default\">\n\t\t\t\t<div class=\"elementor-widget-container\">\n\t\t\t\t\t\t\t\t\t\t\t\t\t\t\t\t<a href=\"https:\/\/www.sueverkruep.de\/renault\/renaultzoedeals\/\">\n\t\t\t\t\t\t\t<img loading=\"lazy\" decoding=\"async\" width=\"511\" height=\"280\" src=\"https:\/\/www.sueverkruep.de\/renault\/wp-content\/uploads\/sites\/3\/2026\/04\/Bis-zu-6.000-E-Elektropraemie-2.jpg\" class=\"attachment-full size-full wp-image-6350\" alt=\"\" srcset=\"https:\/\/www.sueverkruep.de\/renault\/wp-content\/uploads\/sites\/3\/2026\/04\/Bis-zu-6.000-E-Elektropraemie-2.jpg 511w, https:\/\/www.sueverkruep.de\/renault\/wp-content\/uploads\/sites\/3\/2026\/04\/Bis-zu-6.000-E-Elektropraemie-2-300x164.jpg 300w, https:\/\/www.sueverkruep.de\/renault\/wp-content\/uploads\/sites\/3\/2026\/04\/Bis-zu-6.000-E-Elektropraemie-2-24x13.jpg 24w, https:\/\/www.sueverkruep.de\/renault\/wp-content\/uploads\/sites\/3\/2026\/04\/Bis-zu-6.000-E-Elektropraemie-2-36x20.jpg 36w, https:\/\/www.sueverkruep.de\/renault\/wp-content\/uploads\/sites\/3\/2026\/04\/Bis-zu-6.000-E-Elektropraemie-2-48x26.jpg 48w\" sizes=\"(max-width: 511px) 100vw, 511px\" \/>\t\t\t\t\t\t\t\t<\/a>\n\t\t\t\t\t\t\t\t\t\t\t\t\t\t\t<\/div>\n\t\t\t\t<\/div>\n\t\t\t\t<div class=\"elementor-element elementor-element-70993f2 elementor-widget elementor-widget-text-editor\" data-id=\"70993f2\" data-element_type=\"widget\" data-e-type=\"widget\" data-widget_type=\"text-editor.default\">\n\t\t\t\t<div class=\"elementor-widget-container\">\n\t\t\t\t\t\t\t\t\t<p><span style=\"font-family: GalanoGrotesque-SemiBold;\">NEU: Renault Twingo E-Tech elektrisch<\/span><\/p><ul><li><strong>262<\/strong> Kilometer Reichweite<\/li><li>\u00a0Kofferraum Volumen <strong>360 Liter<\/strong><\/li><li><strong>82 PS<\/strong><\/li><\/ul>\t\t\t\t\t\t\t\t<\/div>\n\t\t\t\t<\/div>\n\t\t\t\t\t<\/div>\n\t\t<\/div>\n\t\t\t\t<div class=\"make-column-clickable-elementor elementor-column elementor-col-33 elementor-top-column elementor-element elementor-element-8d656d0\" style=\"cursor: pointer;\" data-column-clickable=\"https:\/\/www.sueverkruep.de\/renault\/myrenault\/\" data-column-clickable-blank=\"_self\" data-id=\"8d656d0\" data-element_type=\"column\" data-e-type=\"column\">\n\t\t\t<div class=\"elementor-widget-wrap elementor-element-populated\">\n\t\t\t\t\t\t<div class=\"elementor-element elementor-element-41da12c elementor-widget elementor-widget-image\" data-id=\"41da12c\" data-element_type=\"widget\" data-e-type=\"widget\" data-widget_type=\"image.default\">\n\t\t\t\t<div class=\"elementor-widget-container\">\n\t\t\t\t\t\t\t\t\t\t\t\t\t\t\t<img loading=\"lazy\" decoding=\"async\" width=\"584\" height=\"320\" src=\"https:\/\/www.sueverkruep.de\/renault\/wp-content\/uploads\/sites\/3\/2024\/10\/2.jpg\" class=\"attachment-full size-full wp-image-4166\" alt=\"myRenault App Kachel \/ Highlight\" srcset=\"https:\/\/www.sueverkruep.de\/renault\/wp-content\/uploads\/sites\/3\/2024\/10\/2.jpg 584w, https:\/\/www.sueverkruep.de\/renault\/wp-content\/uploads\/sites\/3\/2024\/10\/2-300x164.jpg 300w, https:\/\/www.sueverkruep.de\/renault\/wp-content\/uploads\/sites\/3\/2024\/10\/2-24x13.jpg 24w, https:\/\/www.sueverkruep.de\/renault\/wp-content\/uploads\/sites\/3\/2024\/10\/2-36x20.jpg 36w, https:\/\/www.sueverkruep.de\/renault\/wp-content\/uploads\/sites\/3\/2024\/10\/2-48x26.jpg 48w\" sizes=\"(max-width: 584px) 100vw, 584px\" \/>\t\t\t\t\t\t\t\t\t\t\t\t\t\t\t<\/div>\n\t\t\t\t<\/div>\n\t\t\t\t<div class=\"elementor-element elementor-element-def4902 elementor-widget elementor-widget-text-editor\" data-id=\"def4902\" data-element_type=\"widget\" data-e-type=\"widget\" data-widget_type=\"text-editor.default\">\n\t\t\t\t<div class=\"elementor-widget-container\">\n\t\t\t\t\t\t\t\t\t<p><strong>My Renault<\/strong><\/p><ul><li>viele Funktionen kostenlos\u00a0<\/li><li>Kommunikation mit Fahrzeug<\/li><li>Service, Unfallhilfe uvm.<\/li><\/ul>\t\t\t\t\t\t\t\t<\/div>\n\t\t\t\t<\/div>\n\t\t\t\t\t<\/div>\n\t\t<\/div>\n\t\t\t\t\t<\/div>\n\t\t<\/section>\n\t\t\t\t<section class=\"elementor-section elementor-top-section elementor-element elementor-element-4c5c6713 elementor-section-boxed elementor-section-height-default elementor-section-height-default wpr-particle-no wpr-jarallax-no wpr-parallax-no wpr-sticky-section-no wpr-equal-height-no\" data-id=\"4c5c6713\" data-element_type=\"section\" data-e-type=\"section\">\n\t\t\t\t\t\t<div class=\"elementor-container elementor-column-gap-default\">\n\t\t\t\t\t<div class=\"elementor-column elementor-col-100 elementor-top-column elementor-element elementor-element-46f1a702\" data-id=\"46f1a702\" data-element_type=\"column\" data-e-type=\"column\">\n\t\t\t<div class=\"elementor-widget-wrap elementor-element-populated\">\n\t\t\t\t\t\t\t<\/div>\n\t\t<\/div>\n\t\t\t\t\t<\/div>\n\t\t<\/section>\n\t\t\t\t<section class=\"elementor-section elementor-top-section elementor-element elementor-element-419c42e6 elementor-section-boxed elementor-section-height-default elementor-section-height-default wpr-particle-no wpr-jarallax-no wpr-parallax-no wpr-sticky-section-no wpr-equal-height-no\" data-id=\"419c42e6\" data-element_type=\"section\" data-e-type=\"section\">\n\t\t\t\t\t\t<div class=\"elementor-container elementor-column-gap-default\">\n\t\t\t\t\t<div class=\"elementor-column elementor-col-100 elementor-top-column elementor-element elementor-element-daf8a8b\" data-id=\"daf8a8b\" data-element_type=\"column\" data-e-type=\"column\">\n\t\t\t<div class=\"elementor-widget-wrap elementor-element-populated\">\n\t\t\t\t\t\t<div class=\"elementor-element elementor-element-34a62440 elementor-widget elementor-widget-menu-anchor\" data-id=\"34a62440\" data-element_type=\"widget\" data-e-type=\"widget\" data-widget_type=\"menu-anchor.default\">\n\t\t\t\t<div class=\"elementor-widget-container\">\n\t\t\t\t\t\t\t<div class=\"elementor-menu-anchor\" id=\"produkte\"><\/div>\n\t\t\t\t\t\t<\/div>\n\t\t\t\t<\/div>\n\t\t\t\t\t<\/div>\n\t\t<\/div>\n\t\t\t\t\t<\/div>\n\t\t<\/section>\n\t\t\t\t<section class=\"elementor-section elementor-top-section elementor-element elementor-element-71e67bc9 elementor-section-boxed elementor-section-height-default elementor-section-height-default wpr-particle-no wpr-jarallax-no wpr-parallax-no wpr-sticky-section-no wpr-equal-height-no\" data-id=\"71e67bc9\" data-element_type=\"section\" data-e-type=\"section\">\n\t\t\t\t\t\t<div class=\"elementor-container elementor-column-gap-default\">\n\t\t\t\t\t<div class=\"elementor-column elementor-col-100 elementor-top-column elementor-element elementor-element-2ea1b0d\" data-id=\"2ea1b0d\" data-element_type=\"column\" data-e-type=\"column\">\n\t\t\t<div class=\"elementor-widget-wrap elementor-element-populated\">\n\t\t\t\t\t\t<div class=\"elementor-element elementor-element-4bdadf88 elementor-widget elementor-widget-heading\" data-id=\"4bdadf88\" data-element_type=\"widget\" data-e-type=\"widget\" data-widget_type=\"heading.default\">\n\t\t\t\t<div class=\"elementor-widget-container\">\n\t\t\t\t\t<div class=\"elementor-heading-title elementor-size-default\">Unsere Angebotspalette<\/div>\t\t\t\t<\/div>\n\t\t\t\t<\/div>\n\t\t\t\t\t<\/div>\n\t\t<\/div>\n\t\t\t\t\t<\/div>\n\t\t<\/section>\n\t\t\t\t<section class=\"elementor-section elementor-top-section elementor-element elementor-element-2222bd52 elementor-section-boxed elementor-section-height-default elementor-section-height-default wpr-particle-no wpr-jarallax-no wpr-parallax-no wpr-sticky-section-no wpr-equal-height-no\" data-id=\"2222bd52\" data-element_type=\"section\" data-e-type=\"section\" data-settings=\"{&quot;background_background&quot;:&quot;classic&quot;}\">\n\t\t\t\t\t\t<div class=\"elementor-container elementor-column-gap-default\">\n\t\t\t\t\t<div class=\"make-column-clickable-elementor elementor-column elementor-col-25 elementor-top-column elementor-element elementor-element-48b111ab\" style=\"cursor: pointer;\" data-column-clickable=\"https:\/\/www.sueverkruep.de\/renault\/pkw\" data-column-clickable-blank=\"_self\" data-id=\"48b111ab\" data-element_type=\"column\" data-e-type=\"column\">\n\t\t\t<div class=\"elementor-widget-wrap elementor-element-populated\">\n\t\t\t\t\t\t<div class=\"elementor-element elementor-element-78cd2d1 elementor-widget elementor-widget-image\" data-id=\"78cd2d1\" data-element_type=\"widget\" data-e-type=\"widget\" data-widget_type=\"image.default\">\n\t\t\t\t<div class=\"elementor-widget-container\">\n\t\t\t\t\t\t\t\t\t\t\t\t\t\t\t<img loading=\"lazy\" decoding=\"async\" width=\"600\" height=\"400\" src=\"https:\/\/www.sueverkruep.de\/renault\/wp-content\/uploads\/sites\/3\/2024\/11\/rent.jpg\" class=\"attachment-large size-large wp-image-4341\" alt=\"Renault Angebot Kachel\" srcset=\"https:\/\/www.sueverkruep.de\/renault\/wp-content\/uploads\/sites\/3\/2024\/11\/rent.jpg 600w, https:\/\/www.sueverkruep.de\/renault\/wp-content\/uploads\/sites\/3\/2024\/11\/rent-300x200.jpg 300w, https:\/\/www.sueverkruep.de\/renault\/wp-content\/uploads\/sites\/3\/2024\/11\/rent-24x16.jpg 24w, https:\/\/www.sueverkruep.de\/renault\/wp-content\/uploads\/sites\/3\/2024\/11\/rent-36x24.jpg 36w, https:\/\/www.sueverkruep.de\/renault\/wp-content\/uploads\/sites\/3\/2024\/11\/rent-48x32.jpg 48w\" sizes=\"(max-width: 600px) 100vw, 600px\" \/>\t\t\t\t\t\t\t\t\t\t\t\t\t\t\t<\/div>\n\t\t\t\t<\/div>\n\t\t\t\t<div class=\"elementor-element elementor-element-412982b elementor-widget elementor-widget-text-editor\" data-id=\"412982b\" data-element_type=\"widget\" data-e-type=\"widget\" data-widget_type=\"text-editor.default\">\n\t\t\t\t<div class=\"elementor-widget-container\">\n\t\t\t\t\t\t\t\t\t<h2>PKW<\/h2>\t\t\t\t\t\t\t\t<\/div>\n\t\t\t\t<\/div>\n\t\t\t\t\t<\/div>\n\t\t<\/div>\n\t\t\t\t<div class=\"make-column-clickable-elementor elementor-column elementor-col-25 elementor-top-column elementor-element elementor-element-17d26d4a\" style=\"cursor: pointer;\" data-column-clickable=\"https:\/\/www.sueverkruep.de\/renault\/nfz\" data-column-clickable-blank=\"_self\" data-id=\"17d26d4a\" data-element_type=\"column\" data-e-type=\"column\">\n\t\t\t<div class=\"elementor-widget-wrap elementor-element-populated\">\n\t\t\t\t\t\t<div class=\"elementor-element elementor-element-5d61b1cf elementor-widget elementor-widget-image\" data-id=\"5d61b1cf\" data-element_type=\"widget\" data-e-type=\"widget\" data-widget_type=\"image.default\">\n\t\t\t\t<div class=\"elementor-widget-container\">\n\t\t\t\t\t\t\t\t\t\t\t\t\t\t\t\t<a href=\"https:\/\/www.sueverkruep.de\/renault\/nfz\">\n\t\t\t\t\t\t\t<img loading=\"lazy\" decoding=\"async\" width=\"600\" height=\"400\" src=\"https:\/\/www.sueverkruep.de\/renault\/wp-content\/uploads\/sites\/3\/2024\/10\/Untitled-design-2-1.jpg\" class=\"attachment-full size-full wp-image-4174\" alt=\"Renault Kachel Gewerbekunden\" srcset=\"https:\/\/www.sueverkruep.de\/renault\/wp-content\/uploads\/sites\/3\/2024\/10\/Untitled-design-2-1.jpg 600w, https:\/\/www.sueverkruep.de\/renault\/wp-content\/uploads\/sites\/3\/2024\/10\/Untitled-design-2-1-300x200.jpg 300w, https:\/\/www.sueverkruep.de\/renault\/wp-content\/uploads\/sites\/3\/2024\/10\/Untitled-design-2-1-24x16.jpg 24w, https:\/\/www.sueverkruep.de\/renault\/wp-content\/uploads\/sites\/3\/2024\/10\/Untitled-design-2-1-36x24.jpg 36w, https:\/\/www.sueverkruep.de\/renault\/wp-content\/uploads\/sites\/3\/2024\/10\/Untitled-design-2-1-48x32.jpg 48w\" sizes=\"(max-width: 600px) 100vw, 600px\" \/>\t\t\t\t\t\t\t\t<\/a>\n\t\t\t\t\t\t\t\t\t\t\t\t\t\t\t<\/div>\n\t\t\t\t<\/div>\n\t\t\t\t<div class=\"elementor-element elementor-element-6c7ed561 elementor-widget elementor-widget-text-editor\" data-id=\"6c7ed561\" data-element_type=\"widget\" data-e-type=\"widget\" data-widget_type=\"text-editor.default\">\n\t\t\t\t<div class=\"elementor-widget-container\">\n\t\t\t\t\t\t\t\t\t<h2>Nutzfahrzeuge<\/h2>\t\t\t\t\t\t\t\t<\/div>\n\t\t\t\t<\/div>\n\t\t\t\t\t<\/div>\n\t\t<\/div>\n\t\t\t\t<div class=\"make-column-clickable-elementor elementor-column elementor-col-25 elementor-top-column elementor-element elementor-element-79a573a1\" style=\"cursor: pointer;\" data-column-clickable=\"https:\/\/www.sueverkruep.de\/renault\/gebrauchtwagen\/\" data-column-clickable-blank=\"_self\" data-id=\"79a573a1\" data-element_type=\"column\" data-e-type=\"column\">\n\t\t\t<div class=\"elementor-widget-wrap elementor-element-populated\">\n\t\t\t\t\t\t<div class=\"elementor-element elementor-element-67fd1849 elementor-widget elementor-widget-image\" data-id=\"67fd1849\" data-element_type=\"widget\" data-e-type=\"widget\" data-widget_type=\"image.default\">\n\t\t\t\t<div class=\"elementor-widget-container\">\n\t\t\t\t\t\t\t\t\t\t\t\t\t\t\t\t<a href=\"https:\/\/www.sueverkruep.de\/renault\/gebrauchtwagen\/\">\n\t\t\t\t\t\t\t<img loading=\"lazy\" decoding=\"async\" width=\"600\" height=\"400\" src=\"https:\/\/www.sueverkruep.de\/renault\/wp-content\/uploads\/sites\/3\/2024\/10\/Untitled-design.png\" class=\"attachment-full size-full wp-image-4145\" alt=\"renew Kachel \/Highlight zertifizierte Gebrauchtwagen\" srcset=\"https:\/\/www.sueverkruep.de\/renault\/wp-content\/uploads\/sites\/3\/2024\/10\/Untitled-design.png 600w, https:\/\/www.sueverkruep.de\/renault\/wp-content\/uploads\/sites\/3\/2024\/10\/Untitled-design-300x200.png 300w, https:\/\/www.sueverkruep.de\/renault\/wp-content\/uploads\/sites\/3\/2024\/10\/Untitled-design-24x16.png 24w, https:\/\/www.sueverkruep.de\/renault\/wp-content\/uploads\/sites\/3\/2024\/10\/Untitled-design-36x24.png 36w, https:\/\/www.sueverkruep.de\/renault\/wp-content\/uploads\/sites\/3\/2024\/10\/Untitled-design-48x32.png 48w\" sizes=\"(max-width: 600px) 100vw, 600px\" \/>\t\t\t\t\t\t\t\t<\/a>\n\t\t\t\t\t\t\t\t\t\t\t\t\t\t\t<\/div>\n\t\t\t\t<\/div>\n\t\t\t\t<div class=\"elementor-element elementor-element-54b313da elementor-widget elementor-widget-text-editor\" data-id=\"54b313da\" data-element_type=\"widget\" data-e-type=\"widget\" data-widget_type=\"text-editor.default\">\n\t\t\t\t<div class=\"elementor-widget-container\">\n\t\t\t\t\t\t\t\t\t<h2>Gebrauchtwagen<\/h2>\t\t\t\t\t\t\t\t<\/div>\n\t\t\t\t<\/div>\n\t\t\t\t\t<\/div>\n\t\t<\/div>\n\t\t\t\t<div class=\"make-column-clickable-elementor elementor-column elementor-col-25 elementor-top-column elementor-element elementor-element-a881d68\" style=\"cursor: pointer;\" data-column-clickable=\"https:\/\/www.sueverkruep.de\/renault\/modelluebersicht\/\" data-column-clickable-blank=\"_self\" data-id=\"a881d68\" data-element_type=\"column\" data-e-type=\"column\">\n\t\t\t<div class=\"elementor-widget-wrap elementor-element-populated\">\n\t\t\t\t\t\t<div class=\"elementor-element elementor-element-5067936 elementor-widget elementor-widget-image\" data-id=\"5067936\" data-element_type=\"widget\" data-e-type=\"widget\" data-widget_type=\"image.default\">\n\t\t\t\t<div class=\"elementor-widget-container\">\n\t\t\t\t\t\t\t\t\t\t\t\t\t\t\t\t<a href=\"https:\/\/www.sueverkruep.de\/renault\/modelluebersicht\/\">\n\t\t\t\t\t\t\t<img loading=\"lazy\" decoding=\"async\" width=\"600\" height=\"400\" src=\"https:\/\/www.sueverkruep.de\/renault\/wp-content\/uploads\/sites\/3\/2026\/01\/Renault-Modelle-Webseite-Angebote-6.png\" class=\"attachment-full size-full wp-image-6227\" alt=\"\" srcset=\"https:\/\/www.sueverkruep.de\/renault\/wp-content\/uploads\/sites\/3\/2026\/01\/Renault-Modelle-Webseite-Angebote-6.png 600w, https:\/\/www.sueverkruep.de\/renault\/wp-content\/uploads\/sites\/3\/2026\/01\/Renault-Modelle-Webseite-Angebote-6-300x200.png 300w, https:\/\/www.sueverkruep.de\/renault\/wp-content\/uploads\/sites\/3\/2026\/01\/Renault-Modelle-Webseite-Angebote-6-24x16.png 24w, https:\/\/www.sueverkruep.de\/renault\/wp-content\/uploads\/sites\/3\/2026\/01\/Renault-Modelle-Webseite-Angebote-6-36x24.png 36w, https:\/\/www.sueverkruep.de\/renault\/wp-content\/uploads\/sites\/3\/2026\/01\/Renault-Modelle-Webseite-Angebote-6-48x32.png 48w\" sizes=\"(max-width: 600px) 100vw, 600px\" \/>\t\t\t\t\t\t\t\t<\/a>\n\t\t\t\t\t\t\t\t\t\t\t\t\t\t\t<\/div>\n\t\t\t\t<\/div>\n\t\t\t\t<div class=\"elementor-element elementor-element-40743c9 elementor-widget elementor-widget-text-editor\" data-id=\"40743c9\" data-element_type=\"widget\" data-e-type=\"widget\" data-widget_type=\"text-editor.default\">\n\t\t\t\t<div class=\"elementor-widget-container\">\n\t\t\t\t\t\t\t\t\t<h2>Modelle<\/h2>\t\t\t\t\t\t\t\t<\/div>\n\t\t\t\t<\/div>\n\t\t\t\t\t<\/div>\n\t\t<\/div>\n\t\t\t\t\t<\/div>\n\t\t<\/section>\n\t\t\t\t<section class=\"elementor-section elementor-top-section elementor-element elementor-element-26842c01 elementor-section-boxed elementor-section-height-default elementor-section-height-default wpr-particle-no wpr-jarallax-no wpr-parallax-no wpr-sticky-section-no wpr-equal-height-no\" data-id=\"26842c01\" data-element_type=\"section\" data-e-type=\"section\" data-settings=\"{&quot;background_background&quot;:&quot;classic&quot;}\">\n\t\t\t\t\t\t<div class=\"elementor-container elementor-column-gap-default\">\n\t\t\t\t\t<div class=\"make-column-clickable-elementor elementor-column elementor-col-25 elementor-top-column elementor-element elementor-element-4359955\" style=\"cursor: pointer;\" data-column-clickable=\"https:\/\/sueverkruep-camper.de\/\" data-column-clickable-blank=\"_self\" data-id=\"4359955\" data-element_type=\"column\" data-e-type=\"column\">\n\t\t\t<div class=\"elementor-widget-wrap elementor-element-populated\">\n\t\t\t\t\t\t<div class=\"elementor-element elementor-element-344e8a39 elementor-widget elementor-widget-image\" data-id=\"344e8a39\" data-element_type=\"widget\" data-e-type=\"widget\" data-widget_type=\"image.default\">\n\t\t\t\t<div class=\"elementor-widget-container\">\n\t\t\t\t\t\t\t\t\t\t\t\t\t\t\t<img loading=\"lazy\" decoding=\"async\" width=\"600\" height=\"400\" src=\"https:\/\/www.sueverkruep.de\/renault\/wp-content\/uploads\/sites\/3\/2024\/10\/Untitled-design-2.jpg\" class=\"attachment-full size-full wp-image-4147\" alt=\"Camper Highlight \/ Kachel\" srcset=\"https:\/\/www.sueverkruep.de\/renault\/wp-content\/uploads\/sites\/3\/2024\/10\/Untitled-design-2.jpg 600w, https:\/\/www.sueverkruep.de\/renault\/wp-content\/uploads\/sites\/3\/2024\/10\/Untitled-design-2-300x200.jpg 300w, https:\/\/www.sueverkruep.de\/renault\/wp-content\/uploads\/sites\/3\/2024\/10\/Untitled-design-2-24x16.jpg 24w, https:\/\/www.sueverkruep.de\/renault\/wp-content\/uploads\/sites\/3\/2024\/10\/Untitled-design-2-36x24.jpg 36w, https:\/\/www.sueverkruep.de\/renault\/wp-content\/uploads\/sites\/3\/2024\/10\/Untitled-design-2-48x32.jpg 48w\" sizes=\"(max-width: 600px) 100vw, 600px\" \/>\t\t\t\t\t\t\t\t\t\t\t\t\t\t\t<\/div>\n\t\t\t\t<\/div>\n\t\t\t\t<div class=\"elementor-element elementor-element-0134888 elementor-widget elementor-widget-text-editor\" data-id=\"0134888\" data-element_type=\"widget\" data-e-type=\"widget\" data-widget_type=\"text-editor.default\">\n\t\t\t\t<div class=\"elementor-widget-container\">\n\t\t\t\t\t\t\t\t\t<h2>Camperwelt<\/h2>\t\t\t\t\t\t\t\t<\/div>\n\t\t\t\t<\/div>\n\t\t\t\t\t<\/div>\n\t\t<\/div>\n\t\t\t\t<div class=\"make-column-clickable-elementor elementor-column elementor-col-25 elementor-top-column elementor-element elementor-element-69c2da44\" style=\"cursor: pointer;\" data-column-clickable=\"https:\/\/www.sueverkruep.de\/renault\/probefahrt\/\" data-column-clickable-blank=\"_self\" data-id=\"69c2da44\" data-element_type=\"column\" data-e-type=\"column\">\n\t\t\t<div class=\"elementor-widget-wrap elementor-element-populated\">\n\t\t\t\t\t\t<div class=\"elementor-element elementor-element-3fa90029 elementor-widget elementor-widget-image\" data-id=\"3fa90029\" data-element_type=\"widget\" data-e-type=\"widget\" data-widget_type=\"image.default\">\n\t\t\t\t<div class=\"elementor-widget-container\">\n\t\t\t\t\t\t\t\t\t\t\t\t\t\t\t<img loading=\"lazy\" decoding=\"async\" width=\"600\" height=\"400\" src=\"https:\/\/www.sueverkruep.de\/renault\/wp-content\/uploads\/sites\/3\/2024\/10\/7.jpg\" class=\"attachment-full size-full wp-image-4170\" alt=\"Renault Probefahrt\" srcset=\"https:\/\/www.sueverkruep.de\/renault\/wp-content\/uploads\/sites\/3\/2024\/10\/7.jpg 600w, https:\/\/www.sueverkruep.de\/renault\/wp-content\/uploads\/sites\/3\/2024\/10\/7-300x200.jpg 300w, https:\/\/www.sueverkruep.de\/renault\/wp-content\/uploads\/sites\/3\/2024\/10\/7-24x16.jpg 24w, https:\/\/www.sueverkruep.de\/renault\/wp-content\/uploads\/sites\/3\/2024\/10\/7-36x24.jpg 36w, https:\/\/www.sueverkruep.de\/renault\/wp-content\/uploads\/sites\/3\/2024\/10\/7-48x32.jpg 48w\" sizes=\"(max-width: 600px) 100vw, 600px\" \/>\t\t\t\t\t\t\t\t\t\t\t\t\t\t\t<\/div>\n\t\t\t\t<\/div>\n\t\t\t\t<div class=\"elementor-element elementor-element-278663b2 elementor-widget elementor-widget-text-editor\" data-id=\"278663b2\" data-element_type=\"widget\" data-e-type=\"widget\" data-widget_type=\"text-editor.default\">\n\t\t\t\t<div class=\"elementor-widget-container\">\n\t\t\t\t\t\t\t\t\t<h2>Probefahrt<\/h2>\t\t\t\t\t\t\t\t<\/div>\n\t\t\t\t<\/div>\n\t\t\t\t\t<\/div>\n\t\t<\/div>\n\t\t\t\t<div class=\"make-column-clickable-elementor elementor-column elementor-col-25 elementor-top-column elementor-element elementor-element-111a6bc1\" style=\"cursor: pointer;\" data-column-clickable=\"https:\/\/www.sueverkruep.de\/renault\/service\/\" data-column-clickable-blank=\"_self\" data-id=\"111a6bc1\" data-element_type=\"column\" data-e-type=\"column\">\n\t\t\t<div class=\"elementor-widget-wrap elementor-element-populated\">\n\t\t\t\t\t\t<div class=\"elementor-element elementor-element-651df3d4 elementor-widget elementor-widget-image\" data-id=\"651df3d4\" data-element_type=\"widget\" data-e-type=\"widget\" data-widget_type=\"image.default\">\n\t\t\t\t<div class=\"elementor-widget-container\">\n\t\t\t\t\t\t\t\t\t\t\t\t\t\t\t<img loading=\"lazy\" decoding=\"async\" width=\"600\" height=\"400\" src=\"https:\/\/www.sueverkruep.de\/renault\/wp-content\/uploads\/sites\/3\/2024\/10\/6.jpg\" class=\"attachment-full size-full wp-image-4169\" alt=\"Renault Service Werkstatt S\u00fcverkr\u00fcp\" srcset=\"https:\/\/www.sueverkruep.de\/renault\/wp-content\/uploads\/sites\/3\/2024\/10\/6.jpg 600w, https:\/\/www.sueverkruep.de\/renault\/wp-content\/uploads\/sites\/3\/2024\/10\/6-300x200.jpg 300w, https:\/\/www.sueverkruep.de\/renault\/wp-content\/uploads\/sites\/3\/2024\/10\/6-24x16.jpg 24w, https:\/\/www.sueverkruep.de\/renault\/wp-content\/uploads\/sites\/3\/2024\/10\/6-36x24.jpg 36w, https:\/\/www.sueverkruep.de\/renault\/wp-content\/uploads\/sites\/3\/2024\/10\/6-48x32.jpg 48w\" sizes=\"(max-width: 600px) 100vw, 600px\" \/>\t\t\t\t\t\t\t\t\t\t\t\t\t\t\t<\/div>\n\t\t\t\t<\/div>\n\t\t\t\t<div class=\"elementor-element elementor-element-3e7e8594 elementor-widget elementor-widget-text-editor\" data-id=\"3e7e8594\" data-element_type=\"widget\" data-e-type=\"widget\" data-widget_type=\"text-editor.default\">\n\t\t\t\t<div class=\"elementor-widget-container\">\n\t\t\t\t\t\t\t\t\t<h2>Service \/ Werkstatt<\/h2>\t\t\t\t\t\t\t\t<\/div>\n\t\t\t\t<\/div>\n\t\t\t\t\t<\/div>\n\t\t<\/div>\n\t\t\t\t<div class=\"make-column-clickable-elementor elementor-column elementor-col-25 elementor-top-column elementor-element elementor-element-2014d378\" style=\"cursor: pointer;\" data-column-clickable=\"https:\/\/www.sueverkruep.de\/renault\/teile-zubehoer\/\" data-column-clickable-blank=\"_self\" data-id=\"2014d378\" data-element_type=\"column\" data-e-type=\"column\">\n\t\t\t<div class=\"elementor-widget-wrap elementor-element-populated\">\n\t\t\t\t\t\t<div class=\"elementor-element elementor-element-700ae6f1 elementor-widget elementor-widget-image\" data-id=\"700ae6f1\" data-element_type=\"widget\" data-e-type=\"widget\" data-widget_type=\"image.default\">\n\t\t\t\t<div class=\"elementor-widget-container\">\n\t\t\t\t\t\t\t\t\t\t\t\t\t\t\t<img loading=\"lazy\" decoding=\"async\" width=\"600\" height=\"400\" src=\"https:\/\/www.sueverkruep.de\/renault\/wp-content\/uploads\/sites\/3\/2024\/10\/9.jpg\" class=\"attachment-full size-full wp-image-4171\" alt=\"Renault Teile und Zubeh\u00f6r S\u00fcverkr\u00fcp\" srcset=\"https:\/\/www.sueverkruep.de\/renault\/wp-content\/uploads\/sites\/3\/2024\/10\/9.jpg 600w, https:\/\/www.sueverkruep.de\/renault\/wp-content\/uploads\/sites\/3\/2024\/10\/9-300x200.jpg 300w, https:\/\/www.sueverkruep.de\/renault\/wp-content\/uploads\/sites\/3\/2024\/10\/9-24x16.jpg 24w, https:\/\/www.sueverkruep.de\/renault\/wp-content\/uploads\/sites\/3\/2024\/10\/9-36x24.jpg 36w, https:\/\/www.sueverkruep.de\/renault\/wp-content\/uploads\/sites\/3\/2024\/10\/9-48x32.jpg 48w\" sizes=\"(max-width: 600px) 100vw, 600px\" \/>\t\t\t\t\t\t\t\t\t\t\t\t\t\t\t<\/div>\n\t\t\t\t<\/div>\n\t\t\t\t<div class=\"elementor-element elementor-element-118b9992 elementor-widget elementor-widget-text-editor\" data-id=\"118b9992\" data-element_type=\"widget\" data-e-type=\"widget\" data-widget_type=\"text-editor.default\">\n\t\t\t\t<div class=\"elementor-widget-container\">\n\t\t\t\t\t\t\t\t\t<h2>Teile &amp; Zubeh\u00f6r<\/h2>\t\t\t\t\t\t\t\t<\/div>\n\t\t\t\t<\/div>\n\t\t\t\t\t<\/div>\n\t\t<\/div>\n\t\t\t\t\t<\/div>\n\t\t<\/section>\n\t\t\t\t<section class=\"elementor-section elementor-top-section elementor-element elementor-element-315db180 elementor-section-content-middle elementor-section-boxed elementor-section-height-default elementor-section-height-default wpr-particle-no wpr-jarallax-no wpr-parallax-no wpr-sticky-section-no wpr-equal-height-no\" data-id=\"315db180\" data-element_type=\"section\" data-e-type=\"section\" data-settings=\"{&quot;background_background&quot;:&quot;classic&quot;}\">\n\t\t\t\t\t\t<div class=\"elementor-container elementor-column-gap-default\">\n\t\t\t\t\t<div class=\"elementor-column elementor-col-100 elementor-top-column elementor-element elementor-element-5d3c9429\" data-id=\"5d3c9429\" data-element_type=\"column\" data-e-type=\"column\">\n\t\t\t<div class=\"elementor-widget-wrap elementor-element-populated\">\n\t\t\t\t\t\t<div class=\"elementor-element elementor-element-1d0c2fac elementor-widget elementor-widget-menu-anchor\" data-id=\"1d0c2fac\" data-element_type=\"widget\" data-e-type=\"widget\" data-widget_type=\"menu-anchor.default\">\n\t\t\t\t<div class=\"elementor-widget-container\">\n\t\t\t\t\t\t\t<div class=\"elementor-menu-anchor\" id=\"termin\"><\/div>\n\t\t\t\t\t\t<\/div>\n\t\t\t\t<\/div>\n\t\t\t\t\t<\/div>\n\t\t<\/div>\n\t\t\t\t\t<\/div>\n\t\t<\/section>\n\t\t\t\t<section class=\"elementor-section elementor-top-section elementor-element elementor-element-28caec70 elementor-section-boxed elementor-section-height-default elementor-section-height-default wpr-particle-no wpr-jarallax-no wpr-parallax-no wpr-sticky-section-no wpr-equal-height-no\" data-id=\"28caec70\" data-element_type=\"section\" data-e-type=\"section\">\n\t\t\t\t\t\t<div class=\"elementor-container elementor-column-gap-default\">\n\t\t\t\t\t<div class=\"elementor-column elementor-col-100 elementor-top-column elementor-element elementor-element-4a80c94d\" data-id=\"4a80c94d\" data-element_type=\"column\" data-e-type=\"column\">\n\t\t\t<div class=\"elementor-widget-wrap elementor-element-populated\">\n\t\t\t\t\t\t<div class=\"elementor-element elementor-element-32ab05e5 elementor-widget elementor-widget-heading\" data-id=\"32ab05e5\" data-element_type=\"widget\" data-e-type=\"widget\" data-widget_type=\"heading.default\">\n\t\t\t\t<div class=\"elementor-widget-container\">\n\t\t\t\t\t<div class=\"elementor-heading-title elementor-size-default\">Online-Terminvereinbarung<\/div>\t\t\t\t<\/div>\n\t\t\t\t<\/div>\n\t\t\t\t\t<\/div>\n\t\t<\/div>\n\t\t\t\t\t<\/div>\n\t\t<\/section>\n\t\t\t\t<section class=\"elementor-section elementor-top-section elementor-element elementor-element-1ca91cbc elementor-section-boxed elementor-section-height-default elementor-section-height-default wpr-particle-no wpr-jarallax-no wpr-parallax-no wpr-sticky-section-no wpr-equal-height-no\" data-id=\"1ca91cbc\" data-element_type=\"section\" data-e-type=\"section\">\n\t\t\t\t\t\t<div class=\"elementor-container elementor-column-gap-default\">\n\t\t\t\t\t<div class=\"elementor-column elementor-col-100 elementor-top-column elementor-element elementor-element-2388638d\" data-id=\"2388638d\" data-element_type=\"column\" data-e-type=\"column\">\n\t\t\t<div class=\"elementor-widget-wrap elementor-element-populated\">\n\t\t\t\t\t\t<div class=\"elementor-element elementor-element-730fcda1 elementor-widget elementor-widget-text-editor\" data-id=\"730fcda1\" data-element_type=\"widget\" data-e-type=\"widget\" data-widget_type=\"text-editor.default\">\n\t\t\t\t<div class=\"elementor-widget-container\">\n\t\t\t\t\t\t\t\t\t<p class=\"p1\"><span style=\"color: #000000; font-size: inherit; font-family: var( --e-global-typography-text-font-family ), Sans-serif; font-weight: var( --e-global-typography-text-font-weight );\">W\u00e4hlen Sie nun den Service-Termin f\u00fcr Ihren Pkw oder ihr Nutzfahrzeug aus:<\/span><\/p>\t\t\t\t\t\t\t\t<\/div>\n\t\t\t\t<\/div>\n\t\t\t\t\t<\/div>\n\t\t<\/div>\n\t\t\t\t\t<\/div>\n\t\t<\/section>\n\t\t\t\t<section class=\"elementor-section elementor-top-section elementor-element elementor-element-1a322257 elementor-section-boxed elementor-section-height-default elementor-section-height-default wpr-particle-no wpr-jarallax-no wpr-parallax-no wpr-sticky-section-no wpr-equal-height-no\" data-id=\"1a322257\" data-element_type=\"section\" data-e-type=\"section\" data-settings=\"{&quot;background_background&quot;:&quot;classic&quot;}\">\n\t\t\t\t\t\t<div class=\"elementor-container elementor-column-gap-default\">\n\t\t\t\t\t<div class=\"make-column-clickable-elementor elementor-column elementor-col-100 elementor-top-column elementor-element elementor-element-14bda70e\" style=\"cursor: pointer;\" data-column-clickable=\"https:\/\/www.sueverkruep.de\/service\/online-termin\/\" data-column-clickable-blank=\"_self\" data-id=\"14bda70e\" data-element_type=\"column\" data-e-type=\"column\">\n\t\t\t<div class=\"elementor-widget-wrap elementor-element-populated\">\n\t\t\t\t\t\t<div class=\"elementor-element elementor-element-fc7e28c elementor-widget elementor-widget-image\" data-id=\"fc7e28c\" data-element_type=\"widget\" data-e-type=\"widget\" data-widget_type=\"image.default\">\n\t\t\t\t<div class=\"elementor-widget-container\">\n\t\t\t\t\t\t\t\t\t\t\t\t\t\t\t<img loading=\"lazy\" decoding=\"async\" width=\"584\" height=\"320\" src=\"https:\/\/www.sueverkruep.de\/renault\/wp-content\/uploads\/sites\/3\/2024\/10\/1-1.jpg\" class=\"attachment-full size-full wp-image-4176\" alt=\"S\u00fcverkr\u00fcp Renault Service Werkstatt\" srcset=\"https:\/\/www.sueverkruep.de\/renault\/wp-content\/uploads\/sites\/3\/2024\/10\/1-1.jpg 584w, https:\/\/www.sueverkruep.de\/renault\/wp-content\/uploads\/sites\/3\/2024\/10\/1-1-300x164.jpg 300w, https:\/\/www.sueverkruep.de\/renault\/wp-content\/uploads\/sites\/3\/2024\/10\/1-1-24x13.jpg 24w, https:\/\/www.sueverkruep.de\/renault\/wp-content\/uploads\/sites\/3\/2024\/10\/1-1-36x20.jpg 36w, https:\/\/www.sueverkruep.de\/renault\/wp-content\/uploads\/sites\/3\/2024\/10\/1-1-48x26.jpg 48w\" sizes=\"(max-width: 584px) 100vw, 584px\" \/>\t\t\t\t\t\t\t\t\t\t\t\t\t\t\t<\/div>\n\t\t\t\t<\/div>\n\t\t\t\t<div class=\"elementor-element elementor-element-221177b4 elementor-widget elementor-widget-text-editor\" data-id=\"221177b4\" data-element_type=\"widget\" data-e-type=\"widget\" data-widget_type=\"text-editor.default\">\n\t\t\t\t<div class=\"elementor-widget-container\">\n\t\t\t\t\t\t\t\t\t<h2>Jetzt Termin buchen!<\/h2>\t\t\t\t\t\t\t\t<\/div>\n\t\t\t\t<\/div>\n\t\t\t\t\t<\/div>\n\t\t<\/div>\n\t\t\t\t\t<\/div>\n\t\t<\/section>\n\t\t\t\t<section class=\"elementor-section elementor-top-section elementor-element elementor-element-28215d14 elementor-section-boxed elementor-section-height-default elementor-section-height-default wpr-particle-no wpr-jarallax-no wpr-parallax-no wpr-sticky-section-no wpr-equal-height-no\" data-id=\"28215d14\" data-element_type=\"section\" data-e-type=\"section\">\n\t\t\t\t\t\t<div class=\"elementor-container elementor-column-gap-default\">\n\t\t\t\t\t<div class=\"elementor-column elementor-col-100 elementor-top-column elementor-element elementor-element-25d60d36\" data-id=\"25d60d36\" data-element_type=\"column\" data-e-type=\"column\">\n\t\t\t<div class=\"elementor-widget-wrap elementor-element-populated\">\n\t\t\t\t\t\t<div class=\"elementor-element elementor-element-27d5b651 elementor-widget elementor-widget-menu-anchor\" data-id=\"27d5b651\" data-element_type=\"widget\" data-e-type=\"widget\" data-widget_type=\"menu-anchor.default\">\n\t\t\t\t<div class=\"elementor-widget-container\">\n\t\t\t\t\t\t\t<div class=\"elementor-menu-anchor\" id=\"standorte\"><\/div>\n\t\t\t\t\t\t<\/div>\n\t\t\t\t<\/div>\n\t\t\t\t\t<\/div>\n\t\t<\/div>\n\t\t\t\t\t<\/div>\n\t\t<\/section>\n\t\t\t\t<section class=\"elementor-section elementor-top-section elementor-element elementor-element-5b48c75d elementor-section-boxed elementor-section-height-default elementor-section-height-default wpr-particle-no wpr-jarallax-no wpr-parallax-no wpr-sticky-section-no wpr-equal-height-no\" data-id=\"5b48c75d\" data-element_type=\"section\" data-e-type=\"section\">\n\t\t\t\t\t\t<div class=\"elementor-container elementor-column-gap-default\">\n\t\t\t\t\t<div class=\"elementor-column elementor-col-100 elementor-top-column elementor-element elementor-element-35465631\" data-id=\"35465631\" data-element_type=\"column\" data-e-type=\"column\">\n\t\t\t<div class=\"elementor-widget-wrap elementor-element-populated\">\n\t\t\t\t\t\t<div class=\"elementor-element elementor-element-615666a1 elementor-widget elementor-widget-heading\" data-id=\"615666a1\" data-element_type=\"widget\" data-e-type=\"widget\" data-widget_type=\"heading.default\">\n\t\t\t\t<div class=\"elementor-widget-container\">\n\t\t\t\t\t<div class=\"elementor-heading-title elementor-size-default\">Unsere Standorte<\/div>\t\t\t\t<\/div>\n\t\t\t\t<\/div>\n\t\t\t\t\t<\/div>\n\t\t<\/div>\n\t\t\t\t\t<\/div>\n\t\t<\/section>\n\t\t\t\t<section class=\"elementor-section elementor-top-section elementor-element elementor-element-9704935 elementor-section-boxed elementor-section-height-default elementor-section-height-default wpr-particle-no wpr-jarallax-no wpr-parallax-no wpr-sticky-section-no wpr-equal-height-no\" data-id=\"9704935\" data-element_type=\"section\" data-e-type=\"section\">\n\t\t\t\t\t\t<div class=\"elementor-container elementor-column-gap-default\">\n\t\t\t\t\t<div class=\"elementor-column elementor-col-25 elementor-top-column elementor-element elementor-element-a563521\" data-id=\"a563521\" data-element_type=\"column\" data-e-type=\"column\">\n\t\t\t<div class=\"elementor-widget-wrap elementor-element-populated\">\n\t\t\t\t\t\t<div class=\"elementor-element elementor-element-0a18e87 elementor-widget elementor-widget-image\" data-id=\"0a18e87\" data-element_type=\"widget\" data-e-type=\"widget\" data-widget_type=\"image.default\">\n\t\t\t\t<div class=\"elementor-widget-container\">\n\t\t\t\t\t\t\t\t\t\t\t\t\t\t\t\t<a href=\"https:\/\/www.sueverkruep.de\/standort\/autohaus-sueverkruep-kiel\/?automarke=renault\">\n\t\t\t\t\t\t\t<img loading=\"lazy\" decoding=\"async\" width=\"500\" height=\"300\" src=\"https:\/\/www.sueverkruep.de\/renault\/wp-content\/uploads\/sites\/3\/2025\/03\/Standorte-4-Renault-Kiel.png\" class=\"attachment-large size-large wp-image-5300\" alt=\"Standorte-4-Renault Kiel\" srcset=\"https:\/\/www.sueverkruep.de\/renault\/wp-content\/uploads\/sites\/3\/2025\/03\/Standorte-4-Renault-Kiel.png 500w, https:\/\/www.sueverkruep.de\/renault\/wp-content\/uploads\/sites\/3\/2025\/03\/Standorte-4-Renault-Kiel-300x180.png 300w, https:\/\/www.sueverkruep.de\/renault\/wp-content\/uploads\/sites\/3\/2025\/03\/Standorte-4-Renault-Kiel-24x14.png 24w, https:\/\/www.sueverkruep.de\/renault\/wp-content\/uploads\/sites\/3\/2025\/03\/Standorte-4-Renault-Kiel-36x22.png 36w, https:\/\/www.sueverkruep.de\/renault\/wp-content\/uploads\/sites\/3\/2025\/03\/Standorte-4-Renault-Kiel-48x29.png 48w\" sizes=\"(max-width: 500px) 100vw, 500px\" \/>\t\t\t\t\t\t\t\t<\/a>\n\t\t\t\t\t\t\t\t\t\t\t\t\t\t\t<\/div>\n\t\t\t\t<\/div>\n\t\t\t\t<div class=\"elementor-element elementor-element-0440c55 elementor-widget elementor-widget-text-editor\" data-id=\"0440c55\" data-element_type=\"widget\" data-e-type=\"widget\" data-widget_type=\"text-editor.default\">\n\t\t\t\t<div class=\"elementor-widget-container\">\n\t\t\t\t\t\t\t\t\t<p><strong>Autohaus S\u00fcverkr\u00fcp Kiel<\/strong><br \/>Holzkoppelweg 18<br \/>24118 Kiel<br \/><span style=\"text-decoration: underline;\"><span style=\"color: #00adef;\"><strong><a href=\"https:\/\/www.sueverkruep.de\/standort\/autohaus-sueverkruep-kiel\/?automarke=renault\" data-wplink-edit=\"true\"><span style=\"color: #00adef; text-decoration: underline;\">Details &amp; \u00d6ffnungszeiten<\/span><\/a><\/strong><\/span><\/span><br \/><span style=\"text-decoration: underline;\"><span style=\"color: #00adef;\"><strong><a style=\"color: #00adef; text-decoration: underline;\" href=\"https:\/\/www.sueverkruep.de\/service\/online-termin\/\">Terminvereinbarung<\/a><\/strong><\/span><\/span><\/p>\t\t\t\t\t\t\t\t<\/div>\n\t\t\t\t<\/div>\n\t\t\t\t\t<\/div>\n\t\t<\/div>\n\t\t\t\t<div class=\"elementor-column elementor-col-25 elementor-top-column elementor-element elementor-element-78cba8e\" data-id=\"78cba8e\" data-element_type=\"column\" data-e-type=\"column\">\n\t\t\t<div class=\"elementor-widget-wrap elementor-element-populated\">\n\t\t\t\t\t\t<div class=\"elementor-element elementor-element-2a6b34a elementor-widget elementor-widget-image\" data-id=\"2a6b34a\" data-element_type=\"widget\" data-e-type=\"widget\" data-widget_type=\"image.default\">\n\t\t\t\t<div class=\"elementor-widget-container\">\n\t\t\t\t\t\t\t\t\t\t\t\t\t\t\t\t<a href=\"https:\/\/www.sueverkruep.de\/standort\/autohaus-sueverkruep-flensburg\/?automarke=renault\">\n\t\t\t\t\t\t\t<img loading=\"lazy\" decoding=\"async\" width=\"500\" height=\"300\" src=\"https:\/\/www.sueverkruep.de\/renault\/wp-content\/uploads\/sites\/3\/2024\/07\/Sueverkruep-Flensburg.png\" class=\"attachment-large size-large wp-image-3910\" alt=\"Sueverkruep-Flensburg.png\" srcset=\"https:\/\/www.sueverkruep.de\/renault\/wp-content\/uploads\/sites\/3\/2024\/07\/Sueverkruep-Flensburg.png 500w, https:\/\/www.sueverkruep.de\/renault\/wp-content\/uploads\/sites\/3\/2024\/07\/Sueverkruep-Flensburg-300x180.png 300w, https:\/\/www.sueverkruep.de\/renault\/wp-content\/uploads\/sites\/3\/2024\/07\/Sueverkruep-Flensburg-24x14.png 24w, https:\/\/www.sueverkruep.de\/renault\/wp-content\/uploads\/sites\/3\/2024\/07\/Sueverkruep-Flensburg-36x22.png 36w, https:\/\/www.sueverkruep.de\/renault\/wp-content\/uploads\/sites\/3\/2024\/07\/Sueverkruep-Flensburg-48x29.png 48w\" sizes=\"(max-width: 500px) 100vw, 500px\" \/>\t\t\t\t\t\t\t\t<\/a>\n\t\t\t\t\t\t\t\t\t\t\t\t\t\t\t<\/div>\n\t\t\t\t<\/div>\n\t\t\t\t<div class=\"elementor-element elementor-element-044e70a elementor-widget elementor-widget-text-editor\" data-id=\"044e70a\" data-element_type=\"widget\" data-e-type=\"widget\" data-widget_type=\"text-editor.default\">\n\t\t\t\t<div class=\"elementor-widget-container\">\n\t\t\t\t\t\t\t\t\t<p><strong>Autohaus S\u00fcverkr\u00fcp Flensburg<\/strong><br \/>Gutenbergstra\u00dfe 11<br \/>24941 Flensburg<br \/><span style=\"text-decoration: underline;\"><span style=\"color: #00adef;\"><strong><a href=\"https:\/\/www.sueverkruep.de\/standort\/autohaus-sueverkruep-flensburg\/?automarke=renault\" data-wplink-edit=\"true\"><span style=\"color: #00adef; text-decoration: underline;\">Details &amp; \u00d6ffnungszeiten<\/span><\/a><\/strong><\/span><\/span><br \/><span style=\"text-decoration: underline;\"><span style=\"color: #00adef;\"><strong><a style=\"color: #00adef; text-decoration: underline;\" href=\"https:\/\/www.sueverkruep.de\/service\/online-termin\/\">Terminvereinbarung<\/a><\/strong><\/span><\/span><\/p>\t\t\t\t\t\t\t\t<\/div>\n\t\t\t\t<\/div>\n\t\t\t\t\t<\/div>\n\t\t<\/div>\n\t\t\t\t<div class=\"elementor-column elementor-col-25 elementor-top-column elementor-element elementor-element-a4b97b1\" data-id=\"a4b97b1\" data-element_type=\"column\" data-e-type=\"column\">\n\t\t\t<div class=\"elementor-widget-wrap elementor-element-populated\">\n\t\t\t\t\t\t<div class=\"elementor-element elementor-element-70eb63a elementor-widget elementor-widget-image\" data-id=\"70eb63a\" data-element_type=\"widget\" data-e-type=\"widget\" data-widget_type=\"image.default\">\n\t\t\t\t<div class=\"elementor-widget-container\">\n\t\t\t\t\t\t\t\t\t\t\t\t\t\t\t\t<a href=\"https:\/\/www.sueverkruep.de\/standort\/autohaus-sueverkruep-neumuenster\/?automarke=renault\">\n\t\t\t\t\t\t\t<img loading=\"lazy\" decoding=\"async\" width=\"500\" height=\"300\" src=\"https:\/\/www.sueverkruep.de\/renault\/wp-content\/uploads\/sites\/3\/2025\/03\/Standorte-1-Renault-Neumuenster.png\" class=\"attachment-large size-large wp-image-5296\" alt=\"Standorte-1-Renault Neum\u00fcnster\" srcset=\"https:\/\/www.sueverkruep.de\/renault\/wp-content\/uploads\/sites\/3\/2025\/03\/Standorte-1-Renault-Neumuenster.png 500w, https:\/\/www.sueverkruep.de\/renault\/wp-content\/uploads\/sites\/3\/2025\/03\/Standorte-1-Renault-Neumuenster-300x180.png 300w, https:\/\/www.sueverkruep.de\/renault\/wp-content\/uploads\/sites\/3\/2025\/03\/Standorte-1-Renault-Neumuenster-24x14.png 24w, https:\/\/www.sueverkruep.de\/renault\/wp-content\/uploads\/sites\/3\/2025\/03\/Standorte-1-Renault-Neumuenster-36x22.png 36w, https:\/\/www.sueverkruep.de\/renault\/wp-content\/uploads\/sites\/3\/2025\/03\/Standorte-1-Renault-Neumuenster-48x29.png 48w\" sizes=\"(max-width: 500px) 100vw, 500px\" \/>\t\t\t\t\t\t\t\t<\/a>\n\t\t\t\t\t\t\t\t\t\t\t\t\t\t\t<\/div>\n\t\t\t\t<\/div>\n\t\t\t\t<div class=\"elementor-element elementor-element-875f9bd elementor-widget elementor-widget-text-editor\" data-id=\"875f9bd\" data-element_type=\"widget\" data-e-type=\"widget\" data-widget_type=\"text-editor.default\">\n\t\t\t\t<div class=\"elementor-widget-container\">\n\t\t\t\t\t\t\t\t\t<p><strong>Autohaus S\u00fcverkr\u00fcp Neum\u00fcnster<\/strong><br \/>Gr\u00fcner Weg 45<br \/>24539 Neum\u00fcnster<br \/><span style=\"text-decoration: underline;\"><span style=\"color: #00adef;\"><strong><a href=\"https:\/\/www.sueverkruep.de\/standort\/autohaus-sueverkruep-neumuenster\/?automarke=renault\" data-wplink-edit=\"true\"><span style=\"color: #00adef; text-decoration: underline;\">Details &amp; \u00d6ffnungszeiten<\/span><\/a><\/strong><\/span><\/span><br \/><span style=\"text-decoration: underline;\"><span style=\"color: #00adef;\"><strong><a style=\"color: #00adef; text-decoration: underline;\" href=\"https:\/\/www.sueverkruep.de\/service\/online-termin\/\">Terminvereinbarung<\/a><\/strong><\/span><\/span><\/p>\t\t\t\t\t\t\t\t<\/div>\n\t\t\t\t<\/div>\n\t\t\t\t\t<\/div>\n\t\t<\/div>\n\t\t\t\t<div class=\"elementor-column elementor-col-25 elementor-top-column elementor-element elementor-element-638b47f\" data-id=\"638b47f\" data-element_type=\"column\" data-e-type=\"column\">\n\t\t\t<div class=\"elementor-widget-wrap elementor-element-populated\">\n\t\t\t\t\t\t<div class=\"elementor-element elementor-element-886aa6d elementor-widget elementor-widget-image\" data-id=\"886aa6d\" data-element_type=\"widget\" data-e-type=\"widget\" data-widget_type=\"image.default\">\n\t\t\t\t<div class=\"elementor-widget-container\">\n\t\t\t\t\t\t\t\t\t\t\t\t\t\t\t\t<a href=\"https:\/\/www.sueverkruep.de\/standort\/autohaus-sueverkruep-rendsburg\/?automarke=mazda\">\n\t\t\t\t\t\t\t<img loading=\"lazy\" decoding=\"async\" width=\"500\" height=\"300\" src=\"https:\/\/www.sueverkruep.de\/renault\/wp-content\/uploads\/sites\/3\/2024\/07\/Sueverkruep-Renault-Rendsburg.png\" class=\"attachment-large size-large wp-image-3912\" alt=\"Sueverkruep-Renault-Rendsburg.png\" srcset=\"https:\/\/www.sueverkruep.de\/renault\/wp-content\/uploads\/sites\/3\/2024\/07\/Sueverkruep-Renault-Rendsburg.png 500w, https:\/\/www.sueverkruep.de\/renault\/wp-content\/uploads\/sites\/3\/2024\/07\/Sueverkruep-Renault-Rendsburg-300x180.png 300w, https:\/\/www.sueverkruep.de\/renault\/wp-content\/uploads\/sites\/3\/2024\/07\/Sueverkruep-Renault-Rendsburg-24x14.png 24w, https:\/\/www.sueverkruep.de\/renault\/wp-content\/uploads\/sites\/3\/2024\/07\/Sueverkruep-Renault-Rendsburg-36x22.png 36w, https:\/\/www.sueverkruep.de\/renault\/wp-content\/uploads\/sites\/3\/2024\/07\/Sueverkruep-Renault-Rendsburg-48x29.png 48w\" sizes=\"(max-width: 500px) 100vw, 500px\" \/>\t\t\t\t\t\t\t\t<\/a>\n\t\t\t\t\t\t\t\t\t\t\t\t\t\t\t<\/div>\n\t\t\t\t<\/div>\n\t\t\t\t<div class=\"elementor-element elementor-element-0e1ff1c elementor-widget elementor-widget-text-editor\" data-id=\"0e1ff1c\" data-element_type=\"widget\" data-e-type=\"widget\" data-widget_type=\"text-editor.default\">\n\t\t\t\t<div class=\"elementor-widget-container\">\n\t\t\t\t\t\t\t\t\t<p><strong>Autohaus S\u00fcverkr\u00fcp Rendsburg<\/strong><br \/>B\u00fcsumer Stra\u00dfe 97-101<br \/>24768 Rendsburg<br \/><span style=\"text-decoration: underline;\"><span style=\"color: #00adef;\"><strong><a href=\"https:\/\/www.sueverkruep.de\/standort\/autohaus-sueverkruep-rendsburg\/?automarke=renault\"><span style=\"color: #00adef; text-decoration: underline;\">Details &amp; \u00d6ffnungszeiten<\/span><\/a><\/strong><\/span><\/span><br \/><span style=\"text-decoration: underline;\"><span style=\"color: #00adef;\"><strong><a style=\"color: #00adef; text-decoration: underline;\" href=\"https:\/\/www.sueverkruep.de\/service\/online-termin\/\">Terminvereinbarung<\/a><\/strong><\/span><\/span><\/p>\t\t\t\t\t\t\t\t<\/div>\n\t\t\t\t<\/div>\n\t\t\t\t\t<\/div>\n\t\t<\/div>\n\t\t\t\t\t<\/div>\n\t\t<\/section>\n\t\t\t\t<section class=\"elementor-section elementor-top-section elementor-element elementor-element-9abd5dd elementor-section-boxed elementor-section-height-default elementor-section-height-default wpr-particle-no wpr-jarallax-no wpr-parallax-no wpr-sticky-section-no wpr-equal-height-no\" data-id=\"9abd5dd\" data-element_type=\"section\" data-e-type=\"section\">\n\t\t\t\t\t\t<div class=\"elementor-container elementor-column-gap-default\">\n\t\t\t\t\t<div class=\"elementor-column elementor-col-100 elementor-top-column elementor-element elementor-element-82fd376\" data-id=\"82fd376\" data-element_type=\"column\" data-e-type=\"column\">\n\t\t\t<div class=\"elementor-widget-wrap elementor-element-populated\">\n\t\t\t\t\t\t<div class=\"elementor-element elementor-element-0d76ee2 elementor-align-center elementor-widget elementor-widget-button\" data-id=\"0d76ee2\" data-element_type=\"widget\" data-e-type=\"widget\" data-widget_type=\"button.default\">\n\t\t\t\t<div class=\"elementor-widget-container\">\n\t\t\t\t\t\t\t\t\t<div class=\"elementor-button-wrapper\">\n\t\t\t\t\t<a class=\"elementor-button elementor-button-link elementor-size-sm\" href=\"https:\/\/www.sueverkruep.de\/ueber-uns\/ansprechpartner\/\">\n\t\t\t\t\t\t<span class=\"elementor-button-content-wrapper\">\n\t\t\t\t\t\t<span class=\"elementor-button-icon\">\n\t\t\t\t<i aria-hidden=\"true\" class=\"fas fa-search\"><\/i>\t\t\t<\/span>\n\t\t\t\t\t\t\t\t\t<span class=\"elementor-button-text\">Zu den  Ansprechpartnern<\/span>\n\t\t\t\t\t<\/span>\n\t\t\t\t\t<\/a>\n\t\t\t\t<\/div>\n\t\t\t\t\t\t\t\t<\/div>\n\t\t\t\t<\/div>\n\t\t\t\t\t<\/div>\n\t\t<\/div>\n\t\t\t\t\t<\/div>\n\t\t<\/section>\n\t\t\t\t<section class=\"elementor-section elementor-top-section elementor-element elementor-element-4eeb738f elementor-section-content-middle elementor-section-boxed elementor-section-height-default elementor-section-height-default wpr-particle-no wpr-jarallax-no wpr-parallax-no wpr-sticky-section-no wpr-equal-height-no\" data-id=\"4eeb738f\" data-element_type=\"section\" data-e-type=\"section\" data-settings=\"{&quot;background_background&quot;:&quot;classic&quot;}\">\n\t\t\t\t\t\t<div class=\"elementor-container elementor-column-gap-default\">\n\t\t\t\t\t<div class=\"elementor-column elementor-col-100 elementor-top-column elementor-element elementor-element-e8ea05f\" data-id=\"e8ea05f\" data-element_type=\"column\" data-e-type=\"column\">\n\t\t\t<div class=\"elementor-widget-wrap elementor-element-populated\">\n\t\t\t\t\t\t<div class=\"elementor-element elementor-element-2193296a elementor-widget elementor-widget-menu-anchor\" data-id=\"2193296a\" data-element_type=\"widget\" data-e-type=\"widget\" data-widget_type=\"menu-anchor.default\">\n\t\t\t\t<div class=\"elementor-widget-container\">\n\t\t\t\t\t\t\t<div class=\"elementor-menu-anchor\" id=\"kontakt\"><\/div>\n\t\t\t\t\t\t<\/div>\n\t\t\t\t<\/div>\n\t\t\t\t<div class=\"elementor-element elementor-element-7d2c4504 elementor-widget elementor-widget-heading\" data-id=\"7d2c4504\" data-element_type=\"widget\" data-e-type=\"widget\" data-widget_type=\"heading.default\">\n\t\t\t\t<div class=\"elementor-widget-container\">\n\t\t\t\t\t<div class=\"elementor-heading-title elementor-size-default\">Kontakt<\/div>\t\t\t\t<\/div>\n\t\t\t\t<\/div>\n\t\t\t\t<div class=\"elementor-element elementor-element-49fcf697 elementor-widget elementor-widget-text-editor\" data-id=\"49fcf697\" data-element_type=\"widget\" data-e-type=\"widget\" data-widget_type=\"text-editor.default\">\n\t\t\t\t<div class=\"elementor-widget-container\">\n\t\t\t\t\t\t\t\t\t<p>Kontaktieren Sie uns \u00fcber das Formular f\u00fcr eine Probefahrt, bei Fragen und f\u00fcr Unterst\u00fctzung bei Ihrer Auswahl. Wir freuen uns auf Ihre Kontaktaufnahme.<\/p>\t\t\t\t\t\t\t\t<\/div>\n\t\t\t\t<\/div>\n\t\t\t\t\t<\/div>\n\t\t<\/div>\n\t\t\t\t\t<\/div>\n\t\t<\/section>\n\t\t\t\t<section class=\"elementor-section elementor-top-section elementor-element elementor-element-738d61f6 elementor-section-boxed elementor-section-height-default elementor-section-height-default wpr-particle-no wpr-jarallax-no wpr-parallax-no wpr-sticky-section-no wpr-equal-height-no\" data-id=\"738d61f6\" data-element_type=\"section\" data-e-type=\"section\" data-settings=\"{&quot;background_background&quot;:&quot;classic&quot;}\">\n\t\t\t\t\t\t<div class=\"elementor-container elementor-column-gap-default\">\n\t\t\t\t\t<div class=\"elementor-column elementor-col-100 elementor-top-column elementor-element elementor-element-73c2030d\" data-id=\"73c2030d\" data-element_type=\"column\" data-e-type=\"column\">\n\t\t\t<div class=\"elementor-widget-wrap elementor-element-populated\">\n\t\t\t\t\t\t<div class=\"elementor-element elementor-element-56689240 elementor-widget elementor-widget-text-editor\" data-id=\"56689240\" data-element_type=\"widget\" data-e-type=\"widget\" data-widget_type=\"text-editor.default\">\n\t\t\t\t<div class=\"elementor-widget-container\">\n\t\t\t\t\t\t\t\t\t<div id=\"chat_text\"><div id=\"msg_189-45610.493768\" class=\"bubbleleft\"><div id=\"inner_189-45610.493768\" class=\"triangle-isosceles left\"><div id=\"text_189-45610.493768\">\n<div class=\"wpcf7 no-js\" id=\"wpcf7-f4795-o1\" lang=\"de-DE\" dir=\"ltr\" data-wpcf7-id=\"4795\">\n<div class=\"screen-reader-response\"><p role=\"status\" aria-live=\"polite\" aria-atomic=\"true\"><\/p> <ul><\/ul><\/div>\n<form action=\"\/renault\/wp-json\/wp\/v2\/pages\/4113#wpcf7-f4795-o1\" method=\"post\" class=\"wpcf7-form init\" aria-label=\"Kontaktformular\" novalidate=\"novalidate\" data-status=\"init\">\n<fieldset class=\"hidden-fields-container\"><input type=\"hidden\" name=\"_wpcf7\" value=\"4795\" \/><input type=\"hidden\" name=\"_wpcf7_version\" value=\"6.1.5\" \/><input type=\"hidden\" name=\"_wpcf7_locale\" value=\"de_DE\" \/><input type=\"hidden\" name=\"_wpcf7_unit_tag\" value=\"wpcf7-f4795-o1\" \/><input type=\"hidden\" name=\"_wpcf7_container_post\" value=\"0\" \/><input type=\"hidden\" name=\"_wpcf7_posted_data_hash\" value=\"\" \/><input type=\"hidden\" name=\"_wpcf7dtx_version\" value=\"5.0.5\" \/><input type=\"hidden\" name=\"_wpcf7cf_hidden_group_fields\" value=\"[]\" \/><input type=\"hidden\" name=\"_wpcf7cf_hidden_groups\" value=\"[]\" \/><input type=\"hidden\" name=\"_wpcf7cf_visible_groups\" value=\"[]\" \/><input type=\"hidden\" name=\"_wpcf7cf_repeaters\" value=\"[]\" \/><input type=\"hidden\" name=\"_wpcf7cf_steps\" value=\"{}\" \/><input type=\"hidden\" name=\"_wpcf7cf_options\" value=\"{&quot;form_id&quot;:4795,&quot;conditions&quot;:[],&quot;settings&quot;:{&quot;animation&quot;:&quot;yes&quot;,&quot;animation_intime&quot;:200,&quot;animation_outtime&quot;:200,&quot;conditions_ui&quot;:&quot;normal&quot;,&quot;notice_dismissed&quot;:false}}\" \/><input type=\"hidden\" name=\"_uacf7_hidden_conditional_fields\" value=\"\" \/>\n<\/fieldset>\n<div class=\"uacf7-form-wrapper-container uacf7-form-4795  \"><div class=\"form-group grid-x grid-margin-x\" data-equalizer data-equalize-on=\"medium\">\n\t<div class=\"cell large-6\" data-equalizer-watch>\n\t\t<div class=\"form-group grid-x grid-margin-x\">\n\t\t\t\n\t\t\t<div class=\"cell medium-6\">\n\t\t\t\t<span class=\"wpcf7-form-control-wrap\" data-name=\"auto\"><select class=\"wpcf7-form-control wpcf7-select wpcf7-validates-as-required custom-select\" aria-required=\"true\" aria-invalid=\"false\" name=\"auto\"><option value=\"\">W\u00e4hlen Sie ein Modell*<\/option><option value=\"Renault 4\">Renault 4<\/option><option value=\"Renault 5\">Renault 5<\/option><option value=\"Symbioz\">Symbioz<\/option><option value=\"Clio\">Clio<\/option><option value=\"Captur\">Captur<\/option><option value=\"Arkana\">Arkana<\/option><option value=\"Megane\">Megane<\/option><option value=\"Scenic\">Scenic<\/option><option value=\"Espace\">Espace<\/option><option value=\"Rafale\">Rafale<\/option><option value=\"Kangoo\">Kangoo<\/option><option value=\"Trafic\">Trafic<\/option><option value=\"Master\">Master<\/option><option value=\"Mobilize Duo\">Mobilize Duo<\/option><option value=\"Twingo\">Twingo<\/option><\/select><\/span>\n\n\n\t\t\t<\/div>\n\t\t<\/div>\n<div class=\"form-group grid-x grid-margin-x form-standortfield\">\n\t\t\t<div class=\"cell\">\n\t\t\t\t<span class=\"wpcf7-form-control-wrap\" data-name=\"standort\"><select class=\"wpcf7-form-control wpcf7-select wpcf7-validates-as-required custom-select\" aria-required=\"true\" aria-invalid=\"false\" name=\"standort\"><option value=\"\">gew\u00fcnschter Standort*<\/option><option value=\"Autohaus S\u00fcverkr\u00fcp - Kiel\">Autohaus S\u00fcverkr\u00fcp &#8211; Kiel<\/option><option value=\"Autohaus S\u00fcverkr\u00fcp - Rendsburg\">Autohaus S\u00fcverkr\u00fcp &#8211; Rendsburg<\/option><option value=\"Autohaus S\u00fcverkr\u00fcp - Neum\u00fcnster\">Autohaus S\u00fcverkr\u00fcp &#8211; Neum\u00fcnster<\/option><option value=\"Autohaus S\u00fcverkr\u00fcp - Flensburg\">Autohaus S\u00fcverkr\u00fcp &#8211; Flensburg<\/option><\/select><\/span>\n\t\t\t<\/div>\n\t\t<\/div>\n\n\t\t<div class=\"form-group grid-x grid-margin-x\">\n\t\t\t<div class=\"cell\"><span class=\"wpcf7-form-control-wrap\" data-name=\"anrede\"><span class=\"wpcf7-form-control wpcf7-radio\"><span class=\"wpcf7-list-item first\"><label><input type=\"radio\" name=\"anrede\" value=\"Herr\" \/><span class=\"wpcf7-list-item-label\">Herr<\/span><\/label><\/span><span class=\"wpcf7-list-item\"><label><input type=\"radio\" name=\"anrede\" value=\"Frau\" \/><span class=\"wpcf7-list-item-label\">Frau<\/span><\/label><\/span><span class=\"wpcf7-list-item last\"><label><input type=\"radio\" name=\"anrede\" value=\"Divers\" \/><span class=\"wpcf7-list-item-label\">Divers<\/span><\/label><\/span><\/span><\/span><\/div>\n\t\t<\/div>\n\t\t\n\t\t\n\t\t<div class=\"form-group grid-x grid-margin-x\">\n\t\t\t<div class=\"cell\"><span class=\"wpcf7-form-control-wrap\" data-name=\"vorname_name\"><input size=\"40\" maxlength=\"400\" class=\"wpcf7-form-control wpcf7-text wpcf7-validates-as-required\" aria-required=\"true\" aria-invalid=\"false\" placeholder=\"Vor- &amp; Nachname*\" value=\"\" type=\"text\" name=\"vorname_name\" \/><\/span><\/div>\n\n\t\t\t<div class=\"cell\"><span class=\"wpcf7-form-control-wrap\" data-name=\"telefon\"><input size=\"40\" maxlength=\"400\" class=\"wpcf7-form-control wpcf7-text\" aria-invalid=\"false\" placeholder=\"Telefonnummer\" value=\"\" type=\"text\" name=\"telefon\" \/><\/span><\/div>\n\n\t\t\t<div class=\"cell\"><span class=\"wpcf7-form-control-wrap\" data-name=\"client-email\"><input size=\"40\" maxlength=\"400\" class=\"wpcf7-form-control wpcf7-email wpcf7-validates-as-required wpcf7-text wpcf7-validates-as-email\" aria-required=\"true\" aria-invalid=\"false\" placeholder=\"E-Mail*\" value=\"\" type=\"email\" name=\"client-email\" \/><\/span> <\/div>\n\n\t\t\t\n\t\t<\/div>\n\t<\/div>\n\n\t<div class=\"cell large-6 message-box\">\n\t\t<span class=\"wpcf7-form-control-wrap\" data-name=\"message\"><textarea cols=\"40\" rows=\"10\" maxlength=\"2000\" class=\"wpcf7-form-control wpcf7-textarea\" aria-invalid=\"false\" placeholder=\"Bitte geben Sie uns so viele Information wie m\u00f6glich.\" name=\"message\"><\/textarea><\/span>\n\t<\/div>\n\n\t<div class=\"cell submit-btn\"> <input class=\"wpcf7-form-control wpcf7-submit has-spinner button fill small-only-expanded\" type=\"submit\" value=\"E-Mail senden\" \/><\/div>\n\n<\/div>\n\n<br>\n\t<p>\n\t\tHier k\u00f6nnen Sie die \n\t\t<u>\n\t\t\t<a href=\"https:\/\/www.sueverkruep.de\/datenschutzerklaerung\/\"target=\"_blank\">Datenschutzerkl\u00e4rung\n\t\t\t<\/a>\n\t\t<\/u> \n\t\tvon sueverkruep.de einsehen. Mit dem Absenden dieser Anfrage erkl\u00e4re ich mich damit einverstanden, dass meine Angaben zur Kontaktaufnahme gespeichert werden. Meine Einwilligung kann ich jederzeit mit Wirkung f\u00fcr die Zukunft per E-Mail an datenschutz@sueverkruep.de widerrufen. \n\t<\/p>\n<\/br><\/div><input type='hidden' class='wpcf7-pum' value='{\"closepopup\":false,\"closedelay\":0,\"openpopup\":false,\"openpopup_id\":0}' \/><div class=\"frc-captcha \" data-sitekey=\"FCMSI6ARJ3P3EIJS\" data-lang=\"de\" ><\/div>\n\t\t<noscript>You need to enable Javascript for the anti-spam check.<\/noscript><div class=\"wpcf7-response-output\" aria-hidden=\"true\"><\/div>\n<\/form>\n<\/div>\n<\/div><\/div><\/div><\/div>\t\t\t\t\t\t\t\t<\/div>\n\t\t\t\t<\/div>\n\t\t\t\t\t<\/div>\n\t\t<\/div>\n\t\t\t\t\t<\/div>\n\t\t<\/section>\n\t\t\t\t<section class=\"elementor-section elementor-top-section elementor-element elementor-element-8b50c7f elementor-section-boxed elementor-section-height-default elementor-section-height-default wpr-particle-no wpr-jarallax-no wpr-parallax-no wpr-sticky-section-no wpr-equal-height-no\" data-id=\"8b50c7f\" data-element_type=\"section\" data-e-type=\"section\">\n\t\t\t\t\t\t<div class=\"elementor-container elementor-column-gap-default\">\n\t\t\t\t\t<div class=\"elementor-column elementor-col-100 elementor-top-column elementor-element elementor-element-f27eab9\" data-id=\"f27eab9\" data-element_type=\"column\" data-e-type=\"column\">\n\t\t\t<div class=\"elementor-widget-wrap elementor-element-populated\">\n\t\t\t\t\t\t<div class=\"elementor-element elementor-element-56637ff elementor-widget elementor-widget-text-editor\" data-id=\"56637ff\" data-element_type=\"widget\" data-e-type=\"widget\" data-widget_type=\"text-editor.default\">\n\t\t\t\t<div class=\"elementor-widget-container\">\n\t\t\t\t\t\t\t\t\t*Der Elektrobonus i. H. v. bis zu 6.000 \u20ac, entspricht dem max. Bundeszuschuss f\u00fcr Haushalte mit geringem bis mittlerem Einkommen, gem\u00e4\u00df den F\u00f6rderrichtlinien des Bundesministeriums f\u00fcr Wirtschaft und Klimaschutz (BMWK). Auszahlung des Bundeszuschusses nach Qualifizierung gem\u00e4\u00df Richtlinien und positivem Bescheid eines von Ihnen gestellten Antrags beim Bundesamt f\u00fcr Wirtschaft und Ausfuhrkontrolle (BAFA). Kein Rechtsanspruch. \n\n \n\n**G\u00fcltig f\u00fcr Privatkunden und selbst\u00e4ndige Einzelpersonen. Kostenloser Strom im Wert von 400 \u20ac (Twingo), 450 \u20ac (R4, R5, Megane) oder 500 \u20ac (Scenic)  f\u00fcr 6 Monate mit dem Mobilize ChargePass und bei Nutzung von Ionity Lades\u00e4ulen (angenommene durchschnittliche Fahrleistung von 6.150 km in 6 Monaten zum Strompreis von 0,39 \u20ac\/kWh und einem Durchschnittsverbrauch gem\u00e4\u00df WLTP-Werten). Bestellung und Aktivierung des Mobilize ChargePasses erfolgen \u00fcber die My Renault App. Nach Verbrauch des Guthabens l\u00e4uft der Mobilize ChargePass entgeltlich weiter, sofern er von Ihnen nicht gek\u00fcndigt wird. Angebot g\u00fcltig bis 31.03.2026 bei Erstzulassung bis 31.12.2026. Bei allen teilnehmenden Renault Partnern. \t\t\t\t\t\t\t\t<\/div>\n\t\t\t\t<\/div>\n\t\t\t\t\t<\/div>\n\t\t<\/div>\n\t\t\t\t\t<\/div>\n\t\t<\/section>\n\t\t\t\t<\/div>\n\t\t","protected":false},"excerpt":{"rendered":"<p>Renault \u2013 Innovation, die bewegt. Renault erleben Entdecken Sie die Vielfalt an Renault-Fahrzeugen, die mit innovativer Technik, Effizienz und einem dynamischen Design \u00fcberzeugen. Ob f\u00fcr den Alltag oder besondeyre Anl\u00e4sse \u2013 Renault bietet Modelle, die Ihrem Leben und Stil entsprechen. Erleben Sie die neuesten Renault-Modelle bei einer Probefahrt oder profitieren Sie von umfassenden Wartungs- und Serviceangeboten. Wir stehen Ihnen f\u00fcr alle Fragen zur Seite und sorgen daf\u00fcr, dass Ihr Renault stets in besten H\u00e4nden ist. Neuheiten Werkstatttermin Angebotspalette Kontakt Standorte Unsere Renault Gebrauchtwagen Unsere Neuheiten Die Renault Elektropr\u00e4mie-ModellpaletteSparen Sie bis zu6.000 \u20ac* mit der Elektropr\u00e4mie. &amp; zus\u00e4tzlich bis zu 6 Monate kostenfrei laden**. NEU: Renault 5 E-Tech 100 % elektrisch\u00a0 Kauf ab 27.990 \u20ac oder Leasing ab 169 \u20ac car of the year 2025 bis zu 410 km Reichweite NEU: Renault Twingo E-Tech elektrisch 262 Kilometer Reichweite \u00a0Kofferraum Volumen 360 Liter 82 PS My Renault viele Funktionen kostenlos\u00a0 Kommunikation mit Fahrzeug Service, Unfallhilfe uvm. Unsere Angebotspalette PKW Nutzfahrzeuge Gebrauchtwagen Modelle Camperwelt Probefahrt Service \/ Werkstatt Teile &amp; Zubeh\u00f6r Online-Terminvereinbarung W\u00e4hlen Sie nun den Service-Termin f\u00fcr Ihren Pkw oder ihr Nutzfahrzeug aus: Jetzt Termin buchen! Unsere Standorte Autohaus S\u00fcverkr\u00fcp KielHolzkoppelweg 1824118 KielDetails &amp; \u00d6ffnungszeitenTerminvereinbarung Autohaus S\u00fcverkr\u00fcp FlensburgGutenbergstra\u00dfe 1124941 FlensburgDetails &amp; \u00d6ffnungszeitenTerminvereinbarung Autohaus S\u00fcverkr\u00fcp Neum\u00fcnsterGr\u00fcner Weg 4524539 Neum\u00fcnsterDetails &amp; \u00d6ffnungszeitenTerminvereinbarung Autohaus S\u00fcverkr\u00fcp RendsburgB\u00fcsumer Stra\u00dfe 97-10124768 RendsburgDetails &amp; \u00d6ffnungszeitenTerminvereinbarung Zu den Ansprechpartnern Kontakt Kontaktieren Sie uns \u00fcber das Formular f\u00fcr eine Probefahrt, bei Fragen und f\u00fcr Unterst\u00fctzung bei Ihrer Auswahl. Wir freuen uns auf Ihre Kontaktaufnahme. *Der Elektrobonus i. H. v. bis zu 6.000 \u20ac, entspricht dem max. Bundeszuschuss f\u00fcr Haushalte mit geringem bis mittlerem Einkommen, gem\u00e4\u00df den F\u00f6rderrichtlinien des Bundesministeriums f\u00fcr Wirtschaft und Klimaschutz (BMWK). Auszahlung des Bundeszuschusses nach Qualifizierung gem\u00e4\u00df Richtlinien und positivem Bescheid eines von Ihnen gestellten Antrags beim Bundesamt f\u00fcr Wirtschaft und Ausfuhrkontrolle (BAFA). Kein Rechtsanspruch. **G\u00fcltig f\u00fcr Privatkunden und selbst\u00e4ndige Einzelpersonen. Kostenloser Strom im Wert von 400 \u20ac (Twingo), 450 \u20ac (R4, R5, Megane) oder 500 \u20ac (Scenic) f\u00fcr 6 Monate mit dem Mobilize ChargePass und bei Nutzung von Ionity Lades\u00e4ulen (angenommene durchschnittliche Fahrleistung von 6.150 km in 6 Monaten zum Strompreis von 0,39 \u20ac\/kWh und einem Durchschnittsverbrauch gem\u00e4\u00df WLTP-Werten). Bestellung und Aktivierung des Mobilize ChargePasses erfolgen \u00fcber die My Renault App. Nach Verbrauch des Guthabens l\u00e4uft der Mobilize ChargePass entgeltlich weiter, sofern er von Ihnen nicht gek\u00fcndigt wird. Angebot g\u00fcltig bis 31.03.2026 bei Erstzulassung bis 31.12.2026. Bei allen teilnehmenden Renault Partnern.<\/p>\n","protected":false},"author":44,"featured_media":0,"parent":0,"menu_order":0,"comment_status":"closed","ping_status":"closed","template":"","meta":{"footnotes":""},"class_list":["post-4113","page","type-page","status-publish","hentry"],"acf":[],"yoast_head":"<!-- This site is optimized with the Yoast SEO plugin v27.4 - https:\/\/yoast.com\/product\/yoast-seo-wordpress\/ -->\n<title>S\u00fcverkr\u00fcp Renault - TOP 2026 \u2714\ufe0f<\/title>\n<meta name=\"description\" content=\"lll\u27a4S\u00fcverkr\u00fcp ist Ihr Renault Partner in Schleswig-Holstein. Wir bieten Ihnen Neu-, Gebrauchtwagen, Services und vieles mehr \u2705\" \/>\n<meta name=\"robots\" content=\"index, follow, max-snippet:-1, max-image-preview:large, max-video-preview:-1\" \/>\n<link rel=\"canonical\" href=\"https:\/\/www.sueverkruep.de\/renault\/\" \/>\n<meta property=\"og:locale\" content=\"de_DE\" \/>\n<meta property=\"og:type\" content=\"article\" \/>\n<meta property=\"og:title\" content=\"S\u00fcverkr\u00fcp Renault - TOP 2026 \u2714\ufe0f\" \/>\n<meta property=\"og:description\" content=\"lll\u27a4S\u00fcverkr\u00fcp ist Ihr Renault Partner in Schleswig-Holstein. Wir bieten Ihnen Neu-, Gebrauchtwagen, Services und vieles mehr \u2705\" \/>\n<meta property=\"og:url\" content=\"https:\/\/www.sueverkruep.de\/renault\/\" \/>\n<meta property=\"og:site_name\" content=\"S\u00fcverkr\u00fcp Renault\" \/>\n<meta property=\"article:modified_time\" content=\"2026-04-28T08:02:24+00:00\" \/>\n<meta property=\"og:image\" content=\"https:\/\/www.sueverkruep.de\/renault\/wp-content\/uploads\/sites\/3\/2024\/12\/AngebotePrivat-RE.jpg\" \/>\n\t<meta property=\"og:image:width\" content=\"1184\" \/>\n\t<meta property=\"og:image:height\" content=\"350\" \/>\n\t<meta property=\"og:image:type\" content=\"image\/jpeg\" \/>\n<meta name=\"twitter:card\" content=\"summary_large_image\" \/>\n<meta name=\"twitter:label1\" content=\"Gesch\u00e4tzte Lesezeit\" \/>\n\t<meta name=\"twitter:data1\" content=\"8\u00a0Minuten\" \/>\n<script type=\"application\/ld+json\" class=\"yoast-schema-graph\">{\"@context\":\"https:\\\/\\\/schema.org\",\"@graph\":[{\"@type\":\"WebPage\",\"@id\":\"https:\\\/\\\/www.sueverkruep.de\\\/renault\\\/\",\"url\":\"https:\\\/\\\/www.sueverkruep.de\\\/renault\\\/\",\"name\":\"S\u00fcverkr\u00fcp Renault - TOP 2026 \u2714\ufe0f\",\"isPartOf\":{\"@id\":\"https:\\\/\\\/www.sueverkruep.de\\\/renault\\\/#website\"},\"primaryImageOfPage\":{\"@id\":\"https:\\\/\\\/www.sueverkruep.de\\\/renault\\\/#primaryimage\"},\"image\":{\"@id\":\"https:\\\/\\\/www.sueverkruep.de\\\/renault\\\/#primaryimage\"},\"thumbnailUrl\":\"https:\\\/\\\/www.sueverkruep.de\\\/renault\\\/wp-content\\\/uploads\\\/sites\\\/3\\\/2024\\\/07\\\/Startseiten-Icon-Stern_Angebote_500x400x72_22-05-2024-150x150.png\",\"datePublished\":\"2024-10-24T08:09:47+00:00\",\"dateModified\":\"2026-04-28T08:02:24+00:00\",\"description\":\"lll\u27a4S\u00fcverkr\u00fcp ist Ihr Renault Partner in Schleswig-Holstein. Wir bieten Ihnen Neu-, Gebrauchtwagen, Services und vieles mehr \u2705\",\"breadcrumb\":{\"@id\":\"https:\\\/\\\/www.sueverkruep.de\\\/renault\\\/#breadcrumb\"},\"inLanguage\":\"de\",\"potentialAction\":[{\"@type\":\"ReadAction\",\"target\":[\"https:\\\/\\\/www.sueverkruep.de\\\/renault\\\/\"]}]},{\"@type\":\"ImageObject\",\"inLanguage\":\"de\",\"@id\":\"https:\\\/\\\/www.sueverkruep.de\\\/renault\\\/#primaryimage\",\"url\":\"https:\\\/\\\/www.sueverkruep.de\\\/renault\\\/wp-content\\\/uploads\\\/sites\\\/3\\\/2024\\\/07\\\/Startseiten-Icon-Stern_Angebote_500x400x72_22-05-2024.png\",\"contentUrl\":\"https:\\\/\\\/www.sueverkruep.de\\\/renault\\\/wp-content\\\/uploads\\\/sites\\\/3\\\/2024\\\/07\\\/Startseiten-Icon-Stern_Angebote_500x400x72_22-05-2024.png\",\"width\":500,\"height\":400,\"caption\":\"Startseiten-Icon-Stern_Angebote_500x400x72_22-05-2024.png\"},{\"@type\":\"BreadcrumbList\",\"@id\":\"https:\\\/\\\/www.sueverkruep.de\\\/renault\\\/#breadcrumb\",\"itemListElement\":[{\"@type\":\"ListItem\",\"position\":1,\"name\":\"Startseite Renault\",\"item\":\"https:\\\/\\\/www.sueverkruep.de\\\/renault\\\/\"},{\"@type\":\"ListItem\",\"position\":2,\"name\":\"Renault\"}]},{\"@type\":\"WebSite\",\"@id\":\"https:\\\/\\\/www.sueverkruep.de\\\/renault\\\/#website\",\"url\":\"https:\\\/\\\/www.sueverkruep.de\\\/renault\\\/\",\"name\":\"S\u00fcverkr\u00fcp Renault\",\"description\":\"Ihr L\u00e4cheln. Unser Antrieb.\",\"publisher\":{\"@id\":\"https:\\\/\\\/www.sueverkruep.de\\\/renault\\\/#organization\"},\"potentialAction\":[{\"@type\":\"SearchAction\",\"target\":{\"@type\":\"EntryPoint\",\"urlTemplate\":\"https:\\\/\\\/www.sueverkruep.de\\\/renault\\\/?s={search_term_string}\"},\"query-input\":{\"@type\":\"PropertyValueSpecification\",\"valueRequired\":true,\"valueName\":\"search_term_string\"}}],\"inLanguage\":\"de\"},{\"@type\":\"Organization\",\"@id\":\"https:\\\/\\\/www.sueverkruep.de\\\/renault\\\/#organization\",\"name\":\"S\u00fcverkr\u00fcp Renault\",\"url\":\"https:\\\/\\\/www.sueverkruep.de\\\/renault\\\/\",\"logo\":{\"@type\":\"ImageObject\",\"inLanguage\":\"de\",\"@id\":\"https:\\\/\\\/www.sueverkruep.de\\\/renault\\\/#\\\/schema\\\/logo\\\/image\\\/\",\"url\":\"https:\\\/\\\/www.sueverkruep.de\\\/renault\\\/wp-content\\\/uploads\\\/sites\\\/3\\\/2020\\\/12\\\/cropped-renault_logoo.png\",\"contentUrl\":\"https:\\\/\\\/www.sueverkruep.de\\\/renault\\\/wp-content\\\/uploads\\\/sites\\\/3\\\/2020\\\/12\\\/cropped-renault_logoo.png\",\"width\":294,\"height\":88,\"caption\":\"S\u00fcverkr\u00fcp Renault\"},\"image\":{\"@id\":\"https:\\\/\\\/www.sueverkruep.de\\\/renault\\\/#\\\/schema\\\/logo\\\/image\\\/\"}}]}<\/script>\n<!-- \/ Yoast SEO plugin. -->","yoast_head_json":{"title":"S\u00fcverkr\u00fcp Renault - TOP 2026 \u2714\ufe0f","description":"lll\u27a4S\u00fcverkr\u00fcp ist Ihr Renault Partner in Schleswig-Holstein. Wir bieten Ihnen Neu-, Gebrauchtwagen, Services und vieles mehr \u2705","robots":{"index":"index","follow":"follow","max-snippet":"max-snippet:-1","max-image-preview":"max-image-preview:large","max-video-preview":"max-video-preview:-1"},"canonical":"https:\/\/www.sueverkruep.de\/renault\/","og_locale":"de_DE","og_type":"article","og_title":"S\u00fcverkr\u00fcp Renault - TOP 2026 \u2714\ufe0f","og_description":"lll\u27a4S\u00fcverkr\u00fcp ist Ihr Renault Partner in Schleswig-Holstein. Wir bieten Ihnen Neu-, Gebrauchtwagen, Services und vieles mehr \u2705","og_url":"https:\/\/www.sueverkruep.de\/renault\/","og_site_name":"S\u00fcverkr\u00fcp Renault","article_modified_time":"2026-04-28T08:02:24+00:00","og_image":[{"width":1184,"height":350,"url":"https:\/\/www.sueverkruep.de\/renault\/wp-content\/uploads\/sites\/3\/2024\/12\/AngebotePrivat-RE.jpg","type":"image\/jpeg"}],"twitter_card":"summary_large_image","twitter_misc":{"Gesch\u00e4tzte Lesezeit":"8\u00a0Minuten"},"schema":{"@context":"https:\/\/schema.org","@graph":[{"@type":"WebPage","@id":"https:\/\/www.sueverkruep.de\/renault\/","url":"https:\/\/www.sueverkruep.de\/renault\/","name":"S\u00fcverkr\u00fcp Renault - TOP 2026 \u2714\ufe0f","isPartOf":{"@id":"https:\/\/www.sueverkruep.de\/renault\/#website"},"primaryImageOfPage":{"@id":"https:\/\/www.sueverkruep.de\/renault\/#primaryimage"},"image":{"@id":"https:\/\/www.sueverkruep.de\/renault\/#primaryimage"},"thumbnailUrl":"https:\/\/www.sueverkruep.de\/renault\/wp-content\/uploads\/sites\/3\/2024\/07\/Startseiten-Icon-Stern_Angebote_500x400x72_22-05-2024-150x150.png","datePublished":"2024-10-24T08:09:47+00:00","dateModified":"2026-04-28T08:02:24+00:00","description":"lll\u27a4S\u00fcverkr\u00fcp ist Ihr Renault Partner in Schleswig-Holstein. Wir bieten Ihnen Neu-, Gebrauchtwagen, Services und vieles mehr \u2705","breadcrumb":{"@id":"https:\/\/www.sueverkruep.de\/renault\/#breadcrumb"},"inLanguage":"de","potentialAction":[{"@type":"ReadAction","target":["https:\/\/www.sueverkruep.de\/renault\/"]}]},{"@type":"ImageObject","inLanguage":"de","@id":"https:\/\/www.sueverkruep.de\/renault\/#primaryimage","url":"https:\/\/www.sueverkruep.de\/renault\/wp-content\/uploads\/sites\/3\/2024\/07\/Startseiten-Icon-Stern_Angebote_500x400x72_22-05-2024.png","contentUrl":"https:\/\/www.sueverkruep.de\/renault\/wp-content\/uploads\/sites\/3\/2024\/07\/Startseiten-Icon-Stern_Angebote_500x400x72_22-05-2024.png","width":500,"height":400,"caption":"Startseiten-Icon-Stern_Angebote_500x400x72_22-05-2024.png"},{"@type":"BreadcrumbList","@id":"https:\/\/www.sueverkruep.de\/renault\/#breadcrumb","itemListElement":[{"@type":"ListItem","position":1,"name":"Startseite Renault","item":"https:\/\/www.sueverkruep.de\/renault\/"},{"@type":"ListItem","position":2,"name":"Renault"}]},{"@type":"WebSite","@id":"https:\/\/www.sueverkruep.de\/renault\/#website","url":"https:\/\/www.sueverkruep.de\/renault\/","name":"S\u00fcverkr\u00fcp Renault","description":"Ihr L\u00e4cheln. Unser Antrieb.","publisher":{"@id":"https:\/\/www.sueverkruep.de\/renault\/#organization"},"potentialAction":[{"@type":"SearchAction","target":{"@type":"EntryPoint","urlTemplate":"https:\/\/www.sueverkruep.de\/renault\/?s={search_term_string}"},"query-input":{"@type":"PropertyValueSpecification","valueRequired":true,"valueName":"search_term_string"}}],"inLanguage":"de"},{"@type":"Organization","@id":"https:\/\/www.sueverkruep.de\/renault\/#organization","name":"S\u00fcverkr\u00fcp Renault","url":"https:\/\/www.sueverkruep.de\/renault\/","logo":{"@type":"ImageObject","inLanguage":"de","@id":"https:\/\/www.sueverkruep.de\/renault\/#\/schema\/logo\/image\/","url":"https:\/\/www.sueverkruep.de\/renault\/wp-content\/uploads\/sites\/3\/2020\/12\/cropped-renault_logoo.png","contentUrl":"https:\/\/www.sueverkruep.de\/renault\/wp-content\/uploads\/sites\/3\/2020\/12\/cropped-renault_logoo.png","width":294,"height":88,"caption":"S\u00fcverkr\u00fcp Renault"},"image":{"@id":"https:\/\/www.sueverkruep.de\/renault\/#\/schema\/logo\/image\/"}}]}},"_links":{"self":[{"href":"https:\/\/www.sueverkruep.de\/renault\/wp-json\/wp\/v2\/pages\/4113","targetHints":{"allow":["GET"]}}],"collection":[{"href":"https:\/\/www.sueverkruep.de\/renault\/wp-json\/wp\/v2\/pages"}],"about":[{"href":"https:\/\/www.sueverkruep.de\/renault\/wp-json\/wp\/v2\/types\/page"}],"author":[{"embeddable":true,"href":"https:\/\/www.sueverkruep.de\/renault\/wp-json\/wp\/v2\/users\/44"}],"replies":[{"embeddable":true,"href":"https:\/\/www.sueverkruep.de\/renault\/wp-json\/wp\/v2\/comments?post=4113"}],"version-history":[{"count":380,"href":"https:\/\/www.sueverkruep.de\/renault\/wp-json\/wp\/v2\/pages\/4113\/revisions"}],"predecessor-version":[{"id":6374,"href":"https:\/\/www.sueverkruep.de\/renault\/wp-json\/wp\/v2\/pages\/4113\/revisions\/6374"}],"wp:attachment":[{"href":"https:\/\/www.sueverkruep.de\/renault\/wp-json\/wp\/v2\/media?parent=4113"}],"curies":[{"name":"wp","href":"https:\/\/api.w.org\/{rel}","templated":true}]}}