{"id":31067,"date":"2026-03-17T12:30:51","date_gmt":"2026-03-17T11:30:51","guid":{"rendered":"https:\/\/www.sueverkruep.de\/mercedes-benz\/?page_id=31067"},"modified":"2026-04-22T07:45:38","modified_gmt":"2026-04-22T05:45:38","slug":"neuer-vle","status":"publish","type":"page","link":"https:\/\/www.sueverkruep.de\/mercedes-benz\/neuer-vle\/","title":{"rendered":"Mercedes-Benz Der neue VLE"},"content":{"rendered":"\t\t<div data-elementor-type=\"wp-page\" data-elementor-id=\"31067\" class=\"elementor elementor-31067\" data-elementor-post-type=\"page\">\n\t\t\t\t\t\t<section class=\"elementor-section elementor-top-section elementor-element elementor-element-1e98b7db elementor-section-full_width elementor-hidden-mobile elementor-hidden-tablet elementor-section-height-default elementor-section-height-default wpr-particle-no wpr-jarallax-no wpr-parallax-no wpr-sticky-section-no wpr-equal-height-no\" data-id=\"1e98b7db\" data-element_type=\"section\" data-e-type=\"section\">\n\t\t\t\t\t\t<div class=\"elementor-container elementor-column-gap-default\">\n\t\t\t\t\t<div class=\"elementor-column elementor-col-50 elementor-top-column elementor-element elementor-element-77c89cfb\" data-id=\"77c89cfb\" data-element_type=\"column\" data-e-type=\"column\">\n\t\t\t<div class=\"elementor-widget-wrap elementor-element-populated\">\n\t\t\t\t\t\t<div class=\"elementor-element elementor-element-516be540 elementor-view-default elementor-widget elementor-widget-icon\" data-id=\"516be540\" data-element_type=\"widget\" data-e-type=\"widget\" data-widget_type=\"icon.default\">\n\t\t\t\t<div class=\"elementor-widget-container\">\n\t\t\t\t\t\t\t<div class=\"elementor-icon-wrapper\">\n\t\t\t<a class=\"elementor-icon\" href=\"https:\/\/www.sueverkruep.de\">\n\t\t\t<i aria-hidden=\"true\" class=\"fas fa-home\"><\/i>\t\t\t<\/a>\n\t\t<\/div>\n\t\t\t\t\t\t<\/div>\n\t\t\t\t<\/div>\n\t\t\t\t\t<\/div>\n\t\t<\/div>\n\t\t\t\t<div class=\"elementor-column elementor-col-50 elementor-top-column elementor-element elementor-element-f2192ac\" data-id=\"f2192ac\" data-element_type=\"column\" data-e-type=\"column\">\n\t\t\t<div class=\"elementor-widget-wrap elementor-element-populated\">\n\t\t\t\t\t\t<div class=\"elementor-element elementor-element-6aa9a5f0 elementor-align-left elementor-widget elementor-widget-breadcrumbs\" data-id=\"6aa9a5f0\" data-element_type=\"widget\" data-e-type=\"widget\" data-widget_type=\"breadcrumbs.default\">\n\t\t\t\t<div class=\"elementor-widget-container\">\n\t\t\t\t\t<p id=\"breadcrumbs\"><span><span><a href=\"https:\/\/www.sueverkruep.de\/mercedes-benz\/\">Mercedes-Benz<\/a><\/span><\/span><\/p>\t\t\t\t<\/div>\n\t\t\t\t<\/div>\n\t\t\t\t\t<\/div>\n\t\t<\/div>\n\t\t\t\t\t<\/div>\n\t\t<\/section>\n\t\t\t\t<section class=\"elementor-section elementor-top-section elementor-element elementor-element-392615e0 elementor-section-height-min-height elementor-section-full_width elementor-section-height-default elementor-section-items-middle wpr-particle-no wpr-jarallax-no wpr-parallax-no wpr-sticky-section-no wpr-equal-height-no\" data-id=\"392615e0\" data-element_type=\"section\" data-e-type=\"section\" data-settings=\"{&quot;background_background&quot;:&quot;classic&quot;}\">\n\t\t\t\t\t\t\t<div class=\"elementor-background-overlay\"><\/div>\n\t\t\t\t\t\t\t<div class=\"elementor-container elementor-column-gap-default\">\n\t\t\t\t\t<div class=\"elementor-column elementor-col-100 elementor-top-column elementor-element elementor-element-8fdab18\" data-id=\"8fdab18\" data-element_type=\"column\" data-e-type=\"column\">\n\t\t\t<div class=\"elementor-widget-wrap\">\n\t\t\t\t\t\t\t<\/div>\n\t\t<\/div>\n\t\t\t\t\t<\/div>\n\t\t<\/section>\n\t\t\t\t<section class=\"elementor-section elementor-top-section elementor-element elementor-element-ad666a8 elementor-section-boxed elementor-section-height-default elementor-section-height-default wpr-particle-no wpr-jarallax-no wpr-parallax-no wpr-sticky-section-no wpr-equal-height-no\" data-id=\"ad666a8\" data-element_type=\"section\" data-e-type=\"section\">\n\t\t\t\t\t\t<div class=\"elementor-container elementor-column-gap-default\">\n\t\t\t\t\t<div class=\"elementor-column elementor-col-50 elementor-top-column elementor-element elementor-element-26e2a6d8\" data-id=\"26e2a6d8\" data-element_type=\"column\" data-e-type=\"column\">\n\t\t\t<div class=\"elementor-widget-wrap elementor-element-populated\">\n\t\t\t\t\t\t<div class=\"elementor-element elementor-element-5794a60f elementor-widget elementor-widget-heading\" data-id=\"5794a60f\" data-element_type=\"widget\" data-e-type=\"widget\" data-widget_type=\"heading.default\">\n\t\t\t\t<div class=\"elementor-widget-container\">\n\t\t\t\t\t<h1 class=\"elementor-heading-title elementor-size-default\">Grand Limousine: Der neue VLE<\/h1>\t\t\t\t<\/div>\n\t\t\t\t<\/div>\n\t\t\t\t<div class=\"elementor-element elementor-element-4c79691a elementor-widget elementor-widget-text-editor\" data-id=\"4c79691a\" data-element_type=\"widget\" data-e-type=\"widget\" data-widget_type=\"text-editor.default\">\n\t\t\t\t<div class=\"elementor-widget-container\">\n\t\t\t\t\t\t\t\t\t<p data-start=\"218\" data-end=\"570\">Luxus neu gedacht erleben. Der <strong><span class=\"hover:entity-accent entity-underline inline cursor-pointer align-baseline\"><span class=\"whitespace-normal\">Mercedes-Benz VLE<\/span><\/span> <\/strong>definiert moderne Elektromobilit\u00e4t im Premiumsegment neu und verbindet gro\u00dfz\u00fcgigen Raum mit innovativer Technologie und elegantem Design. Als vielseitiger Begleiter f\u00fcr Business und Freizeit bietet er ein au\u00dfergew\u00f6hnliches Fahrerlebnis, das Komfort, <strong data-start=\"414\" data-end=\"442\">fortschrittliche Technik<\/strong> und stilvolle Pr\u00e4senz harmonisch vereint und dabei neue Ma\u00dfst\u00e4be f\u00fcr elektrisches Reisen setzt.<\/p>\t\t\t\t\t\t\t\t<\/div>\n\t\t\t\t<\/div>\n\t\t\t\t<div class=\"elementor-element elementor-element-2e0fd3b9 elementor-align-left elementor-widget__width-auto elementor-widget elementor-widget-button\" data-id=\"2e0fd3b9\" data-element_type=\"widget\" data-e-type=\"widget\" data-widget_type=\"button.default\">\n\t\t\t\t<div class=\"elementor-widget-container\">\n\t\t\t\t\t\t\t\t\t<div class=\"elementor-button-wrapper\">\n\t\t\t\t\t<a class=\"elementor-button elementor-button-link elementor-size-lg\" href=\"#kontakt\">\n\t\t\t\t\t\t<span class=\"elementor-button-content-wrapper\">\n\t\t\t\t\t\t\t\t\t<span class=\"elementor-button-text\">Kontakt<\/span>\n\t\t\t\t\t<\/span>\n\t\t\t\t\t<\/a>\n\t\t\t\t<\/div>\n\t\t\t\t\t\t\t\t<\/div>\n\t\t\t\t<\/div>\n\t\t\t\t\t<\/div>\n\t\t<\/div>\n\t\t\t\t<div class=\"elementor-column elementor-col-50 elementor-top-column elementor-element elementor-element-49a2006f\" data-id=\"49a2006f\" data-element_type=\"column\" data-e-type=\"column\">\n\t\t\t<div class=\"elementor-widget-wrap elementor-element-populated\">\n\t\t\t\t\t\t<section class=\"elementor-section elementor-inner-section elementor-element elementor-element-4cbd6d52 elementor-section-full_width elementor-section-height-default elementor-section-height-default wpr-particle-no wpr-jarallax-no wpr-parallax-no wpr-sticky-section-no wpr-equal-height-no\" data-id=\"4cbd6d52\" data-element_type=\"section\" data-e-type=\"section\">\n\t\t\t\t\t\t\t<div class=\"elementor-background-overlay\"><\/div>\n\t\t\t\t\t\t\t<div class=\"elementor-container elementor-column-gap-default\">\n\t\t\t\t\t<div class=\"elementor-column elementor-col-100 elementor-inner-column elementor-element elementor-element-5fa7f035\" data-id=\"5fa7f035\" data-element_type=\"column\" data-e-type=\"column\">\n\t\t\t<div class=\"elementor-widget-wrap elementor-element-populated\">\n\t\t\t\t\t\t<div class=\"elementor-element elementor-element-380d0b8b elementor-widget__width-initial elementor-widget elementor-widget-text-editor\" data-id=\"380d0b8b\" data-element_type=\"widget\" data-e-type=\"widget\" data-widget_type=\"text-editor.default\">\n\t\t\t\t<div class=\"elementor-widget-container\">\n\t\t\t\t\t\t\t\t\t<h2>\u00dcbersicht<\/h2>\t\t\t\t\t\t\t\t<\/div>\n\t\t\t\t<\/div>\n\t\t\t\t<div class=\"elementor-element elementor-element-26556e5a elementor-widget__width-initial elementor-icon-list--layout-traditional elementor-list-item-link-full_width elementor-widget elementor-widget-icon-list\" data-id=\"26556e5a\" data-element_type=\"widget\" data-e-type=\"widget\" data-widget_type=\"icon-list.default\">\n\t\t\t\t<div class=\"elementor-widget-container\">\n\t\t\t\t\t\t\t<ul class=\"elementor-icon-list-items\">\n\t\t\t\t\t\t\t<li class=\"elementor-icon-list-item\">\n\t\t\t\t\t\t\t\t\t\t\t<a href=\"#video\">\n\n\t\t\t\t\t\t\t\t\t\t\t\t<span class=\"elementor-icon-list-icon\">\n\t\t\t\t\t\t\t<i aria-hidden=\"true\" class=\"fas fa-chevron-right\"><\/i>\t\t\t\t\t\t<\/span>\n\t\t\t\t\t\t\t\t\t\t<span class=\"elementor-icon-list-text\">Video<\/span>\n\t\t\t\t\t\t\t\t\t\t\t<\/a>\n\t\t\t\t\t\t\t\t\t<\/li>\n\t\t\t\t\t\t\t\t<li class=\"elementor-icon-list-item\">\n\t\t\t\t\t\t\t\t\t\t\t<a href=\"#Exterieur\">\n\n\t\t\t\t\t\t\t\t\t\t\t\t<span class=\"elementor-icon-list-icon\">\n\t\t\t\t\t\t\t<i aria-hidden=\"true\" class=\"fas fa-chevron-right\"><\/i>\t\t\t\t\t\t<\/span>\n\t\t\t\t\t\t\t\t\t\t<span class=\"elementor-icon-list-text\">Exterieur<\/span>\n\t\t\t\t\t\t\t\t\t\t\t<\/a>\n\t\t\t\t\t\t\t\t\t<\/li>\n\t\t\t\t\t\t\t\t<li class=\"elementor-icon-list-item\">\n\t\t\t\t\t\t\t\t\t\t\t<a href=\"#Interieur\">\n\n\t\t\t\t\t\t\t\t\t\t\t\t<span class=\"elementor-icon-list-icon\">\n\t\t\t\t\t\t\t<i aria-hidden=\"true\" class=\"fas fa-chevron-right\"><\/i>\t\t\t\t\t\t<\/span>\n\t\t\t\t\t\t\t\t\t\t<span class=\"elementor-icon-list-text\">Interieur<\/span>\n\t\t\t\t\t\t\t\t\t\t\t<\/a>\n\t\t\t\t\t\t\t\t\t<\/li>\n\t\t\t\t\t\t\t\t<li class=\"elementor-icon-list-item\">\n\t\t\t\t\t\t\t\t\t\t\t<a href=\"#Besonderheiten\">\n\n\t\t\t\t\t\t\t\t\t\t\t\t<span class=\"elementor-icon-list-icon\">\n\t\t\t\t\t\t\t<i aria-hidden=\"true\" class=\"fas fa-chevron-right\"><\/i>\t\t\t\t\t\t<\/span>\n\t\t\t\t\t\t\t\t\t\t<span class=\"elementor-icon-list-text\">Besonderheiten <\/span>\n\t\t\t\t\t\t\t\t\t\t\t<\/a>\n\t\t\t\t\t\t\t\t\t<\/li>\n\t\t\t\t\t\t\t\t<li class=\"elementor-icon-list-item\">\n\t\t\t\t\t\t\t\t\t\t\t<a href=\"#kontakt\">\n\n\t\t\t\t\t\t\t\t\t\t\t\t<span class=\"elementor-icon-list-icon\">\n\t\t\t\t\t\t\t<i aria-hidden=\"true\" class=\"fas fa-chevron-right\"><\/i>\t\t\t\t\t\t<\/span>\n\t\t\t\t\t\t\t\t\t\t<span class=\"elementor-icon-list-text\">Kontakt<\/span>\n\t\t\t\t\t\t\t\t\t\t\t<\/a>\n\t\t\t\t\t\t\t\t\t<\/li>\n\t\t\t\t\t\t<\/ul>\n\t\t\t\t\t\t<\/div>\n\t\t\t\t<\/div>\n\t\t\t\t\t<\/div>\n\t\t<\/div>\n\t\t\t\t\t<\/div>\n\t\t<\/section>\n\t\t\t\t\t<\/div>\n\t\t<\/div>\n\t\t\t\t\t<\/div>\n\t\t<\/section>\n\t\t\t\t<section class=\"elementor-section elementor-top-section elementor-element elementor-element-8a6b4e0 elementor-section-boxed elementor-section-height-default elementor-section-height-default wpr-particle-no wpr-jarallax-no wpr-parallax-no wpr-sticky-section-no wpr-equal-height-no\" data-id=\"8a6b4e0\" data-element_type=\"section\" data-e-type=\"section\">\n\t\t\t\t\t\t<div class=\"elementor-container elementor-column-gap-default\">\n\t\t\t\t\t<div class=\"elementor-column elementor-col-100 elementor-top-column elementor-element elementor-element-854d7e9\" data-id=\"854d7e9\" data-element_type=\"column\" data-e-type=\"column\">\n\t\t\t<div class=\"elementor-widget-wrap elementor-element-populated\">\n\t\t\t\t\t\t<div class=\"elementor-element elementor-element-4aec008 elementor-widget elementor-widget-menu-anchor\" data-id=\"4aec008\" data-element_type=\"widget\" data-e-type=\"widget\" data-widget_type=\"menu-anchor.default\">\n\t\t\t\t<div class=\"elementor-widget-container\">\n\t\t\t\t\t\t\t<div class=\"elementor-menu-anchor\" id=\"video\"><\/div>\n\t\t\t\t\t\t<\/div>\n\t\t\t\t<\/div>\n\t\t\t\t\t<\/div>\n\t\t<\/div>\n\t\t\t\t\t<\/div>\n\t\t<\/section>\n\t\t\t\t<section class=\"elementor-section elementor-top-section elementor-element elementor-element-ad79060 elementor-section-boxed elementor-section-height-default elementor-section-height-default wpr-particle-no wpr-jarallax-no wpr-parallax-no wpr-sticky-section-no wpr-equal-height-no\" data-id=\"ad79060\" data-element_type=\"section\" data-e-type=\"section\">\n\t\t\t\t\t\t<div class=\"elementor-container elementor-column-gap-default\">\n\t\t\t\t\t<div class=\"elementor-column elementor-col-50 elementor-top-column elementor-element elementor-element-4c56a8a\" data-id=\"4c56a8a\" data-element_type=\"column\" data-e-type=\"column\">\n\t\t\t<div class=\"elementor-widget-wrap elementor-element-populated\">\n\t\t\t\t\t\t<div class=\"elementor-element elementor-element-a691be8 elementor-widget elementor-widget-text-editor\" data-id=\"a691be8\" data-element_type=\"widget\" data-e-type=\"widget\" data-widget_type=\"text-editor.default\">\n\t\t\t\t<div class=\"elementor-widget-container\">\n\t\t\t\t\t\t\t\t\t<p><span style=\"color: #082c5c;\"><strong>Video<\/strong><\/span><\/p><h1 class=\"style-scope ytd-watch-metadata\">Mercedes VLE [2026]: ALLE INSIDER-INFOS<\/h1><p class=\"\" data-start=\"52\" data-end=\"411\"><span class=\"yt-core-attributed-string--link-inherit-color\" dir=\"auto\">Das erwartet Sie:<\/span><\/p><ul><li data-start=\"52\" data-end=\"411\"><span class=\"yt-core-attributed-string--link-inherit-color\" dir=\"auto\">Motorvarianten <\/span><\/li><li data-start=\"52\" data-end=\"411\"><span class=\"yt-core-attributed-string--link-inherit-color\" dir=\"auto\">Laden &amp; Verbrauch<\/span><\/li><li data-start=\"52\" data-end=\"411\"><span class=\"yt-core-attributed-string--link-inherit-color\" dir=\"auto\">Etwas besonders!<\/span><\/li><li data-start=\"52\" data-end=\"411\"><span class=\"yt-core-attributed-string--link-inherit-color\" dir=\"auto\">technische Highlights<\/span><\/li><li data-start=\"52\" data-end=\"411\"><span class=\"yt-core-attributed-string--link-inherit-color\" dir=\"auto\">Assistenzsysteme <\/span><\/li><li data-start=\"52\" data-end=\"411\"><span class=\"yt-core-attributed-string--link-inherit-color\" dir=\"auto\">Abmessungen <\/span><\/li><li data-start=\"52\" data-end=\"411\"><span class=\"yt-core-attributed-string--link-inherit-color\" dir=\"auto\">Lines <\/span><\/li><li data-start=\"52\" data-end=\"411\"><span class=\"yt-core-attributed-string--link-inherit-color\" dir=\"auto\">Exterieur <\/span><\/li><li data-start=\"52\" data-end=\"411\"><span class=\"yt-core-attributed-string--link-inherit-color\" dir=\"auto\">Pakete <\/span><\/li><li data-start=\"52\" data-end=\"411\"><span class=\"yt-core-attributed-string--link-inherit-color\" dir=\"auto\">Interieur <\/span><\/li><li data-start=\"52\" data-end=\"411\"><span class=\"yt-core-attributed-string--link-inherit-color\" dir=\"auto\">VLS<\/span><\/li><\/ul>\t\t\t\t\t\t\t\t<\/div>\n\t\t\t\t<\/div>\n\t\t\t\t\t<\/div>\n\t\t<\/div>\n\t\t\t\t<div class=\"elementor-column elementor-col-50 elementor-top-column elementor-element elementor-element-279c139\" data-id=\"279c139\" data-element_type=\"column\" data-e-type=\"column\">\n\t\t\t<div class=\"elementor-widget-wrap elementor-element-populated\">\n\t\t\t\t\t\t<div class=\"elementor-element elementor-element-05b1990 elementor-widget elementor-widget-wp-widget-wylwidget\" data-id=\"05b1990\" data-element_type=\"widget\" data-e-type=\"widget\" data-widget_type=\"wp-widget-wylwidget.default\">\n\t\t\t\t<div class=\"elementor-widget-container\">\n\t\t\t\t\t                        <div class=\"lyte-wrapper lidget\" style=\"width:711px; height:400px; min-width:200px; max-width:100%;\"><div class=\"lyMe\" id=\"YLW_Ew3OjajOwWo\"><div id=\"lyte_Ew3OjajOwWo\" data-src=\"https:\/\/www.sueverkruep.de\/mercedes-benz\/wp-content\/plugins\/wp-youtube-lyte\/lyteCache.php?origThumbUrl=https%3A%2F%2Fimg.youtube.com%2Fvi%2FEw3OjajOwWo%2Fhqdefault.jpg\" class=\"pL\"><div class=\"play\"><\/div><div class=\"ctrl\"><div class=\"Lctrl\"><\/div><\/div><\/div><\/div><noscript><a href=\"https:\/\/youtu.be\/Ew3OjajOwWo\"><img decoding=\"async\" src=\"https:\/\/www.sueverkruep.de\/mercedes-benz\/wp-content\/plugins\/wp-youtube-lyte\/lyteCache.php?origThumbUrl=https%3A%2F%2Fimg.youtube.com%2Fvi%2FEw3OjajOwWo%2Fhqdefault.jpg\" alt=\"\" \/><\/a><\/noscript><\/div>\n        <div><\/div>\n                \t\t\t\t<\/div>\n\t\t\t\t<\/div>\n\t\t\t\t\t<\/div>\n\t\t<\/div>\n\t\t\t\t\t<\/div>\n\t\t<\/section>\n\t\t\t\t<section class=\"elementor-section elementor-top-section elementor-element elementor-element-61d5233 elementor-section-boxed elementor-section-height-default elementor-section-height-default wpr-particle-no wpr-jarallax-no wpr-parallax-no wpr-sticky-section-no wpr-equal-height-no\" data-id=\"61d5233\" data-element_type=\"section\" data-e-type=\"section\">\n\t\t\t\t\t\t<div class=\"elementor-container elementor-column-gap-default\">\n\t\t\t\t\t<div class=\"elementor-column elementor-col-100 elementor-top-column elementor-element elementor-element-0eebea9\" data-id=\"0eebea9\" data-element_type=\"column\" data-e-type=\"column\">\n\t\t\t<div class=\"elementor-widget-wrap elementor-element-populated\">\n\t\t\t\t\t\t<div class=\"elementor-element elementor-element-9843d1e elementor-widget elementor-widget-menu-anchor\" data-id=\"9843d1e\" data-element_type=\"widget\" data-e-type=\"widget\" data-widget_type=\"menu-anchor.default\">\n\t\t\t\t<div class=\"elementor-widget-container\">\n\t\t\t\t\t\t\t<div class=\"elementor-menu-anchor\" id=\"Exterieur\"><\/div>\n\t\t\t\t\t\t<\/div>\n\t\t\t\t<\/div>\n\t\t\t\t\t<\/div>\n\t\t<\/div>\n\t\t\t\t\t<\/div>\n\t\t<\/section>\n\t\t\t\t<section class=\"elementor-section elementor-top-section elementor-element elementor-element-fa4d2c3 elementor-section-boxed elementor-section-height-default elementor-section-height-default wpr-particle-no wpr-jarallax-no wpr-parallax-no wpr-sticky-section-no wpr-equal-height-no\" data-id=\"fa4d2c3\" data-element_type=\"section\" data-e-type=\"section\">\n\t\t\t\t\t\t<div class=\"elementor-container elementor-column-gap-default\">\n\t\t\t\t\t<div class=\"elementor-column elementor-col-50 elementor-top-column elementor-element elementor-element-5a9e84b\" data-id=\"5a9e84b\" data-element_type=\"column\" data-e-type=\"column\">\n\t\t\t<div class=\"elementor-widget-wrap elementor-element-populated\">\n\t\t\t\t\t\t<div class=\"elementor-element elementor-element-d7c068c elementor-widget elementor-widget-text-editor\" data-id=\"d7c068c\" data-element_type=\"widget\" data-e-type=\"widget\" data-widget_type=\"text-editor.default\">\n\t\t\t\t<div class=\"elementor-widget-container\">\n\t\t\t\t\t\t\t\t\t<h2 data-start=\"826\" data-end=\"845\"><strong data-start=\"830\" data-end=\"843\">Exterieur<\/strong><\/h2><p data-start=\"846\" data-end=\"1385\">Souver\u00e4nes Design mit Charakter. Die markante Front des <span class=\"hover:entity-accent entity-underline inline cursor-pointer align-baseline\"><span class=\"whitespace-normal\">Mercedes-Benz VLE<\/span><\/span> strahlt <strong data-start=\"690\" data-end=\"712\">klare Souver\u00e4nit\u00e4t<\/strong> aus und unterstreicht seine Zugeh\u00f6rigkeit zur neuesten Generation elektrischer Fahrzeuge, w\u00e4hrend der neu interpretierte K\u00fchlergrill und ikonische Designelemente einen <strong data-start=\"881\" data-end=\"911\">unverwechselbaren Auftritt<\/strong> schaffen. Die aerodynamisch geformte Silhouette geht flie\u00dfend in ein expressives Heck mit bogenf\u00f6rmigen R\u00fcckleuchten \u00fcber, erg\u00e4nzt durch gro\u00dfe Leichtmetallr\u00e4der, die der Grand Limousine eine kraftvolle und zugleich elegante Pr\u00e4senz verleihen.<\/p>\t\t\t\t\t\t\t\t<\/div>\n\t\t\t\t<\/div>\n\t\t\t\t\t<\/div>\n\t\t<\/div>\n\t\t\t\t<div class=\"elementor-column elementor-col-50 elementor-top-column elementor-element elementor-element-e9fe47b\" data-id=\"e9fe47b\" data-element_type=\"column\" data-e-type=\"column\">\n\t\t\t<div class=\"elementor-widget-wrap elementor-element-populated\">\n\t\t\t\t\t\t<div class=\"elementor-element elementor-element-e8dfd9f elementor--h-position-center elementor--v-position-middle elementor-arrows-position-inside elementor-pagination-position-inside elementor-widget elementor-widget-slides\" data-id=\"e8dfd9f\" data-element_type=\"widget\" data-e-type=\"widget\" data-settings=\"{&quot;navigation&quot;:&quot;both&quot;,&quot;autoplay&quot;:&quot;yes&quot;,&quot;pause_on_hover&quot;:&quot;yes&quot;,&quot;pause_on_interaction&quot;:&quot;yes&quot;,&quot;autoplay_speed&quot;:5000,&quot;infinite&quot;:&quot;yes&quot;,&quot;transition&quot;:&quot;slide&quot;,&quot;transition_speed&quot;:500}\" data-widget_type=\"slides.default\">\n\t\t\t\t<div class=\"elementor-widget-container\">\n\t\t\t\t\t\t\t\t\t<div class=\"elementor-swiper\">\n\t\t\t\t\t<div class=\"elementor-slides-wrapper elementor-main-swiper swiper\" role=\"region\" aria-roledescription=\"carousel\" aria-label=\"Slider\" dir=\"ltr\" data-animation=\"fadeInUp\">\n\t\t\t\t<div class=\"swiper-wrapper elementor-slides\">\n\t\t\t\t\t\t\t\t\t\t<div class=\"elementor-repeater-item-aebbb3c swiper-slide\" role=\"group\" aria-roledescription=\"slide\"><div class=\"swiper-slide-bg\" role=\"img\" aria-label=\"Mercedes-Benz VLE vorschaubild (1)\"><\/div><div class=\"swiper-slide-inner\" ><div class=\"swiper-slide-contents\"><\/div><\/div><\/div><div class=\"elementor-repeater-item-245e314 swiper-slide\" role=\"group\" aria-roledescription=\"slide\"><div class=\"swiper-slide-bg\" role=\"img\" aria-label=\"Mercedes-Benz VLE vorschaubild (2)\"><\/div><div class=\"swiper-slide-inner\" ><div class=\"swiper-slide-contents\"><\/div><\/div><\/div><div class=\"elementor-repeater-item-6155ff8 swiper-slide\" role=\"group\" aria-roledescription=\"slide\"><div class=\"swiper-slide-bg\" role=\"img\" aria-label=\"Mercedes-Benz VLE vorschaubild (3)\"><\/div><div class=\"swiper-slide-inner\" ><div class=\"swiper-slide-contents\"><\/div><\/div><\/div>\t\t\t\t<\/div>\n\t\t\t\t\t\t\t\t\t\t\t\t\t\t\t<div class=\"elementor-swiper-button elementor-swiper-button-prev\" role=\"button\" tabindex=\"0\" aria-label=\"Vorheriger Slide\">\n\t\t\t\t\t\t\t<i aria-hidden=\"true\" class=\"eicon-chevron-left\"><\/i>\t\t\t\t\t\t<\/div>\n\t\t\t\t\t\t<div class=\"elementor-swiper-button elementor-swiper-button-next\" role=\"button\" tabindex=\"0\" aria-label=\"N\u00e4chster Slide\">\n\t\t\t\t\t\t\t<i aria-hidden=\"true\" class=\"eicon-chevron-right\"><\/i>\t\t\t\t\t\t<\/div>\n\t\t\t\t\t\t\t\t\t\t\t\t\t\t\t\t<div class=\"swiper-pagination\"><\/div>\n\t\t\t\t\t\t\t\t\t\t\t\t<\/div>\n\t\t\t\t<\/div>\n\t\t\t\t\t\t\t\t<\/div>\n\t\t\t\t<\/div>\n\t\t\t\t\t<\/div>\n\t\t<\/div>\n\t\t\t\t\t<\/div>\n\t\t<\/section>\n\t\t\t\t<section class=\"elementor-section elementor-top-section elementor-element elementor-element-41303128 elementor-section-boxed elementor-section-height-default elementor-section-height-default wpr-particle-no wpr-jarallax-no wpr-parallax-no wpr-sticky-section-no wpr-equal-height-no\" data-id=\"41303128\" data-element_type=\"section\" data-e-type=\"section\">\n\t\t\t\t\t\t<div class=\"elementor-container elementor-column-gap-default\">\n\t\t\t\t\t<div class=\"elementor-column elementor-col-100 elementor-top-column elementor-element elementor-element-b83977f\" data-id=\"b83977f\" data-element_type=\"column\" data-e-type=\"column\">\n\t\t\t<div class=\"elementor-widget-wrap elementor-element-populated\">\n\t\t\t\t\t\t<div class=\"elementor-element elementor-element-3fd64e3f elementor-widget elementor-widget-menu-anchor\" data-id=\"3fd64e3f\" data-element_type=\"widget\" data-e-type=\"widget\" data-widget_type=\"menu-anchor.default\">\n\t\t\t\t<div class=\"elementor-widget-container\">\n\t\t\t\t\t\t\t<div class=\"elementor-menu-anchor\" id=\"Interieur\"><\/div>\n\t\t\t\t\t\t<\/div>\n\t\t\t\t<\/div>\n\t\t\t\t\t<\/div>\n\t\t<\/div>\n\t\t\t\t\t<\/div>\n\t\t<\/section>\n\t\t\t\t<section class=\"elementor-section elementor-top-section elementor-element elementor-element-901e4de elementor-section-boxed elementor-section-height-default elementor-section-height-default wpr-particle-no wpr-jarallax-no wpr-parallax-no wpr-sticky-section-no wpr-equal-height-no\" data-id=\"901e4de\" data-element_type=\"section\" data-e-type=\"section\">\n\t\t\t\t\t\t<div class=\"elementor-container elementor-column-gap-default\">\n\t\t\t\t\t<div class=\"elementor-column elementor-col-50 elementor-top-column elementor-element elementor-element-51b2bad2\" data-id=\"51b2bad2\" data-element_type=\"column\" data-e-type=\"column\">\n\t\t\t<div class=\"elementor-widget-wrap elementor-element-populated\">\n\t\t\t\t\t\t<div class=\"elementor-element elementor-element-821dae8 elementor-hidden-desktop elementor-hidden-tablet_extra elementor-hidden-tablet elementor-widget elementor-widget-text-editor\" data-id=\"821dae8\" data-element_type=\"widget\" data-e-type=\"widget\" data-widget_type=\"text-editor.default\">\n\t\t\t\t<div class=\"elementor-widget-container\">\n\t\t\t\t\t\t\t\t\t<h2 data-start=\"1392\" data-end=\"1411\"><strong data-start=\"1396\" data-end=\"1409\">Interieur<\/strong><\/h2><p data-start=\"1412\" data-end=\"2078\">Raumkomfort auf h\u00f6chstem Niveau. Im Innenraum des <span class=\"hover:entity-accent entity-underline inline cursor-pointer align-baseline\"><span class=\"whitespace-normal\">Mercedes-Benz VLE<\/span><\/span> erwartet Dich ein <strong data-start=\"1301\" data-end=\"1323\">digitales Erlebnis<\/strong> der Extraklasse, gepr\u00e4gt vom MBUX Superscreen mit mehreren Displays unter einer eleganten Glasfl\u00e4che. Flexible Mittelkonsolen bieten praktische L\u00f6sungen f\u00fcr Alltag und Reise, w\u00e4hrend der gro\u00dfz\u00fcgige Fond mit variablen Sitzkonfigurationen und zahlreichen Komfortfeatures zu einem echten <strong data-start=\"1609\" data-end=\"1635\">Raum der M\u00f6glichkeiten<\/strong> wird. Hochwertige Materialien, durchdachte Funktionen und moderne Konnektivit\u00e4t sorgen f\u00fcr ein Ambiente, das sowohl Entspannung als auch produktives Arbeiten unterwegs erm\u00f6glicht.<\/p>\t\t\t\t\t\t\t\t<\/div>\n\t\t\t\t<\/div>\n\t\t\t\t<div class=\"elementor-element elementor-element-2874aa28 elementor--h-position-center elementor--v-position-middle elementor-arrows-position-inside elementor-pagination-position-inside elementor-widget elementor-widget-slides\" data-id=\"2874aa28\" data-element_type=\"widget\" data-e-type=\"widget\" data-settings=\"{&quot;navigation&quot;:&quot;both&quot;,&quot;autoplay&quot;:&quot;yes&quot;,&quot;pause_on_hover&quot;:&quot;yes&quot;,&quot;pause_on_interaction&quot;:&quot;yes&quot;,&quot;autoplay_speed&quot;:5000,&quot;infinite&quot;:&quot;yes&quot;,&quot;transition&quot;:&quot;slide&quot;,&quot;transition_speed&quot;:500}\" data-widget_type=\"slides.default\">\n\t\t\t\t<div class=\"elementor-widget-container\">\n\t\t\t\t\t\t\t\t\t<div class=\"elementor-swiper\">\n\t\t\t\t\t<div class=\"elementor-slides-wrapper elementor-main-swiper swiper\" role=\"region\" aria-roledescription=\"carousel\" aria-label=\"Slider\" dir=\"ltr\" data-animation=\"fadeInUp\">\n\t\t\t\t<div class=\"swiper-wrapper elementor-slides\">\n\t\t\t\t\t\t\t\t\t\t<div class=\"elementor-repeater-item-c39b4a7 swiper-slide\" role=\"group\" aria-roledescription=\"slide\"><div class=\"swiper-slide-bg\" role=\"img\" aria-label=\"Mercedes-Benz VLE vorschaubild (7)\"><\/div><div class=\"swiper-slide-inner\" ><div class=\"swiper-slide-contents\"><\/div><\/div><\/div><div class=\"elementor-repeater-item-6fae07a swiper-slide\" role=\"group\" aria-roledescription=\"slide\"><div class=\"swiper-slide-bg\" role=\"img\" aria-label=\"Mercedes-Benz VLE vorschaubild (6)\"><\/div><div class=\"swiper-slide-inner\" ><div class=\"swiper-slide-contents\"><\/div><\/div><\/div><div class=\"elementor-repeater-item-d105fd2 swiper-slide\" role=\"group\" aria-roledescription=\"slide\"><div class=\"swiper-slide-bg\" role=\"img\" aria-label=\"Mercedes-Benz VLE vorschaubild (5)\"><\/div><div class=\"swiper-slide-inner\" ><div class=\"swiper-slide-contents\"><\/div><\/div><\/div>\t\t\t\t<\/div>\n\t\t\t\t\t\t\t\t\t\t\t\t\t\t\t<div class=\"elementor-swiper-button elementor-swiper-button-prev\" role=\"button\" tabindex=\"0\" aria-label=\"Vorheriger Slide\">\n\t\t\t\t\t\t\t<i aria-hidden=\"true\" class=\"eicon-chevron-left\"><\/i>\t\t\t\t\t\t<\/div>\n\t\t\t\t\t\t<div class=\"elementor-swiper-button elementor-swiper-button-next\" role=\"button\" tabindex=\"0\" aria-label=\"N\u00e4chster Slide\">\n\t\t\t\t\t\t\t<i aria-hidden=\"true\" class=\"eicon-chevron-right\"><\/i>\t\t\t\t\t\t<\/div>\n\t\t\t\t\t\t\t\t\t\t\t\t\t\t\t\t<div class=\"swiper-pagination\"><\/div>\n\t\t\t\t\t\t\t\t\t\t\t\t<\/div>\n\t\t\t\t<\/div>\n\t\t\t\t\t\t\t\t<\/div>\n\t\t\t\t<\/div>\n\t\t\t\t\t<\/div>\n\t\t<\/div>\n\t\t\t\t<div class=\"elementor-column elementor-col-50 elementor-top-column elementor-element elementor-element-2e727522\" data-id=\"2e727522\" data-element_type=\"column\" data-e-type=\"column\">\n\t\t\t<div class=\"elementor-widget-wrap elementor-element-populated\">\n\t\t\t\t\t\t<div class=\"elementor-element elementor-element-19d43697 elementor-hidden-mobile_extra elementor-hidden-mobile elementor-widget elementor-widget-text-editor\" data-id=\"19d43697\" data-element_type=\"widget\" data-e-type=\"widget\" data-widget_type=\"text-editor.default\">\n\t\t\t\t<div class=\"elementor-widget-container\">\n\t\t\t\t\t\t\t\t\t<h2 data-start=\"1392\" data-end=\"1411\"><strong data-start=\"1396\" data-end=\"1409\">Interieur<\/strong><\/h2><p data-start=\"1412\" data-end=\"2078\">Raumkomfort auf h\u00f6chstem Niveau. Im Innenraum des <span class=\"hover:entity-accent entity-underline inline cursor-pointer align-baseline\"><span class=\"whitespace-normal\">Mercedes-Benz VLE<\/span><\/span> erwartet Dich ein <strong data-start=\"1301\" data-end=\"1323\">digitales Erlebnis<\/strong> der Extraklasse, gepr\u00e4gt vom MBUX Superscreen mit mehreren Displays unter einer eleganten Glasfl\u00e4che. Flexible Mittelkonsolen bieten praktische L\u00f6sungen f\u00fcr Alltag und Reise, w\u00e4hrend der gro\u00dfz\u00fcgige Fond mit variablen Sitzkonfigurationen und zahlreichen Komfortfeatures zu einem echten <strong data-start=\"1609\" data-end=\"1635\">Raum der M\u00f6glichkeiten<\/strong> wird. Hochwertige Materialien, durchdachte Funktionen und moderne Konnektivit\u00e4t sorgen f\u00fcr ein Ambiente, das sowohl Entspannung als auch produktives Arbeiten unterwegs erm\u00f6glicht.<\/p>\t\t\t\t\t\t\t\t<\/div>\n\t\t\t\t<\/div>\n\t\t\t\t\t<\/div>\n\t\t<\/div>\n\t\t\t\t\t<\/div>\n\t\t<\/section>\n\t\t\t\t<section class=\"elementor-section elementor-top-section elementor-element elementor-element-55aac013 elementor-section-boxed elementor-section-height-default elementor-section-height-default wpr-particle-no wpr-jarallax-no wpr-parallax-no wpr-sticky-section-no wpr-equal-height-no\" data-id=\"55aac013\" data-element_type=\"section\" data-e-type=\"section\">\n\t\t\t\t\t\t<div class=\"elementor-container elementor-column-gap-default\">\n\t\t\t\t\t<div class=\"elementor-column elementor-col-100 elementor-top-column elementor-element elementor-element-6b9aa7a9\" data-id=\"6b9aa7a9\" data-element_type=\"column\" data-e-type=\"column\">\n\t\t\t<div class=\"elementor-widget-wrap elementor-element-populated\">\n\t\t\t\t\t\t<div class=\"elementor-element elementor-element-1f3f0705 elementor-widget elementor-widget-menu-anchor\" data-id=\"1f3f0705\" data-element_type=\"widget\" data-e-type=\"widget\" data-widget_type=\"menu-anchor.default\">\n\t\t\t\t<div class=\"elementor-widget-container\">\n\t\t\t\t\t\t\t<div class=\"elementor-menu-anchor\" id=\"Besonderheiten\"><\/div>\n\t\t\t\t\t\t<\/div>\n\t\t\t\t<\/div>\n\t\t\t\t\t<\/div>\n\t\t<\/div>\n\t\t\t\t\t<\/div>\n\t\t<\/section>\n\t\t\t\t<section class=\"elementor-section elementor-top-section elementor-element elementor-element-ae21a70 elementor-section-boxed elementor-section-height-default elementor-section-height-default wpr-particle-no wpr-jarallax-no wpr-parallax-no wpr-sticky-section-no wpr-equal-height-no\" data-id=\"ae21a70\" data-element_type=\"section\" data-e-type=\"section\">\n\t\t\t\t\t\t<div class=\"elementor-container elementor-column-gap-default\">\n\t\t\t\t\t<div class=\"elementor-column elementor-col-50 elementor-top-column elementor-element elementor-element-22c514e6\" data-id=\"22c514e6\" data-element_type=\"column\" data-e-type=\"column\">\n\t\t\t<div class=\"elementor-widget-wrap elementor-element-populated\">\n\t\t\t\t\t\t<div class=\"elementor-element elementor-element-5a9584c2 elementor-widget elementor-widget-text-editor\" data-id=\"5a9584c2\" data-element_type=\"widget\" data-e-type=\"widget\" data-widget_type=\"text-editor.default\">\n\t\t\t\t<div class=\"elementor-widget-container\">\n\t\t\t\t\t\t\t\t\t<h2 data-start=\"2085\" data-end=\"2109\"><strong data-start=\"2089\" data-end=\"2107\">Besonderheiten<\/strong><\/h2><p data-start=\"2110\" data-end=\"2892\">Intelligente Technologien und beeindruckender Klang machen den <span class=\"hover:entity-accent entity-underline inline cursor-pointer align-baseline\"><span class=\"whitespace-normal\">Mercedes-Benz VLE<\/span><\/span> zu einem echten Highlight, denn die optionale MBUX Rear Space Experience mit ausfahrbarem Gro\u00dfdisplay bietet ein v\u00f6llig neues Niveau an <strong data-start=\"2110\" data-end=\"2134\">Infotainment im Fond<\/strong> und erm\u00f6glicht Unterhaltung, Arbeit und Kommunikation gleichzeitig. Erg\u00e4nzt wird dieses Erlebnis durch ein <strong data-start=\"2242\" data-end=\"2279\">Burmester 3D-Surround-Soundsystem<\/strong> mit 22 Lautsprechern und Dolby Atmos, das jede Fahrt zu einem akustischen Erlebnis macht und den Innenraum in eine B\u00fchne f\u00fcr erstklassigen Sound verwandelt.<\/p>\t\t\t\t\t\t\t\t<\/div>\n\t\t\t\t<\/div>\n\t\t\t\t\t<\/div>\n\t\t<\/div>\n\t\t\t\t<div class=\"elementor-column elementor-col-50 elementor-top-column elementor-element elementor-element-72520c69\" data-id=\"72520c69\" data-element_type=\"column\" data-e-type=\"column\">\n\t\t\t<div class=\"elementor-widget-wrap elementor-element-populated\">\n\t\t\t\t\t\t<div class=\"elementor-element elementor-element-8aee500 elementor--h-position-center elementor--v-position-middle elementor-arrows-position-inside elementor-pagination-position-inside elementor-widget elementor-widget-slides\" data-id=\"8aee500\" data-element_type=\"widget\" data-e-type=\"widget\" data-settings=\"{&quot;navigation&quot;:&quot;both&quot;,&quot;autoplay&quot;:&quot;yes&quot;,&quot;pause_on_hover&quot;:&quot;yes&quot;,&quot;pause_on_interaction&quot;:&quot;yes&quot;,&quot;autoplay_speed&quot;:5000,&quot;infinite&quot;:&quot;yes&quot;,&quot;transition&quot;:&quot;slide&quot;,&quot;transition_speed&quot;:500}\" data-widget_type=\"slides.default\">\n\t\t\t\t<div class=\"elementor-widget-container\">\n\t\t\t\t\t\t\t\t\t<div class=\"elementor-swiper\">\n\t\t\t\t\t<div class=\"elementor-slides-wrapper elementor-main-swiper swiper\" role=\"region\" aria-roledescription=\"carousel\" aria-label=\"Slider\" dir=\"ltr\" data-animation=\"fadeInUp\">\n\t\t\t\t<div class=\"swiper-wrapper elementor-slides\">\n\t\t\t\t\t\t\t\t\t\t<div class=\"elementor-repeater-item-d6524de swiper-slide\" role=\"group\" aria-roledescription=\"slide\"><div class=\"swiper-slide-bg\" role=\"img\" aria-label=\"Mercedes-Benz VLE vorschaubild (4)\"><\/div><div class=\"swiper-slide-inner\" ><div class=\"swiper-slide-contents\"><\/div><\/div><\/div>\t\t\t\t<\/div>\n\t\t\t\t\t\t\t<\/div>\n\t\t\t\t<\/div>\n\t\t\t\t\t\t\t\t<\/div>\n\t\t\t\t<\/div>\n\t\t\t\t\t<\/div>\n\t\t<\/div>\n\t\t\t\t\t<\/div>\n\t\t<\/section>\n\t\t\t\t<section class=\"elementor-section elementor-top-section elementor-element elementor-element-5fafe031 elementor-section-content-middle elementor-section-boxed elementor-section-height-default elementor-section-height-default wpr-particle-no wpr-jarallax-no wpr-parallax-no wpr-sticky-section-no wpr-equal-height-no\" data-id=\"5fafe031\" data-element_type=\"section\" data-e-type=\"section\" data-settings=\"{&quot;background_background&quot;:&quot;classic&quot;}\">\n\t\t\t\t\t\t<div class=\"elementor-container elementor-column-gap-default\">\n\t\t\t\t\t<div class=\"elementor-column elementor-col-100 elementor-top-column elementor-element elementor-element-555b78cb\" data-id=\"555b78cb\" data-element_type=\"column\" data-e-type=\"column\">\n\t\t\t<div class=\"elementor-widget-wrap elementor-element-populated\">\n\t\t\t\t\t\t<div class=\"elementor-element elementor-element-67dffefc elementor-widget elementor-widget-menu-anchor\" data-id=\"67dffefc\" data-element_type=\"widget\" data-e-type=\"widget\" data-widget_type=\"menu-anchor.default\">\n\t\t\t\t<div class=\"elementor-widget-container\">\n\t\t\t\t\t\t\t<div class=\"elementor-menu-anchor\" id=\"kontakt\"><\/div>\n\t\t\t\t\t\t<\/div>\n\t\t\t\t<\/div>\n\t\t\t\t<div class=\"elementor-element elementor-element-46e7998b elementor-widget elementor-widget-heading\" data-id=\"46e7998b\" data-element_type=\"widget\" data-e-type=\"widget\" data-widget_type=\"heading.default\">\n\t\t\t\t<div class=\"elementor-widget-container\">\n\t\t\t\t\t<div class=\"elementor-heading-title elementor-size-default\">Kontakt<\/div>\t\t\t\t<\/div>\n\t\t\t\t<\/div>\n\t\t\t\t<div class=\"elementor-element elementor-element-3a931e24 elementor-widget elementor-widget-text-editor\" data-id=\"3a931e24\" data-element_type=\"widget\" data-e-type=\"widget\" data-widget_type=\"text-editor.default\">\n\t\t\t\t<div class=\"elementor-widget-container\">\n\t\t\t\t\t\t\t\t\t<p>Kontaktieren Sie uns \u00fcber das Formular oder sprechen Sie mit einem unserer Mercedes-Benz Spezialisten bei Fragen und f\u00fcr Unterst\u00fctzung bei Ihrer Auswahl. Wir freuen uns auf Ihre Kontaktaufnahme.<\/p>\t\t\t\t\t\t\t\t<\/div>\n\t\t\t\t<\/div>\n\t\t\t\t\t<\/div>\n\t\t<\/div>\n\t\t\t\t\t<\/div>\n\t\t<\/section>\n\t\t\t\t<section class=\"elementor-section elementor-top-section elementor-element elementor-element-518fe3c1 elementor-section-boxed elementor-section-height-default elementor-section-height-default wpr-particle-no wpr-jarallax-no wpr-parallax-no wpr-sticky-section-no wpr-equal-height-no\" data-id=\"518fe3c1\" data-element_type=\"section\" data-e-type=\"section\" data-settings=\"{&quot;background_background&quot;:&quot;classic&quot;}\">\n\t\t\t\t\t\t<div class=\"elementor-container elementor-column-gap-default\">\n\t\t\t\t\t<div class=\"elementor-column elementor-col-100 elementor-top-column elementor-element elementor-element-1bf7df50\" data-id=\"1bf7df50\" data-element_type=\"column\" data-e-type=\"column\">\n\t\t\t<div class=\"elementor-widget-wrap elementor-element-populated\">\n\t\t\t\t\t\t<div class=\"elementor-element elementor-element-235ecab3 elementor-widget elementor-widget-text-editor\" data-id=\"235ecab3\" data-element_type=\"widget\" data-e-type=\"widget\" data-widget_type=\"text-editor.default\">\n\t\t\t\t<div class=\"elementor-widget-container\">\n\t\t\t\t\t\t\t\t\t<div id=\"chat_text\"><div id=\"msg_365-45954.434770\" class=\"bubbleleft\"><div id=\"inner_365-45954.434770\" class=\"triangle-isosceles left\"><div id=\"text_365-45954.434770\">\n<div class=\"wpcf7 no-js\" id=\"wpcf7-f25073-o1\" lang=\"de-DE\" dir=\"ltr\" data-wpcf7-id=\"25073\">\n<div class=\"screen-reader-response\"><p role=\"status\" aria-live=\"polite\" aria-atomic=\"true\"><\/p> <ul><\/ul><\/div>\n<form action=\"\/mercedes-benz\/wp-json\/wp\/v2\/pages\/31067#wpcf7-f25073-o1\" method=\"post\" class=\"wpcf7-form init\" aria-label=\"Kontaktformular\" novalidate=\"novalidate\" data-status=\"init\">\n<fieldset class=\"hidden-fields-container\"><input type=\"hidden\" name=\"_wpcf7\" value=\"25073\" \/><input type=\"hidden\" name=\"_wpcf7_version\" value=\"6.1.5\" \/><input type=\"hidden\" name=\"_wpcf7_locale\" value=\"de_DE\" \/><input type=\"hidden\" name=\"_wpcf7_unit_tag\" value=\"wpcf7-f25073-o1\" \/><input type=\"hidden\" name=\"_wpcf7_container_post\" value=\"0\" \/><input type=\"hidden\" name=\"_wpcf7_posted_data_hash\" value=\"\" \/><input type=\"hidden\" name=\"_wpcf7dtx_version\" value=\"5.0.5\" \/><input type=\"hidden\" name=\"_wpcf7cf_hidden_group_fields\" value=\"[]\" \/><input type=\"hidden\" name=\"_wpcf7cf_hidden_groups\" value=\"[]\" \/><input type=\"hidden\" name=\"_wpcf7cf_visible_groups\" value=\"[]\" \/><input type=\"hidden\" name=\"_wpcf7cf_repeaters\" value=\"[]\" \/><input type=\"hidden\" name=\"_wpcf7cf_steps\" value=\"{}\" \/><input type=\"hidden\" name=\"_wpcf7cf_options\" value=\"{&quot;form_id&quot;:25073,&quot;conditions&quot;:[{&quot;then_field&quot;:&quot;-1&quot;,&quot;and_rules&quot;:[{&quot;if_field&quot;:&quot;-1&quot;,&quot;operator&quot;:&quot;equals&quot;,&quot;if_value&quot;:&quot;https:\\\/\\\/www.sueverkruep.de\\\/mercedes-benz\\\/mercedes-benz\\\/citan\\\/&quot;}]},{&quot;then_field&quot;:&quot;-1&quot;,&quot;and_rules&quot;:[{&quot;if_field&quot;:&quot;-1&quot;,&quot;operator&quot;:&quot;equals&quot;,&quot;if_value&quot;:&quot;https:\\\/\\\/www.sueverkruep.de\\\/mercedes-benz\\\/mercedes-benz\\\/citan-tourer\\\/&quot;}]},{&quot;then_field&quot;:&quot;-1&quot;,&quot;and_rules&quot;:[{&quot;if_field&quot;:&quot;-1&quot;,&quot;operator&quot;:&quot;equals&quot;,&quot;if_value&quot;:&quot;https:\\\/\\\/www.sueverkruep.de\\\/mercedes-benz\\\/mercedes-benz\\\/eqt\\\/&quot;}]},{&quot;then_field&quot;:&quot;-1&quot;,&quot;and_rules&quot;:[{&quot;if_field&quot;:&quot;-1&quot;,&quot;operator&quot;:&quot;equals&quot;,&quot;if_value&quot;:&quot;https:\\\/\\\/www.sueverkruep.de\\\/mercedes-benz\\\/mercedes-benz\\\/eqv\\\/&quot;}]},{&quot;then_field&quot;:&quot;-1&quot;,&quot;and_rules&quot;:[{&quot;if_field&quot;:&quot;-1&quot;,&quot;operator&quot;:&quot;equals&quot;,&quot;if_value&quot;:&quot;https:\\\/\\\/www.sueverkruep.de\\\/mercedes-benz\\\/mercedes-benz\\\/sprinter-fahrgestell\\\/&quot;}]},{&quot;then_field&quot;:&quot;-1&quot;,&quot;and_rules&quot;:[{&quot;if_field&quot;:&quot;-1&quot;,&quot;operator&quot;:&quot;equals&quot;,&quot;if_value&quot;:&quot;https:\\\/\\\/www.sueverkruep.de\\\/mercedes-benz\\\/mercedes-benz\\\/sprinter-kastenwagen\\\/&quot;}]},{&quot;then_field&quot;:&quot;-1&quot;,&quot;and_rules&quot;:[{&quot;if_field&quot;:&quot;-1&quot;,&quot;operator&quot;:&quot;equals&quot;,&quot;if_value&quot;:&quot;https:\\\/\\\/www.sueverkruep.de\\\/mercedes-benz\\\/mercedes-benz\\\/sprinter-pritschenfahrzeug\\\/&quot;}]},{&quot;then_field&quot;:&quot;-1&quot;,&quot;and_rules&quot;:[{&quot;if_field&quot;:&quot;-1&quot;,&quot;operator&quot;:&quot;equals&quot;,&quot;if_value&quot;:&quot;https:\\\/\\\/www.sueverkruep.de\\\/mercedes-benz\\\/mercedes-benz\\\/sprinter-tourer\\\/&quot;}]},{&quot;then_field&quot;:&quot;-1&quot;,&quot;and_rules&quot;:[{&quot;if_field&quot;:&quot;-1&quot;,&quot;operator&quot;:&quot;equals&quot;,&quot;if_value&quot;:&quot;https:\\\/\\\/www.sueverkruep.de\\\/mercedes-benz\\\/mercedes-benz\\\/esprinter-kastenwagen\\\/&quot;}]},{&quot;then_field&quot;:&quot;-1&quot;,&quot;and_rules&quot;:[{&quot;if_field&quot;:&quot;-1&quot;,&quot;operator&quot;:&quot;equals&quot;,&quot;if_value&quot;:&quot;https:\\\/\\\/www.sueverkruep.de\\\/mercedes-benz\\\/mercedes-benz\\\/t-klasse\\\/&quot;}]},{&quot;then_field&quot;:&quot;-1&quot;,&quot;and_rules&quot;:[{&quot;if_field&quot;:&quot;-1&quot;,&quot;operator&quot;:&quot;equals&quot;,&quot;if_value&quot;:&quot;https:\\\/\\\/www.sueverkruep.de\\\/mercedes-benz\\\/mercedes-benz\\\/v-klasse\\\/&quot;}]},{&quot;then_field&quot;:&quot;-1&quot;,&quot;and_rules&quot;:[{&quot;if_field&quot;:&quot;-1&quot;,&quot;operator&quot;:&quot;equals&quot;,&quot;if_value&quot;:&quot;https:\\\/\\\/www.sueverkruep.de\\\/mercedes-benz\\\/mercedes-benz\\\/v-klasse-marco-polo\\\/&quot;}]},{&quot;then_field&quot;:&quot;-1&quot;,&quot;and_rules&quot;:[{&quot;if_field&quot;:&quot;-1&quot;,&quot;operator&quot;:&quot;equals&quot;,&quot;if_value&quot;:&quot;https:\\\/\\\/www.sueverkruep.de\\\/mercedes-benz\\\/mercedes-benz\\\/vito-kastenwagen\\\/&quot;}]},{&quot;then_field&quot;:&quot;-1&quot;,&quot;and_rules&quot;:[{&quot;if_field&quot;:&quot;-1&quot;,&quot;operator&quot;:&quot;equals&quot;,&quot;if_value&quot;:&quot;https:\\\/\\\/www.sueverkruep.de\\\/mercedes-benz\\\/mercedes-benz\\\/evito-kastenwagen\\\/&quot;}]},{&quot;then_field&quot;:&quot;-1&quot;,&quot;and_rules&quot;:[{&quot;if_field&quot;:&quot;-1&quot;,&quot;operator&quot;:&quot;equals&quot;,&quot;if_value&quot;:&quot;https:\\\/\\\/www.sueverkruep.de\\\/mercedes-benz\\\/mercedes-benz\\\/vito-mixto\\\/&quot;}]},{&quot;then_field&quot;:&quot;-1&quot;,&quot;and_rules&quot;:[{&quot;if_field&quot;:&quot;-1&quot;,&quot;operator&quot;:&quot;equals&quot;,&quot;if_value&quot;:&quot;https:\\\/\\\/www.sueverkruep.de\\\/mercedes-benz\\\/mercedes-benz\\\/vito-tourer\\\/&quot;}]},{&quot;then_field&quot;:&quot;-1&quot;,&quot;and_rules&quot;:[{&quot;if_field&quot;:&quot;-1&quot;,&quot;operator&quot;:&quot;equals&quot;,&quot;if_value&quot;:&quot;https:\\\/\\\/www.sueverkruep.de\\\/mercedes-benz\\\/mercedes-benz\\\/evito-tourer\\\/&quot;}]}],&quot;settings&quot;:{&quot;animation&quot;:&quot;yes&quot;,&quot;animation_intime&quot;:200,&quot;animation_outtime&quot;:200,&quot;conditions_ui&quot;:&quot;normal&quot;,&quot;notice_dismissed&quot;:false,&quot;notice_dismissed_update-cf7-5.4.2&quot;:true}}\" \/><input type=\"hidden\" name=\"_uacf7_hidden_conditional_fields\" value=\"\" \/>\n<\/fieldset>\n<div class=\"uacf7-form-wrapper-container uacf7-form-25073  \"><div class=\"form-group grid-x grid-margin-x\" data-equalizer data-equalize-on=\"medium\">\n\t<div class=\"cell large-6\" data-equalizer-watch>\n\t\t<div class=\"form-group grid-x grid-margin-x\">\n       \n    <div class=\"cell medium-12\">\n\n\t\t<span class=\"wpcf7-form-control-wrap\" data-name=\"standort\"><select class=\"wpcf7-form-control wpcf7-select wpcf7-validates-as-required custom-select\" aria-required=\"true\" aria-invalid=\"false\" name=\"standort\"><option value=\"\">Standort w\u00e4hlen*<\/option><option value=\"Kiel\">Kiel<\/option><option value=\"Neum\u00fcnster\">Neum\u00fcnster<\/option><option value=\"Rendsburg\">Rendsburg<\/option><option value=\"Eutin\">Eutin<\/option><option value=\"Itzehoe\">Itzehoe<\/option><option value=\"M\u00f6lln\">M\u00f6lln<\/option><option value=\"Bad Segeberg\">Bad Segeberg<\/option><option value=\"Preetz\">Preetz<\/option><option value=\"Neustadt\">Neustadt<\/option><\/select><\/span>\n     \n        <div class=\"uacf7_conditional Hide\">\n            <div class=\"cell medium-12\">\n                <span class=\"wpcf7-form-control-wrap SiteUrl\" data-name=\"SiteUrl\"><input type=\"url\" name=\"SiteUrl\" class=\"wpcf7-form-control wpcf7-url wpcf7dtx wpcf7dtx-url wpcf7-validates-as-url\" aria-invalid=\"false\" readonly=\"readonly\" value=\"https:\/\/www.sueverkruep.de\/mercedes-benz\/mercedes-benz\/wp-json\/wp\/v2\/pages\/31067\"><\/span>\n            <\/div>\n        <\/div>\n\n        <div class=\"uacf7_conditional vle\">\n            <div class=\"cell medium-12\">\n                <label>Modell<\/label>\n                <span class=\"wpcf7-form-control-wrap modell\" data-name=\"modell\"><input type=\"url\" name=\"modell\" class=\"wpcf7-form-control wpcf7-url wpcf7dtx wpcf7dtx-url wpcf7-validates-as-url custom-select\" aria-invalid=\"false\" readonly=\"readonly\" value=\"VLE\"><\/span>\n            <\/div>\n        <\/div>\n\n        <div class=\"uacf7_conditional CitanKasten\">\n            <div class=\"cell medium-12\">\n                <label>Modell<\/label>\n                <span class=\"wpcf7-form-control-wrap modell\" data-name=\"modell\"><input type=\"url\" name=\"modell\" class=\"wpcf7-form-control wpcf7-url wpcf7dtx wpcf7dtx-url wpcf7-validates-as-url custom-select\" aria-invalid=\"false\" readonly=\"readonly\" value=\"Citan Kastenwagen\"><\/span>\n            <\/div>\n        <\/div>\n\n        <div class=\"uacf7_conditional CitanTourer\">\n            <div class=\"cell medium-12\">\n                <label>Modell<\/label>\n                <span class=\"wpcf7-form-control-wrap modell\" data-name=\"modell\"><input type=\"url\" name=\"modell\" class=\"wpcf7-form-control wpcf7-url wpcf7dtx wpcf7dtx-url wpcf7-validates-as-url custom-select\" aria-invalid=\"false\" readonly=\"readonly\" value=\"Citan Tourer\"><\/span>\n            <\/div>\n        <\/div>\n\n        <div class=\"uacf7_conditional EQT\">\n            <div class=\"cell medium-12\">\n                <label>Modell<\/label>\n                <span class=\"wpcf7-form-control-wrap modell\" data-name=\"modell\"><input type=\"url\" name=\"modell\" class=\"wpcf7-form-control wpcf7-url wpcf7dtx wpcf7dtx-url wpcf7-validates-as-url custom-select\" aria-invalid=\"false\" readonly=\"readonly\" value=\"EQT Gro\u00dfraumlimousine\"><\/span>\n            <\/div>\n        <\/div>\n\n        <div class=\"uacf7_conditional EQV\">\n            <div class=\"cell medium-12\">\n                <label>Modell<\/label>\n                <span class=\"wpcf7-form-control-wrap modell\" data-name=\"modell\"><input type=\"url\" name=\"modell\" class=\"wpcf7-form-control wpcf7-url wpcf7dtx wpcf7dtx-url wpcf7-validates-as-url custom-select\" aria-invalid=\"false\" readonly=\"readonly\" value=\"EQV Gro\u00dfraumlimousine\"><\/span>\n            <\/div>\n        <\/div>\n\n        <div class=\"uacf7_conditional SprinterFG\">\n            <div class=\"cell medium-12\">\n                <label>Modell<\/label>\n                <span class=\"wpcf7-form-control-wrap modell\" data-name=\"modell\"><input type=\"url\" name=\"modell\" class=\"wpcf7-form-control wpcf7-url wpcf7dtx wpcf7dtx-url wpcf7-validates-as-url custom-select\" aria-invalid=\"false\" readonly=\"readonly\" value=\"Sprinter Fahrgestell\"><\/span>\n            <\/div>\n        <\/div>\n\n        <div class=\"uacf7_conditional SprinterKasten\">\n            <div class=\"cell medium-12\">\n                <label>Modell<\/label>\n                <span class=\"wpcf7-form-control-wrap modell\" data-name=\"modell\"><input type=\"url\" name=\"modell\" class=\"wpcf7-form-control wpcf7-url wpcf7dtx wpcf7dtx-url wpcf7-validates-as-url custom-select\" aria-invalid=\"false\" readonly=\"readonly\" value=\"Sprinter Kastenwagen\"><\/span>\n            <\/div>\n        <\/div>\n\n        <div class=\"uacf7_conditional eSprinterKasten\">\n            <div class=\"cell medium-12\">\n                <label>Modell<\/label>\n                <span class=\"wpcf7-form-control-wrap modell\" data-name=\"modell\"><input type=\"url\" name=\"modell\" class=\"wpcf7-form-control wpcf7-url wpcf7dtx wpcf7dtx-url wpcf7-validates-as-url custom-select\" aria-invalid=\"false\" readonly=\"readonly\" value=\"eSprinter Kastenwagen\"><\/span>\n            <\/div>\n        <\/div>\n\n        <div class=\"uacf7_conditional SprinterPritsche\">\n            <div class=\"cell medium-12\">\n                <label>Modell<\/label>\n                <span class=\"wpcf7-form-control-wrap modell\" data-name=\"modell\"><input type=\"url\" name=\"modell\" class=\"wpcf7-form-control wpcf7-url wpcf7dtx wpcf7dtx-url wpcf7-validates-as-url custom-select\" aria-invalid=\"false\" readonly=\"readonly\" value=\"Sprinter Pritschenfahrzeug\"><\/span>\n            <\/div>\n        <\/div>\n\n        <div class=\"uacf7_conditional SprinterTourer\">\n            <div class=\"cell medium-12\">\n                <label>Modell<\/label>\n                <span class=\"wpcf7-form-control-wrap modell\" data-name=\"modell\"><input type=\"url\" name=\"modell\" class=\"wpcf7-form-control wpcf7-url wpcf7dtx wpcf7dtx-url wpcf7-validates-as-url custom-select\" aria-invalid=\"false\" readonly=\"readonly\" value=\"Sprinter Tourer\"><\/span>\n            <\/div>\n        <\/div>\n\n        <div class=\"uacf7_conditional TKlasse\">\n            <div class=\"cell medium-12\">\n                <label>Modell<\/label>\n                <span class=\"wpcf7-form-control-wrap modell\" data-name=\"modell\"><input type=\"url\" name=\"modell\" class=\"wpcf7-form-control wpcf7-url wpcf7dtx wpcf7dtx-url wpcf7-validates-as-url custom-select\" aria-invalid=\"false\" readonly=\"readonly\" value=\"T-Klasse Gro\u00dfraumlimousine\"><\/span>\n            <\/div>\n        <\/div>\n\n        <div class=\"uacf7_conditional VKlasseGrossraum\">\n            <div class=\"cell medium-12\">\n                <label>Modell<\/label>\n                <span class=\"wpcf7-form-control-wrap modell\" data-name=\"modell\"><input type=\"url\" name=\"modell\" class=\"wpcf7-form-control wpcf7-url wpcf7dtx wpcf7dtx-url wpcf7-validates-as-url custom-select\" aria-invalid=\"false\" readonly=\"readonly\" value=\"V-Klasse Gro\u00dfraumlimousine\"><\/span>\n            <\/div>\n        <\/div>\n\n        <div class=\"uacf7_conditional VKlasseMP\">\n            <div class=\"cell medium-12\">\n                <label>Modell<\/label>\n                <span class=\"wpcf7-form-control-wrap modell\" data-name=\"modell\"><input type=\"url\" name=\"modell\" class=\"wpcf7-form-control wpcf7-url wpcf7dtx wpcf7dtx-url wpcf7-validates-as-url custom-select\" aria-invalid=\"false\" readonly=\"readonly\" value=\"V-Klasse Marco Polo\"><\/span>\n            <\/div>\n        <\/div>\n\n        <div class=\"uacf7_conditional VitoKasten\">\n            <div class=\"cell medium-12\">\n                <label>Modell<\/label>\n                <span class=\"wpcf7-form-control-wrap modell\" data-name=\"modell\"><input type=\"url\" name=\"modell\" class=\"wpcf7-form-control wpcf7-url wpcf7dtx wpcf7dtx-url wpcf7-validates-as-url custom-select\" aria-invalid=\"false\" readonly=\"readonly\" value=\"Vito Kastenwagen\"><\/span>\n            <\/div>\n        <\/div>\n\n        <div class=\"uacf7_conditional eVitoKasten\">\n            <div class=\"cell medium-12\">\n                <label>Modell<\/label>\n                <span class=\"wpcf7-form-control-wrap modell\" data-name=\"modell\"><input type=\"url\" name=\"modell\" class=\"wpcf7-form-control wpcf7-url wpcf7dtx wpcf7dtx-url wpcf7-validates-as-url custom-select\" aria-invalid=\"false\" readonly=\"readonly\" value=\"eVito Kastenwagen\"><\/span>\n            <\/div>\n        <\/div>\n\n        <div class=\"uacf7_conditional VitoMixto\">\n            <div class=\"cell medium-12\">\n                <label>Modell<\/label>\n                <span class=\"wpcf7-form-control-wrap modell\" data-name=\"modell\"><input type=\"url\" name=\"modell\" class=\"wpcf7-form-control wpcf7-url wpcf7dtx wpcf7dtx-url wpcf7-validates-as-url custom-select\" aria-invalid=\"false\" readonly=\"readonly\" value=\"Vito Mixto\"><\/span>\n            <\/div>\n        <\/div>\n\n        <div class=\"uacf7_conditional VitoTourer\">\n            <div class=\"cell medium-12\">\n                <label>Modell<\/label>\n                <span class=\"wpcf7-form-control-wrap modell\" data-name=\"modell\"><input type=\"url\" name=\"modell\" class=\"wpcf7-form-control wpcf7-url wpcf7dtx wpcf7dtx-url wpcf7-validates-as-url custom-select\" aria-invalid=\"false\" readonly=\"readonly\" value=\"Vito Tourer\"><\/span>\n            <\/div>\n        <\/div>\n\n        <div class=\"uacf7_conditional eVitoTourer\">\n            <div class=\"cell medium-12\">\n                <label>Modell<\/label>\n                <span class=\"wpcf7-form-control-wrap modell\" data-name=\"modell\"><input type=\"url\" name=\"modell\" class=\"wpcf7-form-control wpcf7-url wpcf7dtx wpcf7dtx-url wpcf7-validates-as-url custom-select\" aria-invalid=\"false\" readonly=\"readonly\" value=\"eVito Tourer\"><\/span>\n            <\/div>\n        <\/div>\n\n\t\t\n\t<div class=\"cell\"><span class=\"wpcf7-form-control-wrap\" data-name=\"anrede\"><span class=\"wpcf7-form-control wpcf7-radio\"><span class=\"wpcf7-list-item first\"><label><input type=\"radio\" name=\"anrede\" value=\"Herr\" \/><span class=\"wpcf7-list-item-label\">Herr<\/span><\/label><\/span><span class=\"wpcf7-list-item\"><label><input type=\"radio\" name=\"anrede\" value=\"Frau\" \/><span class=\"wpcf7-list-item-label\">Frau<\/span><\/label><\/span><span class=\"wpcf7-list-item last\"><label><input type=\"radio\" name=\"anrede\" value=\"Divers\" \/><span class=\"wpcf7-list-item-label\">Divers<\/span><\/label><\/span><\/span><\/span><\/div>\t\n\t<div class=\"cell\"><span class=\"wpcf7-form-control-wrap\" data-name=\"vorname\"><input size=\"40\" maxlength=\"400\" class=\"wpcf7-form-control wpcf7-text wpcf7-validates-as-required\" aria-required=\"true\" aria-invalid=\"false\" placeholder=\"Vorname*\" value=\"\" type=\"text\" name=\"vorname\" \/><\/span><\/div>\n    <div class=\"cell\"><span class=\"wpcf7-form-control-wrap\" data-name=\"nachname\"><input size=\"40\" maxlength=\"400\" class=\"wpcf7-form-control wpcf7-text wpcf7-validates-as-required\" aria-required=\"true\" aria-invalid=\"false\" placeholder=\"Nachname*\" value=\"\" type=\"text\" name=\"nachname\" \/><\/span><\/div>\n    <div class=\"cell\"><span class=\"wpcf7-form-control-wrap\" data-name=\"client-email\"><input size=\"40\" maxlength=\"400\" class=\"wpcf7-form-control wpcf7-email wpcf7-validates-as-required wpcf7-text wpcf7-validates-as-email\" aria-required=\"true\" aria-invalid=\"false\" placeholder=\"E-Mail*\" value=\"\" type=\"email\" name=\"client-email\" \/><\/span> <\/div>\n\t<div class=\"cell\"><span class=\"wpcf7-form-control-wrap\" data-name=\"telefon\"><input size=\"40\" maxlength=\"400\" class=\"wpcf7-form-control wpcf7-text\" aria-invalid=\"false\" placeholder=\"Telefonnummer\" value=\"\" type=\"text\" name=\"telefon\" \/><\/span><\/div>\t\n\t\n\n\t<div class=\"cell medium-12 message-box\">\n\t\t<span class=\"wpcf7-form-control-wrap\" data-name=\"message\"><textarea cols=\"40\" rows=\"10\" maxlength=\"2000\" class=\"wpcf7-form-control wpcf7-textarea\" aria-invalid=\"false\" placeholder=\"Hier k\u00f6nnen Sie uns weitere Infos mitteilen.\" name=\"message\"><\/textarea><\/span>\n\t<\/div>\n\n<\/div>\n        <\/div>\n    <\/div>\n<\/div>\n \n<!-- Verstecktes Feld f\u00fcr Kampagne -->\n<input class=\"wpcf7-form-control wpcf7-hidden\" value=\"default\" type=\"hidden\" name=\"Form\" \/>\n \n<div class=\"grid-x grid-margin-x newsletter-datenschutz-box\">\n\t<div class=\"cell datenschutz\" data-accordion data-allow-all-closed=\"true\">\n\t\t<span class=\"accordion-item is-active\" data-accordion-item>\n\t\t\t<a href=\"#\" class=\"accordion-title cf7-accordion-title\">Datenschutzrechtliche Einwilligungserkl\u00e4rung lesen<\/a>\n\t\t\t<div class=\"cell datenschutz accordion-content\" data-tab-content>\n\t\t\t\t<span class=\"wpcf7-form-control-wrap\" data-name=\"datenschutz\"><span class=\"wpcf7-form-control wpcf7-acceptance\"><span class=\"wpcf7-list-item\"><label><input type=\"checkbox\" name=\"datenschutz\" value=\"1\" aria-invalid=\"false\" \/><span class=\"wpcf7-list-item-label\"><span class=\"after-checkbox\">\n<p>\n\t\t\t\tIch habe die <u><a href=\"https:\/\/www.sueverkruep.de\/datenschutzerklaerung\/\"target=\"_blank\"\">Datenschutzerkl\u00e4rung<\/a><\/u> \nzur Kenntnis genommen.\n\t\t\t\t<\/p><\/span><\/span><\/label><\/span><\/span><\/span>\n\t\t\t<br>* Pflichtfeld<\/br> <\/div>\n\t\t<\/span>\n\t<\/div>\n\n\n\t<div class=\"cell submit-btn\"><input class=\"wpcf7-form-control wpcf7-submit has-spinner button fill small-only-expanded\" type=\"submit\" value=\"E-Mail senden\" \/><\/div><\/div><input type='hidden' class='wpcf7-pum' value='{\"closepopup\":false,\"closedelay\":0,\"openpopup\":false,\"openpopup_id\":0}' \/><div class=\"frc-captcha \" data-sitekey=\"FCMSI6ARJ3P3EIJS\" data-lang=\"de\" ><\/div>\n\t\t<noscript>You need to enable Javascript for the anti-spam check.<\/noscript><div class=\"wpcf7-response-output\" aria-hidden=\"true\"><\/div>\n<\/form>\n<\/div>\n<\/div><\/div><\/div><\/div>\t\t\t\t\t\t\t\t<\/div>\n\t\t\t\t<\/div>\n\t\t\t\t\t<\/div>\n\t\t<\/div>\n\t\t\t\t\t<\/div>\n\t\t<\/section>\n\t\t\t\t<section class=\"elementor-section elementor-top-section elementor-element elementor-element-34d3bf6 elementor-section-boxed elementor-section-height-default elementor-section-height-default wpr-particle-no wpr-jarallax-no wpr-parallax-no wpr-sticky-section-no wpr-equal-height-no\" data-id=\"34d3bf6\" data-element_type=\"section\" data-e-type=\"section\">\n\t\t\t\t\t\t<div class=\"elementor-container elementor-column-gap-default\">\n\t\t\t\t\t<div class=\"elementor-column elementor-col-100 elementor-top-column elementor-element elementor-element-44ad471\" data-id=\"44ad471\" data-element_type=\"column\" data-e-type=\"column\">\n\t\t\t<div class=\"elementor-widget-wrap elementor-element-populated\">\n\t\t\t\t\t\t<div class=\"elementor-element elementor-element-b88df38 elementor-widget elementor-widget-text-editor\" data-id=\"b88df38\" data-element_type=\"widget\" data-e-type=\"widget\" data-widget_type=\"text-editor.default\">\n\t\t\t\t<div class=\"elementor-widget-container\">\n\t\t\t\t\t\t\t\t\t<p data-v-7622a8de=\"\" data-footnote-hint=\"1\"><strong>Mercedes-Benz VLE<\/strong><\/p><p data-v-7622a8de=\"\" data-footnote-hint=\"1\">Die Informationen erfolgen gem\u00e4\u00df der Pkw-Energieverbrauchskennzeichnungsverordnung. Die angegebenen Werte wurden nach dem vorgeschriebenen Messverfahren WLTP (Worldwide harmonised Light-duty vehicles Test Procedures) ermittelt. Der Kraftstoffverbrauch und der CO\u2082-Aussto\u00df eines Pkw sind nicht nur von der effizienten Ausnutzung des Kraftstoffs durch den Pkw, sondern auch vom Fahrstil und anderen nichttechnischen Faktoren abh\u00e4ngig. CO\u2082 ist das f\u00fcr die Erderw\u00e4rmung haupts\u00e4chlich verantwortliche Treibhausgas. Ein Leitfaden \u00fcber den Kraftstoffverbrauch und die CO\u2082-Emissionen aller in Deutschland angebotenen neuen Pkw-Modelle ist unentgeltlich einsehbar an jedem Verkaufsort in Deutschland, an dem neue Pkw ausgestellt oder angeboten werden. Der Leitfaden ist auch hier abrufbar: https:\/\/www.dat.de\/co2\/<\/p><p data-v-7622a8de=\"\" data-footnote-hint=\"2\">Es werden nur die CO\u2082-Emissionen angegeben, die durch den Betrieb des Pkw entstehen. CO\u2082-Emissionen, die durch die Produktion und Bereitstellung des Pkw sowie des Kraftstoffes bzw. der Energietr\u00e4ger entstehen oder vermieden werden, werden bei der Ermittlung der CO\u2082-Emissionen gem\u00e4\u00df WLTP nicht ber\u00fccksichtigt.<br \/><br \/><strong>Mercedes-Benz VLE 300 elektrisch<\/strong> | vorl\u00e4ufige Werte: Energieverbrauch kombiniert: 20,4\u201318,6 kWh\/100 km | CO\u2082-Emissionen kombiniert: 0 g\/km | CO\u2082-Klasse:\u00a0<span class=\"owc-rte-footnote\" data-footnote-id=\"9951e16b32d9a144cbacbc2cf3e89ec562ae13f2c4454463d3d28217cf7ef08d#8e3f5ae639f2c2a2f7771894074f0814421b20a5a56ebc04f1ad0e06d15df33b#global\">A<\/span><\/p>\t\t\t\t\t\t\t\t<\/div>\n\t\t\t\t<\/div>\n\t\t\t\t\t<\/div>\n\t\t<\/div>\n\t\t\t\t\t<\/div>\n\t\t<\/section>\n\t\t\t\t<\/div>\n\t\t","protected":false},"excerpt":{"rendered":"<p>Grand Limousine: Der neue VLE Luxus neu gedacht erleben. Der Mercedes-Benz VLE definiert moderne Elektromobilit\u00e4t im Premiumsegment neu und verbindet gro\u00dfz\u00fcgigen Raum mit innovativer Technologie und elegantem Design. Als vielseitiger Begleiter f\u00fcr Business und Freizeit bietet er ein au\u00dfergew\u00f6hnliches Fahrerlebnis, das Komfort, fortschrittliche Technik und stilvolle Pr\u00e4senz harmonisch vereint und dabei neue Ma\u00dfst\u00e4be f\u00fcr elektrisches Reisen setzt. Kontakt \u00dcbersicht Video Exterieur Interieur Besonderheiten Kontakt Video Mercedes VLE [2026]: ALLE INSIDER-INFOS Das erwartet Sie: Motorvarianten Laden &amp; Verbrauch Etwas besonders! technische Highlights Assistenzsysteme Abmessungen Lines Exterieur Pakete Interieur VLS Exterieur Souver\u00e4nes Design mit Charakter. Die markante Front des Mercedes-Benz VLE strahlt klare Souver\u00e4nit\u00e4t aus und unterstreicht seine Zugeh\u00f6rigkeit zur neuesten Generation elektrischer Fahrzeuge, w\u00e4hrend der neu interpretierte K\u00fchlergrill und ikonische Designelemente einen unverwechselbaren Auftritt schaffen. Die aerodynamisch geformte Silhouette geht flie\u00dfend in ein expressives Heck mit bogenf\u00f6rmigen R\u00fcckleuchten \u00fcber, erg\u00e4nzt durch gro\u00dfe Leichtmetallr\u00e4der, die der Grand Limousine eine kraftvolle und zugleich elegante Pr\u00e4senz verleihen. Interieur Raumkomfort auf h\u00f6chstem Niveau. Im Innenraum des Mercedes-Benz VLE erwartet Dich ein digitales Erlebnis der Extraklasse, gepr\u00e4gt vom MBUX Superscreen mit mehreren Displays unter einer eleganten Glasfl\u00e4che. Flexible Mittelkonsolen bieten praktische L\u00f6sungen f\u00fcr Alltag und Reise, w\u00e4hrend der gro\u00dfz\u00fcgige Fond mit variablen Sitzkonfigurationen und zahlreichen Komfortfeatures zu einem echten Raum der M\u00f6glichkeiten wird. Hochwertige Materialien, durchdachte Funktionen und moderne Konnektivit\u00e4t sorgen f\u00fcr ein Ambiente, das sowohl Entspannung als auch produktives Arbeiten unterwegs erm\u00f6glicht. Interieur Raumkomfort auf h\u00f6chstem Niveau. Im Innenraum des Mercedes-Benz VLE erwartet Dich ein digitales Erlebnis der Extraklasse, gepr\u00e4gt vom MBUX Superscreen mit mehreren Displays unter einer eleganten Glasfl\u00e4che. Flexible Mittelkonsolen bieten praktische L\u00f6sungen f\u00fcr Alltag und Reise, w\u00e4hrend der gro\u00dfz\u00fcgige Fond mit variablen Sitzkonfigurationen und zahlreichen Komfortfeatures zu einem echten Raum der M\u00f6glichkeiten wird. Hochwertige Materialien, durchdachte Funktionen und moderne Konnektivit\u00e4t sorgen f\u00fcr ein Ambiente, das sowohl Entspannung als auch produktives Arbeiten unterwegs erm\u00f6glicht. Besonderheiten Intelligente Technologien und beeindruckender Klang machen den Mercedes-Benz VLE zu einem echten Highlight, denn die optionale MBUX Rear Space Experience mit ausfahrbarem Gro\u00dfdisplay bietet ein v\u00f6llig neues Niveau an Infotainment im Fond und erm\u00f6glicht Unterhaltung, Arbeit und Kommunikation gleichzeitig. Erg\u00e4nzt wird dieses Erlebnis durch ein Burmester 3D-Surround-Soundsystem mit 22 Lautsprechern und Dolby Atmos, das jede Fahrt zu einem akustischen Erlebnis macht und den Innenraum in eine B\u00fchne f\u00fcr erstklassigen Sound verwandelt. Kontakt Kontaktieren Sie uns \u00fcber das Formular oder sprechen Sie mit einem unserer Mercedes-Benz Spezialisten bei Fragen und f\u00fcr Unterst\u00fctzung bei Ihrer Auswahl. Wir freuen uns auf Ihre Kontaktaufnahme. Mercedes-Benz VLE Die Informationen erfolgen gem\u00e4\u00df der Pkw-Energieverbrauchskennzeichnungsverordnung. Die angegebenen Werte wurden nach dem vorgeschriebenen Messverfahren WLTP (Worldwide harmonised Light-duty vehicles Test Procedures) ermittelt. Der Kraftstoffverbrauch und der CO\u2082-Aussto\u00df eines Pkw sind nicht nur von der effizienten Ausnutzung des Kraftstoffs durch den Pkw, sondern auch vom Fahrstil und anderen nichttechnischen Faktoren abh\u00e4ngig. CO\u2082 ist das f\u00fcr die Erderw\u00e4rmung haupts\u00e4chlich verantwortliche Treibhausgas. Ein Leitfaden \u00fcber den Kraftstoffverbrauch und die CO\u2082-Emissionen aller in Deutschland angebotenen neuen Pkw-Modelle ist unentgeltlich einsehbar an jedem Verkaufsort in Deutschland, an dem neue Pkw ausgestellt oder angeboten werden. Der Leitfaden ist auch hier abrufbar: https:\/\/www.dat.de\/co2\/ Es werden nur die CO\u2082-Emissionen angegeben, die durch den Betrieb des Pkw entstehen. CO\u2082-Emissionen, die durch die Produktion und Bereitstellung des Pkw sowie des Kraftstoffes bzw. der Energietr\u00e4ger entstehen oder vermieden werden, werden bei der Ermittlung der CO\u2082-Emissionen gem\u00e4\u00df WLTP nicht ber\u00fccksichtigt. Mercedes-Benz VLE 300 elektrisch | vorl\u00e4ufige Werte: Energieverbrauch kombiniert: 20,4\u201318,6 kWh\/100 km | CO\u2082-Emissionen kombiniert: 0 g\/km | CO\u2082-Klasse:\u00a0A<\/p>\n","protected":false},"author":39,"featured_media":0,"parent":0,"menu_order":0,"comment_status":"closed","ping_status":"closed","template":"","meta":{"footnotes":""},"class_list":["post-31067","page","type-page","status-publish","hentry"],"acf":[],"yoast_head":"<!-- This site is optimized with the Yoast SEO plugin v27.4 - https:\/\/yoast.com\/product\/yoast-seo-wordpress\/ -->\n<title>Mercedes-Benz Der neue VLE - S\u00fcverkr\u00fcp Mercedes-Benz<\/title>\n<meta name=\"description\" content=\"Der neue Mercedes-Benz GLC vereint vision\u00e4res Design, herausragende Effizienz und modernste Technologie in einem einzigartigen Fahrzeug.\" \/>\n<meta name=\"robots\" content=\"noindex, nofollow\" \/>\n<meta property=\"og:locale\" content=\"de_DE\" \/>\n<meta property=\"og:type\" content=\"article\" \/>\n<meta property=\"og:title\" content=\"Mercedes-Benz Der neue VLE - S\u00fcverkr\u00fcp Mercedes-Benz\" \/>\n<meta property=\"og:description\" content=\"Der neue Mercedes-Benz GLC vereint vision\u00e4res Design, herausragende Effizienz und modernste Technologie in einem einzigartigen Fahrzeug.\" \/>\n<meta property=\"og:url\" content=\"https:\/\/www.sueverkruep.de\/mercedes-benz\/neuer-vle\/\" \/>\n<meta property=\"og:site_name\" content=\"S\u00fcverkr\u00fcp Mercedes-Benz\" \/>\n<meta property=\"article:modified_time\" content=\"2026-04-22T05:45:38+00:00\" \/>\n<meta name=\"twitter:card\" content=\"summary_large_image\" \/>\n<meta name=\"twitter:label1\" content=\"Gesch\u00e4tzte Lesezeit\" \/>\n\t<meta name=\"twitter:data1\" content=\"4\u00a0Minuten\" \/>\n<script type=\"application\/ld+json\" class=\"yoast-schema-graph\">{\"@context\":\"https:\\\/\\\/schema.org\",\"@graph\":[{\"@type\":\"WebPage\",\"@id\":\"https:\\\/\\\/www.sueverkruep.de\\\/mercedes-benz\\\/neuer-vle\\\/\",\"url\":\"https:\\\/\\\/www.sueverkruep.de\\\/mercedes-benz\\\/neuer-vle\\\/\",\"name\":\"Mercedes-Benz Der neue VLE - S\u00fcverkr\u00fcp Mercedes-Benz\",\"isPartOf\":{\"@id\":\"https:\\\/\\\/www.sueverkruep.de\\\/mercedes-benz\\\/#website\"},\"datePublished\":\"2026-03-17T11:30:51+00:00\",\"dateModified\":\"2026-04-22T05:45:38+00:00\",\"description\":\"Der neue Mercedes-Benz GLC vereint vision\u00e4res Design, herausragende Effizienz und modernste Technologie in einem einzigartigen Fahrzeug.\",\"breadcrumb\":{\"@id\":\"https:\\\/\\\/www.sueverkruep.de\\\/mercedes-benz\\\/neuer-vle\\\/#breadcrumb\"},\"inLanguage\":\"de\",\"potentialAction\":[{\"@type\":\"ReadAction\",\"target\":[\"https:\\\/\\\/www.sueverkruep.de\\\/mercedes-benz\\\/neuer-vle\\\/\"]}]},{\"@type\":\"BreadcrumbList\",\"@id\":\"https:\\\/\\\/www.sueverkruep.de\\\/mercedes-benz\\\/neuer-vle\\\/#breadcrumb\",\"itemListElement\":[{\"@type\":\"ListItem\",\"position\":1,\"name\":\"Mercedes-Benz\",\"item\":\"https:\\\/\\\/www.sueverkruep.de\\\/mercedes-benz\\\/\"},{\"@type\":\"ListItem\",\"position\":2,\"name\":\"Mercedes-Benz Der neue VLE\"}]},{\"@type\":\"WebSite\",\"@id\":\"https:\\\/\\\/www.sueverkruep.de\\\/mercedes-benz\\\/#website\",\"url\":\"https:\\\/\\\/www.sueverkruep.de\\\/mercedes-benz\\\/\",\"name\":\"S\u00fcverkr\u00fcp Mercedes-Benz\",\"description\":\"Ihr L\u00e4cheln. Unser Antrieb.\",\"publisher\":{\"@id\":\"https:\\\/\\\/www.sueverkruep.de\\\/mercedes-benz\\\/#organization\"},\"potentialAction\":[{\"@type\":\"SearchAction\",\"target\":{\"@type\":\"EntryPoint\",\"urlTemplate\":\"https:\\\/\\\/www.sueverkruep.de\\\/mercedes-benz\\\/?s={search_term_string}\"},\"query-input\":{\"@type\":\"PropertyValueSpecification\",\"valueRequired\":true,\"valueName\":\"search_term_string\"}}],\"inLanguage\":\"de\"},{\"@type\":\"Organization\",\"@id\":\"https:\\\/\\\/www.sueverkruep.de\\\/mercedes-benz\\\/#organization\",\"name\":\"S\u00fcverkr\u00fcp Mercedes-Benz\",\"url\":\"https:\\\/\\\/www.sueverkruep.de\\\/mercedes-benz\\\/\",\"logo\":{\"@type\":\"ImageObject\",\"inLanguage\":\"de\",\"@id\":\"https:\\\/\\\/www.sueverkruep.de\\\/mercedes-benz\\\/#\\\/schema\\\/logo\\\/image\\\/\",\"url\":\"https:\\\/\\\/www.sueverkruep.de\\\/mercedes-benz\\\/wp-content\\\/uploads\\\/sites\\\/2\\\/2020\\\/12\\\/cropped-mb_logoo.png\",\"contentUrl\":\"https:\\\/\\\/www.sueverkruep.de\\\/mercedes-benz\\\/wp-content\\\/uploads\\\/sites\\\/2\\\/2020\\\/12\\\/cropped-mb_logoo.png\",\"width\":294,\"height\":88,\"caption\":\"S\u00fcverkr\u00fcp Mercedes-Benz\"},\"image\":{\"@id\":\"https:\\\/\\\/www.sueverkruep.de\\\/mercedes-benz\\\/#\\\/schema\\\/logo\\\/image\\\/\"}}]}<\/script>\n<!-- \/ Yoast SEO plugin. -->","yoast_head_json":{"title":"Mercedes-Benz Der neue VLE - S\u00fcverkr\u00fcp Mercedes-Benz","description":"Der neue Mercedes-Benz GLC vereint vision\u00e4res Design, herausragende Effizienz und modernste Technologie in einem einzigartigen Fahrzeug.","robots":{"index":"noindex","follow":"nofollow"},"og_locale":"de_DE","og_type":"article","og_title":"Mercedes-Benz Der neue VLE - S\u00fcverkr\u00fcp Mercedes-Benz","og_description":"Der neue Mercedes-Benz GLC vereint vision\u00e4res Design, herausragende Effizienz und modernste Technologie in einem einzigartigen Fahrzeug.","og_url":"https:\/\/www.sueverkruep.de\/mercedes-benz\/neuer-vle\/","og_site_name":"S\u00fcverkr\u00fcp Mercedes-Benz","article_modified_time":"2026-04-22T05:45:38+00:00","twitter_card":"summary_large_image","twitter_misc":{"Gesch\u00e4tzte Lesezeit":"4\u00a0Minuten"},"schema":{"@context":"https:\/\/schema.org","@graph":[{"@type":"WebPage","@id":"https:\/\/www.sueverkruep.de\/mercedes-benz\/neuer-vle\/","url":"https:\/\/www.sueverkruep.de\/mercedes-benz\/neuer-vle\/","name":"Mercedes-Benz Der neue VLE - S\u00fcverkr\u00fcp Mercedes-Benz","isPartOf":{"@id":"https:\/\/www.sueverkruep.de\/mercedes-benz\/#website"},"datePublished":"2026-03-17T11:30:51+00:00","dateModified":"2026-04-22T05:45:38+00:00","description":"Der neue Mercedes-Benz GLC vereint vision\u00e4res Design, herausragende Effizienz und modernste Technologie in einem einzigartigen Fahrzeug.","breadcrumb":{"@id":"https:\/\/www.sueverkruep.de\/mercedes-benz\/neuer-vle\/#breadcrumb"},"inLanguage":"de","potentialAction":[{"@type":"ReadAction","target":["https:\/\/www.sueverkruep.de\/mercedes-benz\/neuer-vle\/"]}]},{"@type":"BreadcrumbList","@id":"https:\/\/www.sueverkruep.de\/mercedes-benz\/neuer-vle\/#breadcrumb","itemListElement":[{"@type":"ListItem","position":1,"name":"Mercedes-Benz","item":"https:\/\/www.sueverkruep.de\/mercedes-benz\/"},{"@type":"ListItem","position":2,"name":"Mercedes-Benz Der neue VLE"}]},{"@type":"WebSite","@id":"https:\/\/www.sueverkruep.de\/mercedes-benz\/#website","url":"https:\/\/www.sueverkruep.de\/mercedes-benz\/","name":"S\u00fcverkr\u00fcp Mercedes-Benz","description":"Ihr L\u00e4cheln. Unser Antrieb.","publisher":{"@id":"https:\/\/www.sueverkruep.de\/mercedes-benz\/#organization"},"potentialAction":[{"@type":"SearchAction","target":{"@type":"EntryPoint","urlTemplate":"https:\/\/www.sueverkruep.de\/mercedes-benz\/?s={search_term_string}"},"query-input":{"@type":"PropertyValueSpecification","valueRequired":true,"valueName":"search_term_string"}}],"inLanguage":"de"},{"@type":"Organization","@id":"https:\/\/www.sueverkruep.de\/mercedes-benz\/#organization","name":"S\u00fcverkr\u00fcp Mercedes-Benz","url":"https:\/\/www.sueverkruep.de\/mercedes-benz\/","logo":{"@type":"ImageObject","inLanguage":"de","@id":"https:\/\/www.sueverkruep.de\/mercedes-benz\/#\/schema\/logo\/image\/","url":"https:\/\/www.sueverkruep.de\/mercedes-benz\/wp-content\/uploads\/sites\/2\/2020\/12\/cropped-mb_logoo.png","contentUrl":"https:\/\/www.sueverkruep.de\/mercedes-benz\/wp-content\/uploads\/sites\/2\/2020\/12\/cropped-mb_logoo.png","width":294,"height":88,"caption":"S\u00fcverkr\u00fcp Mercedes-Benz"},"image":{"@id":"https:\/\/www.sueverkruep.de\/mercedes-benz\/#\/schema\/logo\/image\/"}}]}},"_links":{"self":[{"href":"https:\/\/www.sueverkruep.de\/mercedes-benz\/wp-json\/wp\/v2\/pages\/31067","targetHints":{"allow":["GET"]}}],"collection":[{"href":"https:\/\/www.sueverkruep.de\/mercedes-benz\/wp-json\/wp\/v2\/pages"}],"about":[{"href":"https:\/\/www.sueverkruep.de\/mercedes-benz\/wp-json\/wp\/v2\/types\/page"}],"author":[{"embeddable":true,"href":"https:\/\/www.sueverkruep.de\/mercedes-benz\/wp-json\/wp\/v2\/users\/39"}],"replies":[{"embeddable":true,"href":"https:\/\/www.sueverkruep.de\/mercedes-benz\/wp-json\/wp\/v2\/comments?post=31067"}],"version-history":[{"count":37,"href":"https:\/\/www.sueverkruep.de\/mercedes-benz\/wp-json\/wp\/v2\/pages\/31067\/revisions"}],"predecessor-version":[{"id":31332,"href":"https:\/\/www.sueverkruep.de\/mercedes-benz\/wp-json\/wp\/v2\/pages\/31067\/revisions\/31332"}],"wp:attachment":[{"href":"https:\/\/www.sueverkruep.de\/mercedes-benz\/wp-json\/wp\/v2\/media?parent=31067"}],"curies":[{"name":"wp","href":"https:\/\/api.w.org\/{rel}","templated":true}]}}