{"id":30,"date":"2019-02-27T14:05:17","date_gmt":"2019-02-27T13:05:17","guid":{"rendered":"http:\/\/localhost\/sueverkruep\/mercedes\/?page_id=30"},"modified":"2026-01-14T15:56:52","modified_gmt":"2026-01-14T14:56:52","slug":"gebrauchtwagen","status":"publish","type":"page","link":"https:\/\/www.sueverkruep.de\/mercedes-benz\/gebrauchtwagen\/","title":{"rendered":"Gebrauchtwagen"},"content":{"rendered":"\t\t<div data-elementor-type=\"wp-page\" data-elementor-id=\"30\" class=\"elementor elementor-30\" data-elementor-post-type=\"page\">\n\t\t\t\t\t\t<section class=\"elementor-section elementor-top-section elementor-element elementor-element-331cba4c elementor-section-full_width elementor-hidden-mobile elementor-hidden-tablet elementor-section-height-default elementor-section-height-default wpr-particle-no wpr-jarallax-no wpr-parallax-no wpr-sticky-section-no wpr-equal-height-no\" data-id=\"331cba4c\" data-element_type=\"section\" data-e-type=\"section\">\n\t\t\t\t\t\t<div class=\"elementor-container elementor-column-gap-default\">\n\t\t\t\t\t<div class=\"elementor-column elementor-col-50 elementor-top-column elementor-element elementor-element-73671022\" data-id=\"73671022\" data-element_type=\"column\" data-e-type=\"column\">\n\t\t\t<div class=\"elementor-widget-wrap elementor-element-populated\">\n\t\t\t\t\t\t<div class=\"elementor-element elementor-element-e5afe4a elementor-view-default elementor-widget elementor-widget-icon\" data-id=\"e5afe4a\" data-element_type=\"widget\" data-e-type=\"widget\" data-widget_type=\"icon.default\">\n\t\t\t\t<div class=\"elementor-widget-container\">\n\t\t\t\t\t\t\t<div class=\"elementor-icon-wrapper\">\n\t\t\t<a class=\"elementor-icon\" href=\"https:\/\/www.sueverkruep.de\">\n\t\t\t<i aria-hidden=\"true\" class=\"fas fa-home\"><\/i>\t\t\t<\/a>\n\t\t<\/div>\n\t\t\t\t\t\t<\/div>\n\t\t\t\t<\/div>\n\t\t\t\t\t<\/div>\n\t\t<\/div>\n\t\t\t\t<div class=\"elementor-column elementor-col-50 elementor-top-column elementor-element elementor-element-4004023a\" data-id=\"4004023a\" data-element_type=\"column\" data-e-type=\"column\">\n\t\t\t<div class=\"elementor-widget-wrap elementor-element-populated\">\n\t\t\t\t\t\t<div class=\"elementor-element elementor-element-2a4b2b4c elementor-align-left elementor-widget elementor-widget-breadcrumbs\" data-id=\"2a4b2b4c\" data-element_type=\"widget\" data-e-type=\"widget\" data-widget_type=\"breadcrumbs.default\">\n\t\t\t\t<div class=\"elementor-widget-container\">\n\t\t\t\t\t<p id=\"breadcrumbs\"><span><span><a href=\"https:\/\/www.sueverkruep.de\/mercedes-benz\/\">Mercedes-Benz<\/a><\/span><\/span><\/p>\t\t\t\t<\/div>\n\t\t\t\t<\/div>\n\t\t\t\t\t<\/div>\n\t\t<\/div>\n\t\t\t\t\t<\/div>\n\t\t<\/section>\n\t\t\t\t<section class=\"elementor-section elementor-top-section elementor-element elementor-element-2d0a20d elementor-section-height-min-height elementor-section-full_width elementor-section-height-default elementor-section-items-middle wpr-particle-no wpr-jarallax-no wpr-parallax-no wpr-sticky-section-no wpr-equal-height-no\" data-id=\"2d0a20d\" data-element_type=\"section\" data-e-type=\"section\" data-settings=\"{&quot;background_background&quot;:&quot;classic&quot;}\">\n\t\t\t\t\t\t<div class=\"elementor-container elementor-column-gap-default\">\n\t\t\t\t\t<div class=\"elementor-column elementor-col-100 elementor-top-column elementor-element elementor-element-65cf700\" data-id=\"65cf700\" data-element_type=\"column\" data-e-type=\"column\">\n\t\t\t<div class=\"elementor-widget-wrap\">\n\t\t\t\t\t\t\t<\/div>\n\t\t<\/div>\n\t\t\t\t\t<\/div>\n\t\t<\/section>\n\t\t\t\t<section class=\"elementor-section elementor-top-section elementor-element elementor-element-133b489a elementor-section-full_width elementor-section-height-default elementor-section-height-default wpr-particle-no wpr-jarallax-no wpr-parallax-no wpr-sticky-section-no wpr-equal-height-no\" data-id=\"133b489a\" data-element_type=\"section\" data-e-type=\"section\">\n\t\t\t\t\t\t<div class=\"elementor-container elementor-column-gap-default\">\n\t\t\t\t\t<div class=\"elementor-column elementor-col-100 elementor-top-column elementor-element elementor-element-3e79ca01\" data-id=\"3e79ca01\" data-element_type=\"column\" data-e-type=\"column\">\n\t\t\t<div class=\"elementor-widget-wrap elementor-element-populated\">\n\t\t\t\t\t\t<section class=\"elementor-section elementor-inner-section elementor-element elementor-element-5b007508 elementor-section-full_width elementor-section-height-default elementor-section-height-default wpr-particle-no wpr-jarallax-no wpr-parallax-no wpr-sticky-section-no wpr-equal-height-no\" data-id=\"5b007508\" data-element_type=\"section\" data-e-type=\"section\">\n\t\t\t\t\t\t<div class=\"elementor-container elementor-column-gap-default\">\n\t\t\t\t\t<div class=\"elementor-column elementor-col-50 elementor-inner-column elementor-element elementor-element-4f83ca32\" data-id=\"4f83ca32\" data-element_type=\"column\" data-e-type=\"column\">\n\t\t\t<div class=\"elementor-widget-wrap elementor-element-populated\">\n\t\t\t\t\t\t<div class=\"elementor-element elementor-element-4d312593 elementor-widget elementor-widget-heading\" data-id=\"4d312593\" data-element_type=\"widget\" data-e-type=\"widget\" data-widget_type=\"heading.default\">\n\t\t\t\t<div class=\"elementor-widget-container\">\n\t\t\t\t\t<h1 class=\"elementor-heading-title elementor-size-default\">Gr\u00f6\u00dfter Gebrauchtwagen-Anbieter Norddeutschlands.<\/h1>\t\t\t\t<\/div>\n\t\t\t\t<\/div>\n\t\t\t\t<div class=\"elementor-element elementor-element-7dad2fab elementor-widget-tablet_extra__width-initial elementor-widget elementor-widget-text-editor\" data-id=\"7dad2fab\" data-element_type=\"widget\" data-e-type=\"widget\" data-widget_type=\"text-editor.default\">\n\t\t\t\t<div class=\"elementor-widget-container\">\n\t\t\t\t\t\t\t\t\t<p>Der Kauf eines Automobils ist ein besonderes Erlebnis und eine wichtige Entscheidung f\u00fcr Sie! Wir m\u00f6chten Sie bei diesem besonderen Kauferlebnis gerne begleiten, Ihnen mit unserem Know-how und unserer vielf\u00e4ltigen Auswahl an Vorf\u00fchr- und Jahreswagen oder klassischen Gebrauchtfahrzeugen mit Rat und Tat zur Seite stehen. Ob Junger Stern oder junger Gebrauchter \u2013 seit \u00fcber 111 Jahren sind wir Ihr automobiler Ansprechpartner und geh\u00f6ren so zu den traditionsreichsten Mercedes-Benz Vertretern Deutschlands.<\/p><p>Finden Sie bei uns, aus \u00fcber 800 Bestandsfahrzeugen, Ihren pers\u00f6nlichen Traumwagen \u2013 unser zertifiziertes Verkaufsteam ber\u00e4t Sie mit Fachkompetenz und Leidenschaft., auch zu den Themen rund um Finanzierung oder Leasing.<\/p>\t\t\t\t\t\t\t\t<\/div>\n\t\t\t\t<\/div>\n\t\t\t\t\t<\/div>\n\t\t<\/div>\n\t\t\t\t<div class=\"elementor-column elementor-col-50 elementor-inner-column elementor-element elementor-element-17edcb2f\" data-id=\"17edcb2f\" data-element_type=\"column\" data-e-type=\"column\">\n\t\t\t<div class=\"elementor-widget-wrap elementor-element-populated\">\n\t\t\t\t\t\t<div class=\"elementor-element elementor-element-293965bc elementor-widget elementor-widget-image\" data-id=\"293965bc\" data-element_type=\"widget\" data-e-type=\"widget\" data-widget_type=\"image.default\">\n\t\t\t\t<div class=\"elementor-widget-container\">\n\t\t\t\t\t\t\t\t\t\t\t\t\t\t\t<img fetchpriority=\"high\" decoding=\"async\" width=\"600\" height=\"400\" src=\"https:\/\/www.sueverkruep.de\/mercedes-benz\/wp-content\/uploads\/sites\/2\/2024\/10\/BDC_09-2024.jpg\" class=\"attachment-large size-large wp-image-25588\" alt=\"BDC_09-2024.jpg\" srcset=\"https:\/\/www.sueverkruep.de\/mercedes-benz\/wp-content\/uploads\/sites\/2\/2024\/10\/BDC_09-2024.jpg 600w, https:\/\/www.sueverkruep.de\/mercedes-benz\/wp-content\/uploads\/sites\/2\/2024\/10\/BDC_09-2024-300x200.jpg 300w, https:\/\/www.sueverkruep.de\/mercedes-benz\/wp-content\/uploads\/sites\/2\/2024\/10\/BDC_09-2024-24x16.jpg 24w, https:\/\/www.sueverkruep.de\/mercedes-benz\/wp-content\/uploads\/sites\/2\/2024\/10\/BDC_09-2024-36x24.jpg 36w, https:\/\/www.sueverkruep.de\/mercedes-benz\/wp-content\/uploads\/sites\/2\/2024\/10\/BDC_09-2024-48x32.jpg 48w\" sizes=\"(max-width: 600px) 100vw, 600px\" \/>\t\t\t\t\t\t\t\t\t\t\t\t\t\t\t<\/div>\n\t\t\t\t<\/div>\n\t\t\t\t<div class=\"elementor-element elementor-element-6ba805eb elementor-widget elementor-widget-heading\" data-id=\"6ba805eb\" data-element_type=\"widget\" data-e-type=\"widget\" data-widget_type=\"heading.default\">\n\t\t\t\t<div class=\"elementor-widget-container\">\n\t\t\t\t\t<h3 class=\"elementor-heading-title elementor-size-default\">Vertriebsteam<\/h3>\t\t\t\t<\/div>\n\t\t\t\t<\/div>\n\t\t\t\t<div class=\"elementor-element elementor-element-29b2906e elementor-widget elementor-widget-text-editor\" data-id=\"29b2906e\" data-element_type=\"widget\" data-e-type=\"widget\" data-widget_type=\"text-editor.default\">\n\t\t\t\t<div class=\"elementor-widget-container\">\n\t\t\t\t\t\t\t\t\t<p>Kontakt Gebrauchtwagen<\/p>\t\t\t\t\t\t\t\t<\/div>\n\t\t\t\t<\/div>\n\t\t\t\t<div class=\"elementor-element elementor-element-1bcc1f5e elementor-align-justify elementor-widget__width-inherit elementor-widget elementor-widget-button\" data-id=\"1bcc1f5e\" data-element_type=\"widget\" data-e-type=\"widget\" data-widget_type=\"button.default\">\n\t\t\t\t<div class=\"elementor-widget-container\">\n\t\t\t\t\t\t\t\t\t<div class=\"elementor-button-wrapper\">\n\t\t\t\t\t<a class=\"elementor-button elementor-button-link elementor-size-sm\" href=\"https:\/\/www.sueverkruep.de\/ansprechpartner\/vertriebsteam-sueverkruep\/#kontaktformular\">\n\t\t\t\t\t\t<span class=\"elementor-button-content-wrapper\">\n\t\t\t\t\t\t<span class=\"elementor-button-icon\">\n\t\t\t\t<i aria-hidden=\"true\" class=\"far fa-envelope\"><\/i>\t\t\t<\/span>\n\t\t\t\t\t\t\t\t\t<span class=\"elementor-button-text\">E-Mail schreiben<\/span>\n\t\t\t\t\t<\/span>\n\t\t\t\t\t<\/a>\n\t\t\t\t<\/div>\n\t\t\t\t\t\t\t\t<\/div>\n\t\t\t\t<\/div>\n\t\t\t\t<div class=\"elementor-element elementor-element-46e0e269 elementor-align-justify elementor-widget__width-inherit elementor-widget elementor-widget-button\" data-id=\"46e0e269\" data-element_type=\"widget\" data-e-type=\"widget\" data-widget_type=\"button.default\">\n\t\t\t\t<div class=\"elementor-widget-container\">\n\t\t\t\t\t\t\t\t\t<div class=\"elementor-button-wrapper\">\n\t\t\t\t\t<a class=\"elementor-button elementor-button-link elementor-size-sm\" href=\"tel:4943159670671\">\n\t\t\t\t\t\t<span class=\"elementor-button-content-wrapper\">\n\t\t\t\t\t\t<span class=\"elementor-button-icon\">\n\t\t\t\t<i aria-hidden=\"true\" class=\"fas fa-phone-alt\"><\/i>\t\t\t<\/span>\n\t\t\t\t\t\t\t\t\t<span class=\"elementor-button-text\">+49 431 59 670-671<\/span>\n\t\t\t\t\t<\/span>\n\t\t\t\t\t<\/a>\n\t\t\t\t<\/div>\n\t\t\t\t\t\t\t\t<\/div>\n\t\t\t\t<\/div>\n\t\t\t\t\t<\/div>\n\t\t<\/div>\n\t\t\t\t\t<\/div>\n\t\t<\/section>\n\t\t\t\t\t<\/div>\n\t\t<\/div>\n\t\t\t\t\t<\/div>\n\t\t<\/section>\n\t\t\t\t<section class=\"elementor-section elementor-top-section elementor-element elementor-element-4b5fbdd4 elementor-section-full_width elementor-section-height-default elementor-section-height-default wpr-particle-no wpr-jarallax-no wpr-parallax-no wpr-sticky-section-no wpr-equal-height-no\" data-id=\"4b5fbdd4\" data-element_type=\"section\" data-e-type=\"section\">\n\t\t\t\t\t\t<div class=\"elementor-container elementor-column-gap-default\">\n\t\t\t\t\t<div class=\"elementor-column elementor-col-100 elementor-top-column elementor-element elementor-element-4763aad3\" data-id=\"4763aad3\" data-element_type=\"column\" data-e-type=\"column\">\n\t\t\t<div class=\"elementor-widget-wrap elementor-element-populated\">\n\t\t\t\t\t\t<div class=\"elementor-element elementor-element-7a3a2ba3 elementor-widget elementor-widget-heading\" data-id=\"7a3a2ba3\" data-element_type=\"widget\" data-e-type=\"widget\" data-widget_type=\"heading.default\">\n\t\t\t\t<div class=\"elementor-widget-container\">\n\t\t\t\t\t<h2 class=\"elementor-heading-title elementor-size-default\">Unsere Mercedes-Benz Gebrauchtwagen<\/h2>\t\t\t\t<\/div>\n\t\t\t\t<\/div>\n\t\t\t\t<div class=\"elementor-element elementor-element-52d74684 elementor-widget elementor-widget-html\" data-id=\"52d74684\" data-element_type=\"widget\" data-e-type=\"widget\" data-widget_type=\"html.default\">\n\t\t\t\t<div class=\"elementor-widget-container\">\n\t\t\t\t\t<div data-cmzn24-slot=\"combination_mercedes-benz-gebrauchtwagen\"><\/div>\t\t\t\t<\/div>\n\t\t\t\t<\/div>\n\t\t\t\t\t<\/div>\n\t\t<\/div>\n\t\t\t\t\t<\/div>\n\t\t<\/section>\n\t\t\t\t<section class=\"elementor-section elementor-top-section elementor-element elementor-element-537da887 elementor-section-full_width elementor-section-height-default elementor-section-height-default wpr-particle-no wpr-jarallax-no wpr-parallax-no wpr-sticky-section-no wpr-equal-height-no\" data-id=\"537da887\" data-element_type=\"section\" data-e-type=\"section\">\n\t\t\t\t\t\t<div class=\"elementor-container elementor-column-gap-default\">\n\t\t\t\t\t<div class=\"make-column-clickable-elementor elementor-column elementor-col-33 elementor-top-column elementor-element elementor-element-5f0f9b0a\" style=\"cursor: pointer;\" data-column-clickable=\"https:\/\/www.sueverkruep.de\/mercedes-benz\/gebrauchtwagen\/junge-sterne-pkw\/\" data-column-clickable-blank=\"_self\" data-id=\"5f0f9b0a\" data-element_type=\"column\" data-e-type=\"column\">\n\t\t\t<div class=\"elementor-widget-wrap elementor-element-populated\">\n\t\t\t\t\t\t<div class=\"elementor-element elementor-element-1ecae661 elementor-widget elementor-widget-image\" data-id=\"1ecae661\" data-element_type=\"widget\" data-e-type=\"widget\" data-widget_type=\"image.default\">\n\t\t\t\t<div class=\"elementor-widget-container\">\n\t\t\t\t\t\t\t\t\t\t\t\t\t\t\t<img decoding=\"async\" width=\"584\" height=\"320\" src=\"https:\/\/www.sueverkruep.de\/mercedes-benz\/wp-content\/uploads\/sites\/2\/2025\/01\/Mercedes-Benz-Junge-Sterne-Pkw-Kachel-Q1-2025.jpg\" class=\"attachment-full size-full wp-image-27220\" alt=\"Header Junge Sterne PKW Gebrauchte Garantie Mercedes-Benz S\u00fcverkr\u00fcp\" srcset=\"https:\/\/www.sueverkruep.de\/mercedes-benz\/wp-content\/uploads\/sites\/2\/2025\/01\/Mercedes-Benz-Junge-Sterne-Pkw-Kachel-Q1-2025.jpg 584w, https:\/\/www.sueverkruep.de\/mercedes-benz\/wp-content\/uploads\/sites\/2\/2025\/01\/Mercedes-Benz-Junge-Sterne-Pkw-Kachel-Q1-2025-300x164.jpg 300w, https:\/\/www.sueverkruep.de\/mercedes-benz\/wp-content\/uploads\/sites\/2\/2025\/01\/Mercedes-Benz-Junge-Sterne-Pkw-Kachel-Q1-2025-24x13.jpg 24w, https:\/\/www.sueverkruep.de\/mercedes-benz\/wp-content\/uploads\/sites\/2\/2025\/01\/Mercedes-Benz-Junge-Sterne-Pkw-Kachel-Q1-2025-36x20.jpg 36w, https:\/\/www.sueverkruep.de\/mercedes-benz\/wp-content\/uploads\/sites\/2\/2025\/01\/Mercedes-Benz-Junge-Sterne-Pkw-Kachel-Q1-2025-48x26.jpg 48w\" sizes=\"(max-width: 584px) 100vw, 584px\" \/>\t\t\t\t\t\t\t\t\t\t\t\t\t\t\t<\/div>\n\t\t\t\t<\/div>\n\t\t\t\t<div class=\"elementor-element elementor-element-6abcc389 elementor-widget elementor-widget-text-editor\" data-id=\"6abcc389\" data-element_type=\"widget\" data-e-type=\"widget\" data-widget_type=\"text-editor.default\">\n\t\t\t\t<div class=\"elementor-widget-container\">\n\t\t\t\t\t\t\t\t\t<h2 class=\"p1\">Junge Sterne Pkw<\/h2><p>Mit den Jungen Sternen bieten wir Ihnen streng gepr\u00fcfte Mercedes-Benz Gebrauchtwagen in Bestzustand, inklusive eines umfangreichen Garantiepakets.<\/p>\t\t\t\t\t\t\t\t<\/div>\n\t\t\t\t<\/div>\n\t\t\t\t\t<\/div>\n\t\t<\/div>\n\t\t\t\t<div class=\"make-column-clickable-elementor elementor-column elementor-col-33 elementor-top-column elementor-element elementor-element-63b1c415\" style=\"cursor: pointer;\" data-column-clickable=\"https:\/\/www.sueverkruep.de\/mercedes-benz\/gebrauchtwagen\/junge-sterne-transporter\/\" data-column-clickable-blank=\"_self\" data-id=\"63b1c415\" data-element_type=\"column\" data-e-type=\"column\">\n\t\t\t<div class=\"elementor-widget-wrap elementor-element-populated\">\n\t\t\t\t\t\t<div class=\"elementor-element elementor-element-1bb36871 elementor-widget elementor-widget-image\" data-id=\"1bb36871\" data-element_type=\"widget\" data-e-type=\"widget\" data-widget_type=\"image.default\">\n\t\t\t\t<div class=\"elementor-widget-container\">\n\t\t\t\t\t\t\t\t\t\t\t\t\t\t\t<img decoding=\"async\" width=\"584\" height=\"320\" src=\"https:\/\/www.sueverkruep.de\/mercedes-benz\/wp-content\/uploads\/sites\/2\/2025\/01\/Mercedes-Benz-Junge-Sterne-Transporter-Trapo-Kachel-Q1-2025_600x400-1.jpg\" class=\"attachment-full size-full wp-image-27286\" alt=\"Mercedes-Benz-Junge-Sterne-Transporter-Trapo-Kachel-Q1-2025_600x400\" srcset=\"https:\/\/www.sueverkruep.de\/mercedes-benz\/wp-content\/uploads\/sites\/2\/2025\/01\/Mercedes-Benz-Junge-Sterne-Transporter-Trapo-Kachel-Q1-2025_600x400-1.jpg 584w, https:\/\/www.sueverkruep.de\/mercedes-benz\/wp-content\/uploads\/sites\/2\/2025\/01\/Mercedes-Benz-Junge-Sterne-Transporter-Trapo-Kachel-Q1-2025_600x400-1-300x164.jpg 300w, https:\/\/www.sueverkruep.de\/mercedes-benz\/wp-content\/uploads\/sites\/2\/2025\/01\/Mercedes-Benz-Junge-Sterne-Transporter-Trapo-Kachel-Q1-2025_600x400-1-24x13.jpg 24w, https:\/\/www.sueverkruep.de\/mercedes-benz\/wp-content\/uploads\/sites\/2\/2025\/01\/Mercedes-Benz-Junge-Sterne-Transporter-Trapo-Kachel-Q1-2025_600x400-1-36x20.jpg 36w, https:\/\/www.sueverkruep.de\/mercedes-benz\/wp-content\/uploads\/sites\/2\/2025\/01\/Mercedes-Benz-Junge-Sterne-Transporter-Trapo-Kachel-Q1-2025_600x400-1-48x26.jpg 48w\" sizes=\"(max-width: 584px) 100vw, 584px\" \/>\t\t\t\t\t\t\t\t\t\t\t\t\t\t\t<\/div>\n\t\t\t\t<\/div>\n\t\t\t\t<div class=\"elementor-element elementor-element-39ac5f49 elementor-widget elementor-widget-text-editor\" data-id=\"39ac5f49\" data-element_type=\"widget\" data-e-type=\"widget\" data-widget_type=\"text-editor.default\">\n\t\t\t\t<div class=\"elementor-widget-container\">\n\t\t\t\t\t\t\t\t\t<h2 class=\"p1\">Junge Sterne Transporter<\/h2><p>Mit den Jungen Sterne Transportern bieten wir Ihnen streng gepr\u00fcfte Mercedes-Benz Gebrauchtwagen in Bestzustand, inklusive eines umfangreichen Garantiepakets.<\/p>\t\t\t\t\t\t\t\t<\/div>\n\t\t\t\t<\/div>\n\t\t\t\t\t<\/div>\n\t\t<\/div>\n\t\t\t\t<div class=\"make-column-clickable-elementor elementor-column elementor-col-33 elementor-top-column elementor-element elementor-element-9d1f64c\" style=\"cursor: pointer;\" data-column-clickable=\"https:\/\/www.sueverkruep.de\/sueverkruep-kauft-ihr-auto\/\" data-column-clickable-blank=\"_self\" data-id=\"9d1f64c\" data-element_type=\"column\" data-e-type=\"column\">\n\t\t\t<div class=\"elementor-widget-wrap elementor-element-populated\">\n\t\t\t\t\t\t<div class=\"elementor-element elementor-element-661aea2c elementor-widget elementor-widget-image\" data-id=\"661aea2c\" data-element_type=\"widget\" data-e-type=\"widget\" data-widget_type=\"image.default\">\n\t\t\t\t<div class=\"elementor-widget-container\">\n\t\t\t\t\t\t\t\t\t\t\t\t\t\t\t<img loading=\"lazy\" decoding=\"async\" width=\"584\" height=\"320\" src=\"https:\/\/www.sueverkruep.de\/mercedes-benz\/wp-content\/uploads\/sites\/2\/2022\/01\/wir_kaufen_ihr_auto_titelbild_kachel.jpg\" class=\"attachment-full size-full wp-image-15173\" alt=\"S\u00fcverkr\u00fcp Wir kaufen Ihr Auto Inzahlungnahme\" srcset=\"https:\/\/www.sueverkruep.de\/mercedes-benz\/wp-content\/uploads\/sites\/2\/2022\/01\/wir_kaufen_ihr_auto_titelbild_kachel.jpg 584w, https:\/\/www.sueverkruep.de\/mercedes-benz\/wp-content\/uploads\/sites\/2\/2022\/01\/wir_kaufen_ihr_auto_titelbild_kachel-300x164.jpg 300w, https:\/\/www.sueverkruep.de\/mercedes-benz\/wp-content\/uploads\/sites\/2\/2022\/01\/wir_kaufen_ihr_auto_titelbild_kachel-24x13.jpg 24w, https:\/\/www.sueverkruep.de\/mercedes-benz\/wp-content\/uploads\/sites\/2\/2022\/01\/wir_kaufen_ihr_auto_titelbild_kachel-36x20.jpg 36w, https:\/\/www.sueverkruep.de\/mercedes-benz\/wp-content\/uploads\/sites\/2\/2022\/01\/wir_kaufen_ihr_auto_titelbild_kachel-48x26.jpg 48w\" sizes=\"(max-width: 584px) 100vw, 584px\" \/>\t\t\t\t\t\t\t\t\t\t\t\t\t\t\t<\/div>\n\t\t\t\t<\/div>\n\t\t\t\t<div class=\"elementor-element elementor-element-7300c56c elementor-widget elementor-widget-text-editor\" data-id=\"7300c56c\" data-element_type=\"widget\" data-e-type=\"widget\" data-widget_type=\"text-editor.default\">\n\t\t\t\t<div class=\"elementor-widget-container\">\n\t\t\t\t\t\t\t\t\t<h2 class=\"p1\">Wir kaufen Ihr Fahrzeug<\/h2><p>Sie suchen ein neues Fahrzeug, m\u00f6chten \u201eIhren Alten\u201c einfach verkaufen oder in Zahlung geben? <br \/>Wir nehmen ihn gern.<br \/><br \/><\/p>\t\t\t\t\t\t\t\t<\/div>\n\t\t\t\t<\/div>\n\t\t\t\t\t<\/div>\n\t\t<\/div>\n\t\t\t\t\t<\/div>\n\t\t<\/section>\n\t\t\t\t<\/div>\n\t\t","protected":false},"excerpt":{"rendered":"<p>\u00a0 Gr\u00f6\u00dfter Gebrauchtwagen-Anbieter Norddeutschlands. Der Kauf eines Automobils ist ein besonderes Erlebnis und eine wichtige Entscheidung f\u00fcr Sie! Wir m\u00f6chten Sie bei diesem besonderen Kauferlebnis gerne begleiten, Ihnen mit unserem Know-how und unserer vielf\u00e4ltigen Auswahl an Vorf\u00fchr- und Jahreswagen oder klassischen Gebrauchtfahrzeugen mit Rat und Tat zur Seite stehen. Ob Junger Stern oder junger Gebrauchter \u2013 seit \u00fcber 111 Jahren sind wir Ihr automobiler Ansprechpartner und geh\u00f6ren so zu den traditionsreichsten Mercedes-Benz Vertretern Deutschlands. Finden Sie bei uns, aus \u00fcber 800 Bestandsfahrzeugen, Ihren pers\u00f6nlichen Traumwagen \u2013 unser zertifiziertes Verkaufsteam ber\u00e4t Sie mit Fachkompetenz und Leidenschaft., auch zu den Themen rund um Finanzierung oder Leasing. Vertriebsteam Kontakt Gebrauchtwagen E-Mail schreiben +49 431 59 670-671 Unsere Mercedes-Benz Gebrauchtwagen Junge Sterne Pkw Mit den Jungen Sternen bieten wir Ihnen streng gepr\u00fcfte Mercedes-Benz Gebrauchtwagen in Bestzustand, inklusive eines umfangreichen Garantiepakets. Junge Sterne Transporter Mit den Jungen Sterne Transportern bieten wir Ihnen streng gepr\u00fcfte Mercedes-Benz Gebrauchtwagen in Bestzustand, inklusive eines umfangreichen Garantiepakets. Wir kaufen Ihr Fahrzeug Sie suchen ein neues Fahrzeug, m\u00f6chten \u201eIhren Alten\u201c einfach verkaufen oder in Zahlung geben? Wir nehmen ihn gern.<\/p>\n","protected":false},"author":1,"featured_media":0,"parent":0,"menu_order":0,"comment_status":"closed","ping_status":"closed","template":"","meta":{"footnotes":""},"class_list":["post-30","page","type-page","status-publish","hentry"],"acf":[],"yoast_head":"<!-- This site is optimized with the Yoast SEO plugin v27.4 - https:\/\/yoast.com\/product\/yoast-seo-wordpress\/ -->\n<title>\ud83d\udd0d Mercedes-Benz Gebrauchtwagen bei S\u00fcverkr\u00fcp \u2705<\/title>\n<meta name=\"description\" content=\"\u2705 Finden Sie Ihren Mercedes-Benz Gebrauchtwagen mit der S\u00fcverkr\u00fcp Suche. \ud83d\ude97 Einfach filtern &amp; top gepflegte Modelle entdecken!\" \/>\n<meta name=\"robots\" content=\"index, follow, max-snippet:-1, max-image-preview:large, max-video-preview:-1\" \/>\n<link rel=\"canonical\" href=\"https:\/\/www.sueverkruep.de\/mercedes-benz\/gebrauchtwagen\/\" \/>\n<meta property=\"og:locale\" content=\"de_DE\" \/>\n<meta property=\"og:type\" content=\"article\" \/>\n<meta property=\"og:title\" content=\"\ud83d\udd0d Mercedes-Benz Gebrauchtwagen bei S\u00fcverkr\u00fcp \u2705\" \/>\n<meta property=\"og:description\" content=\"\u2705 Finden Sie Ihren Mercedes-Benz Gebrauchtwagen mit der S\u00fcverkr\u00fcp Suche. \ud83d\ude97 Einfach filtern &amp; top gepflegte Modelle entdecken!\" \/>\n<meta property=\"og:url\" content=\"https:\/\/www.sueverkruep.de\/mercedes-benz\/gebrauchtwagen\/\" \/>\n<meta property=\"og:site_name\" content=\"S\u00fcverkr\u00fcp Mercedes-Benz\" \/>\n<meta property=\"article:modified_time\" content=\"2026-01-14T14:56:52+00:00\" \/>\n<meta property=\"og:image\" content=\"https:\/\/www.sueverkruep.de\/mercedes-benz\/wp-content\/uploads\/sites\/2\/2024\/10\/BDC_09-2024.jpg\" \/>\n<meta name=\"twitter:card\" content=\"summary_large_image\" \/>\n<meta name=\"twitter:label1\" content=\"Gesch\u00e4tzte Lesezeit\" \/>\n\t<meta name=\"twitter:data1\" content=\"2\u00a0Minuten\" \/>\n<script type=\"application\/ld+json\" class=\"yoast-schema-graph\">{\"@context\":\"https:\\\/\\\/schema.org\",\"@graph\":[{\"@type\":\"WebPage\",\"@id\":\"https:\\\/\\\/www.sueverkruep.de\\\/mercedes-benz\\\/gebrauchtwagen\\\/\",\"url\":\"https:\\\/\\\/www.sueverkruep.de\\\/mercedes-benz\\\/gebrauchtwagen\\\/\",\"name\":\"\ud83d\udd0d Mercedes-Benz Gebrauchtwagen bei S\u00fcverkr\u00fcp \u2705\",\"isPartOf\":{\"@id\":\"https:\\\/\\\/www.sueverkruep.de\\\/mercedes-benz\\\/#website\"},\"primaryImageOfPage\":{\"@id\":\"https:\\\/\\\/www.sueverkruep.de\\\/mercedes-benz\\\/gebrauchtwagen\\\/#primaryimage\"},\"image\":{\"@id\":\"https:\\\/\\\/www.sueverkruep.de\\\/mercedes-benz\\\/gebrauchtwagen\\\/#primaryimage\"},\"thumbnailUrl\":\"https:\\\/\\\/www.sueverkruep.de\\\/mercedes-benz\\\/wp-content\\\/uploads\\\/sites\\\/2\\\/2024\\\/10\\\/BDC_09-2024.jpg\",\"datePublished\":\"2019-02-27T13:05:17+00:00\",\"dateModified\":\"2026-01-14T14:56:52+00:00\",\"description\":\"\u2705 Finden Sie Ihren Mercedes-Benz Gebrauchtwagen mit der S\u00fcverkr\u00fcp Suche. \ud83d\ude97 Einfach filtern & top gepflegte Modelle entdecken!\",\"breadcrumb\":{\"@id\":\"https:\\\/\\\/www.sueverkruep.de\\\/mercedes-benz\\\/gebrauchtwagen\\\/#breadcrumb\"},\"inLanguage\":\"de\",\"potentialAction\":[{\"@type\":\"ReadAction\",\"target\":[\"https:\\\/\\\/www.sueverkruep.de\\\/mercedes-benz\\\/gebrauchtwagen\\\/\"]}]},{\"@type\":\"ImageObject\",\"inLanguage\":\"de\",\"@id\":\"https:\\\/\\\/www.sueverkruep.de\\\/mercedes-benz\\\/gebrauchtwagen\\\/#primaryimage\",\"url\":\"https:\\\/\\\/www.sueverkruep.de\\\/mercedes-benz\\\/wp-content\\\/uploads\\\/sites\\\/2\\\/2024\\\/10\\\/BDC_09-2024.jpg\",\"contentUrl\":\"https:\\\/\\\/www.sueverkruep.de\\\/mercedes-benz\\\/wp-content\\\/uploads\\\/sites\\\/2\\\/2024\\\/10\\\/BDC_09-2024.jpg\",\"width\":600,\"height\":400,\"caption\":\"BDC_09-2024.jpg\"},{\"@type\":\"BreadcrumbList\",\"@id\":\"https:\\\/\\\/www.sueverkruep.de\\\/mercedes-benz\\\/gebrauchtwagen\\\/#breadcrumb\",\"itemListElement\":[{\"@type\":\"ListItem\",\"position\":1,\"name\":\"Mercedes-Benz\",\"item\":\"https:\\\/\\\/www.sueverkruep.de\\\/mercedes-benz\\\/\"},{\"@type\":\"ListItem\",\"position\":2,\"name\":\"Gebrauchtwagen\"}]},{\"@type\":\"WebSite\",\"@id\":\"https:\\\/\\\/www.sueverkruep.de\\\/mercedes-benz\\\/#website\",\"url\":\"https:\\\/\\\/www.sueverkruep.de\\\/mercedes-benz\\\/\",\"name\":\"S\u00fcverkr\u00fcp Mercedes-Benz\",\"description\":\"Ihr L\u00e4cheln. Unser Antrieb.\",\"publisher\":{\"@id\":\"https:\\\/\\\/www.sueverkruep.de\\\/mercedes-benz\\\/#organization\"},\"potentialAction\":[{\"@type\":\"SearchAction\",\"target\":{\"@type\":\"EntryPoint\",\"urlTemplate\":\"https:\\\/\\\/www.sueverkruep.de\\\/mercedes-benz\\\/?s={search_term_string}\"},\"query-input\":{\"@type\":\"PropertyValueSpecification\",\"valueRequired\":true,\"valueName\":\"search_term_string\"}}],\"inLanguage\":\"de\"},{\"@type\":\"Organization\",\"@id\":\"https:\\\/\\\/www.sueverkruep.de\\\/mercedes-benz\\\/#organization\",\"name\":\"S\u00fcverkr\u00fcp Mercedes-Benz\",\"url\":\"https:\\\/\\\/www.sueverkruep.de\\\/mercedes-benz\\\/\",\"logo\":{\"@type\":\"ImageObject\",\"inLanguage\":\"de\",\"@id\":\"https:\\\/\\\/www.sueverkruep.de\\\/mercedes-benz\\\/#\\\/schema\\\/logo\\\/image\\\/\",\"url\":\"https:\\\/\\\/www.sueverkruep.de\\\/mercedes-benz\\\/wp-content\\\/uploads\\\/sites\\\/2\\\/2020\\\/12\\\/cropped-mb_logoo.png\",\"contentUrl\":\"https:\\\/\\\/www.sueverkruep.de\\\/mercedes-benz\\\/wp-content\\\/uploads\\\/sites\\\/2\\\/2020\\\/12\\\/cropped-mb_logoo.png\",\"width\":294,\"height\":88,\"caption\":\"S\u00fcverkr\u00fcp Mercedes-Benz\"},\"image\":{\"@id\":\"https:\\\/\\\/www.sueverkruep.de\\\/mercedes-benz\\\/#\\\/schema\\\/logo\\\/image\\\/\"}}]}<\/script>\n<!-- \/ Yoast SEO plugin. -->","yoast_head_json":{"title":"\ud83d\udd0d Mercedes-Benz Gebrauchtwagen bei S\u00fcverkr\u00fcp \u2705","description":"\u2705 Finden Sie Ihren Mercedes-Benz Gebrauchtwagen mit der S\u00fcverkr\u00fcp Suche. \ud83d\ude97 Einfach filtern & top gepflegte Modelle entdecken!","robots":{"index":"index","follow":"follow","max-snippet":"max-snippet:-1","max-image-preview":"max-image-preview:large","max-video-preview":"max-video-preview:-1"},"canonical":"https:\/\/www.sueverkruep.de\/mercedes-benz\/gebrauchtwagen\/","og_locale":"de_DE","og_type":"article","og_title":"\ud83d\udd0d Mercedes-Benz Gebrauchtwagen bei S\u00fcverkr\u00fcp \u2705","og_description":"\u2705 Finden Sie Ihren Mercedes-Benz Gebrauchtwagen mit der S\u00fcverkr\u00fcp Suche. \ud83d\ude97 Einfach filtern & top gepflegte Modelle entdecken!","og_url":"https:\/\/www.sueverkruep.de\/mercedes-benz\/gebrauchtwagen\/","og_site_name":"S\u00fcverkr\u00fcp Mercedes-Benz","article_modified_time":"2026-01-14T14:56:52+00:00","og_image":[{"url":"https:\/\/www.sueverkruep.de\/mercedes-benz\/wp-content\/uploads\/sites\/2\/2024\/10\/BDC_09-2024.jpg","type":"","width":"","height":""}],"twitter_card":"summary_large_image","twitter_misc":{"Gesch\u00e4tzte Lesezeit":"2\u00a0Minuten"},"schema":{"@context":"https:\/\/schema.org","@graph":[{"@type":"WebPage","@id":"https:\/\/www.sueverkruep.de\/mercedes-benz\/gebrauchtwagen\/","url":"https:\/\/www.sueverkruep.de\/mercedes-benz\/gebrauchtwagen\/","name":"\ud83d\udd0d Mercedes-Benz Gebrauchtwagen bei S\u00fcverkr\u00fcp \u2705","isPartOf":{"@id":"https:\/\/www.sueverkruep.de\/mercedes-benz\/#website"},"primaryImageOfPage":{"@id":"https:\/\/www.sueverkruep.de\/mercedes-benz\/gebrauchtwagen\/#primaryimage"},"image":{"@id":"https:\/\/www.sueverkruep.de\/mercedes-benz\/gebrauchtwagen\/#primaryimage"},"thumbnailUrl":"https:\/\/www.sueverkruep.de\/mercedes-benz\/wp-content\/uploads\/sites\/2\/2024\/10\/BDC_09-2024.jpg","datePublished":"2019-02-27T13:05:17+00:00","dateModified":"2026-01-14T14:56:52+00:00","description":"\u2705 Finden Sie Ihren Mercedes-Benz Gebrauchtwagen mit der S\u00fcverkr\u00fcp Suche. \ud83d\ude97 Einfach filtern & top gepflegte Modelle entdecken!","breadcrumb":{"@id":"https:\/\/www.sueverkruep.de\/mercedes-benz\/gebrauchtwagen\/#breadcrumb"},"inLanguage":"de","potentialAction":[{"@type":"ReadAction","target":["https:\/\/www.sueverkruep.de\/mercedes-benz\/gebrauchtwagen\/"]}]},{"@type":"ImageObject","inLanguage":"de","@id":"https:\/\/www.sueverkruep.de\/mercedes-benz\/gebrauchtwagen\/#primaryimage","url":"https:\/\/www.sueverkruep.de\/mercedes-benz\/wp-content\/uploads\/sites\/2\/2024\/10\/BDC_09-2024.jpg","contentUrl":"https:\/\/www.sueverkruep.de\/mercedes-benz\/wp-content\/uploads\/sites\/2\/2024\/10\/BDC_09-2024.jpg","width":600,"height":400,"caption":"BDC_09-2024.jpg"},{"@type":"BreadcrumbList","@id":"https:\/\/www.sueverkruep.de\/mercedes-benz\/gebrauchtwagen\/#breadcrumb","itemListElement":[{"@type":"ListItem","position":1,"name":"Mercedes-Benz","item":"https:\/\/www.sueverkruep.de\/mercedes-benz\/"},{"@type":"ListItem","position":2,"name":"Gebrauchtwagen"}]},{"@type":"WebSite","@id":"https:\/\/www.sueverkruep.de\/mercedes-benz\/#website","url":"https:\/\/www.sueverkruep.de\/mercedes-benz\/","name":"S\u00fcverkr\u00fcp Mercedes-Benz","description":"Ihr L\u00e4cheln. Unser Antrieb.","publisher":{"@id":"https:\/\/www.sueverkruep.de\/mercedes-benz\/#organization"},"potentialAction":[{"@type":"SearchAction","target":{"@type":"EntryPoint","urlTemplate":"https:\/\/www.sueverkruep.de\/mercedes-benz\/?s={search_term_string}"},"query-input":{"@type":"PropertyValueSpecification","valueRequired":true,"valueName":"search_term_string"}}],"inLanguage":"de"},{"@type":"Organization","@id":"https:\/\/www.sueverkruep.de\/mercedes-benz\/#organization","name":"S\u00fcverkr\u00fcp Mercedes-Benz","url":"https:\/\/www.sueverkruep.de\/mercedes-benz\/","logo":{"@type":"ImageObject","inLanguage":"de","@id":"https:\/\/www.sueverkruep.de\/mercedes-benz\/#\/schema\/logo\/image\/","url":"https:\/\/www.sueverkruep.de\/mercedes-benz\/wp-content\/uploads\/sites\/2\/2020\/12\/cropped-mb_logoo.png","contentUrl":"https:\/\/www.sueverkruep.de\/mercedes-benz\/wp-content\/uploads\/sites\/2\/2020\/12\/cropped-mb_logoo.png","width":294,"height":88,"caption":"S\u00fcverkr\u00fcp Mercedes-Benz"},"image":{"@id":"https:\/\/www.sueverkruep.de\/mercedes-benz\/#\/schema\/logo\/image\/"}}]}},"_links":{"self":[{"href":"https:\/\/www.sueverkruep.de\/mercedes-benz\/wp-json\/wp\/v2\/pages\/30","targetHints":{"allow":["GET"]}}],"collection":[{"href":"https:\/\/www.sueverkruep.de\/mercedes-benz\/wp-json\/wp\/v2\/pages"}],"about":[{"href":"https:\/\/www.sueverkruep.de\/mercedes-benz\/wp-json\/wp\/v2\/types\/page"}],"author":[{"embeddable":true,"href":"https:\/\/www.sueverkruep.de\/mercedes-benz\/wp-json\/wp\/v2\/users\/1"}],"replies":[{"embeddable":true,"href":"https:\/\/www.sueverkruep.de\/mercedes-benz\/wp-json\/wp\/v2\/comments?post=30"}],"version-history":[{"count":120,"href":"https:\/\/www.sueverkruep.de\/mercedes-benz\/wp-json\/wp\/v2\/pages\/30\/revisions"}],"predecessor-version":[{"id":28827,"href":"https:\/\/www.sueverkruep.de\/mercedes-benz\/wp-json\/wp\/v2\/pages\/30\/revisions\/28827"}],"wp:attachment":[{"href":"https:\/\/www.sueverkruep.de\/mercedes-benz\/wp-json\/wp\/v2\/media?parent=30"}],"curies":[{"name":"wp","href":"https:\/\/api.w.org\/{rel}","templated":true}]}}