{"id":2109,"date":"2019-08-29T11:36:12","date_gmt":"2019-08-29T09:36:12","guid":{"rendered":"http:\/\/dev.sueverkruep.org\/mercedes-benz\/?page_id=2109"},"modified":"2025-03-03T13:28:23","modified_gmt":"2025-03-03T12:28:23","slug":"pkw-vermietung","status":"publish","type":"page","link":"https:\/\/www.sueverkruep.de\/mercedes-benz\/vermietung-alt\/pkw-vermietung\/","title":{"rendered":"Pkw Vermietung"},"content":{"rendered":"\t\t<div data-elementor-type=\"wp-page\" data-elementor-id=\"2109\" class=\"elementor elementor-2109\" data-elementor-post-type=\"page\">\n\t\t\t\t\t\t<section class=\"elementor-section elementor-top-section elementor-element elementor-element-9664f65 elementor-hidden-tablet elementor-hidden-mobile elementor-section-boxed elementor-section-height-default elementor-section-height-default wpr-particle-no wpr-jarallax-no wpr-parallax-no wpr-sticky-section-no wpr-equal-height-no\" data-id=\"9664f65\" data-element_type=\"section\" data-e-type=\"section\">\n\t\t\t\t\t\t<div class=\"elementor-container elementor-column-gap-default\">\n\t\t\t\t\t<div class=\"elementor-column elementor-col-50 elementor-top-column elementor-element elementor-element-4b1c8316\" data-id=\"4b1c8316\" data-element_type=\"column\" data-e-type=\"column\">\n\t\t\t<div class=\"elementor-widget-wrap elementor-element-populated\">\n\t\t\t\t\t\t<div class=\"elementor-element elementor-element-600b45d0 elementor-view-default elementor-widget elementor-widget-icon\" data-id=\"600b45d0\" data-element_type=\"widget\" data-e-type=\"widget\" data-widget_type=\"icon.default\">\n\t\t\t\t<div class=\"elementor-widget-container\">\n\t\t\t\t\t\t\t<div class=\"elementor-icon-wrapper\">\n\t\t\t<a class=\"elementor-icon\" href=\"https:\/\/www.sueverkruep.de\">\n\t\t\t<i aria-hidden=\"true\" class=\"fas fa-home\"><\/i>\t\t\t<\/a>\n\t\t<\/div>\n\t\t\t\t\t\t<\/div>\n\t\t\t\t<\/div>\n\t\t\t\t\t<\/div>\n\t\t<\/div>\n\t\t\t\t<div class=\"elementor-column elementor-col-50 elementor-top-column elementor-element elementor-element-10bc84a4\" data-id=\"10bc84a4\" data-element_type=\"column\" data-e-type=\"column\">\n\t\t\t<div class=\"elementor-widget-wrap elementor-element-populated\">\n\t\t\t\t\t\t<div class=\"elementor-element elementor-element-4242051f elementor-align-left elementor-mobile-align-left elementor-widget elementor-widget-breadcrumbs\" data-id=\"4242051f\" data-element_type=\"widget\" data-e-type=\"widget\" data-widget_type=\"breadcrumbs.default\">\n\t\t\t\t<div class=\"elementor-widget-container\">\n\t\t\t\t\t<p id=\"breadcrumbs\"><span><span><a href=\"https:\/\/www.sueverkruep.de\/mercedes-benz\/\">Mercedes-Benz<\/a><\/span><\/span><\/p>\t\t\t\t<\/div>\n\t\t\t\t<\/div>\n\t\t\t\t\t<\/div>\n\t\t<\/div>\n\t\t\t\t\t<\/div>\n\t\t<\/section>\n\t\t\t\t<section class=\"elementor-section elementor-top-section elementor-element elementor-element-733f01ce elementor-section-boxed elementor-section-height-default elementor-section-height-default wpr-particle-no wpr-jarallax-no wpr-parallax-no wpr-sticky-section-no wpr-equal-height-no\" data-id=\"733f01ce\" data-element_type=\"section\" data-e-type=\"section\">\n\t\t\t\t\t\t<div class=\"elementor-container elementor-column-gap-default\">\n\t\t\t\t\t<div class=\"elementor-column elementor-col-100 elementor-top-column elementor-element elementor-element-495feb7a\" data-id=\"495feb7a\" data-element_type=\"column\" data-e-type=\"column\">\n\t\t\t<div class=\"elementor-widget-wrap elementor-element-populated\">\n\t\t\t\t\t\t<div class=\"elementor-element elementor-element-2ab006f elementor-widget elementor-widget-image\" data-id=\"2ab006f\" data-element_type=\"widget\" data-e-type=\"widget\" data-widget_type=\"image.default\">\n\t\t\t\t<div class=\"elementor-widget-container\">\n\t\t\t\t\t\t\t\t\t\t\t\t\t\t\t\t<a href=\"#kontakt\">\n\t\t\t\t\t\t\t<img fetchpriority=\"high\" decoding=\"async\" width=\"1960\" height=\"539\" src=\"https:\/\/www.sueverkruep.de\/mercedes-benz\/wp-content\/uploads\/sites\/2\/2024\/06\/MB-Rent-Banner-v3.jpg\" class=\"attachment-full size-full wp-image-24651\" alt=\"MB-Rent-Banner-v3.jpg\" srcset=\"https:\/\/www.sueverkruep.de\/mercedes-benz\/wp-content\/uploads\/sites\/2\/2024\/06\/MB-Rent-Banner-v3.jpg 1960w, https:\/\/www.sueverkruep.de\/mercedes-benz\/wp-content\/uploads\/sites\/2\/2024\/06\/MB-Rent-Banner-v3-300x83.jpg 300w, https:\/\/www.sueverkruep.de\/mercedes-benz\/wp-content\/uploads\/sites\/2\/2024\/06\/MB-Rent-Banner-v3-1024x282.jpg 1024w, https:\/\/www.sueverkruep.de\/mercedes-benz\/wp-content\/uploads\/sites\/2\/2024\/06\/MB-Rent-Banner-v3-768x211.jpg 768w, https:\/\/www.sueverkruep.de\/mercedes-benz\/wp-content\/uploads\/sites\/2\/2024\/06\/MB-Rent-Banner-v3-1536x422.jpg 1536w, https:\/\/www.sueverkruep.de\/mercedes-benz\/wp-content\/uploads\/sites\/2\/2024\/06\/MB-Rent-Banner-v3-24x7.jpg 24w, https:\/\/www.sueverkruep.de\/mercedes-benz\/wp-content\/uploads\/sites\/2\/2024\/06\/MB-Rent-Banner-v3-36x10.jpg 36w, https:\/\/www.sueverkruep.de\/mercedes-benz\/wp-content\/uploads\/sites\/2\/2024\/06\/MB-Rent-Banner-v3-48x13.jpg 48w\" sizes=\"(max-width: 1960px) 100vw, 1960px\" \/>\t\t\t\t\t\t\t\t<\/a>\n\t\t\t\t\t\t\t\t\t\t\t\t\t\t\t<\/div>\n\t\t\t\t<\/div>\n\t\t\t\t\t<\/div>\n\t\t<\/div>\n\t\t\t\t\t<\/div>\n\t\t<\/section>\n\t\t\t\t<section class=\"elementor-section elementor-top-section elementor-element elementor-element-1ca53dfc elementor-section-boxed elementor-section-height-default elementor-section-height-default wpr-particle-no wpr-jarallax-no wpr-parallax-no wpr-sticky-section-no wpr-equal-height-no\" data-id=\"1ca53dfc\" data-element_type=\"section\" data-e-type=\"section\" data-settings=\"{&quot;background_background&quot;:&quot;classic&quot;}\">\n\t\t\t\t\t\t<div class=\"elementor-container elementor-column-gap-default\">\n\t\t\t\t\t<div class=\"elementor-column elementor-col-100 elementor-top-column elementor-element elementor-element-5951a6d2\" data-id=\"5951a6d2\" data-element_type=\"column\" data-e-type=\"column\">\n\t\t\t<div class=\"elementor-widget-wrap elementor-element-populated\">\n\t\t\t\t\t\t<div class=\"elementor-element elementor-element-1ab3652f elementor-widget elementor-widget-heading\" data-id=\"1ab3652f\" data-element_type=\"widget\" data-e-type=\"widget\" data-widget_type=\"heading.default\">\n\t\t\t\t<div class=\"elementor-widget-container\">\n\t\t\t\t\t<h1 class=\"elementor-heading-title elementor-size-default\">Mit uns ist das Leben doch ein Wunschkonzert.<\/h1>\t\t\t\t<\/div>\n\t\t\t\t<\/div>\n\t\t\t\t<div class=\"elementor-element elementor-element-5b2bb4d3 elementor-widget elementor-widget-text-editor\" data-id=\"5b2bb4d3\" data-element_type=\"widget\" data-e-type=\"widget\" data-widget_type=\"text-editor.default\">\n\t\t\t\t<div class=\"elementor-widget-container\">\n\t\t\t\t\t\t\t\t\t<p>Mit Mercedes-Benz Rent bleiben Sie <strong>uneingeschr\u00e4nkt mobil<\/strong>, egal ob f\u00fcr ein spontanes Wochenende, eine Reise mit sperrigem Gep\u00e4ck oder einen<strong> eleganten Wagen<\/strong> f\u00fcr den gro\u00dfen Tag. Auch f\u00fcr gesch\u00e4ftliche Anforderungen bieten wir L\u00f6sungen, sei es w\u00e4hrend Hochphasen, f\u00fcr <strong>Dienstreisen<\/strong> oder bei unerwartetem Bedarf an <strong>Dienstfahrzeugen<\/strong>. Ihr Plan B ist bei uns gut aufgehoben.<\/p><p>Nachhaltigkeit ist uns wichtig, daher k\u00f6nnen Sie bei uns <strong>leistungsstarke Elektrofahrzeuge mieten<\/strong>. Wir bieten Ihnen die Gelegenheit, eines unserer modernen Elektromobilit\u00e4ts-Fahrzeuge auszuprobieren und so <strong>umweltbewusst unterwegs<\/strong> zu sein. Sprechen Sie uns gerne darauf an.<\/p>\t\t\t\t\t\t\t\t<\/div>\n\t\t\t\t<\/div>\n\t\t\t\t\t<\/div>\n\t\t<\/div>\n\t\t\t\t\t<\/div>\n\t\t<\/section>\n\t\t\t\t<section class=\"elementor-section elementor-top-section elementor-element elementor-element-7720cbbf elementor-section-boxed elementor-section-height-default elementor-section-height-default wpr-particle-no wpr-jarallax-no wpr-parallax-no wpr-sticky-section-no wpr-equal-height-no\" data-id=\"7720cbbf\" data-element_type=\"section\" data-e-type=\"section\">\n\t\t\t\t\t\t<div class=\"elementor-container elementor-column-gap-default\">\n\t\t\t\t\t<div class=\"elementor-column elementor-col-100 elementor-top-column elementor-element elementor-element-14314b0b\" data-id=\"14314b0b\" data-element_type=\"column\" data-e-type=\"column\">\n\t\t\t<div class=\"elementor-widget-wrap elementor-element-populated\">\n\t\t\t\t\t\t<div class=\"elementor-element elementor-element-4709064d elementor-widget elementor-widget-heading\" data-id=\"4709064d\" data-element_type=\"widget\" data-e-type=\"widget\" data-widget_type=\"heading.default\">\n\t\t\t\t<div class=\"elementor-widget-container\">\n\t\t\t\t\t<h1 class=\"elementor-heading-title elementor-size-default\">Ihre Vorteile auf einen Blick<\/h1>\t\t\t\t<\/div>\n\t\t\t\t<\/div>\n\t\t\t\t\t<\/div>\n\t\t<\/div>\n\t\t\t\t\t<\/div>\n\t\t<\/section>\n\t\t\t\t<section class=\"elementor-section elementor-top-section elementor-element elementor-element-3f31f578 elementor-section-boxed elementor-section-height-default elementor-section-height-default wpr-particle-no wpr-jarallax-no wpr-parallax-no wpr-sticky-section-no wpr-equal-height-no\" data-id=\"3f31f578\" data-element_type=\"section\" data-e-type=\"section\">\n\t\t\t\t\t\t<div class=\"elementor-container elementor-column-gap-default\">\n\t\t\t\t\t<div class=\"elementor-column elementor-col-100 elementor-top-column elementor-element elementor-element-73067473\" data-id=\"73067473\" data-element_type=\"column\" data-e-type=\"column\">\n\t\t\t<div class=\"elementor-widget-wrap elementor-element-populated\">\n\t\t\t\t\t\t<div class=\"elementor-element elementor-element-6dcb0163 elementor-widget-divider--view-line elementor-widget elementor-widget-divider\" data-id=\"6dcb0163\" data-element_type=\"widget\" data-e-type=\"widget\" data-widget_type=\"divider.default\">\n\t\t\t\t<div class=\"elementor-widget-container\">\n\t\t\t\t\t\t\t<div class=\"elementor-divider\">\n\t\t\t<span class=\"elementor-divider-separator\">\n\t\t\t\t\t\t<\/span>\n\t\t<\/div>\n\t\t\t\t\t\t<\/div>\n\t\t\t\t<\/div>\n\t\t\t\t\t<\/div>\n\t\t<\/div>\n\t\t\t\t\t<\/div>\n\t\t<\/section>\n\t\t\t\t<section class=\"elementor-section elementor-top-section elementor-element elementor-element-400474f0 elementor-section-boxed elementor-section-height-default elementor-section-height-default wpr-particle-no wpr-jarallax-no wpr-parallax-no wpr-sticky-section-no wpr-equal-height-no\" data-id=\"400474f0\" data-element_type=\"section\" data-e-type=\"section\">\n\t\t\t\t\t\t<div class=\"elementor-container elementor-column-gap-default\">\n\t\t\t\t\t<div class=\"elementor-column elementor-col-33 elementor-top-column elementor-element elementor-element-71d4771b\" data-id=\"71d4771b\" data-element_type=\"column\" data-e-type=\"column\">\n\t\t\t<div class=\"elementor-widget-wrap elementor-element-populated\">\n\t\t\t\t\t\t<div class=\"elementor-element elementor-element-27377ec1 elementor-widget elementor-widget-image\" data-id=\"27377ec1\" data-element_type=\"widget\" data-e-type=\"widget\" data-widget_type=\"image.default\">\n\t\t\t\t<div class=\"elementor-widget-container\">\n\t\t\t\t\t\t\t\t\t\t\t\t\t\t\t<img decoding=\"async\" width=\"150\" height=\"150\" src=\"https:\/\/www.sueverkruep.de\/mercedes-benz\/wp-content\/uploads\/sites\/2\/2024\/06\/Startseiten-Icon-Standort_500x400x72_08-03-2024-150x150.jpg\" class=\"attachment-thumbnail size-thumbnail wp-image-24652\" alt=\"Startseiten-Icon-Standort_500x400x72_08-03-2024.jpg\" \/>\t\t\t\t\t\t\t\t\t\t\t\t\t\t\t<\/div>\n\t\t\t\t<\/div>\n\t\t\t\t<div class=\"elementor-element elementor-element-54c2bb2b elementor-widget elementor-widget-text-editor\" data-id=\"54c2bb2b\" data-element_type=\"widget\" data-e-type=\"widget\" data-widget_type=\"text-editor.default\">\n\t\t\t\t<div class=\"elementor-widget-container\">\n\t\t\t\t\t\t\t\t\t<h3 class=\"wb-type-heading-m\"><span style=\"color: #000000;\">One-Way-Miete ohne Aufpreis<\/span><\/h3><p class=\"wb-type-label\"><span style=\"color: #000000;\">Profitieren Sie von unserem deutschlandweiten Netz und mieten Sie &#8222;One-Way&#8220; ohne Zusatzkosten.<\/span><\/p>\t\t\t\t\t\t\t\t<\/div>\n\t\t\t\t<\/div>\n\t\t\t\t\t<\/div>\n\t\t<\/div>\n\t\t\t\t<div class=\"elementor-column elementor-col-33 elementor-top-column elementor-element elementor-element-132bfefa\" data-id=\"132bfefa\" data-element_type=\"column\" data-e-type=\"column\">\n\t\t\t<div class=\"elementor-widget-wrap elementor-element-populated\">\n\t\t\t\t\t\t<div class=\"elementor-element elementor-element-70a4f3dc elementor-widget elementor-widget-image\" data-id=\"70a4f3dc\" data-element_type=\"widget\" data-e-type=\"widget\" data-widget_type=\"image.default\">\n\t\t\t\t<div class=\"elementor-widget-container\">\n\t\t\t\t\t\t\t\t\t\t\t\t\t\t\t<img decoding=\"async\" width=\"150\" height=\"150\" src=\"https:\/\/www.sueverkruep.de\/mercedes-benz\/wp-content\/uploads\/sites\/2\/2024\/05\/Startseiten-Icon-Stern_Angebote_500x400x72_22-05-2024-150x150.png\" class=\"attachment-thumbnail size-thumbnail wp-image-24147\" alt=\"Startseiten-Icon-Stern_Angebote_500x400x72_22-05-2024.png\" \/>\t\t\t\t\t\t\t\t\t\t\t\t\t\t\t<\/div>\n\t\t\t\t<\/div>\n\t\t\t\t<div class=\"elementor-element elementor-element-65d56a6c elementor-widget elementor-widget-text-editor\" data-id=\"65d56a6c\" data-element_type=\"widget\" data-e-type=\"widget\" data-widget_type=\"text-editor.default\">\n\t\t\t\t<div class=\"elementor-widget-container\">\n\t\t\t\t\t\t\t\t\t<h3 class=\"wb-type-heading-m\"><span style=\"color: #000000;\">Ihr Fahrzeug ist ein Mercedes-Benz<\/span><\/h3><p class=\"wb-type-label\"><span style=\"color: #000000;\">Sie bekommen, was Sie mieten: Jedes unserer Fahrzeuge ist ein Mercedes-Benz \u2013 allesamt effizient und zuverl\u00e4ssig. Wir bieten f\u00fcr jeden Bedarf die passende L\u00f6sung.<\/span><\/p>\t\t\t\t\t\t\t\t<\/div>\n\t\t\t\t<\/div>\n\t\t\t\t\t<\/div>\n\t\t<\/div>\n\t\t\t\t<div class=\"elementor-column elementor-col-33 elementor-top-column elementor-element elementor-element-36134e03 elementor-hidden-mobile\" data-id=\"36134e03\" data-element_type=\"column\" data-e-type=\"column\">\n\t\t\t<div class=\"elementor-widget-wrap elementor-element-populated\">\n\t\t\t\t\t\t<div class=\"elementor-element elementor-element-478c1739 elementor-widget elementor-widget-image\" data-id=\"478c1739\" data-element_type=\"widget\" data-e-type=\"widget\" data-widget_type=\"image.default\">\n\t\t\t\t<div class=\"elementor-widget-container\">\n\t\t\t\t\t\t\t\t\t\t\t\t\t\t\t<img loading=\"lazy\" decoding=\"async\" width=\"150\" height=\"150\" src=\"https:\/\/www.sueverkruep.de\/mercedes-benz\/wp-content\/uploads\/sites\/2\/2024\/06\/Kalender-Icon-150x150.jpg\" class=\"attachment-thumbnail size-thumbnail wp-image-24653\" alt=\"Kalender-Icon.jpg\" \/>\t\t\t\t\t\t\t\t\t\t\t\t\t\t\t<\/div>\n\t\t\t\t<\/div>\n\t\t\t\t<div class=\"elementor-element elementor-element-13a6085b elementor-widget elementor-widget-text-editor\" data-id=\"13a6085b\" data-element_type=\"widget\" data-e-type=\"widget\" data-widget_type=\"text-editor.default\">\n\t\t\t\t<div class=\"elementor-widget-container\">\n\t\t\t\t\t\t\t\t\t<h3 class=\"wb-type-heading-m\"><span style=\"color: #000000;\">Mieten, solange Sie m\u00f6chten<\/span><\/h3><p class=\"wb-type-label\"><span style=\"color: #000000;\">Von 24 Stunden bis 24 Monate \u2013 die Mietlaufzeiten sind ganz flexibel und an Ihren individuellen Bedarf angepasst. Je nach gew\u00e4hltem Tarif k\u00f6nnen Sie Ihr Fahrzeug einfach zur\u00fcckgeben, wenn Sie ihn nicht mehr brauchen.<\/span><\/p>\t\t\t\t\t\t\t\t<\/div>\n\t\t\t\t<\/div>\n\t\t\t\t\t<\/div>\n\t\t<\/div>\n\t\t\t\t\t<\/div>\n\t\t<\/section>\n\t\t\t\t<section class=\"elementor-section elementor-top-section elementor-element elementor-element-47191d6c elementor-section-boxed elementor-section-height-default elementor-section-height-default wpr-particle-no wpr-jarallax-no wpr-parallax-no wpr-sticky-section-no wpr-equal-height-no\" data-id=\"47191d6c\" data-element_type=\"section\" data-e-type=\"section\">\n\t\t\t\t\t\t<div class=\"elementor-container elementor-column-gap-default\">\n\t\t\t\t\t<div class=\"elementor-column elementor-col-33 elementor-top-column elementor-element elementor-element-380a5b24\" data-id=\"380a5b24\" data-element_type=\"column\" data-e-type=\"column\">\n\t\t\t<div class=\"elementor-widget-wrap elementor-element-populated\">\n\t\t\t\t\t\t<div class=\"elementor-element elementor-element-78ddeab0 elementor-widget elementor-widget-image\" data-id=\"78ddeab0\" data-element_type=\"widget\" data-e-type=\"widget\" data-widget_type=\"image.default\">\n\t\t\t\t<div class=\"elementor-widget-container\">\n\t\t\t\t\t\t\t\t\t\t\t\t\t\t\t<img loading=\"lazy\" decoding=\"async\" width=\"150\" height=\"150\" src=\"https:\/\/www.sueverkruep.de\/mercedes-benz\/wp-content\/uploads\/sites\/2\/2024\/06\/Startseiten-Icon-Car_Auto_Angebote_500x400x72_17-05-2024-150x150.png\" class=\"attachment-thumbnail size-thumbnail wp-image-24654\" alt=\"Startseiten-Icon-Car_Auto_Angebote_500x400x72_17-05-2024.png\" \/>\t\t\t\t\t\t\t\t\t\t\t\t\t\t\t<\/div>\n\t\t\t\t<\/div>\n\t\t\t\t<div class=\"elementor-element elementor-element-10625ca1 elementor-widget elementor-widget-text-editor\" data-id=\"10625ca1\" data-element_type=\"widget\" data-e-type=\"widget\" data-widget_type=\"text-editor.default\">\n\t\t\t\t<div class=\"elementor-widget-container\">\n\t\t\t\t\t\t\t\t\t<h3 class=\"wb-type-heading-m\"><span style=\"color: #000000;\">Gro\u00dfe Auswahl an Fahrzeugen<\/span><\/h3><p class=\"wb-type-label\"><span style=\"color: #000000;\">Durch unser breites Angebot an verschiedenen Mercedes-Benz Mietwagen werden wir allen Anspr\u00fcchen gerecht. Kompaktwagen, Limousine, T-Modell, SUV. Rein elektrisch, als Verbrenner oder als Hybrid. Hier werden Sie f\u00fcndig.<\/span><\/p>\t\t\t\t\t\t\t\t<\/div>\n\t\t\t\t<\/div>\n\t\t\t\t\t<\/div>\n\t\t<\/div>\n\t\t\t\t<div class=\"elementor-column elementor-col-33 elementor-top-column elementor-element elementor-element-30c9edb0\" data-id=\"30c9edb0\" data-element_type=\"column\" data-e-type=\"column\">\n\t\t\t<div class=\"elementor-widget-wrap elementor-element-populated\">\n\t\t\t\t\t\t<div class=\"elementor-element elementor-element-5b17237a elementor-widget elementor-widget-image\" data-id=\"5b17237a\" data-element_type=\"widget\" data-e-type=\"widget\" data-widget_type=\"image.default\">\n\t\t\t\t<div class=\"elementor-widget-container\">\n\t\t\t\t\t\t\t\t\t\t\t\t\t\t\t<img loading=\"lazy\" decoding=\"async\" width=\"150\" height=\"150\" src=\"https:\/\/www.sueverkruep.de\/mercedes-benz\/wp-content\/uploads\/sites\/2\/2024\/06\/Startseiten-Icon-Jobs-Stellenangebote-Karriere_500x400x72_08-03-2024-150x150.jpg\" class=\"attachment-thumbnail size-thumbnail wp-image-24655\" alt=\"Startseiten-Icon-Jobs-Stellenangebote-Karriere_500x400x72_08-03-2024.jpg\" \/>\t\t\t\t\t\t\t\t\t\t\t\t\t\t\t<\/div>\n\t\t\t\t<\/div>\n\t\t\t\t<div class=\"elementor-element elementor-element-79a8abbf elementor-widget elementor-widget-text-editor\" data-id=\"79a8abbf\" data-element_type=\"widget\" data-e-type=\"widget\" data-widget_type=\"text-editor.default\">\n\t\t\t\t<div class=\"elementor-widget-container\">\n\t\t\t\t\t\t\t\t\t<h3 class=\"wb-type-heading-m\"><span style=\"color: #000000;\">Service im Blick<\/span><\/h3><p class=\"wb-type-label\"><span style=\"color: #000000;\">Ob Wartung, Instandsetzung, Steuern oder Haftpflichtversicherung \u2013 darum m\u00fcssen Sie sich bei der Fahrzeug-Miete nicht k\u00fcmmern.<\/span><\/p>\t\t\t\t\t\t\t\t<\/div>\n\t\t\t\t<\/div>\n\t\t\t\t\t<\/div>\n\t\t<\/div>\n\t\t\t\t<div class=\"elementor-column elementor-col-33 elementor-top-column elementor-element elementor-element-5237a7ea elementor-hidden-mobile\" data-id=\"5237a7ea\" data-element_type=\"column\" data-e-type=\"column\">\n\t\t\t<div class=\"elementor-widget-wrap elementor-element-populated\">\n\t\t\t\t\t\t<div class=\"elementor-element elementor-element-6f2be6aa elementor-widget elementor-widget-image\" data-id=\"6f2be6aa\" data-element_type=\"widget\" data-e-type=\"widget\" data-widget_type=\"image.default\">\n\t\t\t\t<div class=\"elementor-widget-container\">\n\t\t\t\t\t\t\t\t\t\t\t\t\t\t\t<img loading=\"lazy\" decoding=\"async\" width=\"150\" height=\"150\" src=\"https:\/\/www.sueverkruep.de\/mercedes-benz\/wp-content\/uploads\/sites\/2\/2024\/06\/Startseiten-Icon-Ansprechpartner-AP_500x400x72_08-03-2024-150x150.jpg\" class=\"attachment-thumbnail size-thumbnail wp-image-24656\" alt=\"Startseiten-Icon-Ansprechpartner-AP_500x400x72_08-03-2024.jpg\" \/>\t\t\t\t\t\t\t\t\t\t\t\t\t\t\t<\/div>\n\t\t\t\t<\/div>\n\t\t\t\t<div class=\"elementor-element elementor-element-a941d04 elementor-widget elementor-widget-text-editor\" data-id=\"a941d04\" data-element_type=\"widget\" data-e-type=\"widget\" data-widget_type=\"text-editor.default\">\n\t\t\t\t<div class=\"elementor-widget-container\">\n\t\t\t\t\t\t\t\t\t<h3 class=\"wb-type-heading-m\"><span style=\"color: #000000;\">Professionelle Beratung<\/span><\/h3><p class=\"wb-type-label\"><span style=\"color: #000000;\">Zeit ist wertvoll, darum wird nichts davon verschwendet. Unsere Experten erleichtern Ihnen die Miete mit professioneller und kompetenter Beratung.<\/span><\/p>\t\t\t\t\t\t\t\t<\/div>\n\t\t\t\t<\/div>\n\t\t\t\t\t<\/div>\n\t\t<\/div>\n\t\t\t\t\t<\/div>\n\t\t<\/section>\n\t\t\t\t<section class=\"elementor-section elementor-top-section elementor-element elementor-element-407755bc elementor-hidden-desktop elementor-hidden-tablet_extra elementor-hidden-tablet elementor-hidden-mobile_extra elementor-section-boxed elementor-section-height-default elementor-section-height-default wpr-particle-no wpr-jarallax-no wpr-parallax-no wpr-sticky-section-no wpr-equal-height-no\" data-id=\"407755bc\" data-element_type=\"section\" data-e-type=\"section\">\n\t\t\t\t\t\t<div class=\"elementor-container elementor-column-gap-default\">\n\t\t\t\t\t<div class=\"elementor-column elementor-col-50 elementor-top-column elementor-element elementor-element-6dc48d7f\" data-id=\"6dc48d7f\" data-element_type=\"column\" data-e-type=\"column\">\n\t\t\t<div class=\"elementor-widget-wrap elementor-element-populated\">\n\t\t\t\t\t\t<div class=\"elementor-element elementor-element-327c2631 elementor-widget elementor-widget-image\" data-id=\"327c2631\" data-element_type=\"widget\" data-e-type=\"widget\" data-widget_type=\"image.default\">\n\t\t\t\t<div class=\"elementor-widget-container\">\n\t\t\t\t\t\t\t\t\t\t\t\t\t\t\t<img loading=\"lazy\" decoding=\"async\" width=\"150\" height=\"150\" src=\"https:\/\/www.sueverkruep.de\/mercedes-benz\/wp-content\/uploads\/sites\/2\/2024\/06\/Startseiten-Icon-Ansprechpartner-AP_500x400x72_08-03-2024-150x150.jpg\" class=\"attachment-thumbnail size-thumbnail wp-image-24656\" alt=\"Startseiten-Icon-Ansprechpartner-AP_500x400x72_08-03-2024.jpg\" \/>\t\t\t\t\t\t\t\t\t\t\t\t\t\t\t<\/div>\n\t\t\t\t<\/div>\n\t\t\t\t<div class=\"elementor-element elementor-element-602ceb3d elementor-widget elementor-widget-text-editor\" data-id=\"602ceb3d\" data-element_type=\"widget\" data-e-type=\"widget\" data-widget_type=\"text-editor.default\">\n\t\t\t\t<div class=\"elementor-widget-container\">\n\t\t\t\t\t\t\t\t\t<h3 class=\"wb-type-heading-m\"><span style=\"color: #000000;\">Professionelle Beratung<\/span><\/h3><p class=\"wb-type-label\"><span style=\"color: #000000;\">Zeit ist wertvoll, darum wird nichts davon verschwendet. Unsere Experten erleichtern Ihnen die Miete mit professioneller und kompetenter Beratung.<\/span><\/p>\t\t\t\t\t\t\t\t<\/div>\n\t\t\t\t<\/div>\n\t\t\t\t\t<\/div>\n\t\t<\/div>\n\t\t\t\t<div class=\"elementor-column elementor-col-50 elementor-top-column elementor-element elementor-element-72171833\" data-id=\"72171833\" data-element_type=\"column\" data-e-type=\"column\">\n\t\t\t<div class=\"elementor-widget-wrap elementor-element-populated\">\n\t\t\t\t\t\t<div class=\"elementor-element elementor-element-7f57b66c elementor-widget elementor-widget-image\" data-id=\"7f57b66c\" data-element_type=\"widget\" data-e-type=\"widget\" data-widget_type=\"image.default\">\n\t\t\t\t<div class=\"elementor-widget-container\">\n\t\t\t\t\t\t\t\t\t\t\t\t\t\t\t<img loading=\"lazy\" decoding=\"async\" width=\"150\" height=\"150\" src=\"https:\/\/www.sueverkruep.de\/mercedes-benz\/wp-content\/uploads\/sites\/2\/2024\/06\/Kalender-Icon-150x150.jpg\" class=\"attachment-thumbnail size-thumbnail wp-image-24653\" alt=\"Kalender-Icon.jpg\" \/>\t\t\t\t\t\t\t\t\t\t\t\t\t\t\t<\/div>\n\t\t\t\t<\/div>\n\t\t\t\t<div class=\"elementor-element elementor-element-207b955 elementor-widget elementor-widget-text-editor\" data-id=\"207b955\" data-element_type=\"widget\" data-e-type=\"widget\" data-widget_type=\"text-editor.default\">\n\t\t\t\t<div class=\"elementor-widget-container\">\n\t\t\t\t\t\t\t\t\t<h3 class=\"wb-type-heading-m\"><span style=\"color: #000000;\">Mieten, solange Sie m\u00f6chten<\/span><\/h3><p class=\"wb-type-label\"><span style=\"color: #000000;\">Von 24 Stunden bis 24 Monate \u2013 die Mietlaufzeiten sind ganz flexibel und an Ihren individuellen Bedarf angepasst. Je nach gew\u00e4hltem Tarif k\u00f6nnen Sie Ihr Fahrzeug einfach zur\u00fcckgeben, wenn Sie ihn nicht mehr brauchen.<\/span><\/p>\t\t\t\t\t\t\t\t<\/div>\n\t\t\t\t<\/div>\n\t\t\t\t\t<\/div>\n\t\t<\/div>\n\t\t\t\t\t<\/div>\n\t\t<\/section>\n\t\t\t\t<section class=\"elementor-section elementor-top-section elementor-element elementor-element-7c3c294c elementor-section-boxed elementor-section-height-default elementor-section-height-default wpr-particle-no wpr-jarallax-no wpr-parallax-no wpr-sticky-section-no wpr-equal-height-no\" data-id=\"7c3c294c\" data-element_type=\"section\" data-e-type=\"section\">\n\t\t\t\t\t\t<div class=\"elementor-container elementor-column-gap-default\">\n\t\t\t\t\t<div class=\"elementor-column elementor-col-100 elementor-top-column elementor-element elementor-element-602b79a2\" data-id=\"602b79a2\" data-element_type=\"column\" data-e-type=\"column\">\n\t\t\t<div class=\"elementor-widget-wrap elementor-element-populated\">\n\t\t\t\t\t\t<div class=\"elementor-element elementor-element-3c86c6c5 elementor-widget elementor-widget-heading\" data-id=\"3c86c6c5\" data-element_type=\"widget\" data-e-type=\"widget\" data-widget_type=\"heading.default\">\n\t\t\t\t<div class=\"elementor-widget-container\">\n\t\t\t\t\t<h1 class=\"elementor-heading-title elementor-size-default\">Ein Fahrzeug f\u00fcr alles<\/h1>\t\t\t\t<\/div>\n\t\t\t\t<\/div>\n\t\t\t\t\t<\/div>\n\t\t<\/div>\n\t\t\t\t\t<\/div>\n\t\t<\/section>\n\t\t\t\t<section class=\"elementor-section elementor-top-section elementor-element elementor-element-4701bacb elementor-section-boxed elementor-section-height-default elementor-section-height-default wpr-particle-no wpr-jarallax-no wpr-parallax-no wpr-sticky-section-no wpr-equal-height-no\" data-id=\"4701bacb\" data-element_type=\"section\" data-e-type=\"section\">\n\t\t\t\t\t\t<div class=\"elementor-container elementor-column-gap-default\">\n\t\t\t\t\t<div class=\"elementor-column elementor-col-100 elementor-top-column elementor-element elementor-element-1086de08\" data-id=\"1086de08\" data-element_type=\"column\" data-e-type=\"column\">\n\t\t\t<div class=\"elementor-widget-wrap elementor-element-populated\">\n\t\t\t\t\t\t<div class=\"elementor-element elementor-element-34f8a711 elementor-widget-divider--view-line elementor-widget elementor-widget-divider\" data-id=\"34f8a711\" data-element_type=\"widget\" data-e-type=\"widget\" data-widget_type=\"divider.default\">\n\t\t\t\t<div class=\"elementor-widget-container\">\n\t\t\t\t\t\t\t<div class=\"elementor-divider\">\n\t\t\t<span class=\"elementor-divider-separator\">\n\t\t\t\t\t\t<\/span>\n\t\t<\/div>\n\t\t\t\t\t\t<\/div>\n\t\t\t\t<\/div>\n\t\t\t\t\t<\/div>\n\t\t<\/div>\n\t\t\t\t\t<\/div>\n\t\t<\/section>\n\t\t\t\t<section class=\"elementor-section elementor-top-section elementor-element elementor-element-7e14f541 elementor-section-boxed elementor-section-height-default elementor-section-height-default wpr-particle-no wpr-jarallax-no wpr-parallax-no wpr-sticky-section-no wpr-equal-height-no\" data-id=\"7e14f541\" data-element_type=\"section\" data-e-type=\"section\">\n\t\t\t\t\t\t<div class=\"elementor-container elementor-column-gap-default\">\n\t\t\t\t\t<div class=\"elementor-column elementor-col-33 elementor-top-column elementor-element elementor-element-5a71d3c\" data-id=\"5a71d3c\" data-element_type=\"column\" data-e-type=\"column\">\n\t\t\t<div class=\"elementor-widget-wrap elementor-element-populated\">\n\t\t\t\t\t\t<div class=\"elementor-element elementor-element-1117e06c elementor-widget elementor-widget-image\" data-id=\"1117e06c\" data-element_type=\"widget\" data-e-type=\"widget\" data-widget_type=\"image.default\">\n\t\t\t\t<div class=\"elementor-widget-container\">\n\t\t\t\t\t\t\t\t\t\t\t\t\t\t\t<img loading=\"lazy\" decoding=\"async\" width=\"640\" height=\"426\" src=\"https:\/\/www.sueverkruep.de\/mercedes-benz\/wp-content\/uploads\/sites\/2\/2024\/06\/MB_Rent_Hochzeit.jpg\" class=\"attachment-large size-large wp-image-24657\" alt=\"MB_Rent_Hochzeit.jpg\" srcset=\"https:\/\/www.sueverkruep.de\/mercedes-benz\/wp-content\/uploads\/sites\/2\/2024\/06\/MB_Rent_Hochzeit.jpg 800w, https:\/\/www.sueverkruep.de\/mercedes-benz\/wp-content\/uploads\/sites\/2\/2024\/06\/MB_Rent_Hochzeit-300x200.jpg 300w, https:\/\/www.sueverkruep.de\/mercedes-benz\/wp-content\/uploads\/sites\/2\/2024\/06\/MB_Rent_Hochzeit-768x512.jpg 768w, https:\/\/www.sueverkruep.de\/mercedes-benz\/wp-content\/uploads\/sites\/2\/2024\/06\/MB_Rent_Hochzeit-24x16.jpg 24w, https:\/\/www.sueverkruep.de\/mercedes-benz\/wp-content\/uploads\/sites\/2\/2024\/06\/MB_Rent_Hochzeit-36x24.jpg 36w, https:\/\/www.sueverkruep.de\/mercedes-benz\/wp-content\/uploads\/sites\/2\/2024\/06\/MB_Rent_Hochzeit-48x32.jpg 48w\" sizes=\"(max-width: 640px) 100vw, 640px\" \/>\t\t\t\t\t\t\t\t\t\t\t\t\t\t\t<\/div>\n\t\t\t\t<\/div>\n\t\t\t\t<div class=\"elementor-element elementor-element-325d1b9 elementor-widget elementor-widget-heading\" data-id=\"325d1b9\" data-element_type=\"widget\" data-e-type=\"widget\" data-widget_type=\"heading.default\">\n\t\t\t\t<div class=\"elementor-widget-container\">\n\t\t\t\t\t<h2 class=\"elementor-heading-title elementor-size-default\">Hochzeitsspezial<\/h2>\t\t\t\t<\/div>\n\t\t\t\t<\/div>\n\t\t\t\t<div class=\"elementor-element elementor-element-5399bb97 elementor-widget elementor-widget-toggle\" data-id=\"5399bb97\" data-element_type=\"widget\" data-e-type=\"widget\" data-widget_type=\"toggle.default\">\n\t\t\t\t<div class=\"elementor-widget-container\">\n\t\t\t\t\t\t\t<div class=\"elementor-toggle\">\n\t\t\t\t\t\t\t<div class=\"elementor-toggle-item\">\n\t\t\t\t\t<div id=\"elementor-tab-title-1401\" class=\"elementor-tab-title\" data-tab=\"1\" role=\"button\" aria-controls=\"elementor-tab-content-1401\" aria-expanded=\"false\">\n\t\t\t\t\t\t\t\t\t\t\t\t<span class=\"elementor-toggle-icon elementor-toggle-icon-left\" aria-hidden=\"true\">\n\t\t\t\t\t\t\t\t\t\t\t\t\t\t\t<span class=\"elementor-toggle-icon-closed\"><i class=\"fas fa-caret-right\"><\/i><\/span>\n\t\t\t\t\t\t\t\t<span class=\"elementor-toggle-icon-opened\"><i class=\"elementor-toggle-icon-opened fas fa-caret-up\"><\/i><\/span>\n\t\t\t\t\t\t\t\t\t\t\t\t\t<\/span>\n\t\t\t\t\t\t\t\t\t\t\t\t<a class=\"elementor-toggle-title\" tabindex=\"0\">mehr erfahren<\/a>\n\t\t\t\t\t<\/div>\n\n\t\t\t\t\t<div id=\"elementor-tab-content-1401\" class=\"elementor-tab-content elementor-clearfix\" data-tab=\"1\" role=\"region\" aria-labelledby=\"elementor-tab-title-1401\"><p>Damit an Ihrem sch\u00f6nsten Tag des Lebens alles rund l\u00e4uft:<br \/>Mieten Sie ein Hochzeitsauto von Mercedes-Benz Rent.<\/p><p>Der Hochzeitsspezial-Preis ist g\u00fcltig von Freitag 12:00 Uhr bis Montag 08:00 Uhr und enth\u00e4lt 500 Freikilometer. Mehrkilometer werden gem\u00e4\u00df der Mercedes-Benz Rent Preisliste berechnet.<\/p><p>Es gelten die allgemeinen Vermiet- und Zahlungsbedingungen sowie die Mindestaltervorgaben von Mercedes-Benz Rent.<\/p><p>Bei Fragen k\u00f6nnen Sie sich gerne per Anruf oder E-Mail an uns wenden.<\/p><\/div>\n\t\t\t\t<\/div>\n\t\t\t\t\t\t\t\t<\/div>\n\t\t\t\t\t\t<\/div>\n\t\t\t\t<\/div>\n\t\t\t\t\t<\/div>\n\t\t<\/div>\n\t\t\t\t<div class=\"elementor-column elementor-col-33 elementor-top-column elementor-element elementor-element-437d9bce\" data-id=\"437d9bce\" data-element_type=\"column\" data-e-type=\"column\">\n\t\t\t<div class=\"elementor-widget-wrap elementor-element-populated\">\n\t\t\t\t\t\t<div class=\"elementor-element elementor-element-26c407a4 elementor-widget elementor-widget-image\" data-id=\"26c407a4\" data-element_type=\"widget\" data-e-type=\"widget\" data-widget_type=\"image.default\">\n\t\t\t\t<div class=\"elementor-widget-container\">\n\t\t\t\t\t\t\t\t\t\t\t\t\t\t\t<img loading=\"lazy\" decoding=\"async\" width=\"640\" height=\"426\" src=\"https:\/\/www.sueverkruep.de\/mercedes-benz\/wp-content\/uploads\/sites\/2\/2024\/06\/MB_Rent_Servicemobilitaet.jpg\" class=\"attachment-large size-large wp-image-24658\" alt=\"MB_Rent_Servicemobilitaet.jpg\" srcset=\"https:\/\/www.sueverkruep.de\/mercedes-benz\/wp-content\/uploads\/sites\/2\/2024\/06\/MB_Rent_Servicemobilitaet.jpg 800w, https:\/\/www.sueverkruep.de\/mercedes-benz\/wp-content\/uploads\/sites\/2\/2024\/06\/MB_Rent_Servicemobilitaet-300x200.jpg 300w, https:\/\/www.sueverkruep.de\/mercedes-benz\/wp-content\/uploads\/sites\/2\/2024\/06\/MB_Rent_Servicemobilitaet-768x512.jpg 768w, https:\/\/www.sueverkruep.de\/mercedes-benz\/wp-content\/uploads\/sites\/2\/2024\/06\/MB_Rent_Servicemobilitaet-24x16.jpg 24w, https:\/\/www.sueverkruep.de\/mercedes-benz\/wp-content\/uploads\/sites\/2\/2024\/06\/MB_Rent_Servicemobilitaet-36x24.jpg 36w, https:\/\/www.sueverkruep.de\/mercedes-benz\/wp-content\/uploads\/sites\/2\/2024\/06\/MB_Rent_Servicemobilitaet-48x32.jpg 48w\" sizes=\"(max-width: 640px) 100vw, 640px\" \/>\t\t\t\t\t\t\t\t\t\t\t\t\t\t\t<\/div>\n\t\t\t\t<\/div>\n\t\t\t\t<div class=\"elementor-element elementor-element-b8a2655 elementor-widget elementor-widget-heading\" data-id=\"b8a2655\" data-element_type=\"widget\" data-e-type=\"widget\" data-widget_type=\"heading.default\">\n\t\t\t\t<div class=\"elementor-widget-container\">\n\t\t\t\t\t<h2 class=\"elementor-heading-title elementor-size-default\">Servicemobilit\u00e4t<\/h2>\t\t\t\t<\/div>\n\t\t\t\t<\/div>\n\t\t\t\t<div class=\"elementor-element elementor-element-7c38090e elementor-widget elementor-widget-toggle\" data-id=\"7c38090e\" data-element_type=\"widget\" data-e-type=\"widget\" data-widget_type=\"toggle.default\">\n\t\t\t\t<div class=\"elementor-widget-container\">\n\t\t\t\t\t\t\t<div class=\"elementor-toggle\">\n\t\t\t\t\t\t\t<div class=\"elementor-toggle-item\">\n\t\t\t\t\t<div id=\"elementor-tab-title-2081\" class=\"elementor-tab-title\" data-tab=\"1\" role=\"button\" aria-controls=\"elementor-tab-content-2081\" aria-expanded=\"false\">\n\t\t\t\t\t\t\t\t\t\t\t\t<span class=\"elementor-toggle-icon elementor-toggle-icon-left\" aria-hidden=\"true\">\n\t\t\t\t\t\t\t\t\t\t\t\t\t\t\t<span class=\"elementor-toggle-icon-closed\"><i class=\"fas fa-caret-right\"><\/i><\/span>\n\t\t\t\t\t\t\t\t<span class=\"elementor-toggle-icon-opened\"><i class=\"elementor-toggle-icon-opened fas fa-caret-up\"><\/i><\/span>\n\t\t\t\t\t\t\t\t\t\t\t\t\t<\/span>\n\t\t\t\t\t\t\t\t\t\t\t\t<a class=\"elementor-toggle-title\" tabindex=\"0\">mehr erfahren<\/a>\n\t\t\t\t\t<\/div>\n\n\t\t\t\t\t<div id=\"elementor-tab-content-2081\" class=\"elementor-tab-content elementor-clearfix\" data-tab=\"1\" role=\"region\" aria-labelledby=\"elementor-tab-title-2081\"><p>Mieten Sie sich ein Mobilit\u00e4tsersatzfahrzeug von Mercedes-Benz Rent. Auch im Falle einer Panne oder bei einem Unfallschaden stellen wir Ihnen gerne einen Ersatzwagen zur Verf\u00fcgung.<\/p><p>Mit einem Mietwagen von Mercedes-Benz Rent wird Ihnen die gewohnt hohe Qualit\u00e4t von Mercedes-Benz garantiert: neuwertige Fahrzeuge, aktuelle Technik, hochwertige Ausstattung.<\/p><p><strong>Unsere Konditionen f\u00fcr Sie. (Weitere Modelle auf Anfrage)<\/strong><\/p><table><tbody><tr><th scope=\"col\">Modelle<\/th><th scope=\"col\">Preis<\/th><th scope=\"col\">Freikilometer<\/th><\/tr><tr><td>smart<\/td><td>39,00 Euro<\/td><td>250<\/td><\/tr><tr><td>A-Klasse<\/td><td>55,00 Euro<\/td><td>250<\/td><\/tr><tr><td>C-Klasse<\/td><td>75,00 Euro<\/td><td>250<\/td><\/tr><\/tbody><\/table><h3><span style=\"color: #000000;\">Ihre Vorteile.<\/span><\/h3><div class=\"bulletpointlist abstractcomponent\"><div class=\"bulletpointlist-wrapper\"><ul class=\"wb-e-bulletlist-2 ml-0\"><li class=\"wb-e-bulletlist-2__item col-md-12\">Schnelle Verf\u00fcgbarkeit neuwertiger Fahrzeuge mit geringer Laufleistung<\/li><li class=\"wb-e-bulletlist-2__item col-md-12\">Hochwertige Ausstattung mit neuester Technik gem\u00e4\u00df aktueller Sicherheitsstandards<\/li><li class=\"wb-e-bulletlist-2__item col-md-12\">Individuelle Einweisung in das Fahrzeug durch fachkundiges Personal<\/li><li class=\"wb-e-bulletlist-2__item col-md-12\">Variabler Mietzeitraum von Kurz- bis Langzeitmiete<\/li><li class=\"wb-e-bulletlist-2__item col-md-12\">Umfassender und flexibler Versicherungsschutz<\/li><li class=\"wb-e-bulletlist-2__item col-md-12\">Pers\u00f6nliche \u00dcbergabe und R\u00fccknahme des Fahrzeuges vor Ort<\/li><li class=\"wb-e-bulletlist-2__item col-md-12\">Rechtssicherheit durch gemeinsam ausgefertigtes \u00dcbergabe-\/R\u00fcckgabeprotokoll<\/li><li class=\"wb-e-bulletlist-2__item col-md-12\">Volle Kostentransparenz<\/li><\/ul><\/div><\/div><\/div>\n\t\t\t\t<\/div>\n\t\t\t\t\t\t\t\t<\/div>\n\t\t\t\t\t\t<\/div>\n\t\t\t\t<\/div>\n\t\t\t\t\t<\/div>\n\t\t<\/div>\n\t\t\t\t<div class=\"elementor-column elementor-col-33 elementor-top-column elementor-element elementor-element-761c00e4\" data-id=\"761c00e4\" data-element_type=\"column\" data-e-type=\"column\">\n\t\t\t<div class=\"elementor-widget-wrap elementor-element-populated\">\n\t\t\t\t\t\t<div class=\"elementor-element elementor-element-7e625d1a elementor-widget elementor-widget-image\" data-id=\"7e625d1a\" data-element_type=\"widget\" data-e-type=\"widget\" data-widget_type=\"image.default\">\n\t\t\t\t<div class=\"elementor-widget-container\">\n\t\t\t\t\t\t\t\t\t\t\t\t\t\t\t<img loading=\"lazy\" decoding=\"async\" width=\"640\" height=\"426\" src=\"https:\/\/www.sueverkruep.de\/mercedes-benz\/wp-content\/uploads\/sites\/2\/2024\/06\/MB_Rent_preisliste.jpg\" class=\"attachment-large size-large wp-image-24659\" alt=\"MB_Rent_preisliste.jpg\" srcset=\"https:\/\/www.sueverkruep.de\/mercedes-benz\/wp-content\/uploads\/sites\/2\/2024\/06\/MB_Rent_preisliste.jpg 800w, https:\/\/www.sueverkruep.de\/mercedes-benz\/wp-content\/uploads\/sites\/2\/2024\/06\/MB_Rent_preisliste-300x200.jpg 300w, https:\/\/www.sueverkruep.de\/mercedes-benz\/wp-content\/uploads\/sites\/2\/2024\/06\/MB_Rent_preisliste-768x512.jpg 768w, https:\/\/www.sueverkruep.de\/mercedes-benz\/wp-content\/uploads\/sites\/2\/2024\/06\/MB_Rent_preisliste-24x16.jpg 24w, https:\/\/www.sueverkruep.de\/mercedes-benz\/wp-content\/uploads\/sites\/2\/2024\/06\/MB_Rent_preisliste-36x24.jpg 36w, https:\/\/www.sueverkruep.de\/mercedes-benz\/wp-content\/uploads\/sites\/2\/2024\/06\/MB_Rent_preisliste-48x32.jpg 48w\" sizes=\"(max-width: 640px) 100vw, 640px\" \/>\t\t\t\t\t\t\t\t\t\t\t\t\t\t\t<\/div>\n\t\t\t\t<\/div>\n\t\t\t\t<div class=\"elementor-element elementor-element-5588680c elementor-widget elementor-widget-heading\" data-id=\"5588680c\" data-element_type=\"widget\" data-e-type=\"widget\" data-widget_type=\"heading.default\">\n\t\t\t\t<div class=\"elementor-widget-container\">\n\t\t\t\t\t<h2 class=\"elementor-heading-title elementor-size-default\">Preise und Bedingungen<\/h2>\t\t\t\t<\/div>\n\t\t\t\t<\/div>\n\t\t\t\t<div class=\"elementor-element elementor-element-7195ed02 elementor-widget elementor-widget-toggle\" data-id=\"7195ed02\" data-element_type=\"widget\" data-e-type=\"widget\" data-widget_type=\"toggle.default\">\n\t\t\t\t<div class=\"elementor-widget-container\">\n\t\t\t\t\t\t\t<div class=\"elementor-toggle\">\n\t\t\t\t\t\t\t<div class=\"elementor-toggle-item\">\n\t\t\t\t\t<div id=\"elementor-tab-title-1901\" class=\"elementor-tab-title\" data-tab=\"1\" role=\"button\" aria-controls=\"elementor-tab-content-1901\" aria-expanded=\"false\">\n\t\t\t\t\t\t\t\t\t\t\t\t<span class=\"elementor-toggle-icon elementor-toggle-icon-left\" aria-hidden=\"true\">\n\t\t\t\t\t\t\t\t\t\t\t\t\t\t\t<span class=\"elementor-toggle-icon-closed\"><i class=\"fas fa-caret-right\"><\/i><\/span>\n\t\t\t\t\t\t\t\t<span class=\"elementor-toggle-icon-opened\"><i class=\"elementor-toggle-icon-opened fas fa-caret-up\"><\/i><\/span>\n\t\t\t\t\t\t\t\t\t\t\t\t\t<\/span>\n\t\t\t\t\t\t\t\t\t\t\t\t<a class=\"elementor-toggle-title\" tabindex=\"0\">mehr erfahren<\/a>\n\t\t\t\t\t<\/div>\n\n\t\t\t\t\t<div id=\"elementor-tab-content-1901\" class=\"elementor-tab-content elementor-clearfix\" data-tab=\"1\" role=\"region\" aria-labelledby=\"elementor-tab-title-1901\"><p>Informationen zu den Preisen erhalten Sie mit einem Klick <span style=\"color: #00ccff;\"><strong><u><a style=\"color: #00ccff;\" href=\"https:\/\/www.sueverkruep.de\/mercedes-benz\/wp-content\/uploads\/sites\/2\/2025\/02\/Fahrzeugvermietung_Preisliste_03-2025-1.pdf\" target=\"_blank\" rel=\"noopener\">hier<\/a><\/u><\/strong> <\/span>oder direkt von unseren Ansprechpartnern.<\/p><p><strong>Bedingungen<\/strong><\/p><ul><li>Die vereinbarte Miete (bzw. bei mehrmonatigen Mieten die Miete f\u00fcr den ersten Monat) muss bei Abholung des Fahrzeugs bezahlt werden, sofern nichts anderes vereinbart wird. Daneben ist eine feste Hinterlegung der Kaution mit einer EC-Karte per Abbuchung m\u00f6glich.<\/li><li>Die Haftpflicht- und Vollkaskoversicherung mit einer Selbstbeteiligung, deren H\u00f6he Sie der Preisliste entnehmen k\u00f6nnen, ist im Mietpreis inklusive.<\/li><li>Die Fahrzeugabholung und -r\u00fcckgabe ist nur w\u00e4hrend der Mercedes-Benz Rent Servicezeiten m\u00f6glich. Bis zur Begutachtung durch einen Mercedes-Benz Rent Mitarbeiter treffen den Mieter s\u00e4mtliche Pflichten aus dem Mietvertrag (z. B. Haftung f\u00fcr Sch\u00e4den). Der Mieter muss bei der Abholung des Fahrzeugs ein g\u00fcltiges Ausweisdokument (Personalausweis oder Reisepass) sowie einen g\u00fcltigen F\u00fchrerschein vorlegen.<\/li><li>F\u00fcr das Mindestalter und den F\u00fchrerscheinbesitz des Fahrers gelten folgende Regelungen:<\/li><li>\u00a018 Jahre\/1 Tag f\u00fcr Fahrzeuge der Kategorie A, B und Z,<\/li><li>\u00a023 Jahre\/2 Jahre f\u00fcr Fahrzeuge der Kategorie C-D, E und F,<\/li><li>\u00a025 Jahre\/3 Jahre f\u00fcr Fahrzeuge der Kategorie G, H, I, O, P und Q.<\/li><li>Erg\u00e4nzend gelten die Bestimmungen des Mietvertrages sowie unsere Allgemeinen Gesch\u00e4ftsbedingungen f\u00fcr die Vermietung von Personenkraftfahrzeugen, die Sie bei uns erhalten.<\/li><\/ul><\/div>\n\t\t\t\t<\/div>\n\t\t\t\t\t\t\t\t<\/div>\n\t\t\t\t\t\t<\/div>\n\t\t\t\t<\/div>\n\t\t\t\t\t<\/div>\n\t\t<\/div>\n\t\t\t\t\t<\/div>\n\t\t<\/section>\n\t\t\t\t<section class=\"elementor-section elementor-top-section elementor-element elementor-element-70b0fa9c elementor-section-content-middle elementor-section-boxed elementor-section-height-default elementor-section-height-default wpr-particle-no wpr-jarallax-no wpr-parallax-no wpr-sticky-section-no wpr-equal-height-no\" data-id=\"70b0fa9c\" data-element_type=\"section\" data-e-type=\"section\" data-settings=\"{&quot;background_background&quot;:&quot;classic&quot;}\">\n\t\t\t\t\t\t<div class=\"elementor-container elementor-column-gap-default\">\n\t\t\t\t\t<div class=\"elementor-column elementor-col-100 elementor-top-column elementor-element elementor-element-61cb7238\" data-id=\"61cb7238\" data-element_type=\"column\" data-e-type=\"column\">\n\t\t\t<div class=\"elementor-widget-wrap elementor-element-populated\">\n\t\t\t\t\t\t<div class=\"elementor-element elementor-element-7da87538 elementor-widget elementor-widget-menu-anchor\" data-id=\"7da87538\" data-element_type=\"widget\" data-e-type=\"widget\" data-widget_type=\"menu-anchor.default\">\n\t\t\t\t<div class=\"elementor-widget-container\">\n\t\t\t\t\t\t\t<div class=\"elementor-menu-anchor\" id=\"kontakt\"><\/div>\n\t\t\t\t\t\t<\/div>\n\t\t\t\t<\/div>\n\t\t\t\t<div class=\"elementor-element elementor-element-59ca8797 elementor-widget elementor-widget-heading\" data-id=\"59ca8797\" data-element_type=\"widget\" data-e-type=\"widget\" data-widget_type=\"heading.default\">\n\t\t\t\t<div class=\"elementor-widget-container\">\n\t\t\t\t\t<div class=\"elementor-heading-title elementor-size-default\">Kontakt<\/div>\t\t\t\t<\/div>\n\t\t\t\t<\/div>\n\t\t\t\t<div class=\"elementor-element elementor-element-14ade76 elementor-widget elementor-widget-text-editor\" data-id=\"14ade76\" data-element_type=\"widget\" data-e-type=\"widget\" data-widget_type=\"text-editor.default\">\n\t\t\t\t<div class=\"elementor-widget-container\">\n\t\t\t\t\t\t\t\t\t<p>Kontaktieren Sie uns \u00fcber das Formular und\u00a0<strong>w\u00e4hlen Sie direkt einen Zeitraum aus<\/strong>, in dem Sie Ihr Fahrzeug mieten m\u00f6chten.\u00a0<span style=\"font-size: inherit; color: var( --e-global-color-text ); font-weight: var( --e-global-typography-text-font-weight );\">W\u00e4hlen Sie dabei auch direkt <strong>einen Fahrzeugtypen<\/strong> aus, der zu Ihrem Anliegen passt.<\/span><\/p>\t\t\t\t\t\t\t\t<\/div>\n\t\t\t\t<\/div>\n\t\t\t\t<div class=\"elementor-element elementor-element-74fca32b elementor-widget elementor-widget-text-editor\" data-id=\"74fca32b\" data-element_type=\"widget\" data-e-type=\"widget\" data-widget_type=\"text-editor.default\">\n\t\t\t\t<div class=\"elementor-widget-container\">\n\t\t\t\t\t\t\t\t\t<p>\n<div class=\"wpcf7 no-js\" id=\"wpcf7-f24668-o1\" lang=\"de-DE\" dir=\"ltr\" data-wpcf7-id=\"24668\">\n<div class=\"screen-reader-response\"><p role=\"status\" aria-live=\"polite\" aria-atomic=\"true\"><\/p> <ul><\/ul><\/div>\n<form action=\"\/mercedes-benz\/wp-json\/wp\/v2\/pages\/2109#wpcf7-f24668-o1\" method=\"post\" class=\"wpcf7-form init\" aria-label=\"Kontaktformular\" novalidate=\"novalidate\" data-status=\"init\">\n<fieldset class=\"hidden-fields-container\"><input type=\"hidden\" name=\"_wpcf7\" value=\"24668\" \/><input type=\"hidden\" name=\"_wpcf7_version\" value=\"6.1.5\" \/><input type=\"hidden\" name=\"_wpcf7_locale\" value=\"de_DE\" \/><input type=\"hidden\" name=\"_wpcf7_unit_tag\" value=\"wpcf7-f24668-o1\" \/><input type=\"hidden\" name=\"_wpcf7_container_post\" value=\"0\" \/><input type=\"hidden\" name=\"_wpcf7_posted_data_hash\" value=\"\" \/><input type=\"hidden\" name=\"_wpcf7dtx_version\" value=\"5.0.5\" \/><input type=\"hidden\" name=\"_wpcf7cf_hidden_group_fields\" value=\"[]\" \/><input type=\"hidden\" name=\"_wpcf7cf_hidden_groups\" value=\"[]\" \/><input type=\"hidden\" name=\"_wpcf7cf_visible_groups\" value=\"[]\" \/><input type=\"hidden\" name=\"_wpcf7cf_repeaters\" value=\"[]\" \/><input type=\"hidden\" name=\"_wpcf7cf_steps\" value=\"{}\" \/><input type=\"hidden\" name=\"_wpcf7cf_options\" value=\"{&quot;form_id&quot;:24668,&quot;conditions&quot;:[],&quot;settings&quot;:{&quot;animation&quot;:&quot;yes&quot;,&quot;animation_intime&quot;:200,&quot;animation_outtime&quot;:200,&quot;conditions_ui&quot;:&quot;normal&quot;,&quot;notice_dismissed&quot;:false,&quot;notice_dismissed_update-cf7-5.4.2&quot;:true}}\" \/><input type=\"hidden\" name=\"_uacf7_hidden_conditional_fields\" value=\"\" \/>\n<\/fieldset>\n<div class=\"uacf7-form-wrapper-container uacf7-form-24668  \"><div class=\"grid-container\" style=\"max-width: 900px; margin: 0 auto;\">\n    <div class=\"grid-x grid-margin-x\">\n\t\t<div class=\"cell medium-12\">\n\t\t\t<span class=\"wpcf7-form-control-wrap\" data-name=\"anrede\"><span class=\"wpcf7-form-control wpcf7-radio\"><span class=\"wpcf7-list-item first\"><label><input type=\"radio\" name=\"anrede\" value=\"Herr\" \/><span class=\"wpcf7-list-item-label\">Herr<\/span><\/label><\/span><span class=\"wpcf7-list-item\"><label><input type=\"radio\" name=\"anrede\" value=\"Frau\" \/><span class=\"wpcf7-list-item-label\">Frau<\/span><\/label><\/span><span class=\"wpcf7-list-item last\"><label><input type=\"radio\" name=\"anrede\" value=\"Divers\" \/><span class=\"wpcf7-list-item-label\">Divers<\/span><\/label><\/span><\/span><\/span>\n\t\t<\/div>\n\t\t<div class=\"cf7-column\" style=\"flex: 1; padding: 10px;\">\n\t\t\t<div class=\"cell medium-12\">\n\t\t\t\t<span class=\"wpcf7-form-control-wrap\" data-name=\"vorname\"><input size=\"40\" maxlength=\"400\" class=\"wpcf7-form-control wpcf7-text wpcf7-validates-as-required\" aria-required=\"true\" aria-invalid=\"false\" placeholder=\"Vorname*\" value=\"\" type=\"text\" name=\"vorname\" \/><\/span>\n\t\t\t<\/div>\n\t\t\t<div class=\"cell medium-12\">\n\t\t\t\t<span class=\"wpcf7-form-control-wrap\" data-name=\"nachname\"><input size=\"40\" maxlength=\"400\" class=\"wpcf7-form-control wpcf7-text wpcf7-validates-as-required\" aria-required=\"true\" aria-invalid=\"false\" placeholder=\"Nachname*\" value=\"\" type=\"text\" name=\"nachname\" \/><\/span>\n\t\t\t<\/div>\n\t\t\t<div class=\"cell medium-12\">\n\t\t\t\t<span class=\"wpcf7-form-control-wrap\" data-name=\"client-email\"><input size=\"40\" maxlength=\"400\" class=\"wpcf7-form-control wpcf7-email wpcf7-validates-as-required wpcf7-text wpcf7-validates-as-email\" aria-required=\"true\" aria-invalid=\"false\" placeholder=\"E-Mail*\" value=\"\" type=\"email\" name=\"client-email\" \/><\/span>\n\t\t\t<\/div>\n\t\t\t<div class=\"cell medium-12\">\n\t\t\t\t<span class=\"wpcf7-form-control-wrap\" data-name=\"telefon\"><input size=\"40\" maxlength=\"400\" class=\"wpcf7-form-control wpcf7-text\" aria-invalid=\"false\" placeholder=\"Telefonnummer\" value=\"\" type=\"text\" name=\"telefon\" \/><\/span>\n\t\t\t<\/div>\n\t\t<\/div>\n\t\t<div class=\"cf7-column\" style=\"flex: 1; padding: 10px;\">\n\t\t\t<div class=\"cell medium-12\">\n\t\t\t\t<span class=\"wpcf7-form-control-wrap\" data-name=\"standort\"><select class=\"wpcf7-form-control wpcf7-select wpcf7-validates-as-required custom-select\" aria-required=\"true\" aria-invalid=\"false\" name=\"standort\"><option value=\"\">W\u00e4hlen Sie einen Standort*<\/option><option value=\"Kiel\">Kiel<\/option><option value=\"Rendsburg\">Rendsburg<\/option><option value=\"Neum\u00fcnster\">Neum\u00fcnster<\/option><option value=\"Eutin\">Eutin<\/option><option value=\"Itzehoe\">Itzehoe<\/option><option value=\"M\u00f6lln\">M\u00f6lln<\/option><option value=\"Bad Segeberg\">Bad Segeberg<\/option><option value=\"Bad Oldesloe\">Bad Oldesloe<\/option><option value=\"Preetz\">Preetz<\/option><\/select><\/span>\n\t\t\t<\/div>\n\t\t\t<div class=\"cell medium-12\">\n\t\t\t\t<span class=\"wpcf7-form-control-wrap\" data-name=\"auto\"><select class=\"wpcf7-form-control wpcf7-select custom-select\" aria-invalid=\"false\" name=\"auto\"><option value=\"\">W\u00e4hlen Sie einen Fahrzeugtyp<\/option><option value=\"Limousine\">Limousine<\/option><option value=\"Kombi\">Kombi<\/option><option value=\"SUV\">SUV<\/option><option value=\"Kompaktklasse\">Kompaktklasse<\/option><option value=\"Coup\u00e9\">Coup\u00e9<\/option><option value=\"Cabriolet &amp; Roadster\">Cabriolet &amp; Roadster<\/option><option value=\"Keine Pr\u00e4ferenz\">Keine Pr\u00e4ferenz<\/option><\/select><\/span>\n\t\t\t<\/div>\n\n\t\t\t<div class=\"cell medium-12\" style=\"display: flex; flex-wrap: wrap;\">\n\t\t\t\t<div style=\"flex: 1; padding: 5px;\">\n\t\t\t\t\t<Label>Abholung<\/Label>\n\t\t\t\t\t<span class=\"wpcf7-form-control-wrap\" data-name=\"abhol_datum\"><input class=\"wpcf7-form-control wpcf7-date wpcf7-validates-as-date\" min=\"2024-06-17\" aria-invalid=\"false\" placeholder=\"Abholung\" value=\"\" type=\"date\" name=\"abhol_datum\" \/><\/span>\n\t\t\t\t<\/div>\n\t\t\t\t<div style=\"flex: 1; padding: 5px;\">\n\t\t\t\t\t<Label>R\u00fcckgabe<\/Label>\n\t\t\t\t\t<span class=\"wpcf7-form-control-wrap\" data-name=\"rueckgabe_datum\"><input class=\"wpcf7-form-control wpcf7-date wpcf7-validates-as-date\" min=\"2024-06-17\" aria-invalid=\"false\" placeholder=\"R\u00fcckgabe\" value=\"\" type=\"date\" name=\"rueckgabe_datum\" \/><\/span>\n\t\t\t\t<\/div>\n\t\t\t<\/div>\n\n\t\t\t<div style=\"display: flex; flex-wrap: wrap;\">\n\t\t\t\t<div style=\"flex: 1; padding: 5px;\">\n\t\t\t\t\t<span class=\"wpcf7-form-control-wrap\" data-name=\"abhol_uhrzeit\"><select class=\"wpcf7-form-control wpcf7-select custom-select\" aria-invalid=\"false\" name=\"abhol_uhrzeit\"><option value=\"\">Abhol Uhrzeit<\/option><option value=\"09:00\">09:00<\/option><option value=\"09:30\">09:30<\/option><option value=\"10:00\">10:00<\/option><option value=\"10:30\">10:30<\/option><option value=\"11:00\">11:00<\/option><option value=\"11:30\">11:30<\/option><option value=\"12:00\">12:00<\/option><option value=\"12:30\">12:30<\/option><option value=\"13:00\">13:00<\/option><option value=\"13:30\">13:30<\/option><option value=\"14:00\">14:00<\/option><option value=\"14:30\">14:30<\/option><option value=\"15:00\">15:00<\/option><option value=\"15:30\">15:30<\/option><option value=\"16:00\">16:00<\/option><option value=\"16:30\">16:30<\/option><option value=\"17:00\">17:00<\/option><\/select><\/span>\n\t\t\t\t<\/div>\n\t\t\t\t<div style=\"flex: 1; padding: 5px;\">\n\t\t\t\t\t<span class=\"wpcf7-form-control-wrap\" data-name=\"rueckgabe_uhrzeit\"><select class=\"wpcf7-form-control wpcf7-select custom-select\" aria-invalid=\"false\" name=\"rueckgabe_uhrzeit\"><option value=\"\">R\u00fcckgabe Uhrzeit<\/option><option value=\"09:00\">09:00<\/option><option value=\"09:30\">09:30<\/option><option value=\"10:00\">10:00<\/option><option value=\"10:30\">10:30<\/option><option value=\"11:00\">11:00<\/option><option value=\"11:30\">11:30<\/option><option value=\"12:00\">12:00<\/option><option value=\"12:30\">12:30<\/option><option value=\"13:00\">13:00<\/option><option value=\"13:30\">13:30<\/option><option value=\"14:00\">14:00<\/option><option value=\"14:30\">14:30<\/option><option value=\"15:00\">15:00<\/option><option value=\"15:30\">15:30<\/option><option value=\"16:00\">16:00<\/option><option value=\"16:30\">16:30<\/option><option value=\"17:00\">17:00<\/option><\/select><\/span>\n\t\t\t\t<\/div>\n\t\t\t<\/div>\n\n\t\t\t<div class=\"cell medium-12\">\n\t\t\t\t<span class=\"wpcf7-form-control-wrap\" data-name=\"message\"><textarea cols=\"40\" rows=\"2\" maxlength=\"2000\" class=\"wpcf7-form-control wpcf7-textarea\" aria-invalid=\"false\" placeholder=\"Hier k\u00f6nnen Sie Ihr Anliegen n\u00e4her beschreiben\" name=\"message\"><\/textarea><\/span>\n\t\t\t<\/div>\n\n\t\t\t<div class=\"grid-x grid-margin-x newsletter-datenschutz-box\">\n                <div class=\"cell datenschutz\" data-accordion data-allow-all-closed=\"true\">\n                    <span class=\"accordion-item is-active\" data-accordion-item>\n                        <a href=\"#\" class=\"accordion-title cf7-accordion-title\">Datenschutzrechtliche Einwilligungserkl\u00e4rung lesen<\/a>\n                        <div class=\"cell datenschutz accordion-content\" data-tab-content>\n                            <span class=\"wpcf7-form-control-wrap\" data-name=\"datenschutz\"><span class=\"wpcf7-form-control wpcf7-acceptance\"><span class=\"wpcf7-list-item\"><label><input type=\"checkbox\" name=\"datenschutz\" value=\"1\" aria-invalid=\"false\" \/><span class=\"wpcf7-list-item-label\"><span class=\"after-checkbox\">\n                                <p>\n                                    Ich habe die <u><a href=\"https:\/\/www.sueverkruep.de\/datenschutzerklaerung\/\" target=\"_blank\">Datenschutzerkl\u00e4rung<\/a><\/u> zur Kenntnis genommen.\n                                <\/p>\n                            <\/span><\/span><\/label><\/span><\/span><\/span>\n                            <br>* Pflichtfeld<\/br>\n                        <\/div>\n                    <\/span>\n                <\/div>\n                <div class=\"cell submit-btn text-center\">\n                    <input class=\"wpcf7-form-control wpcf7-submit has-spinner button fill small-only-expanded\" type=\"submit\" value=\"E-Mail senden\" \/>\n                <\/div>\n\t\t\t<\/div>\n\t\t<\/div>\n    <\/div>\n<\/div><\/div><input type='hidden' class='wpcf7-pum' value='{\"closepopup\":false,\"closedelay\":0,\"openpopup\":false,\"openpopup_id\":0}' \/><div class=\"frc-captcha \" data-sitekey=\"FCMSI6ARJ3P3EIJS\" data-lang=\"de\" ><\/div>\n\t\t<noscript>You need to enable Javascript for the anti-spam check.<\/noscript><div class=\"wpcf7-response-output\" aria-hidden=\"true\"><\/div>\n<\/form>\n<\/div>\n<\/p>\t\t\t\t\t\t\t\t<\/div>\n\t\t\t\t<\/div>\n\t\t\t\t\t<\/div>\n\t\t<\/div>\n\t\t\t\t\t<\/div>\n\t\t<\/section>\n\t\t\t\t<section class=\"elementor-section elementor-top-section elementor-element elementor-element-3e10de43 elementor-section-boxed elementor-section-height-default elementor-section-height-default wpr-particle-no wpr-jarallax-no wpr-parallax-no wpr-sticky-section-no wpr-equal-height-no\" data-id=\"3e10de43\" data-element_type=\"section\" data-e-type=\"section\" data-settings=\"{&quot;background_background&quot;:&quot;classic&quot;}\">\n\t\t\t\t\t\t<div class=\"elementor-container elementor-column-gap-default\">\n\t\t\t\t\t<div class=\"elementor-column elementor-col-100 elementor-top-column elementor-element elementor-element-5f06e78a\" data-id=\"5f06e78a\" data-element_type=\"column\" data-e-type=\"column\">\n\t\t\t<div class=\"elementor-widget-wrap elementor-element-populated\">\n\t\t\t\t\t\t<div class=\"elementor-element elementor-element-f890e2c elementor-widget elementor-widget-heading\" data-id=\"f890e2c\" data-element_type=\"widget\" data-e-type=\"widget\" data-widget_type=\"heading.default\">\n\t\t\t\t<div class=\"elementor-widget-container\">\n\t\t\t\t\t<h2 class=\"elementor-heading-title elementor-size-default\">Ihre Ansprechpartner<\/h2>\t\t\t\t<\/div>\n\t\t\t\t<\/div>\n\t\t\t\t<div class=\"elementor-element elementor-element-62245b9 elementor-widget elementor-widget-text-editor\" data-id=\"62245b9\" data-element_type=\"widget\" data-e-type=\"widget\" data-widget_type=\"text-editor.default\">\n\t\t\t\t<div class=\"elementor-widget-container\">\n\t\t\t\t\t\t\t\t\t<p>Bei Fragen k\u00f6nnen Sie sich gerne an unsere Spezialisten wenden.<\/p>\t\t\t\t\t\t\t\t<\/div>\n\t\t\t\t<\/div>\n\t\t\t\t\t<\/div>\n\t\t<\/div>\n\t\t\t\t\t<\/div>\n\t\t<\/section>\n\t\t\t\t<section class=\"elementor-section elementor-top-section elementor-element elementor-element-e391d70 elementor-section-boxed elementor-section-height-default elementor-section-height-default wpr-particle-no wpr-jarallax-no wpr-parallax-no wpr-sticky-section-no wpr-equal-height-no\" data-id=\"e391d70\" data-element_type=\"section\" data-e-type=\"section\" data-settings=\"{&quot;background_background&quot;:&quot;classic&quot;}\">\n\t\t\t\t\t\t<div class=\"elementor-container elementor-column-gap-default\">\n\t\t\t\t\t<div class=\"elementor-column elementor-col-33 elementor-top-column elementor-element elementor-element-4e1cce4\" data-id=\"4e1cce4\" data-element_type=\"column\" data-e-type=\"column\">\n\t\t\t<div class=\"elementor-widget-wrap elementor-element-populated\">\n\t\t\t\t\t\t<div class=\"elementor-element elementor-element-8b87f44 elementor-widget elementor-widget-image\" data-id=\"8b87f44\" data-element_type=\"widget\" data-e-type=\"widget\" data-widget_type=\"image.default\">\n\t\t\t\t<div class=\"elementor-widget-container\">\n\t\t\t\t\t\t\t\t\t\t\t\t\t\t\t<img loading=\"lazy\" decoding=\"async\" width=\"600\" height=\"400\" src=\"https:\/\/www.sueverkruep.de\/mercedes-benz\/wp-content\/uploads\/sites\/2\/2024\/07\/Niklas-Redmer.jpg\" class=\"attachment-large size-large wp-image-24752\" alt=\"Niklas-Redmer\" srcset=\"https:\/\/www.sueverkruep.de\/mercedes-benz\/wp-content\/uploads\/sites\/2\/2024\/07\/Niklas-Redmer.jpg 600w, https:\/\/www.sueverkruep.de\/mercedes-benz\/wp-content\/uploads\/sites\/2\/2024\/07\/Niklas-Redmer-300x200.jpg 300w, https:\/\/www.sueverkruep.de\/mercedes-benz\/wp-content\/uploads\/sites\/2\/2024\/07\/Niklas-Redmer-24x16.jpg 24w, https:\/\/www.sueverkruep.de\/mercedes-benz\/wp-content\/uploads\/sites\/2\/2024\/07\/Niklas-Redmer-36x24.jpg 36w, https:\/\/www.sueverkruep.de\/mercedes-benz\/wp-content\/uploads\/sites\/2\/2024\/07\/Niklas-Redmer-48x32.jpg 48w\" sizes=\"(max-width: 600px) 100vw, 600px\" \/>\t\t\t\t\t\t\t\t\t\t\t\t\t\t\t<\/div>\n\t\t\t\t<\/div>\n\t\t\t\t<div class=\"elementor-element elementor-element-f0d0046 elementor-widget elementor-widget-heading\" data-id=\"f0d0046\" data-element_type=\"widget\" data-e-type=\"widget\" data-widget_type=\"heading.default\">\n\t\t\t\t<div class=\"elementor-widget-container\">\n\t\t\t\t\t<h3 class=\"elementor-heading-title elementor-size-default\">Niklas Redmer<\/h3>\t\t\t\t<\/div>\n\t\t\t\t<\/div>\n\t\t\t\t<div class=\"elementor-element elementor-element-668dc63 elementor-widget elementor-widget-text-editor\" data-id=\"668dc63\" data-element_type=\"widget\" data-e-type=\"widget\" data-widget_type=\"text-editor.default\">\n\t\t\t\t<div class=\"elementor-widget-container\">\n\t\t\t\t\t\t\t\t\t<p>MB-Rent Mietberater<\/p>\t\t\t\t\t\t\t\t<\/div>\n\t\t\t\t<\/div>\n\t\t\t\t<div class=\"elementor-element elementor-element-98babbe elementor-align-justify elementor-widget__width-inherit elementor-widget elementor-widget-button\" data-id=\"98babbe\" data-element_type=\"widget\" data-e-type=\"widget\" data-widget_type=\"button.default\">\n\t\t\t\t<div class=\"elementor-widget-container\">\n\t\t\t\t\t\t\t\t\t<div class=\"elementor-button-wrapper\">\n\t\t\t\t\t<a class=\"elementor-button elementor-button-link elementor-size-sm\" href=\"tel:+494315868418\">\n\t\t\t\t\t\t<span class=\"elementor-button-content-wrapper\">\n\t\t\t\t\t\t<span class=\"elementor-button-icon\">\n\t\t\t\t<i aria-hidden=\"true\" class=\"fas fa-phone-alt\"><\/i>\t\t\t<\/span>\n\t\t\t\t\t\t\t\t\t<span class=\"elementor-button-text\">+49 431 5868-418<\/span>\n\t\t\t\t\t<\/span>\n\t\t\t\t\t<\/a>\n\t\t\t\t<\/div>\n\t\t\t\t\t\t\t\t<\/div>\n\t\t\t\t<\/div>\n\t\t\t\t<div class=\"elementor-element elementor-element-72966dc elementor-align-justify elementor-widget__width-inherit elementor-widget elementor-widget-button\" data-id=\"72966dc\" data-element_type=\"widget\" data-e-type=\"widget\" data-widget_type=\"button.default\">\n\t\t\t\t<div class=\"elementor-widget-container\">\n\t\t\t\t\t\t\t\t\t<div class=\"elementor-button-wrapper\">\n\t\t\t\t\t<a class=\"elementor-button elementor-button-link elementor-size-sm\" href=\"https:\/\/www.sueverkruep.de\/ansprechpartner\/niklas-redmer\/\">\n\t\t\t\t\t\t<span class=\"elementor-button-content-wrapper\">\n\t\t\t\t\t\t<span class=\"elementor-button-icon\">\n\t\t\t\t<i aria-hidden=\"true\" class=\"far fa-envelope\"><\/i>\t\t\t<\/span>\n\t\t\t\t\t\t\t\t\t<span class=\"elementor-button-text\">E-Mail schreiben<\/span>\n\t\t\t\t\t<\/span>\n\t\t\t\t\t<\/a>\n\t\t\t\t<\/div>\n\t\t\t\t\t\t\t\t<\/div>\n\t\t\t\t<\/div>\n\t\t\t\t\t<\/div>\n\t\t<\/div>\n\t\t\t\t<div class=\"elementor-column elementor-col-33 elementor-top-column elementor-element elementor-element-99a5f2e\" data-id=\"99a5f2e\" data-element_type=\"column\" data-e-type=\"column\">\n\t\t\t<div class=\"elementor-widget-wrap elementor-element-populated\">\n\t\t\t\t\t\t<div class=\"elementor-element elementor-element-44d9035 elementor-widget elementor-widget-image\" data-id=\"44d9035\" data-element_type=\"widget\" data-e-type=\"widget\" data-widget_type=\"image.default\">\n\t\t\t\t<div class=\"elementor-widget-container\">\n\t\t\t\t\t\t\t\t\t\t\t\t\t\t\t<img loading=\"lazy\" decoding=\"async\" width=\"600\" height=\"400\" src=\"https:\/\/www.sueverkruep.de\/mercedes-benz\/wp-content\/uploads\/sites\/2\/2024\/06\/Florian-Motzkau.jpg\" class=\"attachment-large size-large wp-image-24660\" alt=\"Florian-Motzkau.jpg\" srcset=\"https:\/\/www.sueverkruep.de\/mercedes-benz\/wp-content\/uploads\/sites\/2\/2024\/06\/Florian-Motzkau.jpg 600w, https:\/\/www.sueverkruep.de\/mercedes-benz\/wp-content\/uploads\/sites\/2\/2024\/06\/Florian-Motzkau-300x200.jpg 300w, https:\/\/www.sueverkruep.de\/mercedes-benz\/wp-content\/uploads\/sites\/2\/2024\/06\/Florian-Motzkau-24x16.jpg 24w, https:\/\/www.sueverkruep.de\/mercedes-benz\/wp-content\/uploads\/sites\/2\/2024\/06\/Florian-Motzkau-36x24.jpg 36w, https:\/\/www.sueverkruep.de\/mercedes-benz\/wp-content\/uploads\/sites\/2\/2024\/06\/Florian-Motzkau-48x32.jpg 48w\" sizes=\"(max-width: 600px) 100vw, 600px\" \/>\t\t\t\t\t\t\t\t\t\t\t\t\t\t\t<\/div>\n\t\t\t\t<\/div>\n\t\t\t\t<div class=\"elementor-element elementor-element-9118429 elementor-widget elementor-widget-heading\" data-id=\"9118429\" data-element_type=\"widget\" data-e-type=\"widget\" data-widget_type=\"heading.default\">\n\t\t\t\t<div class=\"elementor-widget-container\">\n\t\t\t\t\t<h3 class=\"elementor-heading-title elementor-size-default\">Florian Motzkau<\/h3>\t\t\t\t<\/div>\n\t\t\t\t<\/div>\n\t\t\t\t<div class=\"elementor-element elementor-element-2497d7e elementor-widget elementor-widget-text-editor\" data-id=\"2497d7e\" data-element_type=\"widget\" data-e-type=\"widget\" data-widget_type=\"text-editor.default\">\n\t\t\t\t<div class=\"elementor-widget-container\">\n\t\t\t\t\t\t\t\t\t<p>MB-Rent Mietberater Servicemobilit\u00e4t<\/p>\t\t\t\t\t\t\t\t<\/div>\n\t\t\t\t<\/div>\n\t\t\t\t<div class=\"elementor-element elementor-element-37cae44 elementor-align-justify elementor-widget__width-inherit elementor-widget elementor-widget-button\" data-id=\"37cae44\" data-element_type=\"widget\" data-e-type=\"widget\" data-widget_type=\"button.default\">\n\t\t\t\t<div class=\"elementor-widget-container\">\n\t\t\t\t\t\t\t\t\t<div class=\"elementor-button-wrapper\">\n\t\t\t\t\t<a class=\"elementor-button elementor-button-link elementor-size-sm\" href=\"tel:494315868416\">\n\t\t\t\t\t\t<span class=\"elementor-button-content-wrapper\">\n\t\t\t\t\t\t<span class=\"elementor-button-icon\">\n\t\t\t\t<i aria-hidden=\"true\" class=\"fas fa-phone-alt\"><\/i>\t\t\t<\/span>\n\t\t\t\t\t\t\t\t\t<span class=\"elementor-button-text\">+49 431 5868-416<\/span>\n\t\t\t\t\t<\/span>\n\t\t\t\t\t<\/a>\n\t\t\t\t<\/div>\n\t\t\t\t\t\t\t\t<\/div>\n\t\t\t\t<\/div>\n\t\t\t\t<div class=\"elementor-element elementor-element-8d8d9b1 elementor-align-justify elementor-widget__width-inherit elementor-widget elementor-widget-button\" data-id=\"8d8d9b1\" data-element_type=\"widget\" data-e-type=\"widget\" data-widget_type=\"button.default\">\n\t\t\t\t<div class=\"elementor-widget-container\">\n\t\t\t\t\t\t\t\t\t<div class=\"elementor-button-wrapper\">\n\t\t\t\t\t<a class=\"elementor-button elementor-button-link elementor-size-sm\" href=\"https:\/\/www.sueverkruep.de\/ansprechpartner\/laurids-koester\/\">\n\t\t\t\t\t\t<span class=\"elementor-button-content-wrapper\">\n\t\t\t\t\t\t<span class=\"elementor-button-icon\">\n\t\t\t\t<i aria-hidden=\"true\" class=\"far fa-envelope\"><\/i>\t\t\t<\/span>\n\t\t\t\t\t\t\t\t\t<span class=\"elementor-button-text\">E-Mail schreiben<\/span>\n\t\t\t\t\t<\/span>\n\t\t\t\t\t<\/a>\n\t\t\t\t<\/div>\n\t\t\t\t\t\t\t\t<\/div>\n\t\t\t\t<\/div>\n\t\t\t\t\t<\/div>\n\t\t<\/div>\n\t\t\t\t<div class=\"elementor-column elementor-col-33 elementor-top-column elementor-element elementor-element-d42340d\" data-id=\"d42340d\" data-element_type=\"column\" data-e-type=\"column\">\n\t\t\t<div class=\"elementor-widget-wrap elementor-element-populated\">\n\t\t\t\t\t\t<div class=\"elementor-element elementor-element-1805b28 elementor-widget elementor-widget-image\" data-id=\"1805b28\" data-element_type=\"widget\" data-e-type=\"widget\" data-widget_type=\"image.default\">\n\t\t\t\t<div class=\"elementor-widget-container\">\n\t\t\t\t\t\t\t\t\t\t\t\t\t\t\t<img loading=\"lazy\" decoding=\"async\" width=\"600\" height=\"400\" src=\"https:\/\/www.sueverkruep.de\/mercedes-benz\/wp-content\/uploads\/sites\/2\/2024\/06\/Aske-Braun2020.jpg\" class=\"attachment-large size-large wp-image-24598\" alt=\"Aske-Braun2020.jpg\" srcset=\"https:\/\/www.sueverkruep.de\/mercedes-benz\/wp-content\/uploads\/sites\/2\/2024\/06\/Aske-Braun2020.jpg 600w, https:\/\/www.sueverkruep.de\/mercedes-benz\/wp-content\/uploads\/sites\/2\/2024\/06\/Aske-Braun2020-300x200.jpg 300w, https:\/\/www.sueverkruep.de\/mercedes-benz\/wp-content\/uploads\/sites\/2\/2024\/06\/Aske-Braun2020-24x16.jpg 24w, https:\/\/www.sueverkruep.de\/mercedes-benz\/wp-content\/uploads\/sites\/2\/2024\/06\/Aske-Braun2020-36x24.jpg 36w, https:\/\/www.sueverkruep.de\/mercedes-benz\/wp-content\/uploads\/sites\/2\/2024\/06\/Aske-Braun2020-48x32.jpg 48w\" sizes=\"(max-width: 600px) 100vw, 600px\" \/>\t\t\t\t\t\t\t\t\t\t\t\t\t\t\t<\/div>\n\t\t\t\t<\/div>\n\t\t\t\t<div class=\"elementor-element elementor-element-0a5e578 elementor-widget elementor-widget-heading\" data-id=\"0a5e578\" data-element_type=\"widget\" data-e-type=\"widget\" data-widget_type=\"heading.default\">\n\t\t\t\t<div class=\"elementor-widget-container\">\n\t\t\t\t\t<h3 class=\"elementor-heading-title elementor-size-default\">Aske Braun<\/h3>\t\t\t\t<\/div>\n\t\t\t\t<\/div>\n\t\t\t\t<div class=\"elementor-element elementor-element-57b4288 elementor-widget elementor-widget-text-editor\" data-id=\"57b4288\" data-element_type=\"widget\" data-e-type=\"widget\" data-widget_type=\"text-editor.default\">\n\t\t\t\t<div class=\"elementor-widget-container\">\n\t\t\t\t\t\t\t\t\t<p>Leitung Vermietung<\/p>\t\t\t\t\t\t\t\t<\/div>\n\t\t\t\t<\/div>\n\t\t\t\t<div class=\"elementor-element elementor-element-915e4f5 elementor-align-justify elementor-widget__width-inherit elementor-widget elementor-widget-button\" data-id=\"915e4f5\" data-element_type=\"widget\" data-e-type=\"widget\" data-widget_type=\"button.default\">\n\t\t\t\t<div class=\"elementor-widget-container\">\n\t\t\t\t\t\t\t\t\t<div class=\"elementor-button-wrapper\">\n\t\t\t\t\t<a class=\"elementor-button elementor-button-link elementor-size-sm\" href=\"https:\/\/www.sueverkruep.de\/ansprechpartner\/aske-braun\/\">\n\t\t\t\t\t\t<span class=\"elementor-button-content-wrapper\">\n\t\t\t\t\t\t<span class=\"elementor-button-icon\">\n\t\t\t\t<i aria-hidden=\"true\" class=\"far fa-envelope\"><\/i>\t\t\t<\/span>\n\t\t\t\t\t\t\t\t\t<span class=\"elementor-button-text\">E-Mail schreiben<\/span>\n\t\t\t\t\t<\/span>\n\t\t\t\t\t<\/a>\n\t\t\t\t<\/div>\n\t\t\t\t\t\t\t\t<\/div>\n\t\t\t\t<\/div>\n\t\t\t\t\t<\/div>\n\t\t<\/div>\n\t\t\t\t\t<\/div>\n\t\t<\/section>\n\t\t\t\t<\/div>\n\t\t","protected":false},"excerpt":{"rendered":"<p>Mit uns ist das Leben doch ein Wunschkonzert. Mit Mercedes-Benz Rent bleiben Sie uneingeschr\u00e4nkt mobil, egal ob f\u00fcr ein spontanes Wochenende, eine Reise mit sperrigem Gep\u00e4ck oder einen eleganten Wagen f\u00fcr den gro\u00dfen Tag. Auch f\u00fcr gesch\u00e4ftliche Anforderungen bieten wir L\u00f6sungen, sei es w\u00e4hrend Hochphasen, f\u00fcr Dienstreisen oder bei unerwartetem Bedarf an Dienstfahrzeugen. Ihr Plan B ist bei uns gut aufgehoben. Nachhaltigkeit ist uns wichtig, daher k\u00f6nnen Sie bei uns leistungsstarke Elektrofahrzeuge mieten. Wir bieten Ihnen die Gelegenheit, eines unserer modernen Elektromobilit\u00e4ts-Fahrzeuge auszuprobieren und so umweltbewusst unterwegs zu sein. Sprechen Sie uns gerne darauf an. Ihre Vorteile auf einen Blick One-Way-Miete ohne Aufpreis Profitieren Sie von unserem deutschlandweiten Netz und mieten Sie &#8222;One-Way&#8220; ohne Zusatzkosten. Ihr Fahrzeug ist ein Mercedes-Benz Sie bekommen, was Sie mieten: Jedes unserer Fahrzeuge ist ein Mercedes-Benz \u2013 allesamt effizient und zuverl\u00e4ssig. Wir bieten f\u00fcr jeden Bedarf die passende L\u00f6sung. Mieten, solange Sie m\u00f6chten Von 24 Stunden bis 24 Monate \u2013 die Mietlaufzeiten sind ganz flexibel und an Ihren individuellen Bedarf angepasst. Je nach gew\u00e4hltem Tarif k\u00f6nnen Sie Ihr Fahrzeug einfach zur\u00fcckgeben, wenn Sie ihn nicht mehr brauchen. Gro\u00dfe Auswahl an Fahrzeugen Durch unser breites Angebot an verschiedenen Mercedes-Benz Mietwagen werden wir allen Anspr\u00fcchen gerecht. Kompaktwagen, Limousine, T-Modell, SUV. Rein elektrisch, als Verbrenner oder als Hybrid. Hier werden Sie f\u00fcndig. Service im Blick Ob Wartung, Instandsetzung, Steuern oder Haftpflichtversicherung \u2013 darum m\u00fcssen Sie sich bei der Fahrzeug-Miete nicht k\u00fcmmern. Professionelle Beratung Zeit ist wertvoll, darum wird nichts davon verschwendet. Unsere Experten erleichtern Ihnen die Miete mit professioneller und kompetenter Beratung. Professionelle Beratung Zeit ist wertvoll, darum wird nichts davon verschwendet. Unsere Experten erleichtern Ihnen die Miete mit professioneller und kompetenter Beratung. Mieten, solange Sie m\u00f6chten Von 24 Stunden bis 24 Monate \u2013 die Mietlaufzeiten sind ganz flexibel und an Ihren individuellen Bedarf angepasst. Je nach gew\u00e4hltem Tarif k\u00f6nnen Sie Ihr Fahrzeug einfach zur\u00fcckgeben, wenn Sie ihn nicht mehr brauchen. Ein Fahrzeug f\u00fcr alles Hochzeitsspezial mehr erfahren Damit an Ihrem sch\u00f6nsten Tag des Lebens alles rund l\u00e4uft:Mieten Sie ein Hochzeitsauto von Mercedes-Benz Rent. Der Hochzeitsspezial-Preis ist g\u00fcltig von Freitag 12:00 Uhr bis Montag 08:00 Uhr und enth\u00e4lt 500 Freikilometer. Mehrkilometer werden gem\u00e4\u00df der Mercedes-Benz Rent Preisliste berechnet. Es gelten die allgemeinen Vermiet- und Zahlungsbedingungen sowie die Mindestaltervorgaben von Mercedes-Benz Rent. Bei Fragen k\u00f6nnen Sie sich gerne per Anruf oder E-Mail an uns wenden. Servicemobilit\u00e4t mehr erfahren Mieten Sie sich ein Mobilit\u00e4tsersatzfahrzeug von Mercedes-Benz Rent. Auch im Falle einer Panne oder bei einem Unfallschaden stellen wir Ihnen gerne einen Ersatzwagen zur Verf\u00fcgung. Mit einem Mietwagen von Mercedes-Benz Rent wird Ihnen die gewohnt hohe Qualit\u00e4t von Mercedes-Benz garantiert: neuwertige Fahrzeuge, aktuelle Technik, hochwertige Ausstattung. Unsere Konditionen f\u00fcr Sie. (Weitere Modelle auf Anfrage) Modelle Preis Freikilometer smart 39,00 Euro 250 A-Klasse 55,00 Euro 250 C-Klasse 75,00 Euro 250 Ihre Vorteile. Schnelle Verf\u00fcgbarkeit neuwertiger Fahrzeuge mit geringer Laufleistung Hochwertige Ausstattung mit neuester Technik gem\u00e4\u00df aktueller Sicherheitsstandards Individuelle Einweisung in das Fahrzeug durch fachkundiges Personal Variabler Mietzeitraum von Kurz- bis Langzeitmiete Umfassender und flexibler Versicherungsschutz Pers\u00f6nliche \u00dcbergabe und R\u00fccknahme des Fahrzeuges vor Ort Rechtssicherheit durch gemeinsam ausgefertigtes \u00dcbergabe-\/R\u00fcckgabeprotokoll Volle Kostentransparenz Preise und Bedingungen mehr erfahren Informationen zu den Preisen erhalten Sie mit einem Klick hier oder direkt von unseren Ansprechpartnern. Bedingungen Die vereinbarte Miete (bzw. bei mehrmonatigen Mieten die Miete f\u00fcr den ersten Monat) muss bei Abholung des Fahrzeugs bezahlt werden, sofern nichts anderes vereinbart wird. Daneben ist eine feste Hinterlegung der Kaution mit einer EC-Karte per Abbuchung m\u00f6glich. Die Haftpflicht- und Vollkaskoversicherung mit einer Selbstbeteiligung, deren H\u00f6he Sie der Preisliste entnehmen k\u00f6nnen, ist im Mietpreis inklusive. Die Fahrzeugabholung und -r\u00fcckgabe ist nur w\u00e4hrend der Mercedes-Benz Rent Servicezeiten m\u00f6glich. Bis zur Begutachtung durch einen Mercedes-Benz Rent Mitarbeiter treffen den Mieter s\u00e4mtliche Pflichten aus dem Mietvertrag (z. B. Haftung f\u00fcr Sch\u00e4den). Der Mieter muss bei der Abholung des Fahrzeugs ein g\u00fcltiges Ausweisdokument (Personalausweis oder Reisepass) sowie einen g\u00fcltigen F\u00fchrerschein vorlegen. F\u00fcr das Mindestalter und den F\u00fchrerscheinbesitz des Fahrers gelten folgende Regelungen: \u00a018 Jahre\/1 Tag f\u00fcr Fahrzeuge der Kategorie A, B und Z, \u00a023 Jahre\/2 Jahre f\u00fcr Fahrzeuge der Kategorie C-D, E und F, \u00a025 Jahre\/3 Jahre f\u00fcr Fahrzeuge der Kategorie G, H, I, O, P und Q. Erg\u00e4nzend gelten die Bestimmungen des Mietvertrages sowie unsere Allgemeinen Gesch\u00e4ftsbedingungen f\u00fcr die Vermietung von Personenkraftfahrzeugen, die Sie bei uns erhalten. Kontakt Kontaktieren Sie uns \u00fcber das Formular und\u00a0w\u00e4hlen Sie direkt einen Zeitraum aus, in dem Sie Ihr Fahrzeug mieten m\u00f6chten.\u00a0W\u00e4hlen Sie dabei auch direkt einen Fahrzeugtypen aus, der zu Ihrem Anliegen passt. Ihre Ansprechpartner Bei Fragen k\u00f6nnen Sie sich gerne an unsere Spezialisten wenden. Niklas Redmer MB-Rent Mietberater +49 431 5868-418 E-Mail schreiben Florian Motzkau MB-Rent Mietberater Servicemobilit\u00e4t +49 431 5868-416 E-Mail schreiben Aske Braun Leitung Vermietung E-Mail schreiben<\/p>\n","protected":false},"author":4,"featured_media":0,"parent":48,"menu_order":0,"comment_status":"closed","ping_status":"closed","template":"","meta":{"footnotes":""},"class_list":["post-2109","page","type-page","status-publish","hentry"],"acf":[],"yoast_head":"<!-- This site is optimized with the Yoast SEO plugin v27.4 - https:\/\/yoast.com\/product\/yoast-seo-wordpress\/ -->\n<title>Pkw Vermietung - S\u00fcverkr\u00fcp Mercedes-Benz<\/title>\n<meta name=\"description\" content=\"F\u00fcr jeden Anlass das richtige Fahrzeug: Ob Luxuslimousine zur Hochzeit oder sportliches Cabrio f\u00fcr den Wochenendtrip.\" \/>\n<meta name=\"robots\" content=\"index, follow, max-snippet:-1, max-image-preview:large, max-video-preview:-1\" \/>\n<link rel=\"canonical\" href=\"https:\/\/www.sueverkruep.de\/mercedes-benz\/vermietung\/pkw-vermietung\/\" \/>\n<meta property=\"og:locale\" content=\"de_DE\" \/>\n<meta property=\"og:type\" content=\"article\" \/>\n<meta property=\"og:title\" content=\"Pkw Vermietung - S\u00fcverkr\u00fcp Mercedes-Benz\" \/>\n<meta property=\"og:description\" content=\"F\u00fcr jeden Anlass das richtige Fahrzeug: Ob Luxuslimousine zur Hochzeit oder sportliches Cabrio f\u00fcr den Wochenendtrip.\" \/>\n<meta property=\"og:url\" content=\"https:\/\/www.sueverkruep.de\/mercedes-benz\/vermietung\/pkw-vermietung\/\" \/>\n<meta property=\"og:site_name\" content=\"S\u00fcverkr\u00fcp Mercedes-Benz\" \/>\n<meta property=\"article:modified_time\" content=\"2025-03-03T12:28:23+00:00\" \/>\n<meta property=\"og:image\" content=\"https:\/\/www.sueverkruep.de\/mercedes-benz\/wp-content\/uploads\/sites\/2\/2024\/06\/MB-Rent-Banner-v3.jpg\" \/>\n\t<meta property=\"og:image:width\" content=\"1960\" \/>\n\t<meta property=\"og:image:height\" content=\"539\" \/>\n\t<meta property=\"og:image:type\" content=\"image\/jpeg\" \/>\n<meta name=\"twitter:card\" content=\"summary_large_image\" \/>\n<meta name=\"twitter:label1\" content=\"Gesch\u00e4tzte Lesezeit\" \/>\n\t<meta name=\"twitter:data1\" content=\"8\u00a0Minuten\" \/>\n<script type=\"application\/ld+json\" class=\"yoast-schema-graph\">{\"@context\":\"https:\\\/\\\/schema.org\",\"@graph\":[{\"@type\":\"WebPage\",\"@id\":\"https:\\\/\\\/www.sueverkruep.de\\\/mercedes-benz\\\/vermietung-alt\\\/pkw-vermietung\\\/\",\"url\":\"https:\\\/\\\/www.sueverkruep.de\\\/mercedes-benz\\\/vermietung\\\/pkw-vermietung\\\/\",\"name\":\"Pkw Vermietung - S\u00fcverkr\u00fcp Mercedes-Benz\",\"isPartOf\":{\"@id\":\"https:\\\/\\\/www.sueverkruep.de\\\/mercedes-benz\\\/#website\"},\"primaryImageOfPage\":{\"@id\":\"https:\\\/\\\/www.sueverkruep.de\\\/mercedes-benz\\\/vermietung\\\/pkw-vermietung\\\/#primaryimage\"},\"image\":{\"@id\":\"https:\\\/\\\/www.sueverkruep.de\\\/mercedes-benz\\\/vermietung\\\/pkw-vermietung\\\/#primaryimage\"},\"thumbnailUrl\":\"https:\\\/\\\/www.sueverkruep.de\\\/mercedes-benz\\\/wp-content\\\/uploads\\\/sites\\\/2\\\/2024\\\/06\\\/MB-Rent-Banner-v3.jpg\",\"datePublished\":\"2019-08-29T09:36:12+00:00\",\"dateModified\":\"2025-03-03T12:28:23+00:00\",\"description\":\"F\u00fcr jeden Anlass das richtige Fahrzeug: Ob Luxuslimousine zur Hochzeit oder sportliches Cabrio f\u00fcr den Wochenendtrip.\",\"breadcrumb\":{\"@id\":\"https:\\\/\\\/www.sueverkruep.de\\\/mercedes-benz\\\/vermietung\\\/pkw-vermietung\\\/#breadcrumb\"},\"inLanguage\":\"de\",\"potentialAction\":[{\"@type\":\"ReadAction\",\"target\":[\"https:\\\/\\\/www.sueverkruep.de\\\/mercedes-benz\\\/vermietung\\\/pkw-vermietung\\\/\"]}]},{\"@type\":\"ImageObject\",\"inLanguage\":\"de\",\"@id\":\"https:\\\/\\\/www.sueverkruep.de\\\/mercedes-benz\\\/vermietung\\\/pkw-vermietung\\\/#primaryimage\",\"url\":\"https:\\\/\\\/www.sueverkruep.de\\\/mercedes-benz\\\/wp-content\\\/uploads\\\/sites\\\/2\\\/2024\\\/06\\\/MB-Rent-Banner-v3.jpg\",\"contentUrl\":\"https:\\\/\\\/www.sueverkruep.de\\\/mercedes-benz\\\/wp-content\\\/uploads\\\/sites\\\/2\\\/2024\\\/06\\\/MB-Rent-Banner-v3.jpg\",\"width\":1960,\"height\":539,\"caption\":\"MB-Rent-Banner-v3.jpg\"},{\"@type\":\"BreadcrumbList\",\"@id\":\"https:\\\/\\\/www.sueverkruep.de\\\/mercedes-benz\\\/vermietung\\\/pkw-vermietung\\\/#breadcrumb\",\"itemListElement\":[{\"@type\":\"ListItem\",\"position\":1,\"name\":\"Mercedes-Benz\",\"item\":\"https:\\\/\\\/www.sueverkruep.de\\\/mercedes-benz\\\/\"},{\"@type\":\"ListItem\",\"position\":2,\"name\":\"Vermietung-alt\",\"item\":\"https:\\\/\\\/www.sueverkruep.de\\\/mercedes-benz\\\/?page_id=48\"},{\"@type\":\"ListItem\",\"position\":3,\"name\":\"Pkw Vermietung\"}]},{\"@type\":\"WebSite\",\"@id\":\"https:\\\/\\\/www.sueverkruep.de\\\/mercedes-benz\\\/#website\",\"url\":\"https:\\\/\\\/www.sueverkruep.de\\\/mercedes-benz\\\/\",\"name\":\"S\u00fcverkr\u00fcp Mercedes-Benz\",\"description\":\"Ihr L\u00e4cheln. Unser Antrieb.\",\"publisher\":{\"@id\":\"https:\\\/\\\/www.sueverkruep.de\\\/mercedes-benz\\\/#organization\"},\"potentialAction\":[{\"@type\":\"SearchAction\",\"target\":{\"@type\":\"EntryPoint\",\"urlTemplate\":\"https:\\\/\\\/www.sueverkruep.de\\\/mercedes-benz\\\/?s={search_term_string}\"},\"query-input\":{\"@type\":\"PropertyValueSpecification\",\"valueRequired\":true,\"valueName\":\"search_term_string\"}}],\"inLanguage\":\"de\"},{\"@type\":\"Organization\",\"@id\":\"https:\\\/\\\/www.sueverkruep.de\\\/mercedes-benz\\\/#organization\",\"name\":\"S\u00fcverkr\u00fcp Mercedes-Benz\",\"url\":\"https:\\\/\\\/www.sueverkruep.de\\\/mercedes-benz\\\/\",\"logo\":{\"@type\":\"ImageObject\",\"inLanguage\":\"de\",\"@id\":\"https:\\\/\\\/www.sueverkruep.de\\\/mercedes-benz\\\/#\\\/schema\\\/logo\\\/image\\\/\",\"url\":\"https:\\\/\\\/www.sueverkruep.de\\\/mercedes-benz\\\/wp-content\\\/uploads\\\/sites\\\/2\\\/2020\\\/12\\\/cropped-mb_logoo.png\",\"contentUrl\":\"https:\\\/\\\/www.sueverkruep.de\\\/mercedes-benz\\\/wp-content\\\/uploads\\\/sites\\\/2\\\/2020\\\/12\\\/cropped-mb_logoo.png\",\"width\":294,\"height\":88,\"caption\":\"S\u00fcverkr\u00fcp Mercedes-Benz\"},\"image\":{\"@id\":\"https:\\\/\\\/www.sueverkruep.de\\\/mercedes-benz\\\/#\\\/schema\\\/logo\\\/image\\\/\"}}]}<\/script>\n<!-- \/ Yoast SEO plugin. -->","yoast_head_json":{"title":"Pkw Vermietung - S\u00fcverkr\u00fcp Mercedes-Benz","description":"F\u00fcr jeden Anlass das richtige Fahrzeug: Ob Luxuslimousine zur Hochzeit oder sportliches Cabrio f\u00fcr den Wochenendtrip.","robots":{"index":"index","follow":"follow","max-snippet":"max-snippet:-1","max-image-preview":"max-image-preview:large","max-video-preview":"max-video-preview:-1"},"canonical":"https:\/\/www.sueverkruep.de\/mercedes-benz\/vermietung\/pkw-vermietung\/","og_locale":"de_DE","og_type":"article","og_title":"Pkw Vermietung - S\u00fcverkr\u00fcp Mercedes-Benz","og_description":"F\u00fcr jeden Anlass das richtige Fahrzeug: Ob Luxuslimousine zur Hochzeit oder sportliches Cabrio f\u00fcr den Wochenendtrip.","og_url":"https:\/\/www.sueverkruep.de\/mercedes-benz\/vermietung\/pkw-vermietung\/","og_site_name":"S\u00fcverkr\u00fcp Mercedes-Benz","article_modified_time":"2025-03-03T12:28:23+00:00","og_image":[{"width":1960,"height":539,"url":"https:\/\/www.sueverkruep.de\/mercedes-benz\/wp-content\/uploads\/sites\/2\/2024\/06\/MB-Rent-Banner-v3.jpg","type":"image\/jpeg"}],"twitter_card":"summary_large_image","twitter_misc":{"Gesch\u00e4tzte Lesezeit":"8\u00a0Minuten"},"schema":{"@context":"https:\/\/schema.org","@graph":[{"@type":"WebPage","@id":"https:\/\/www.sueverkruep.de\/mercedes-benz\/vermietung-alt\/pkw-vermietung\/","url":"https:\/\/www.sueverkruep.de\/mercedes-benz\/vermietung\/pkw-vermietung\/","name":"Pkw Vermietung - S\u00fcverkr\u00fcp Mercedes-Benz","isPartOf":{"@id":"https:\/\/www.sueverkruep.de\/mercedes-benz\/#website"},"primaryImageOfPage":{"@id":"https:\/\/www.sueverkruep.de\/mercedes-benz\/vermietung\/pkw-vermietung\/#primaryimage"},"image":{"@id":"https:\/\/www.sueverkruep.de\/mercedes-benz\/vermietung\/pkw-vermietung\/#primaryimage"},"thumbnailUrl":"https:\/\/www.sueverkruep.de\/mercedes-benz\/wp-content\/uploads\/sites\/2\/2024\/06\/MB-Rent-Banner-v3.jpg","datePublished":"2019-08-29T09:36:12+00:00","dateModified":"2025-03-03T12:28:23+00:00","description":"F\u00fcr jeden Anlass das richtige Fahrzeug: Ob Luxuslimousine zur Hochzeit oder sportliches Cabrio f\u00fcr den Wochenendtrip.","breadcrumb":{"@id":"https:\/\/www.sueverkruep.de\/mercedes-benz\/vermietung\/pkw-vermietung\/#breadcrumb"},"inLanguage":"de","potentialAction":[{"@type":"ReadAction","target":["https:\/\/www.sueverkruep.de\/mercedes-benz\/vermietung\/pkw-vermietung\/"]}]},{"@type":"ImageObject","inLanguage":"de","@id":"https:\/\/www.sueverkruep.de\/mercedes-benz\/vermietung\/pkw-vermietung\/#primaryimage","url":"https:\/\/www.sueverkruep.de\/mercedes-benz\/wp-content\/uploads\/sites\/2\/2024\/06\/MB-Rent-Banner-v3.jpg","contentUrl":"https:\/\/www.sueverkruep.de\/mercedes-benz\/wp-content\/uploads\/sites\/2\/2024\/06\/MB-Rent-Banner-v3.jpg","width":1960,"height":539,"caption":"MB-Rent-Banner-v3.jpg"},{"@type":"BreadcrumbList","@id":"https:\/\/www.sueverkruep.de\/mercedes-benz\/vermietung\/pkw-vermietung\/#breadcrumb","itemListElement":[{"@type":"ListItem","position":1,"name":"Mercedes-Benz","item":"https:\/\/www.sueverkruep.de\/mercedes-benz\/"},{"@type":"ListItem","position":2,"name":"Vermietung-alt","item":"https:\/\/www.sueverkruep.de\/mercedes-benz\/?page_id=48"},{"@type":"ListItem","position":3,"name":"Pkw Vermietung"}]},{"@type":"WebSite","@id":"https:\/\/www.sueverkruep.de\/mercedes-benz\/#website","url":"https:\/\/www.sueverkruep.de\/mercedes-benz\/","name":"S\u00fcverkr\u00fcp Mercedes-Benz","description":"Ihr L\u00e4cheln. Unser Antrieb.","publisher":{"@id":"https:\/\/www.sueverkruep.de\/mercedes-benz\/#organization"},"potentialAction":[{"@type":"SearchAction","target":{"@type":"EntryPoint","urlTemplate":"https:\/\/www.sueverkruep.de\/mercedes-benz\/?s={search_term_string}"},"query-input":{"@type":"PropertyValueSpecification","valueRequired":true,"valueName":"search_term_string"}}],"inLanguage":"de"},{"@type":"Organization","@id":"https:\/\/www.sueverkruep.de\/mercedes-benz\/#organization","name":"S\u00fcverkr\u00fcp Mercedes-Benz","url":"https:\/\/www.sueverkruep.de\/mercedes-benz\/","logo":{"@type":"ImageObject","inLanguage":"de","@id":"https:\/\/www.sueverkruep.de\/mercedes-benz\/#\/schema\/logo\/image\/","url":"https:\/\/www.sueverkruep.de\/mercedes-benz\/wp-content\/uploads\/sites\/2\/2020\/12\/cropped-mb_logoo.png","contentUrl":"https:\/\/www.sueverkruep.de\/mercedes-benz\/wp-content\/uploads\/sites\/2\/2020\/12\/cropped-mb_logoo.png","width":294,"height":88,"caption":"S\u00fcverkr\u00fcp Mercedes-Benz"},"image":{"@id":"https:\/\/www.sueverkruep.de\/mercedes-benz\/#\/schema\/logo\/image\/"}}]}},"_links":{"self":[{"href":"https:\/\/www.sueverkruep.de\/mercedes-benz\/wp-json\/wp\/v2\/pages\/2109","targetHints":{"allow":["GET"]}}],"collection":[{"href":"https:\/\/www.sueverkruep.de\/mercedes-benz\/wp-json\/wp\/v2\/pages"}],"about":[{"href":"https:\/\/www.sueverkruep.de\/mercedes-benz\/wp-json\/wp\/v2\/types\/page"}],"author":[{"embeddable":true,"href":"https:\/\/www.sueverkruep.de\/mercedes-benz\/wp-json\/wp\/v2\/users\/4"}],"replies":[{"embeddable":true,"href":"https:\/\/www.sueverkruep.de\/mercedes-benz\/wp-json\/wp\/v2\/comments?post=2109"}],"version-history":[{"count":129,"href":"https:\/\/www.sueverkruep.de\/mercedes-benz\/wp-json\/wp\/v2\/pages\/2109\/revisions"}],"predecessor-version":[{"id":27959,"href":"https:\/\/www.sueverkruep.de\/mercedes-benz\/wp-json\/wp\/v2\/pages\/2109\/revisions\/27959"}],"up":[{"embeddable":true,"href":"https:\/\/www.sueverkruep.de\/mercedes-benz\/wp-json\/wp\/v2\/pages\/48"}],"wp:attachment":[{"href":"https:\/\/www.sueverkruep.de\/mercedes-benz\/wp-json\/wp\/v2\/media?parent=2109"}],"curies":[{"name":"wp","href":"https:\/\/api.w.org\/{rel}","templated":true}]}}