{"id":4,"date":"2019-02-27T13:13:22","date_gmt":"2019-02-27T12:13:22","guid":{"rendered":"http:\/\/localhost\/sueverkruep\/mazda\/?page_id=4"},"modified":"2025-11-24T09:26:39","modified_gmt":"2025-11-24T08:26:39","slug":"startseite","status":"publish","type":"page","link":"https:\/\/www.sueverkruep.de\/mazda\/","title":{"rendered":"Mazda"},"content":{"rendered":"\t\t<div data-elementor-type=\"wp-page\" data-elementor-id=\"4\" class=\"elementor elementor-4\" data-elementor-post-type=\"page\">\n\t\t\t\t\t\t<section class=\"elementor-section elementor-top-section elementor-element elementor-element-7e10e66 elementor-hidden-tablet elementor-hidden-mobile elementor-section-boxed elementor-section-height-default elementor-section-height-default wpr-particle-no wpr-jarallax-no wpr-parallax-no wpr-sticky-section-no wpr-equal-height-no\" data-id=\"7e10e66\" data-element_type=\"section\" data-e-type=\"section\">\n\t\t\t\t\t\t<div class=\"elementor-container elementor-column-gap-default\">\n\t\t\t\t\t<div class=\"elementor-column elementor-col-50 elementor-top-column elementor-element elementor-element-7980bd2e\" data-id=\"7980bd2e\" data-element_type=\"column\" data-e-type=\"column\">\n\t\t\t<div class=\"elementor-widget-wrap elementor-element-populated\">\n\t\t\t\t\t\t<div class=\"elementor-element elementor-element-7c521600 elementor-view-default elementor-widget elementor-widget-icon\" data-id=\"7c521600\" data-element_type=\"widget\" data-e-type=\"widget\" data-widget_type=\"icon.default\">\n\t\t\t\t<div class=\"elementor-widget-container\">\n\t\t\t\t\t\t\t<div class=\"elementor-icon-wrapper\">\n\t\t\t<a class=\"elementor-icon\" href=\"https:\/\/www.sueverkruep.de\">\n\t\t\t<i aria-hidden=\"true\" class=\"fas fa-home\"><\/i>\t\t\t<\/a>\n\t\t<\/div>\n\t\t\t\t\t\t<\/div>\n\t\t\t\t<\/div>\n\t\t\t\t\t<\/div>\n\t\t<\/div>\n\t\t\t\t<div class=\"elementor-column elementor-col-50 elementor-top-column elementor-element elementor-element-369534b7\" data-id=\"369534b7\" data-element_type=\"column\" data-e-type=\"column\">\n\t\t\t<div class=\"elementor-widget-wrap elementor-element-populated\">\n\t\t\t\t\t\t<div class=\"elementor-element elementor-element-5b5777eb elementor-align-left elementor-mobile-align-left elementor-widget elementor-widget-breadcrumbs\" data-id=\"5b5777eb\" data-element_type=\"widget\" data-e-type=\"widget\" data-widget_type=\"breadcrumbs.default\">\n\t\t\t\t<div class=\"elementor-widget-container\">\n\t\t\t\t\t<p id=\"breadcrumbs\"><span><span><a href=\"https:\/\/www.sueverkruep.de\/mazda\/\">Startseite<\/a><\/span><\/span><\/p>\t\t\t\t<\/div>\n\t\t\t\t<\/div>\n\t\t\t\t\t<\/div>\n\t\t<\/div>\n\t\t\t\t\t<\/div>\n\t\t<\/section>\n\t\t\t\t<section class=\"elementor-section elementor-top-section elementor-element elementor-element-42410f03 elementor-section-boxed elementor-section-height-default elementor-section-height-default wpr-particle-no wpr-jarallax-no wpr-parallax-no wpr-sticky-section-no wpr-equal-height-no\" data-id=\"42410f03\" data-element_type=\"section\" data-e-type=\"section\" data-settings=\"{&quot;background_background&quot;:&quot;classic&quot;}\">\n\t\t\t\t\t\t\t<div class=\"elementor-background-overlay\"><\/div>\n\t\t\t\t\t\t\t<div class=\"elementor-container elementor-column-gap-default\">\n\t\t\t\t\t<div class=\"elementor-column elementor-col-33 elementor-top-column elementor-element elementor-element-13f67e5e\" data-id=\"13f67e5e\" data-element_type=\"column\" data-e-type=\"column\" data-settings=\"{&quot;background_background&quot;:&quot;classic&quot;}\">\n\t\t\t<div class=\"elementor-widget-wrap elementor-element-populated\">\n\t\t\t\t\t<div class=\"elementor-background-overlay\"><\/div>\n\t\t\t\t\t\t<div class=\"elementor-element elementor-element-4d1ebab7 elementor-widget__width-initial elementor-widget elementor-widget-text-editor\" data-id=\"4d1ebab7\" data-element_type=\"widget\" data-e-type=\"widget\" data-widget_type=\"text-editor.default\">\n\t\t\t\t<div class=\"elementor-widget-container\">\n\t\t\t\t\t\t\t\t\t<h2>Mazda:<\/h2><div>Qualit\u00e4t die begeistert<\/div>\t\t\t\t\t\t\t\t<\/div>\n\t\t\t\t<\/div>\n\t\t\t\t\t<\/div>\n\t\t<\/div>\n\t\t\t\t<div class=\"elementor-column elementor-col-66 elementor-top-column elementor-element elementor-element-7a5455e3\" data-id=\"7a5455e3\" data-element_type=\"column\" data-e-type=\"column\">\n\t\t\t<div class=\"elementor-widget-wrap\">\n\t\t\t\t\t\t\t<\/div>\n\t\t<\/div>\n\t\t\t\t\t<\/div>\n\t\t<\/section>\n\t\t\t\t<section class=\"elementor-section elementor-top-section elementor-element elementor-element-573f8572 elementor-section-boxed elementor-section-height-default elementor-section-height-default wpr-particle-no wpr-jarallax-no wpr-parallax-no wpr-sticky-section-no wpr-equal-height-no\" data-id=\"573f8572\" data-element_type=\"section\" data-e-type=\"section\" data-settings=\"{&quot;background_background&quot;:&quot;classic&quot;}\">\n\t\t\t\t\t\t<div class=\"elementor-container elementor-column-gap-default\">\n\t\t\t\t\t<div class=\"elementor-column elementor-col-100 elementor-top-column elementor-element elementor-element-104d1861\" data-id=\"104d1861\" data-element_type=\"column\" data-e-type=\"column\">\n\t\t\t<div class=\"elementor-widget-wrap elementor-element-populated\">\n\t\t\t\t\t\t<div class=\"elementor-element elementor-element-148510b2 elementor-widget elementor-widget-heading\" data-id=\"148510b2\" data-element_type=\"widget\" data-e-type=\"widget\" data-widget_type=\"heading.default\">\n\t\t\t\t<div class=\"elementor-widget-container\">\n\t\t\t\t\t<h1 class=\"elementor-heading-title elementor-size-default\">Mazda erleben<\/h1>\t\t\t\t<\/div>\n\t\t\t\t<\/div>\n\t\t\t\t<div class=\"elementor-element elementor-element-3e100a6 elementor-widget elementor-widget-text-editor\" data-id=\"3e100a6\" data-element_type=\"widget\" data-e-type=\"widget\" data-widget_type=\"text-editor.default\">\n\t\t\t\t<div class=\"elementor-widget-container\">\n\t\t\t\t\t\t\t\t\t<p data-pm-slice=\"1 1 []\">Im Autohaus S\u00fcverkr\u00fcp verbinden wir Mazda mit unserem Anspruch an h\u00f6chste Qualit\u00e4t und au\u00dfergew\u00f6hnlichem Design. Erleben Sie die Mazda-Vielfalt mit innovativer Technik und markantem Design \u2013 perfekt f\u00fcr Alltag und Abenteuer. Sp\u00fcren Sie Dynamik und Pr\u00e4zision bei einer Probefahrt und erleben Sie die Qualit\u00e4t und das markante Design, das Mazda auszeichnet.<\/p><p data-pm-slice=\"1 1 []\">Lassen Sie sich begeistern!<\/p>\t\t\t\t\t\t\t\t<\/div>\n\t\t\t\t<\/div>\n\t\t\t\t\t<\/div>\n\t\t<\/div>\n\t\t\t\t\t<\/div>\n\t\t<\/section>\n\t\t\t\t<section class=\"elementor-section elementor-top-section elementor-element elementor-element-3396bd82 elementor-section-boxed elementor-section-height-default elementor-section-height-default wpr-particle-no wpr-jarallax-no wpr-parallax-no wpr-sticky-section-no wpr-equal-height-no\" data-id=\"3396bd82\" data-element_type=\"section\" data-e-type=\"section\">\n\t\t\t\t\t\t<div class=\"elementor-container elementor-column-gap-default\">\n\t\t\t\t\t<div class=\"elementor-column elementor-col-20 elementor-top-column elementor-element elementor-element-3a686151\" data-id=\"3a686151\" data-element_type=\"column\" data-e-type=\"column\">\n\t\t\t<div class=\"elementor-widget-wrap elementor-element-populated\">\n\t\t\t\t\t\t<div class=\"elementor-element elementor-element-61a85c39 e-transform elementor-widget elementor-widget-image\" data-id=\"61a85c39\" data-element_type=\"widget\" data-e-type=\"widget\" data-settings=\"{&quot;_transform_scale_effect_hover&quot;:{&quot;unit&quot;:&quot;px&quot;,&quot;size&quot;:1.15,&quot;sizes&quot;:[]},&quot;_transform_scale_effect_hover_tablet&quot;:{&quot;unit&quot;:&quot;px&quot;,&quot;size&quot;:&quot;&quot;,&quot;sizes&quot;:[]},&quot;_transform_scale_effect_hover_mobile_extra&quot;:{&quot;unit&quot;:&quot;px&quot;,&quot;size&quot;:&quot;&quot;,&quot;sizes&quot;:[]},&quot;_transform_scale_effect_hover_mobile&quot;:{&quot;unit&quot;:&quot;px&quot;,&quot;size&quot;:&quot;&quot;,&quot;sizes&quot;:[]}}\" data-widget_type=\"image.default\">\n\t\t\t\t<div class=\"elementor-widget-container\">\n\t\t\t\t\t\t\t\t\t\t\t\t\t\t\t\t<a href=\"#angebot\">\n\t\t\t\t\t\t\t<img decoding=\"async\" width=\"150\" height=\"150\" src=\"https:\/\/www.sueverkruep.de\/mazda\/wp-content\/uploads\/sites\/5\/2024\/11\/Startseiten-Icon-Stern_Angebote_500x400x72_22-05-2024-150x150.png\" class=\"attachment-thumbnail size-thumbnail wp-image-1688\" alt=\"Startseiten-Icon-Stern_Angebote_500x400x72_22-05-2024.png\" \/>\t\t\t\t\t\t\t\t<\/a>\n\t\t\t\t\t\t\t\t\t\t\t\t\t\t\t<\/div>\n\t\t\t\t<\/div>\n\t\t\t\t<div class=\"elementor-element elementor-element-2b9b98e9 elementor-align-justify elementor-widget elementor-widget-button\" data-id=\"2b9b98e9\" data-element_type=\"widget\" data-e-type=\"widget\" data-widget_type=\"button.default\">\n\t\t\t\t<div class=\"elementor-widget-container\">\n\t\t\t\t\t\t\t\t\t<div class=\"elementor-button-wrapper\">\n\t\t\t\t\t<a class=\"elementor-button elementor-button-link elementor-size-sm\" href=\"#angebot\">\n\t\t\t\t\t\t<span class=\"elementor-button-content-wrapper\">\n\t\t\t\t\t\t\t\t\t<span class=\"elementor-button-text\">Neuheiten<\/span>\n\t\t\t\t\t<\/span>\n\t\t\t\t\t<\/a>\n\t\t\t\t<\/div>\n\t\t\t\t\t\t\t\t<\/div>\n\t\t\t\t<\/div>\n\t\t\t\t\t<\/div>\n\t\t<\/div>\n\t\t\t\t<div class=\"elementor-column elementor-col-20 elementor-top-column elementor-element elementor-element-4f0bdc6f\" data-id=\"4f0bdc6f\" data-element_type=\"column\" data-e-type=\"column\">\n\t\t\t<div class=\"elementor-widget-wrap elementor-element-populated\">\n\t\t\t\t\t\t<div class=\"elementor-element elementor-element-2f20eb21 e-transform e-transform e-transform elementor-widget elementor-widget-image\" data-id=\"2f20eb21\" data-element_type=\"widget\" data-e-type=\"widget\" data-settings=\"{&quot;_transform_scale_effect_hover&quot;:{&quot;unit&quot;:&quot;px&quot;,&quot;size&quot;:1.15,&quot;sizes&quot;:[]},&quot;_transform_rotateZ_effect&quot;:{&quot;unit&quot;:&quot;px&quot;,&quot;size&quot;:&quot;&quot;,&quot;sizes&quot;:[]},&quot;_transform_rotateZ_effect_tablet&quot;:{&quot;unit&quot;:&quot;deg&quot;,&quot;size&quot;:&quot;&quot;,&quot;sizes&quot;:[]},&quot;_transform_rotateZ_effect_mobile_extra&quot;:{&quot;unit&quot;:&quot;deg&quot;,&quot;size&quot;:&quot;&quot;,&quot;sizes&quot;:[]},&quot;_transform_rotateZ_effect_mobile&quot;:{&quot;unit&quot;:&quot;deg&quot;,&quot;size&quot;:&quot;&quot;,&quot;sizes&quot;:[]},&quot;_transform_scale_effect&quot;:{&quot;unit&quot;:&quot;px&quot;,&quot;size&quot;:&quot;&quot;,&quot;sizes&quot;:[]},&quot;_transform_scale_effect_tablet&quot;:{&quot;unit&quot;:&quot;px&quot;,&quot;size&quot;:&quot;&quot;,&quot;sizes&quot;:[]},&quot;_transform_scale_effect_mobile_extra&quot;:{&quot;unit&quot;:&quot;px&quot;,&quot;size&quot;:&quot;&quot;,&quot;sizes&quot;:[]},&quot;_transform_scale_effect_mobile&quot;:{&quot;unit&quot;:&quot;px&quot;,&quot;size&quot;:&quot;&quot;,&quot;sizes&quot;:[]},&quot;_transform_scale_effect_hover_tablet&quot;:{&quot;unit&quot;:&quot;px&quot;,&quot;size&quot;:&quot;&quot;,&quot;sizes&quot;:[]},&quot;_transform_scale_effect_hover_mobile_extra&quot;:{&quot;unit&quot;:&quot;px&quot;,&quot;size&quot;:&quot;&quot;,&quot;sizes&quot;:[]},&quot;_transform_scale_effect_hover_mobile&quot;:{&quot;unit&quot;:&quot;px&quot;,&quot;size&quot;:&quot;&quot;,&quot;sizes&quot;:[]}}\" data-widget_type=\"image.default\">\n\t\t\t\t<div class=\"elementor-widget-container\">\n\t\t\t\t\t\t\t\t\t\t\t\t\t\t\t\t<a href=\"#termin\">\n\t\t\t\t\t\t\t<img decoding=\"async\" width=\"150\" height=\"150\" src=\"https:\/\/www.sueverkruep.de\/mazda\/wp-content\/uploads\/sites\/5\/2024\/10\/Startseiten-Icon-Termine_500x400x72_08-03-2024-150x150.jpg\" class=\"attachment-thumbnail size-thumbnail wp-image-1677\" alt=\"Startseiten-Icon-Termine_500x400x72_08-03-2024.jpg\" \/>\t\t\t\t\t\t\t\t<\/a>\n\t\t\t\t\t\t\t\t\t\t\t\t\t\t\t<\/div>\n\t\t\t\t<\/div>\n\t\t\t\t<div class=\"elementor-element elementor-element-507c7971 elementor-align-justify elementor-widget elementor-widget-button\" data-id=\"507c7971\" data-element_type=\"widget\" data-e-type=\"widget\" data-widget_type=\"button.default\">\n\t\t\t\t<div class=\"elementor-widget-container\">\n\t\t\t\t\t\t\t\t\t<div class=\"elementor-button-wrapper\">\n\t\t\t\t\t<a class=\"elementor-button elementor-button-link elementor-size-sm\" href=\"#termin\">\n\t\t\t\t\t\t<span class=\"elementor-button-content-wrapper\">\n\t\t\t\t\t\t\t\t\t<span class=\"elementor-button-text\">Werkstatttermin<\/span>\n\t\t\t\t\t<\/span>\n\t\t\t\t\t<\/a>\n\t\t\t\t<\/div>\n\t\t\t\t\t\t\t\t<\/div>\n\t\t\t\t<\/div>\n\t\t\t\t\t<\/div>\n\t\t<\/div>\n\t\t\t\t<div class=\"elementor-column elementor-col-20 elementor-top-column elementor-element elementor-element-5242aebd\" data-id=\"5242aebd\" data-element_type=\"column\" data-e-type=\"column\">\n\t\t\t<div class=\"elementor-widget-wrap elementor-element-populated\">\n\t\t\t\t\t\t<div class=\"elementor-element elementor-element-3a5ff6de e-transform elementor-widget elementor-widget-image\" data-id=\"3a5ff6de\" data-element_type=\"widget\" data-e-type=\"widget\" data-settings=\"{&quot;_transform_scale_effect_hover&quot;:{&quot;unit&quot;:&quot;px&quot;,&quot;size&quot;:1.15,&quot;sizes&quot;:[]},&quot;_transform_scale_effect_hover_tablet&quot;:{&quot;unit&quot;:&quot;px&quot;,&quot;size&quot;:&quot;&quot;,&quot;sizes&quot;:[]},&quot;_transform_scale_effect_hover_mobile_extra&quot;:{&quot;unit&quot;:&quot;px&quot;,&quot;size&quot;:&quot;&quot;,&quot;sizes&quot;:[]},&quot;_transform_scale_effect_hover_mobile&quot;:{&quot;unit&quot;:&quot;px&quot;,&quot;size&quot;:&quot;&quot;,&quot;sizes&quot;:[]}}\" data-widget_type=\"image.default\">\n\t\t\t\t<div class=\"elementor-widget-container\">\n\t\t\t\t\t\t\t\t\t\t\t\t\t\t\t\t<a href=\"#produkte\">\n\t\t\t\t\t\t\t<img decoding=\"async\" width=\"150\" height=\"150\" src=\"https:\/\/www.sueverkruep.de\/mazda\/wp-content\/uploads\/sites\/5\/2024\/11\/Startseiten-Icon-Car_Auto_Angebote_500x400x72_17-05-2024-150x150.png\" class=\"attachment-thumbnail size-thumbnail wp-image-1689\" alt=\"Startseiten-Icon-Car_Auto_Angebote_500x400x72_17-05-2024.png\" \/>\t\t\t\t\t\t\t\t<\/a>\n\t\t\t\t\t\t\t\t\t\t\t\t\t\t\t<\/div>\n\t\t\t\t<\/div>\n\t\t\t\t<div class=\"elementor-element elementor-element-66d30393 elementor-align-justify elementor-widget elementor-widget-button\" data-id=\"66d30393\" data-element_type=\"widget\" data-e-type=\"widget\" data-widget_type=\"button.default\">\n\t\t\t\t<div class=\"elementor-widget-container\">\n\t\t\t\t\t\t\t\t\t<div class=\"elementor-button-wrapper\">\n\t\t\t\t\t<a class=\"elementor-button elementor-button-link elementor-size-sm\" href=\"#produkte\">\n\t\t\t\t\t\t<span class=\"elementor-button-content-wrapper\">\n\t\t\t\t\t\t\t\t\t<span class=\"elementor-button-text\">Angebotspalette<\/span>\n\t\t\t\t\t<\/span>\n\t\t\t\t\t<\/a>\n\t\t\t\t<\/div>\n\t\t\t\t\t\t\t\t<\/div>\n\t\t\t\t<\/div>\n\t\t\t\t\t<\/div>\n\t\t<\/div>\n\t\t\t\t<div class=\"elementor-column elementor-col-20 elementor-top-column elementor-element elementor-element-5ec194f9\" data-id=\"5ec194f9\" data-element_type=\"column\" data-e-type=\"column\">\n\t\t\t<div class=\"elementor-widget-wrap elementor-element-populated\">\n\t\t\t\t\t\t<div class=\"elementor-element elementor-element-683da74c e-transform elementor-widget elementor-widget-image\" data-id=\"683da74c\" data-element_type=\"widget\" data-e-type=\"widget\" data-settings=\"{&quot;_transform_scale_effect_hover&quot;:{&quot;unit&quot;:&quot;px&quot;,&quot;size&quot;:1.15,&quot;sizes&quot;:[]},&quot;_transform_scale_effect_hover_tablet&quot;:{&quot;unit&quot;:&quot;px&quot;,&quot;size&quot;:&quot;&quot;,&quot;sizes&quot;:[]},&quot;_transform_scale_effect_hover_mobile_extra&quot;:{&quot;unit&quot;:&quot;px&quot;,&quot;size&quot;:&quot;&quot;,&quot;sizes&quot;:[]},&quot;_transform_scale_effect_hover_mobile&quot;:{&quot;unit&quot;:&quot;px&quot;,&quot;size&quot;:&quot;&quot;,&quot;sizes&quot;:[]}}\" data-widget_type=\"image.default\">\n\t\t\t\t<div class=\"elementor-widget-container\">\n\t\t\t\t\t\t\t\t\t\t\t\t\t\t\t\t<a href=\"#standorte\">\n\t\t\t\t\t\t\t<img loading=\"lazy\" decoding=\"async\" width=\"150\" height=\"150\" src=\"https:\/\/www.sueverkruep.de\/mazda\/wp-content\/uploads\/sites\/5\/2024\/10\/Startseiten-Icon-Standort_500x400x72_08-03-2024-150x150.jpg\" class=\"attachment-thumbnail size-thumbnail wp-image-1678\" alt=\"Startseiten-Icon-Standort_500x400x72_08-03-2024.jpg\" \/>\t\t\t\t\t\t\t\t<\/a>\n\t\t\t\t\t\t\t\t\t\t\t\t\t\t\t<\/div>\n\t\t\t\t<\/div>\n\t\t\t\t<div class=\"elementor-element elementor-element-72447a3 elementor-align-justify elementor-widget elementor-widget-button\" data-id=\"72447a3\" data-element_type=\"widget\" data-e-type=\"widget\" data-widget_type=\"button.default\">\n\t\t\t\t<div class=\"elementor-widget-container\">\n\t\t\t\t\t\t\t\t\t<div class=\"elementor-button-wrapper\">\n\t\t\t\t\t<a class=\"elementor-button elementor-button-link elementor-size-sm\" href=\"#standorte\">\n\t\t\t\t\t\t<span class=\"elementor-button-content-wrapper\">\n\t\t\t\t\t\t\t\t\t<span class=\"elementor-button-text\">Standorte<\/span>\n\t\t\t\t\t<\/span>\n\t\t\t\t\t<\/a>\n\t\t\t\t<\/div>\n\t\t\t\t\t\t\t\t<\/div>\n\t\t\t\t<\/div>\n\t\t\t\t\t<\/div>\n\t\t<\/div>\n\t\t\t\t<div class=\"elementor-column elementor-col-20 elementor-top-column elementor-element elementor-element-4ebb1b87\" data-id=\"4ebb1b87\" data-element_type=\"column\" data-e-type=\"column\">\n\t\t\t<div class=\"elementor-widget-wrap elementor-element-populated\">\n\t\t\t\t\t\t<div class=\"elementor-element elementor-element-77c8fe5 e-transform e-transform elementor-widget elementor-widget-image\" data-id=\"77c8fe5\" data-element_type=\"widget\" data-e-type=\"widget\" data-settings=\"{&quot;_transform_scale_effect_hover&quot;:{&quot;unit&quot;:&quot;px&quot;,&quot;size&quot;:1.15,&quot;sizes&quot;:[]},&quot;_transform_scale_effect&quot;:{&quot;unit&quot;:&quot;px&quot;,&quot;size&quot;:&quot;&quot;,&quot;sizes&quot;:[]},&quot;_transform_scale_effect_tablet&quot;:{&quot;unit&quot;:&quot;px&quot;,&quot;size&quot;:&quot;&quot;,&quot;sizes&quot;:[]},&quot;_transform_scale_effect_mobile_extra&quot;:{&quot;unit&quot;:&quot;px&quot;,&quot;size&quot;:&quot;&quot;,&quot;sizes&quot;:[]},&quot;_transform_scale_effect_mobile&quot;:{&quot;unit&quot;:&quot;px&quot;,&quot;size&quot;:&quot;&quot;,&quot;sizes&quot;:[]},&quot;_transform_scale_effect_hover_tablet&quot;:{&quot;unit&quot;:&quot;px&quot;,&quot;size&quot;:&quot;&quot;,&quot;sizes&quot;:[]},&quot;_transform_scale_effect_hover_mobile_extra&quot;:{&quot;unit&quot;:&quot;px&quot;,&quot;size&quot;:&quot;&quot;,&quot;sizes&quot;:[]},&quot;_transform_scale_effect_hover_mobile&quot;:{&quot;unit&quot;:&quot;px&quot;,&quot;size&quot;:&quot;&quot;,&quot;sizes&quot;:[]}}\" data-widget_type=\"image.default\">\n\t\t\t\t<div class=\"elementor-widget-container\">\n\t\t\t\t\t\t\t\t\t\t\t\t\t\t\t\t<a href=\"#kontakt\">\n\t\t\t\t\t\t\t<img loading=\"lazy\" decoding=\"async\" width=\"150\" height=\"150\" src=\"https:\/\/www.sueverkruep.de\/mazda\/wp-content\/uploads\/sites\/5\/2024\/10\/Startseiten-Icon-Ansprechpartner-AP_500x400x72_08-03-2024-150x150.jpg\" class=\"attachment-thumbnail size-thumbnail wp-image-1679\" alt=\"Startseiten-Icon-Ansprechpartner-AP_500x400x72_08-03-2024.jpg\" \/>\t\t\t\t\t\t\t\t<\/a>\n\t\t\t\t\t\t\t\t\t\t\t\t\t\t\t<\/div>\n\t\t\t\t<\/div>\n\t\t\t\t<div class=\"elementor-element elementor-element-735984b3 elementor-align-justify elementor-widget elementor-widget-button\" data-id=\"735984b3\" data-element_type=\"widget\" data-e-type=\"widget\" data-widget_type=\"button.default\">\n\t\t\t\t<div class=\"elementor-widget-container\">\n\t\t\t\t\t\t\t\t\t<div class=\"elementor-button-wrapper\">\n\t\t\t\t\t<a class=\"elementor-button elementor-button-link elementor-size-sm\" href=\"#kontakt\">\n\t\t\t\t\t\t<span class=\"elementor-button-content-wrapper\">\n\t\t\t\t\t\t\t\t\t<span class=\"elementor-button-text\">Kontakt<\/span>\n\t\t\t\t\t<\/span>\n\t\t\t\t\t<\/a>\n\t\t\t\t<\/div>\n\t\t\t\t\t\t\t\t<\/div>\n\t\t\t\t<\/div>\n\t\t\t\t\t<\/div>\n\t\t<\/div>\n\t\t\t\t\t<\/div>\n\t\t<\/section>\n\t\t\t\t<section class=\"elementor-section elementor-top-section elementor-element elementor-element-2fa3b6ed elementor-section-content-middle elementor-section-boxed elementor-section-height-default elementor-section-height-default wpr-particle-no wpr-jarallax-no wpr-parallax-no wpr-sticky-section-no wpr-equal-height-no\" data-id=\"2fa3b6ed\" data-element_type=\"section\" data-e-type=\"section\" data-settings=\"{&quot;background_background&quot;:&quot;classic&quot;}\">\n\t\t\t\t\t\t<div class=\"elementor-container elementor-column-gap-default\">\n\t\t\t\t\t<div class=\"elementor-column elementor-col-100 elementor-top-column elementor-element elementor-element-3c3a434e\" data-id=\"3c3a434e\" data-element_type=\"column\" data-e-type=\"column\">\n\t\t\t<div class=\"elementor-widget-wrap elementor-element-populated\">\n\t\t\t\t\t\t<div class=\"elementor-element elementor-element-37920b3c elementor-widget elementor-widget-menu-anchor\" data-id=\"37920b3c\" data-element_type=\"widget\" data-e-type=\"widget\" data-widget_type=\"menu-anchor.default\">\n\t\t\t\t<div class=\"elementor-widget-container\">\n\t\t\t\t\t\t\t<div class=\"elementor-menu-anchor\" id=\"gw\"><\/div>\n\t\t\t\t\t\t<\/div>\n\t\t\t\t<\/div>\n\t\t\t\t\t<\/div>\n\t\t<\/div>\n\t\t\t\t\t<\/div>\n\t\t<\/section>\n\t\t\t\t<section class=\"elementor-section elementor-top-section elementor-element elementor-element-1d1dfb3d elementor-section-boxed elementor-section-height-default elementor-section-height-default wpr-particle-no wpr-jarallax-no wpr-parallax-no wpr-sticky-section-no wpr-equal-height-no\" data-id=\"1d1dfb3d\" data-element_type=\"section\" data-e-type=\"section\">\n\t\t\t\t\t\t<div class=\"elementor-container elementor-column-gap-default\">\n\t\t\t\t\t<div class=\"elementor-column elementor-col-100 elementor-top-column elementor-element elementor-element-73b2fb42\" data-id=\"73b2fb42\" data-element_type=\"column\" data-e-type=\"column\">\n\t\t\t<div class=\"elementor-widget-wrap elementor-element-populated\">\n\t\t\t\t\t\t<div class=\"elementor-element elementor-element-8888d7 elementor-widget elementor-widget-text-editor\" data-id=\"8888d7\" data-element_type=\"widget\" data-e-type=\"widget\" data-widget_type=\"text-editor.default\">\n\t\t\t\t<div class=\"elementor-widget-container\">\n\t\t\t\t\t\t\t\t\t<h2 style=\"text-align: center;\">Unsere Mazda Gebrauchtwagen<\/h2>\t\t\t\t\t\t\t\t<\/div>\n\t\t\t\t<\/div>\n\t\t\t\t<div class=\"elementor-element elementor-element-3defbc82 elementor-widget elementor-widget-html\" data-id=\"3defbc82\" data-element_type=\"widget\" data-e-type=\"widget\" data-widget_type=\"html.default\">\n\t\t\t\t<div class=\"elementor-widget-container\">\n\t\t\t\t\t<div data-cmzn24-slot=\"combination_mazda\"><\/div>\t\t\t\t<\/div>\n\t\t\t\t<\/div>\n\t\t\t\t\t<\/div>\n\t\t<\/div>\n\t\t\t\t\t<\/div>\n\t\t<\/section>\n\t\t\t\t<section class=\"elementor-section elementor-top-section elementor-element elementor-element-4a974c11 elementor-section-boxed elementor-section-height-default elementor-section-height-default wpr-particle-no wpr-jarallax-no wpr-parallax-no wpr-sticky-section-no wpr-equal-height-no\" data-id=\"4a974c11\" data-element_type=\"section\" data-e-type=\"section\">\n\t\t\t\t\t\t<div class=\"elementor-container elementor-column-gap-default\">\n\t\t\t\t\t<div class=\"elementor-column elementor-col-100 elementor-top-column elementor-element elementor-element-4e226b11\" data-id=\"4e226b11\" data-element_type=\"column\" data-e-type=\"column\">\n\t\t\t<div class=\"elementor-widget-wrap elementor-element-populated\">\n\t\t\t\t\t\t<div class=\"elementor-element elementor-element-c1bd912 elementor-widget elementor-widget-menu-anchor\" data-id=\"c1bd912\" data-element_type=\"widget\" data-e-type=\"widget\" data-widget_type=\"menu-anchor.default\">\n\t\t\t\t<div class=\"elementor-widget-container\">\n\t\t\t\t\t\t\t<div class=\"elementor-menu-anchor\" id=\"angebot\"><\/div>\n\t\t\t\t\t\t<\/div>\n\t\t\t\t<\/div>\n\t\t\t\t\t<\/div>\n\t\t<\/div>\n\t\t\t\t\t<\/div>\n\t\t<\/section>\n\t\t\t\t<section class=\"elementor-section elementor-top-section elementor-element elementor-element-455f3d69 elementor-section-boxed elementor-section-height-default elementor-section-height-default wpr-particle-no wpr-jarallax-no wpr-parallax-no wpr-sticky-section-no wpr-equal-height-no\" data-id=\"455f3d69\" data-element_type=\"section\" data-e-type=\"section\">\n\t\t\t\t\t\t<div class=\"elementor-container elementor-column-gap-default\">\n\t\t\t\t\t<div class=\"elementor-column elementor-col-100 elementor-top-column elementor-element elementor-element-3bbd6969\" data-id=\"3bbd6969\" data-element_type=\"column\" data-e-type=\"column\">\n\t\t\t<div class=\"elementor-widget-wrap elementor-element-populated\">\n\t\t\t\t\t\t<div class=\"elementor-element elementor-element-6c800969 elementor-widget elementor-widget-heading\" data-id=\"6c800969\" data-element_type=\"widget\" data-e-type=\"widget\" data-widget_type=\"heading.default\">\n\t\t\t\t<div class=\"elementor-widget-container\">\n\t\t\t\t\t<div class=\"elementor-heading-title elementor-size-default\">Unsere Neuheiten<\/div>\t\t\t\t<\/div>\n\t\t\t\t<\/div>\n\t\t\t\t\t<\/div>\n\t\t<\/div>\n\t\t\t\t\t<\/div>\n\t\t<\/section>\n\t\t\t\t<section class=\"elementor-section elementor-top-section elementor-element elementor-element-65001042 elementor-section-boxed elementor-section-height-default elementor-section-height-default wpr-particle-no wpr-jarallax-no wpr-parallax-no wpr-sticky-section-no wpr-equal-height-no\" data-id=\"65001042\" data-element_type=\"section\" data-e-type=\"section\">\n\t\t\t\t\t\t<div class=\"elementor-container elementor-column-gap-default\">\n\t\t\t\t\t<div class=\"make-column-clickable-elementor elementor-column elementor-col-33 elementor-top-column elementor-element elementor-element-3b03e298\" style=\"cursor: pointer;\" data-column-clickable=\"https:\/\/www.sueverkruep.de\/mazda\/angebote\/\" data-column-clickable-blank=\"_self\" data-id=\"3b03e298\" data-element_type=\"column\" data-e-type=\"column\">\n\t\t\t<div class=\"elementor-widget-wrap elementor-element-populated\">\n\t\t\t\t\t\t<div class=\"elementor-element elementor-element-3d85bb5b elementor-widget elementor-widget-image\" data-id=\"3d85bb5b\" data-element_type=\"widget\" data-e-type=\"widget\" data-widget_type=\"image.default\">\n\t\t\t\t<div class=\"elementor-widget-container\">\n\t\t\t\t\t\t\t\t\t\t\t\t\t\t\t<img loading=\"lazy\" decoding=\"async\" width=\"584\" height=\"320\" src=\"https:\/\/www.sueverkruep.de\/mazda\/wp-content\/uploads\/sites\/5\/2025\/02\/Mazda2Hybrid-169.jpg\" class=\"attachment-full size-full wp-image-1926\" alt=\"Mazda2Hybrid 169\" srcset=\"https:\/\/www.sueverkruep.de\/mazda\/wp-content\/uploads\/sites\/5\/2025\/02\/Mazda2Hybrid-169.jpg 584w, https:\/\/www.sueverkruep.de\/mazda\/wp-content\/uploads\/sites\/5\/2025\/02\/Mazda2Hybrid-169-300x164.jpg 300w, https:\/\/www.sueverkruep.de\/mazda\/wp-content\/uploads\/sites\/5\/2025\/02\/Mazda2Hybrid-169-24x13.jpg 24w, https:\/\/www.sueverkruep.de\/mazda\/wp-content\/uploads\/sites\/5\/2025\/02\/Mazda2Hybrid-169-36x20.jpg 36w, https:\/\/www.sueverkruep.de\/mazda\/wp-content\/uploads\/sites\/5\/2025\/02\/Mazda2Hybrid-169-48x26.jpg 48w\" sizes=\"(max-width: 584px) 100vw, 584px\" \/>\t\t\t\t\t\t\t\t\t\t\t\t\t\t\t<\/div>\n\t\t\t\t<\/div>\n\t\t\t\t<div class=\"elementor-element elementor-element-ba6056b elementor-widget elementor-widget-text-editor\" data-id=\"ba6056b\" data-element_type=\"widget\" data-e-type=\"widget\" data-widget_type=\"text-editor.default\">\n\t\t\t\t<div class=\"elementor-widget-container\">\n\t\t\t\t\t\t\t\t\t<p><strong>Mazda 2 Hybrid<\/strong><\/p><ul><li>ab 169\u20ac \/ mtl. leasen + <strong>0\u20ac Anzahlung<\/strong><\/li><li><span style=\"font-size: inherit; color: var( --e-global-color-text ); font-weight: var( --e-global-typography-text-font-weight );\">neue Ausstattungslinien verf\u00fcgbar\u00a0<\/span><\/li><li><span style=\"font-size: inherit; color: var( --e-global-color-text ); font-weight: var( --e-global-typography-text-font-weight );\">Barverkaufspreis schon<strong> ab 24.990\u20ac<\/strong> inkl. Sonderausstattung im Wert von 650\u20ac<\/span><\/li><\/ul>\t\t\t\t\t\t\t\t<\/div>\n\t\t\t\t<\/div>\n\t\t\t\t\t<\/div>\n\t\t<\/div>\n\t\t\t\t<div class=\"make-column-clickable-elementor elementor-column elementor-col-33 elementor-top-column elementor-element elementor-element-a72ddfd\" style=\"cursor: pointer;\" data-column-clickable=\"https:\/\/www.sueverkruep.de\/mazda\/angebote\/\" data-column-clickable-blank=\"_self\" data-id=\"a72ddfd\" data-element_type=\"column\" data-e-type=\"column\">\n\t\t\t<div class=\"elementor-widget-wrap elementor-element-populated\">\n\t\t\t\t\t\t<div class=\"elementor-element elementor-element-5784aed3 elementor-widget elementor-widget-image\" data-id=\"5784aed3\" data-element_type=\"widget\" data-e-type=\"widget\" data-widget_type=\"image.default\">\n\t\t\t\t<div class=\"elementor-widget-container\">\n\t\t\t\t\t\t\t\t\t\t\t\t\t\t\t<img loading=\"lazy\" decoding=\"async\" width=\"584\" height=\"320\" src=\"https:\/\/www.sueverkruep.de\/mazda\/wp-content\/uploads\/sites\/5\/2024\/11\/13.jpg\" class=\"attachment-full size-full wp-image-1725\" alt=\"CX-80\" srcset=\"https:\/\/www.sueverkruep.de\/mazda\/wp-content\/uploads\/sites\/5\/2024\/11\/13.jpg 584w, https:\/\/www.sueverkruep.de\/mazda\/wp-content\/uploads\/sites\/5\/2024\/11\/13-300x164.jpg 300w, https:\/\/www.sueverkruep.de\/mazda\/wp-content\/uploads\/sites\/5\/2024\/11\/13-24x13.jpg 24w, https:\/\/www.sueverkruep.de\/mazda\/wp-content\/uploads\/sites\/5\/2024\/11\/13-36x20.jpg 36w, https:\/\/www.sueverkruep.de\/mazda\/wp-content\/uploads\/sites\/5\/2024\/11\/13-48x26.jpg 48w\" sizes=\"(max-width: 584px) 100vw, 584px\" \/>\t\t\t\t\t\t\t\t\t\t\t\t\t\t\t<\/div>\n\t\t\t\t<\/div>\n\t\t\t\t<div class=\"elementor-element elementor-element-576b6dcb elementor-widget elementor-widget-text-editor\" data-id=\"576b6dcb\" data-element_type=\"widget\" data-e-type=\"widget\" data-widget_type=\"text-editor.default\">\n\t\t\t\t<div class=\"elementor-widget-container\">\n\t\t\t\t\t\t\t\t\t<p><strong>Gewerbekunden Vorteile &amp; Angebote<\/strong><\/p><ul><li>Langfristig \u00fcberzeugend und Wertstabil<\/li><li>Flexible Laufzeit zwischen 24 und 60 Monaten\u00a0<\/li><li>bis zu 180.000 Kilometer + Fullservice<\/li><\/ul>\t\t\t\t\t\t\t\t<\/div>\n\t\t\t\t<\/div>\n\t\t\t\t\t<\/div>\n\t\t<\/div>\n\t\t\t\t<div class=\"make-column-clickable-elementor elementor-column elementor-col-33 elementor-top-column elementor-element elementor-element-7a92298f\" style=\"cursor: pointer;\" data-column-clickable=\"https:\/\/www.mazda.de\/mymazda\/\" data-column-clickable-blank=\"_blank\" data-id=\"7a92298f\" data-element_type=\"column\" data-e-type=\"column\">\n\t\t\t<div class=\"elementor-widget-wrap elementor-element-populated\">\n\t\t\t\t\t\t<div class=\"elementor-element elementor-element-19101c3 elementor-widget elementor-widget-image\" data-id=\"19101c3\" data-element_type=\"widget\" data-e-type=\"widget\" data-widget_type=\"image.default\">\n\t\t\t\t<div class=\"elementor-widget-container\">\n\t\t\t\t\t\t\t\t\t\t\t\t\t\t\t<img loading=\"lazy\" decoding=\"async\" width=\"584\" height=\"320\" src=\"https:\/\/www.sueverkruep.de\/mazda\/wp-content\/uploads\/sites\/5\/2024\/11\/3-2.jpg\" class=\"attachment-full size-full wp-image-1727\" alt=\"3\" srcset=\"https:\/\/www.sueverkruep.de\/mazda\/wp-content\/uploads\/sites\/5\/2024\/11\/3-2.jpg 584w, https:\/\/www.sueverkruep.de\/mazda\/wp-content\/uploads\/sites\/5\/2024\/11\/3-2-300x164.jpg 300w, https:\/\/www.sueverkruep.de\/mazda\/wp-content\/uploads\/sites\/5\/2024\/11\/3-2-24x13.jpg 24w, https:\/\/www.sueverkruep.de\/mazda\/wp-content\/uploads\/sites\/5\/2024\/11\/3-2-36x20.jpg 36w, https:\/\/www.sueverkruep.de\/mazda\/wp-content\/uploads\/sites\/5\/2024\/11\/3-2-48x26.jpg 48w\" sizes=\"(max-width: 584px) 100vw, 584px\" \/>\t\t\t\t\t\t\t\t\t\t\t\t\t\t\t<\/div>\n\t\t\t\t<\/div>\n\t\t\t\t<div class=\"elementor-element elementor-element-2536cd7d elementor-widget elementor-widget-text-editor\" data-id=\"2536cd7d\" data-element_type=\"widget\" data-e-type=\"widget\" data-widget_type=\"text-editor.default\">\n\t\t\t\t<div class=\"elementor-widget-container\">\n\t\t\t\t\t\t\t\t\t<p><a href=\"https:\/\/idconnect.renaultgroup.com\/?gig_ssoToken=eu1_tk1.eprdyAlUOzhomMriSy_Nx-47JTOojp-UM3dpmKpsQXE&amp;gig_next=https%3A%2F%2Fmyr.renault.de%2F%3Fverified%3D1&amp;gig_locale=de-DE&amp;gig_signupTab=False&amp;gig_redirect=False\" data-wplink-edit=\"true\"><strong>Die MyMazda App<\/strong><\/a><\/p><ul><li>Wartungsmanagement und Service-Erinnerung\u00a0<\/li><li>Fahrzeugstatus und historie<\/li><li>Direkte Pannenhilfe \u00fcber die App<\/li><\/ul>\t\t\t\t\t\t\t\t<\/div>\n\t\t\t\t<\/div>\n\t\t\t\t\t<\/div>\n\t\t<\/div>\n\t\t\t\t\t<\/div>\n\t\t<\/section>\n\t\t\t\t<section class=\"elementor-section elementor-top-section elementor-element elementor-element-4829dee1 elementor-section-boxed elementor-section-height-default elementor-section-height-default wpr-particle-no wpr-jarallax-no wpr-parallax-no wpr-sticky-section-no wpr-equal-height-no\" data-id=\"4829dee1\" data-element_type=\"section\" data-e-type=\"section\">\n\t\t\t\t\t\t<div class=\"elementor-container elementor-column-gap-default\">\n\t\t\t\t\t<div class=\"elementor-column elementor-col-100 elementor-top-column elementor-element elementor-element-528ac09\" data-id=\"528ac09\" data-element_type=\"column\" data-e-type=\"column\">\n\t\t\t<div class=\"elementor-widget-wrap elementor-element-populated\">\n\t\t\t\t\t\t<div class=\"elementor-element elementor-element-480e9c62 elementor-widget elementor-widget-menu-anchor\" data-id=\"480e9c62\" data-element_type=\"widget\" data-e-type=\"widget\" data-widget_type=\"menu-anchor.default\">\n\t\t\t\t<div class=\"elementor-widget-container\">\n\t\t\t\t\t\t\t<div class=\"elementor-menu-anchor\" id=\"produkte\"><\/div>\n\t\t\t\t\t\t<\/div>\n\t\t\t\t<\/div>\n\t\t\t\t\t<\/div>\n\t\t<\/div>\n\t\t\t\t\t<\/div>\n\t\t<\/section>\n\t\t\t\t<section class=\"elementor-section elementor-top-section elementor-element elementor-element-4c68ed42 elementor-section-boxed elementor-section-height-default elementor-section-height-default wpr-particle-no wpr-jarallax-no wpr-parallax-no wpr-sticky-section-no wpr-equal-height-no\" data-id=\"4c68ed42\" data-element_type=\"section\" data-e-type=\"section\">\n\t\t\t\t\t\t<div class=\"elementor-container elementor-column-gap-default\">\n\t\t\t\t\t<div class=\"elementor-column elementor-col-100 elementor-top-column elementor-element elementor-element-7bfc8656\" data-id=\"7bfc8656\" data-element_type=\"column\" data-e-type=\"column\">\n\t\t\t<div class=\"elementor-widget-wrap elementor-element-populated\">\n\t\t\t\t\t\t<div class=\"elementor-element elementor-element-739d5c5b elementor-widget elementor-widget-heading\" data-id=\"739d5c5b\" data-element_type=\"widget\" data-e-type=\"widget\" data-widget_type=\"heading.default\">\n\t\t\t\t<div class=\"elementor-widget-container\">\n\t\t\t\t\t<div class=\"elementor-heading-title elementor-size-default\">Unsere Angebotspalette<\/div>\t\t\t\t<\/div>\n\t\t\t\t<\/div>\n\t\t\t\t\t<\/div>\n\t\t<\/div>\n\t\t\t\t\t<\/div>\n\t\t<\/section>\n\t\t\t\t<section class=\"elementor-section elementor-top-section elementor-element elementor-element-15cee66 elementor-section-boxed elementor-section-height-default elementor-section-height-default wpr-particle-no wpr-jarallax-no wpr-parallax-no wpr-sticky-section-no wpr-equal-height-no\" data-id=\"15cee66\" data-element_type=\"section\" data-e-type=\"section\" data-settings=\"{&quot;background_background&quot;:&quot;classic&quot;}\">\n\t\t\t\t\t\t<div class=\"elementor-container elementor-column-gap-default\">\n\t\t\t\t\t<div class=\"make-column-clickable-elementor elementor-column elementor-col-33 elementor-top-column elementor-element elementor-element-22b6aee4\" style=\"cursor: pointer;\" data-column-clickable=\"https:\/\/www.sueverkruep.de\/mazda\/gebrauchtwagen\" data-column-clickable-blank=\"_self\" data-id=\"22b6aee4\" data-element_type=\"column\" data-e-type=\"column\">\n\t\t\t<div class=\"elementor-widget-wrap elementor-element-populated\">\n\t\t\t\t\t\t<div class=\"elementor-element elementor-element-550cacd6 elementor-widget elementor-widget-image\" data-id=\"550cacd6\" data-element_type=\"widget\" data-e-type=\"widget\" data-widget_type=\"image.default\">\n\t\t\t\t<div class=\"elementor-widget-container\">\n\t\t\t\t\t\t\t\t\t\t\t\t\t\t\t<img loading=\"lazy\" decoding=\"async\" width=\"600\" height=\"400\" src=\"https:\/\/www.sueverkruep.de\/mazda\/wp-content\/uploads\/sites\/5\/2024\/11\/12.jpg\" class=\"attachment-full size-full wp-image-1731\" alt=\"12\" srcset=\"https:\/\/www.sueverkruep.de\/mazda\/wp-content\/uploads\/sites\/5\/2024\/11\/12.jpg 600w, https:\/\/www.sueverkruep.de\/mazda\/wp-content\/uploads\/sites\/5\/2024\/11\/12-300x200.jpg 300w, https:\/\/www.sueverkruep.de\/mazda\/wp-content\/uploads\/sites\/5\/2024\/11\/12-24x16.jpg 24w, https:\/\/www.sueverkruep.de\/mazda\/wp-content\/uploads\/sites\/5\/2024\/11\/12-36x24.jpg 36w, https:\/\/www.sueverkruep.de\/mazda\/wp-content\/uploads\/sites\/5\/2024\/11\/12-48x32.jpg 48w\" sizes=\"(max-width: 600px) 100vw, 600px\" \/>\t\t\t\t\t\t\t\t\t\t\t\t\t\t\t<\/div>\n\t\t\t\t<\/div>\n\t\t\t\t<div class=\"elementor-element elementor-element-5bf2ad58 elementor-widget elementor-widget-text-editor\" data-id=\"5bf2ad58\" data-element_type=\"widget\" data-e-type=\"widget\" data-widget_type=\"text-editor.default\">\n\t\t\t\t<div class=\"elementor-widget-container\">\n\t\t\t\t\t\t\t\t\t<h2>Gebrauchtwagen<\/h2>\t\t\t\t\t\t\t\t<\/div>\n\t\t\t\t<\/div>\n\t\t\t\t\t<\/div>\n\t\t<\/div>\n\t\t\t\t<div class=\"make-column-clickable-elementor elementor-column elementor-col-33 elementor-top-column elementor-element elementor-element-24e009f8\" style=\"cursor: pointer;\" data-column-clickable=\"https:\/\/www.sueverkruep.de\/mazda\/angebote\/#leasing-privat\" data-column-clickable-blank=\"_self\" data-id=\"24e009f8\" data-element_type=\"column\" data-e-type=\"column\">\n\t\t\t<div class=\"elementor-widget-wrap elementor-element-populated\">\n\t\t\t\t\t\t<div class=\"elementor-element elementor-element-ed5353 elementor-widget elementor-widget-image\" data-id=\"ed5353\" data-element_type=\"widget\" data-e-type=\"widget\" data-widget_type=\"image.default\">\n\t\t\t\t<div class=\"elementor-widget-container\">\n\t\t\t\t\t\t\t\t\t\t\t\t\t\t\t<img loading=\"lazy\" decoding=\"async\" width=\"600\" height=\"400\" src=\"https:\/\/www.sueverkruep.de\/mazda\/wp-content\/uploads\/sites\/5\/2024\/11\/10.jpg\" class=\"attachment-large size-large wp-image-1729\" alt=\"Modelle\" srcset=\"https:\/\/www.sueverkruep.de\/mazda\/wp-content\/uploads\/sites\/5\/2024\/11\/10.jpg 600w, https:\/\/www.sueverkruep.de\/mazda\/wp-content\/uploads\/sites\/5\/2024\/11\/10-300x200.jpg 300w, https:\/\/www.sueverkruep.de\/mazda\/wp-content\/uploads\/sites\/5\/2024\/11\/10-24x16.jpg 24w, https:\/\/www.sueverkruep.de\/mazda\/wp-content\/uploads\/sites\/5\/2024\/11\/10-36x24.jpg 36w, https:\/\/www.sueverkruep.de\/mazda\/wp-content\/uploads\/sites\/5\/2024\/11\/10-48x32.jpg 48w\" sizes=\"(max-width: 600px) 100vw, 600px\" \/>\t\t\t\t\t\t\t\t\t\t\t\t\t\t\t<\/div>\n\t\t\t\t<\/div>\n\t\t\t\t<div class=\"elementor-element elementor-element-477feae4 elementor-widget elementor-widget-text-editor\" data-id=\"477feae4\" data-element_type=\"widget\" data-e-type=\"widget\" data-widget_type=\"text-editor.default\">\n\t\t\t\t<div class=\"elementor-widget-container\">\n\t\t\t\t\t\t\t\t\t<h2>Privatkunden<\/h2>\t\t\t\t\t\t\t\t<\/div>\n\t\t\t\t<\/div>\n\t\t\t\t\t<\/div>\n\t\t<\/div>\n\t\t\t\t<div class=\"make-column-clickable-elementor elementor-column elementor-col-33 elementor-top-column elementor-element elementor-element-3d7c7e9e\" style=\"cursor: pointer;\" data-column-clickable=\"https:\/\/www.sueverkruep.de\/mazda\/angebote\/#leasing-gewerbe\" data-column-clickable-blank=\"_self\" data-id=\"3d7c7e9e\" data-element_type=\"column\" data-e-type=\"column\">\n\t\t\t<div class=\"elementor-widget-wrap elementor-element-populated\">\n\t\t\t\t\t\t<div class=\"elementor-element elementor-element-63642d3d elementor-widget elementor-widget-image\" data-id=\"63642d3d\" data-element_type=\"widget\" data-e-type=\"widget\" data-widget_type=\"image.default\">\n\t\t\t\t<div class=\"elementor-widget-container\">\n\t\t\t\t\t\t\t\t\t\t\t\t\t\t\t<img loading=\"lazy\" decoding=\"async\" width=\"600\" height=\"400\" src=\"https:\/\/www.sueverkruep.de\/mazda\/wp-content\/uploads\/sites\/5\/2024\/11\/5.jpg\" class=\"attachment-full size-full wp-image-1720\" alt=\"5\" srcset=\"https:\/\/www.sueverkruep.de\/mazda\/wp-content\/uploads\/sites\/5\/2024\/11\/5.jpg 600w, https:\/\/www.sueverkruep.de\/mazda\/wp-content\/uploads\/sites\/5\/2024\/11\/5-300x200.jpg 300w, https:\/\/www.sueverkruep.de\/mazda\/wp-content\/uploads\/sites\/5\/2024\/11\/5-24x16.jpg 24w, https:\/\/www.sueverkruep.de\/mazda\/wp-content\/uploads\/sites\/5\/2024\/11\/5-36x24.jpg 36w, https:\/\/www.sueverkruep.de\/mazda\/wp-content\/uploads\/sites\/5\/2024\/11\/5-48x32.jpg 48w\" sizes=\"(max-width: 600px) 100vw, 600px\" \/>\t\t\t\t\t\t\t\t\t\t\t\t\t\t\t<\/div>\n\t\t\t\t<\/div>\n\t\t\t\t<div class=\"elementor-element elementor-element-64de80ee elementor-widget elementor-widget-text-editor\" data-id=\"64de80ee\" data-element_type=\"widget\" data-e-type=\"widget\" data-widget_type=\"text-editor.default\">\n\t\t\t\t<div class=\"elementor-widget-container\">\n\t\t\t\t\t\t\t\t\t<h2>Gewerbekunden<\/h2>\t\t\t\t\t\t\t\t<\/div>\n\t\t\t\t<\/div>\n\t\t\t\t\t<\/div>\n\t\t<\/div>\n\t\t\t\t\t<\/div>\n\t\t<\/section>\n\t\t\t\t<section class=\"elementor-section elementor-top-section elementor-element elementor-element-3204fab1 elementor-section-boxed elementor-section-height-default elementor-section-height-default wpr-particle-no wpr-jarallax-no wpr-parallax-no wpr-sticky-section-no wpr-equal-height-no\" data-id=\"3204fab1\" data-element_type=\"section\" data-e-type=\"section\" data-settings=\"{&quot;background_background&quot;:&quot;classic&quot;}\">\n\t\t\t\t\t\t<div class=\"elementor-container elementor-column-gap-default\">\n\t\t\t\t\t<div class=\"make-column-clickable-elementor elementor-column elementor-col-33 elementor-top-column elementor-element elementor-element-f3b2dbd\" style=\"cursor: pointer;\" data-column-clickable=\"https:\/\/www.sueverkruep.de\/mazda\/probefahrt\/\" data-column-clickable-blank=\"_self\" data-id=\"f3b2dbd\" data-element_type=\"column\" data-e-type=\"column\">\n\t\t\t<div class=\"elementor-widget-wrap elementor-element-populated\">\n\t\t\t\t\t\t<div class=\"elementor-element elementor-element-eb9369a elementor-widget elementor-widget-image\" data-id=\"eb9369a\" data-element_type=\"widget\" data-e-type=\"widget\" data-widget_type=\"image.default\">\n\t\t\t\t<div class=\"elementor-widget-container\">\n\t\t\t\t\t\t\t\t\t\t\t\t\t\t\t<img loading=\"lazy\" decoding=\"async\" width=\"600\" height=\"400\" src=\"https:\/\/www.sueverkruep.de\/mazda\/wp-content\/uploads\/sites\/5\/2024\/11\/2-1.jpg\" class=\"attachment-full size-full wp-image-1717\" alt=\"2\" srcset=\"https:\/\/www.sueverkruep.de\/mazda\/wp-content\/uploads\/sites\/5\/2024\/11\/2-1.jpg 600w, https:\/\/www.sueverkruep.de\/mazda\/wp-content\/uploads\/sites\/5\/2024\/11\/2-1-300x200.jpg 300w, https:\/\/www.sueverkruep.de\/mazda\/wp-content\/uploads\/sites\/5\/2024\/11\/2-1-24x16.jpg 24w, https:\/\/www.sueverkruep.de\/mazda\/wp-content\/uploads\/sites\/5\/2024\/11\/2-1-36x24.jpg 36w, https:\/\/www.sueverkruep.de\/mazda\/wp-content\/uploads\/sites\/5\/2024\/11\/2-1-48x32.jpg 48w\" sizes=\"(max-width: 600px) 100vw, 600px\" \/>\t\t\t\t\t\t\t\t\t\t\t\t\t\t\t<\/div>\n\t\t\t\t<\/div>\n\t\t\t\t<div class=\"elementor-element elementor-element-2f4d9189 elementor-widget elementor-widget-text-editor\" data-id=\"2f4d9189\" data-element_type=\"widget\" data-e-type=\"widget\" data-widget_type=\"text-editor.default\">\n\t\t\t\t<div class=\"elementor-widget-container\">\n\t\t\t\t\t\t\t\t\t<h2>Probefahrt<\/h2>\t\t\t\t\t\t\t\t<\/div>\n\t\t\t\t<\/div>\n\t\t\t\t\t<\/div>\n\t\t<\/div>\n\t\t\t\t<div class=\"make-column-clickable-elementor elementor-column elementor-col-33 elementor-top-column elementor-element elementor-element-458d7129\" style=\"cursor: pointer;\" data-column-clickable=\"https:\/\/www.sueverkruep.de\/mazda\/service\/\" data-column-clickable-blank=\"_self\" data-id=\"458d7129\" data-element_type=\"column\" data-e-type=\"column\">\n\t\t\t<div class=\"elementor-widget-wrap elementor-element-populated\">\n\t\t\t\t\t\t<div class=\"elementor-element elementor-element-7d31b83f elementor-widget elementor-widget-image\" data-id=\"7d31b83f\" data-element_type=\"widget\" data-e-type=\"widget\" data-widget_type=\"image.default\">\n\t\t\t\t<div class=\"elementor-widget-container\">\n\t\t\t\t\t\t\t\t\t\t\t\t\t\t\t<img loading=\"lazy\" decoding=\"async\" width=\"600\" height=\"400\" src=\"https:\/\/www.sueverkruep.de\/mazda\/wp-content\/uploads\/sites\/5\/2024\/11\/11.jpg\" class=\"attachment-full size-full wp-image-1730\" alt=\"11\" srcset=\"https:\/\/www.sueverkruep.de\/mazda\/wp-content\/uploads\/sites\/5\/2024\/11\/11.jpg 600w, https:\/\/www.sueverkruep.de\/mazda\/wp-content\/uploads\/sites\/5\/2024\/11\/11-300x200.jpg 300w, https:\/\/www.sueverkruep.de\/mazda\/wp-content\/uploads\/sites\/5\/2024\/11\/11-24x16.jpg 24w, https:\/\/www.sueverkruep.de\/mazda\/wp-content\/uploads\/sites\/5\/2024\/11\/11-36x24.jpg 36w, https:\/\/www.sueverkruep.de\/mazda\/wp-content\/uploads\/sites\/5\/2024\/11\/11-48x32.jpg 48w\" sizes=\"(max-width: 600px) 100vw, 600px\" \/>\t\t\t\t\t\t\t\t\t\t\t\t\t\t\t<\/div>\n\t\t\t\t<\/div>\n\t\t\t\t<div class=\"elementor-element elementor-element-28c17cb5 elementor-widget elementor-widget-text-editor\" data-id=\"28c17cb5\" data-element_type=\"widget\" data-e-type=\"widget\" data-widget_type=\"text-editor.default\">\n\t\t\t\t<div class=\"elementor-widget-container\">\n\t\t\t\t\t\t\t\t\t<h2>Service &amp; Werkstatt<\/h2>\t\t\t\t\t\t\t\t<\/div>\n\t\t\t\t<\/div>\n\t\t\t\t\t<\/div>\n\t\t<\/div>\n\t\t\t\t<div class=\"make-column-clickable-elementor elementor-column elementor-col-33 elementor-top-column elementor-element elementor-element-691f2db4\" style=\"cursor: pointer;\" data-column-clickable=\"https:\/\/www.sueverkruep.de\/mazda\/teile-zubehoer\/\" data-column-clickable-blank=\"_self\" data-id=\"691f2db4\" data-element_type=\"column\" data-e-type=\"column\">\n\t\t\t<div class=\"elementor-widget-wrap elementor-element-populated\">\n\t\t\t\t\t\t<div class=\"elementor-element elementor-element-3cd91b6d elementor-widget elementor-widget-image\" data-id=\"3cd91b6d\" data-element_type=\"widget\" data-e-type=\"widget\" data-widget_type=\"image.default\">\n\t\t\t\t<div class=\"elementor-widget-container\">\n\t\t\t\t\t\t\t\t\t\t\t\t\t\t\t<img loading=\"lazy\" decoding=\"async\" width=\"600\" height=\"400\" src=\"https:\/\/www.sueverkruep.de\/mazda\/wp-content\/uploads\/sites\/5\/2024\/11\/4-1.jpg\" class=\"attachment-full size-full wp-image-1719\" alt=\"4\" srcset=\"https:\/\/www.sueverkruep.de\/mazda\/wp-content\/uploads\/sites\/5\/2024\/11\/4-1.jpg 600w, https:\/\/www.sueverkruep.de\/mazda\/wp-content\/uploads\/sites\/5\/2024\/11\/4-1-300x200.jpg 300w, https:\/\/www.sueverkruep.de\/mazda\/wp-content\/uploads\/sites\/5\/2024\/11\/4-1-24x16.jpg 24w, https:\/\/www.sueverkruep.de\/mazda\/wp-content\/uploads\/sites\/5\/2024\/11\/4-1-36x24.jpg 36w, https:\/\/www.sueverkruep.de\/mazda\/wp-content\/uploads\/sites\/5\/2024\/11\/4-1-48x32.jpg 48w\" sizes=\"(max-width: 600px) 100vw, 600px\" \/>\t\t\t\t\t\t\t\t\t\t\t\t\t\t\t<\/div>\n\t\t\t\t<\/div>\n\t\t\t\t<div class=\"elementor-element elementor-element-daba294 elementor-widget elementor-widget-text-editor\" data-id=\"daba294\" data-element_type=\"widget\" data-e-type=\"widget\" data-widget_type=\"text-editor.default\">\n\t\t\t\t<div class=\"elementor-widget-container\">\n\t\t\t\t\t\t\t\t\t<h2>Teile &amp; Zubeh\u00f6r<\/h2>\t\t\t\t\t\t\t\t<\/div>\n\t\t\t\t<\/div>\n\t\t\t\t\t<\/div>\n\t\t<\/div>\n\t\t\t\t\t<\/div>\n\t\t<\/section>\n\t\t\t\t<section class=\"elementor-section elementor-top-section elementor-element elementor-element-5b8c390 elementor-section-content-middle elementor-section-boxed elementor-section-height-default elementor-section-height-default wpr-particle-no wpr-jarallax-no wpr-parallax-no wpr-sticky-section-no wpr-equal-height-no\" data-id=\"5b8c390\" data-element_type=\"section\" data-e-type=\"section\" data-settings=\"{&quot;background_background&quot;:&quot;classic&quot;}\">\n\t\t\t\t\t\t<div class=\"elementor-container elementor-column-gap-default\">\n\t\t\t\t\t<div class=\"elementor-column elementor-col-100 elementor-top-column elementor-element elementor-element-52faf80\" data-id=\"52faf80\" data-element_type=\"column\" data-e-type=\"column\">\n\t\t\t<div class=\"elementor-widget-wrap elementor-element-populated\">\n\t\t\t\t\t\t<div class=\"elementor-element elementor-element-1ebc0e8a elementor-widget elementor-widget-menu-anchor\" data-id=\"1ebc0e8a\" data-element_type=\"widget\" data-e-type=\"widget\" data-widget_type=\"menu-anchor.default\">\n\t\t\t\t<div class=\"elementor-widget-container\">\n\t\t\t\t\t\t\t<div class=\"elementor-menu-anchor\" id=\"termin\"><\/div>\n\t\t\t\t\t\t<\/div>\n\t\t\t\t<\/div>\n\t\t\t\t\t<\/div>\n\t\t<\/div>\n\t\t\t\t\t<\/div>\n\t\t<\/section>\n\t\t\t\t<section class=\"elementor-section elementor-top-section elementor-element elementor-element-8411fd7 elementor-section-boxed elementor-section-height-default elementor-section-height-default wpr-particle-no wpr-jarallax-no wpr-parallax-no wpr-sticky-section-no wpr-equal-height-no\" data-id=\"8411fd7\" data-element_type=\"section\" data-e-type=\"section\">\n\t\t\t\t\t\t<div class=\"elementor-container elementor-column-gap-default\">\n\t\t\t\t\t<div class=\"elementor-column elementor-col-100 elementor-top-column elementor-element elementor-element-70335db5\" data-id=\"70335db5\" data-element_type=\"column\" data-e-type=\"column\">\n\t\t\t<div class=\"elementor-widget-wrap elementor-element-populated\">\n\t\t\t\t\t\t<div class=\"elementor-element elementor-element-2be780d3 elementor-widget elementor-widget-heading\" data-id=\"2be780d3\" data-element_type=\"widget\" data-e-type=\"widget\" data-widget_type=\"heading.default\">\n\t\t\t\t<div class=\"elementor-widget-container\">\n\t\t\t\t\t<div class=\"elementor-heading-title elementor-size-default\">Online-Terminvereinbarung<\/div>\t\t\t\t<\/div>\n\t\t\t\t<\/div>\n\t\t\t\t\t<\/div>\n\t\t<\/div>\n\t\t\t\t\t<\/div>\n\t\t<\/section>\n\t\t\t\t<section class=\"elementor-section elementor-top-section elementor-element elementor-element-7f352756 elementor-section-boxed elementor-section-height-default elementor-section-height-default wpr-particle-no wpr-jarallax-no wpr-parallax-no wpr-sticky-section-no wpr-equal-height-no\" data-id=\"7f352756\" data-element_type=\"section\" data-e-type=\"section\">\n\t\t\t\t\t\t<div class=\"elementor-container elementor-column-gap-default\">\n\t\t\t\t\t<div class=\"elementor-column elementor-col-100 elementor-top-column elementor-element elementor-element-3101f52\" data-id=\"3101f52\" data-element_type=\"column\" data-e-type=\"column\">\n\t\t\t<div class=\"elementor-widget-wrap elementor-element-populated\">\n\t\t\t\t\t\t<div class=\"elementor-element elementor-element-479eaebb elementor-widget elementor-widget-text-editor\" data-id=\"479eaebb\" data-element_type=\"widget\" data-e-type=\"widget\" data-widget_type=\"text-editor.default\">\n\t\t\t\t<div class=\"elementor-widget-container\">\n\t\t\t\t\t\t\t\t\t<p class=\"p1\"><span style=\"color: #000000; font-size: inherit; font-family: var( --e-global-typography-text-font-family ), Sans-serif; font-weight: var( --e-global-typography-text-font-weight );\">W\u00e4hlen Sie nun den Service-Termin f\u00fcr Ihren Pkw<\/span><\/p>\t\t\t\t\t\t\t\t<\/div>\n\t\t\t\t<\/div>\n\t\t\t\t\t<\/div>\n\t\t<\/div>\n\t\t\t\t\t<\/div>\n\t\t<\/section>\n\t\t\t\t<section class=\"elementor-section elementor-top-section elementor-element elementor-element-40f85664 elementor-section-boxed elementor-section-height-default elementor-section-height-default wpr-particle-no wpr-jarallax-no wpr-parallax-no wpr-sticky-section-no wpr-equal-height-no\" data-id=\"40f85664\" data-element_type=\"section\" data-e-type=\"section\" data-settings=\"{&quot;background_background&quot;:&quot;classic&quot;}\">\n\t\t\t\t\t\t<div class=\"elementor-container elementor-column-gap-default\">\n\t\t\t\t\t<div class=\"make-column-clickable-elementor elementor-column elementor-col-100 elementor-top-column elementor-element elementor-element-651b9a72\" style=\"cursor: pointer;\" data-column-clickable=\"https:\/\/www.sueverkruep.de\/service\/online-termin\/\" data-column-clickable-blank=\"_self\" data-id=\"651b9a72\" data-element_type=\"column\" data-e-type=\"column\">\n\t\t\t<div class=\"elementor-widget-wrap elementor-element-populated\">\n\t\t\t\t\t\t<div class=\"elementor-element elementor-element-1c59983e elementor-widget elementor-widget-image\" data-id=\"1c59983e\" data-element_type=\"widget\" data-e-type=\"widget\" data-widget_type=\"image.default\">\n\t\t\t\t<div class=\"elementor-widget-container\">\n\t\t\t\t\t\t\t\t\t\t\t\t\t\t\t\t<a href=\"https:\/\/www.sueverkruep.de\/service\/online-termin\/\">\n\t\t\t\t\t\t\t<img loading=\"lazy\" decoding=\"async\" width=\"584\" height=\"320\" src=\"https:\/\/www.sueverkruep.de\/mazda\/wp-content\/uploads\/sites\/5\/2024\/11\/Mazda-Highlights-1.jpg\" class=\"attachment-full size-full wp-image-1734\" alt=\"Mazda Highlights (1)\" srcset=\"https:\/\/www.sueverkruep.de\/mazda\/wp-content\/uploads\/sites\/5\/2024\/11\/Mazda-Highlights-1.jpg 584w, https:\/\/www.sueverkruep.de\/mazda\/wp-content\/uploads\/sites\/5\/2024\/11\/Mazda-Highlights-1-300x164.jpg 300w, https:\/\/www.sueverkruep.de\/mazda\/wp-content\/uploads\/sites\/5\/2024\/11\/Mazda-Highlights-1-24x13.jpg 24w, https:\/\/www.sueverkruep.de\/mazda\/wp-content\/uploads\/sites\/5\/2024\/11\/Mazda-Highlights-1-36x20.jpg 36w, https:\/\/www.sueverkruep.de\/mazda\/wp-content\/uploads\/sites\/5\/2024\/11\/Mazda-Highlights-1-48x26.jpg 48w\" sizes=\"(max-width: 584px) 100vw, 584px\" \/>\t\t\t\t\t\t\t\t<\/a>\n\t\t\t\t\t\t\t\t\t\t\t\t\t\t\t<\/div>\n\t\t\t\t<\/div>\n\t\t\t\t<div class=\"elementor-element elementor-element-282fa463 elementor-widget elementor-widget-text-editor\" data-id=\"282fa463\" data-element_type=\"widget\" data-e-type=\"widget\" data-widget_type=\"text-editor.default\">\n\t\t\t\t<div class=\"elementor-widget-container\">\n\t\t\t\t\t\t\t\t\t<h2>Jetzt Termin buchen!<\/h2>\t\t\t\t\t\t\t\t<\/div>\n\t\t\t\t<\/div>\n\t\t\t\t\t<\/div>\n\t\t<\/div>\n\t\t\t\t\t<\/div>\n\t\t<\/section>\n\t\t\t\t<section class=\"elementor-section elementor-top-section elementor-element elementor-element-4ee0065e elementor-section-boxed elementor-section-height-default elementor-section-height-default wpr-particle-no wpr-jarallax-no wpr-parallax-no wpr-sticky-section-no wpr-equal-height-no\" data-id=\"4ee0065e\" data-element_type=\"section\" data-e-type=\"section\">\n\t\t\t\t\t\t<div class=\"elementor-container elementor-column-gap-default\">\n\t\t\t\t\t<div class=\"elementor-column elementor-col-100 elementor-top-column elementor-element elementor-element-25ae367f\" data-id=\"25ae367f\" data-element_type=\"column\" data-e-type=\"column\">\n\t\t\t<div class=\"elementor-widget-wrap elementor-element-populated\">\n\t\t\t\t\t\t\t<\/div>\n\t\t<\/div>\n\t\t\t\t\t<\/div>\n\t\t<\/section>\n\t\t\t\t<section class=\"elementor-section elementor-top-section elementor-element elementor-element-3a83aa69 elementor-section-boxed elementor-section-height-default elementor-section-height-default wpr-particle-no wpr-jarallax-no wpr-parallax-no wpr-sticky-section-no wpr-equal-height-no\" data-id=\"3a83aa69\" data-element_type=\"section\" data-e-type=\"section\">\n\t\t\t\t\t\t<div class=\"elementor-container elementor-column-gap-default\">\n\t\t\t\t\t<div class=\"elementor-column elementor-col-100 elementor-top-column elementor-element elementor-element-3f7126b\" data-id=\"3f7126b\" data-element_type=\"column\" data-e-type=\"column\">\n\t\t\t<div class=\"elementor-widget-wrap elementor-element-populated\">\n\t\t\t\t\t\t<div class=\"elementor-element elementor-element-6d3c4de elementor-widget elementor-widget-menu-anchor\" data-id=\"6d3c4de\" data-element_type=\"widget\" data-e-type=\"widget\" data-widget_type=\"menu-anchor.default\">\n\t\t\t\t<div class=\"elementor-widget-container\">\n\t\t\t\t\t\t\t<div class=\"elementor-menu-anchor\" id=\"standorte\"><\/div>\n\t\t\t\t\t\t<\/div>\n\t\t\t\t<\/div>\n\t\t\t\t\t<\/div>\n\t\t<\/div>\n\t\t\t\t\t<\/div>\n\t\t<\/section>\n\t\t\t\t<section class=\"elementor-section elementor-top-section elementor-element elementor-element-3bc5061e elementor-section-boxed elementor-section-height-default elementor-section-height-default wpr-particle-no wpr-jarallax-no wpr-parallax-no wpr-sticky-section-no wpr-equal-height-no\" data-id=\"3bc5061e\" data-element_type=\"section\" data-e-type=\"section\">\n\t\t\t\t\t\t<div class=\"elementor-container elementor-column-gap-default\">\n\t\t\t\t\t<div class=\"elementor-column elementor-col-100 elementor-top-column elementor-element elementor-element-6dd4055e\" data-id=\"6dd4055e\" data-element_type=\"column\" data-e-type=\"column\">\n\t\t\t<div class=\"elementor-widget-wrap elementor-element-populated\">\n\t\t\t\t\t\t<div class=\"elementor-element elementor-element-14f45efe elementor-widget elementor-widget-heading\" data-id=\"14f45efe\" data-element_type=\"widget\" data-e-type=\"widget\" data-widget_type=\"heading.default\">\n\t\t\t\t<div class=\"elementor-widget-container\">\n\t\t\t\t\t<div class=\"elementor-heading-title elementor-size-default\">Unsere Standorte<\/div>\t\t\t\t<\/div>\n\t\t\t\t<\/div>\n\t\t\t\t\t<\/div>\n\t\t<\/div>\n\t\t\t\t\t<\/div>\n\t\t<\/section>\n\t\t\t\t<section class=\"elementor-section elementor-top-section elementor-element elementor-element-dad050d elementor-section-boxed elementor-section-height-default elementor-section-height-default wpr-particle-no wpr-jarallax-no wpr-parallax-no wpr-sticky-section-no wpr-equal-height-no\" data-id=\"dad050d\" data-element_type=\"section\" data-e-type=\"section\">\n\t\t\t\t\t\t<div class=\"elementor-container elementor-column-gap-default\">\n\t\t\t\t\t<div class=\"elementor-column elementor-col-25 elementor-top-column elementor-element elementor-element-d57fa98\" data-id=\"d57fa98\" data-element_type=\"column\" data-e-type=\"column\">\n\t\t\t<div class=\"elementor-widget-wrap elementor-element-populated\">\n\t\t\t\t\t\t<div class=\"elementor-element elementor-element-cee2bd8 elementor-widget elementor-widget-image\" data-id=\"cee2bd8\" data-element_type=\"widget\" data-e-type=\"widget\" data-widget_type=\"image.default\">\n\t\t\t\t<div class=\"elementor-widget-container\">\n\t\t\t\t\t\t\t\t\t\t\t\t\t\t\t\t<a href=\"https:\/\/www.sueverkruep.de\/standort\/autohaus-sueverkruep-kiel\/?automarke=renault\">\n\t\t\t\t\t\t\t<img loading=\"lazy\" decoding=\"async\" width=\"500\" height=\"300\" src=\"https:\/\/www.sueverkruep.de\/mazda\/wp-content\/uploads\/sites\/5\/2025\/03\/Standorte-5-Mazda-Kiel.png\" class=\"attachment-large size-large wp-image-1967\" alt=\"Standorte-5-Mazda Kiel\" srcset=\"https:\/\/www.sueverkruep.de\/mazda\/wp-content\/uploads\/sites\/5\/2025\/03\/Standorte-5-Mazda-Kiel.png 500w, https:\/\/www.sueverkruep.de\/mazda\/wp-content\/uploads\/sites\/5\/2025\/03\/Standorte-5-Mazda-Kiel-300x180.png 300w, https:\/\/www.sueverkruep.de\/mazda\/wp-content\/uploads\/sites\/5\/2025\/03\/Standorte-5-Mazda-Kiel-24x14.png 24w, https:\/\/www.sueverkruep.de\/mazda\/wp-content\/uploads\/sites\/5\/2025\/03\/Standorte-5-Mazda-Kiel-36x22.png 36w, https:\/\/www.sueverkruep.de\/mazda\/wp-content\/uploads\/sites\/5\/2025\/03\/Standorte-5-Mazda-Kiel-48x29.png 48w\" sizes=\"(max-width: 500px) 100vw, 500px\" \/>\t\t\t\t\t\t\t\t<\/a>\n\t\t\t\t\t\t\t\t\t\t\t\t\t\t\t<\/div>\n\t\t\t\t<\/div>\n\t\t\t\t<div class=\"elementor-element elementor-element-50ae3a9 elementor-widget elementor-widget-text-editor\" data-id=\"50ae3a9\" data-element_type=\"widget\" data-e-type=\"widget\" data-widget_type=\"text-editor.default\">\n\t\t\t\t<div class=\"elementor-widget-container\">\n\t\t\t\t\t\t\t\t\t<p><strong>Autohaus S\u00fcverkr\u00fcp Kiel<\/strong><br \/>Holzkoppelweg 18<br \/>24118 Kiel<br \/><span style=\"text-decoration: underline;\"><span style=\"color: #00adef;\"><strong><a href=\"https:\/\/www.sueverkruep.de\/standort\/autohaus-sueverkruep-kiel\/?automarke=renault\"><span style=\"color: #00adef; text-decoration: underline;\">Details &amp; \u00d6ffnungszeiten<\/span><\/a><\/strong><\/span><\/span><br \/><span style=\"text-decoration: underline;\"><span style=\"color: #00adef;\"><strong><a style=\"color: #00adef; text-decoration: underline;\" href=\"https:\/\/www.sueverkruep.de\/service\/online-termin\/\">Terminvereinbarung<\/a><\/strong><\/span><\/span><\/p>\t\t\t\t\t\t\t\t<\/div>\n\t\t\t\t<\/div>\n\t\t\t\t\t<\/div>\n\t\t<\/div>\n\t\t\t\t<div class=\"elementor-column elementor-col-25 elementor-top-column elementor-element elementor-element-decda68\" data-id=\"decda68\" data-element_type=\"column\" data-e-type=\"column\">\n\t\t\t<div class=\"elementor-widget-wrap elementor-element-populated\">\n\t\t\t\t\t\t<div class=\"elementor-element elementor-element-a96aa64 elementor-widget elementor-widget-image\" data-id=\"a96aa64\" data-element_type=\"widget\" data-e-type=\"widget\" data-widget_type=\"image.default\">\n\t\t\t\t<div class=\"elementor-widget-container\">\n\t\t\t\t\t\t\t\t\t\t\t\t\t\t\t\t<a href=\"https:\/\/www.sueverkruep.de\/standort\/autohaus-sueverkruep-rendsburg\/?automarke=mazda\">\n\t\t\t\t\t\t\t<img loading=\"lazy\" decoding=\"async\" width=\"500\" height=\"300\" src=\"https:\/\/www.sueverkruep.de\/mazda\/wp-content\/uploads\/sites\/5\/2025\/01\/Sueverkruep-Renault-Rendsburg.png\" class=\"attachment-large size-large wp-image-1888\" alt=\"Sueverkruep-Renault-Rendsburg.png\" srcset=\"https:\/\/www.sueverkruep.de\/mazda\/wp-content\/uploads\/sites\/5\/2025\/01\/Sueverkruep-Renault-Rendsburg.png 500w, https:\/\/www.sueverkruep.de\/mazda\/wp-content\/uploads\/sites\/5\/2025\/01\/Sueverkruep-Renault-Rendsburg-300x180.png 300w, https:\/\/www.sueverkruep.de\/mazda\/wp-content\/uploads\/sites\/5\/2025\/01\/Sueverkruep-Renault-Rendsburg-24x14.png 24w, https:\/\/www.sueverkruep.de\/mazda\/wp-content\/uploads\/sites\/5\/2025\/01\/Sueverkruep-Renault-Rendsburg-36x22.png 36w, https:\/\/www.sueverkruep.de\/mazda\/wp-content\/uploads\/sites\/5\/2025\/01\/Sueverkruep-Renault-Rendsburg-48x29.png 48w\" sizes=\"(max-width: 500px) 100vw, 500px\" \/>\t\t\t\t\t\t\t\t<\/a>\n\t\t\t\t\t\t\t\t\t\t\t\t\t\t\t<\/div>\n\t\t\t\t<\/div>\n\t\t\t\t<div class=\"elementor-element elementor-element-ae83b1b elementor-widget elementor-widget-text-editor\" data-id=\"ae83b1b\" data-element_type=\"widget\" data-e-type=\"widget\" data-widget_type=\"text-editor.default\">\n\t\t\t\t<div class=\"elementor-widget-container\">\n\t\t\t\t\t\t\t\t\t<p><strong>Autohaus S\u00fcverkr\u00fcp Rendsburg<\/strong><br \/>B\u00fcsumer Stra\u00dfe 97-101<br \/>24768 Rendsburg<br \/><span style=\"text-decoration: underline;\"><span style=\"color: #00adef;\"><strong><a href=\"https:\/\/www.sueverkruep.de\/standort\/autohaus-sueverkruep-rendsburg\/?automarke=mazda\" data-wplink-edit=\"true\"><span style=\"color: #00adef; text-decoration: underline;\">Details &amp; \u00d6ffnungszeiten<\/span><\/a><\/strong><\/span><\/span><br \/><span style=\"text-decoration: underline;\"><span style=\"color: #00adef;\"><strong><a style=\"color: #00adef; text-decoration: underline;\" href=\"https:\/\/www.sueverkruep.de\/service\/online-termin\/\">Terminvereinbarung<\/a><\/strong><\/span><\/span><\/p>\t\t\t\t\t\t\t\t<\/div>\n\t\t\t\t<\/div>\n\t\t\t\t\t<\/div>\n\t\t<\/div>\n\t\t\t\t<div class=\"elementor-column elementor-col-25 elementor-top-column elementor-element elementor-element-8e8c1d1\" data-id=\"8e8c1d1\" data-element_type=\"column\" data-e-type=\"column\">\n\t\t\t<div class=\"elementor-widget-wrap elementor-element-populated\">\n\t\t\t\t\t\t<div class=\"elementor-element elementor-element-f606dda elementor-widget elementor-widget-image\" data-id=\"f606dda\" data-element_type=\"widget\" data-e-type=\"widget\" data-widget_type=\"image.default\">\n\t\t\t\t<div class=\"elementor-widget-container\">\n\t\t\t\t\t\t\t\t\t\t\t\t\t\t\t\t<a href=\"https:\/\/www.sueverkruep.de\/standort\/autohaus-sueverkruep-flensburg\/?automarke=renault\">\n\t\t\t\t\t\t\t<img loading=\"lazy\" decoding=\"async\" width=\"500\" height=\"300\" src=\"https:\/\/www.sueverkruep.de\/mazda\/wp-content\/uploads\/sites\/5\/2025\/01\/Sueverkruep-Flensburg.png\" class=\"attachment-large size-large wp-image-1889\" alt=\"Sueverkruep-Flensburg.png\" srcset=\"https:\/\/www.sueverkruep.de\/mazda\/wp-content\/uploads\/sites\/5\/2025\/01\/Sueverkruep-Flensburg.png 500w, https:\/\/www.sueverkruep.de\/mazda\/wp-content\/uploads\/sites\/5\/2025\/01\/Sueverkruep-Flensburg-300x180.png 300w, https:\/\/www.sueverkruep.de\/mazda\/wp-content\/uploads\/sites\/5\/2025\/01\/Sueverkruep-Flensburg-24x14.png 24w, https:\/\/www.sueverkruep.de\/mazda\/wp-content\/uploads\/sites\/5\/2025\/01\/Sueverkruep-Flensburg-36x22.png 36w, https:\/\/www.sueverkruep.de\/mazda\/wp-content\/uploads\/sites\/5\/2025\/01\/Sueverkruep-Flensburg-48x29.png 48w\" sizes=\"(max-width: 500px) 100vw, 500px\" \/>\t\t\t\t\t\t\t\t<\/a>\n\t\t\t\t\t\t\t\t\t\t\t\t\t\t\t<\/div>\n\t\t\t\t<\/div>\n\t\t\t\t<div class=\"elementor-element elementor-element-09133ee elementor-widget elementor-widget-text-editor\" data-id=\"09133ee\" data-element_type=\"widget\" data-e-type=\"widget\" data-widget_type=\"text-editor.default\">\n\t\t\t\t<div class=\"elementor-widget-container\">\n\t\t\t\t\t\t\t\t\t<p><strong>Autohaus S\u00fcverkr\u00fcp Flensburg<\/strong><br \/>Gutenbergstra\u00dfe 11<br \/>24941 Flensburg<br \/><span style=\"text-decoration: underline;\"><span style=\"color: #00adef;\"><strong><a href=\"https:\/\/www.sueverkruep.de\/standort\/autohaus-sueverkruep-flensburg\/?automarke=renault\" data-wplink-edit=\"true\"><span style=\"color: #00adef; text-decoration: underline;\">Details &amp; \u00d6ffnungszeiten<\/span><\/a><\/strong><\/span><\/span><br \/><span style=\"text-decoration: underline;\"><span style=\"color: #00adef;\"><strong><a style=\"color: #00adef; text-decoration: underline;\" href=\"https:\/\/www.sueverkruep.de\/service\/online-termin\/\">Terminvereinbarung<\/a><\/strong><\/span><\/span><\/p>\t\t\t\t\t\t\t\t<\/div>\n\t\t\t\t<\/div>\n\t\t\t\t\t<\/div>\n\t\t<\/div>\n\t\t\t\t<div class=\"elementor-column elementor-col-25 elementor-top-column elementor-element elementor-element-017229f\" data-id=\"017229f\" data-element_type=\"column\" data-e-type=\"column\">\n\t\t\t<div class=\"elementor-widget-wrap\">\n\t\t\t\t\t\t\t<\/div>\n\t\t<\/div>\n\t\t\t\t\t<\/div>\n\t\t<\/section>\n\t\t\t\t<section class=\"elementor-section elementor-top-section elementor-element elementor-element-6ab28b73 elementor-section-boxed elementor-section-height-default elementor-section-height-default wpr-particle-no wpr-jarallax-no wpr-parallax-no wpr-sticky-section-no wpr-equal-height-no\" data-id=\"6ab28b73\" data-element_type=\"section\" data-e-type=\"section\">\n\t\t\t\t\t\t<div class=\"elementor-container elementor-column-gap-default\">\n\t\t\t\t\t<div class=\"elementor-column elementor-col-100 elementor-top-column elementor-element elementor-element-36017477\" data-id=\"36017477\" data-element_type=\"column\" data-e-type=\"column\">\n\t\t\t<div class=\"elementor-widget-wrap elementor-element-populated\">\n\t\t\t\t\t\t<div class=\"elementor-element elementor-element-4920554c elementor-align-center elementor-widget elementor-widget-button\" data-id=\"4920554c\" data-element_type=\"widget\" data-e-type=\"widget\" data-widget_type=\"button.default\">\n\t\t\t\t<div class=\"elementor-widget-container\">\n\t\t\t\t\t\t\t\t\t<div class=\"elementor-button-wrapper\">\n\t\t\t\t\t<a class=\"elementor-button elementor-button-link elementor-size-sm\" href=\"https:\/\/www.sueverkruep.de\/ueber-uns\/ansprechpartner\/\">\n\t\t\t\t\t\t<span class=\"elementor-button-content-wrapper\">\n\t\t\t\t\t\t<span class=\"elementor-button-icon\">\n\t\t\t\t<i aria-hidden=\"true\" class=\"fas fa-search\"><\/i>\t\t\t<\/span>\n\t\t\t\t\t\t\t\t\t<span class=\"elementor-button-text\">Zu den  Ansprechpartnern<\/span>\n\t\t\t\t\t<\/span>\n\t\t\t\t\t<\/a>\n\t\t\t\t<\/div>\n\t\t\t\t\t\t\t\t<\/div>\n\t\t\t\t<\/div>\n\t\t\t\t\t<\/div>\n\t\t<\/div>\n\t\t\t\t\t<\/div>\n\t\t<\/section>\n\t\t\t\t<section class=\"elementor-section elementor-top-section elementor-element elementor-element-3bb4b45e elementor-section-content-middle elementor-section-boxed elementor-section-height-default elementor-section-height-default wpr-particle-no wpr-jarallax-no wpr-parallax-no wpr-sticky-section-no wpr-equal-height-no\" data-id=\"3bb4b45e\" data-element_type=\"section\" data-e-type=\"section\" data-settings=\"{&quot;background_background&quot;:&quot;classic&quot;}\">\n\t\t\t\t\t\t<div class=\"elementor-container elementor-column-gap-default\">\n\t\t\t\t\t<div class=\"elementor-column elementor-col-100 elementor-top-column elementor-element elementor-element-395f58b9\" data-id=\"395f58b9\" data-element_type=\"column\" data-e-type=\"column\">\n\t\t\t<div class=\"elementor-widget-wrap elementor-element-populated\">\n\t\t\t\t\t\t<div class=\"elementor-element elementor-element-3df846eb elementor-widget elementor-widget-menu-anchor\" data-id=\"3df846eb\" data-element_type=\"widget\" data-e-type=\"widget\" data-widget_type=\"menu-anchor.default\">\n\t\t\t\t<div class=\"elementor-widget-container\">\n\t\t\t\t\t\t\t<div class=\"elementor-menu-anchor\" id=\"kontakt\"><\/div>\n\t\t\t\t\t\t<\/div>\n\t\t\t\t<\/div>\n\t\t\t\t<div class=\"elementor-element elementor-element-4d0577c2 elementor-widget elementor-widget-heading\" data-id=\"4d0577c2\" data-element_type=\"widget\" data-e-type=\"widget\" data-widget_type=\"heading.default\">\n\t\t\t\t<div class=\"elementor-widget-container\">\n\t\t\t\t\t<div class=\"elementor-heading-title elementor-size-default\">Kontakt<\/div>\t\t\t\t<\/div>\n\t\t\t\t<\/div>\n\t\t\t\t<div class=\"elementor-element elementor-element-21748b32 elementor-widget elementor-widget-text-editor\" data-id=\"21748b32\" data-element_type=\"widget\" data-e-type=\"widget\" data-widget_type=\"text-editor.default\">\n\t\t\t\t<div class=\"elementor-widget-container\">\n\t\t\t\t\t\t\t\t\t<p>Kontaktieren Sie uns \u00fcber das Formular f\u00fcr eine Probefahrt, bei Fragen und f\u00fcr Unterst\u00fctzung bei Ihrer Auswahl. Wir freuen uns auf Ihre Kontaktaufnahme.<\/p>\t\t\t\t\t\t\t\t<\/div>\n\t\t\t\t<\/div>\n\t\t\t\t\t<\/div>\n\t\t<\/div>\n\t\t\t\t\t<\/div>\n\t\t<\/section>\n\t\t\t\t<section class=\"elementor-section elementor-top-section elementor-element elementor-element-33351e46 elementor-section-boxed elementor-section-height-default elementor-section-height-default wpr-particle-no wpr-jarallax-no wpr-parallax-no wpr-sticky-section-no wpr-equal-height-no\" data-id=\"33351e46\" data-element_type=\"section\" data-e-type=\"section\" data-settings=\"{&quot;background_background&quot;:&quot;classic&quot;}\">\n\t\t\t\t\t\t<div class=\"elementor-container elementor-column-gap-default\">\n\t\t\t\t\t<div class=\"elementor-column elementor-col-100 elementor-top-column elementor-element elementor-element-55630d17\" data-id=\"55630d17\" data-element_type=\"column\" data-e-type=\"column\">\n\t\t\t<div class=\"elementor-widget-wrap elementor-element-populated\">\n\t\t\t\t\t\t<div class=\"elementor-element elementor-element-57becba2 elementor-widget elementor-widget-text-editor\" data-id=\"57becba2\" data-element_type=\"widget\" data-e-type=\"widget\" data-widget_type=\"text-editor.default\">\n\t\t\t\t<div class=\"elementor-widget-container\">\n\t\t\t\t\t\t\t\t\t<p>\n<div class=\"wpcf7 no-js\" id=\"wpcf7-f1864-o1\" lang=\"de-DE\" dir=\"ltr\" data-wpcf7-id=\"1864\">\n<div class=\"screen-reader-response\"><p role=\"status\" aria-live=\"polite\" aria-atomic=\"true\"><\/p> <ul><\/ul><\/div>\n<form action=\"\/mazda\/wp-json\/wp\/v2\/pages\/4#wpcf7-f1864-o1\" method=\"post\" class=\"wpcf7-form init\" aria-label=\"Kontaktformular\" novalidate=\"novalidate\" data-status=\"init\">\n<fieldset class=\"hidden-fields-container\"><input type=\"hidden\" name=\"_wpcf7\" value=\"1864\" \/><input type=\"hidden\" name=\"_wpcf7_version\" value=\"6.1.5\" \/><input type=\"hidden\" name=\"_wpcf7_locale\" value=\"de_DE\" \/><input type=\"hidden\" name=\"_wpcf7_unit_tag\" value=\"wpcf7-f1864-o1\" \/><input type=\"hidden\" name=\"_wpcf7_container_post\" value=\"0\" \/><input type=\"hidden\" name=\"_wpcf7_posted_data_hash\" value=\"\" \/><input type=\"hidden\" name=\"_wpcf7dtx_version\" value=\"5.0.5\" \/>\n<\/fieldset>\n<div class=\"uacf7-form-wrapper-container uacf7-form-1864  \"><div class=\"form-group grid-x grid-margin-x\" data-equalizer data-equalize-on=\"medium\">\n\t<div class=\"cell large-6\" data-equalizer-watch>\n\t\t<div class=\"form-group grid-x grid-margin-x\">\n\t\t\t\n\t\t\t<div class=\"cell medium-6\">\n\t\t\t\t<span class=\"wpcf7-form-control-wrap\" data-name=\"auto\"><select class=\"wpcf7-form-control wpcf7-select wpcf7-validates-as-required custom-select\" aria-required=\"true\" aria-invalid=\"false\" name=\"auto\"><option value=\"\">W\u00e4hlen Sie ein Modell*<\/option><option value=\"MAZDA 2\">MAZDA 2<\/option><option value=\"MAZDA 3\">MAZDA 3<\/option><option value=\"MAZDA 6\">MAZDA 6<\/option><option value=\"MAZDA CX-3\">MAZDA CX-3<\/option><option value=\"MAZDA CX-30\">MAZDA CX-30<\/option><option value=\"MAZDA CX-5\">MAZDA CX-5<\/option><option value=\"MAZDA CX-50\">MAZDA CX-50<\/option><option value=\"MAZDA CX-60\">MAZDA CX-60<\/option><option value=\"MAZDA CX-70\">MAZDA CX-70<\/option><option value=\"MAZDA CX-80\">MAZDA CX-80<\/option><option value=\"MAZDA CX-90\">MAZDA CX-90<\/option><option value=\"MAZDA MX-30\">MAZDA MX-30<\/option><option value=\"MAZDA MX-5\">MAZDA MX-5<\/option><\/select><\/span>\n\n\n\t\t\t<\/div>\n\t\t<\/div>\n<div class=\"form-group grid-x grid-margin-x form-standortfield\">\n\t\t\t<div class=\"cell\">\n\t\t\t\t<span class=\"wpcf7-form-control-wrap\" data-name=\"standort\"><select class=\"wpcf7-form-control wpcf7-select wpcf7-validates-as-required custom-select\" aria-required=\"true\" aria-invalid=\"false\" name=\"standort\"><option value=\"\">gew\u00fcnschter Standort*<\/option><option value=\"Autohaus S\u00fcverkr\u00fcp - Kiel\">Autohaus S\u00fcverkr\u00fcp &#8211; Kiel<\/option><option value=\"Autohaus S\u00fcverkr\u00fcp - Rendsburg\">Autohaus S\u00fcverkr\u00fcp &#8211; Rendsburg<\/option><option value=\"Autohaus S\u00fcverkr\u00fcp - Flensburg\">Autohaus S\u00fcverkr\u00fcp &#8211; Flensburg<\/option><\/select><\/span>\n\t\t\t<\/div>\n\t\t<\/div>\n\n\t\t<div class=\"form-group grid-x grid-margin-x\">\n\t\t\t<div class=\"cell\"><span class=\"wpcf7-form-control-wrap\" data-name=\"anrede\"><span class=\"wpcf7-form-control wpcf7-radio\"><span class=\"wpcf7-list-item first\"><label><input type=\"radio\" name=\"anrede\" value=\"Herr\" \/><span class=\"wpcf7-list-item-label\">Herr<\/span><\/label><\/span><span class=\"wpcf7-list-item\"><label><input type=\"radio\" name=\"anrede\" value=\"Frau\" \/><span class=\"wpcf7-list-item-label\">Frau<\/span><\/label><\/span><span class=\"wpcf7-list-item last\"><label><input type=\"radio\" name=\"anrede\" value=\"Divers\" \/><span class=\"wpcf7-list-item-label\">Divers<\/span><\/label><\/span><\/span><\/span><\/div>\n\t\t<\/div>\n\t\t\n\t\t\n\t\t<div class=\"form-group grid-x grid-margin-x\">\n\t\t\t<div class=\"cell\"><span class=\"wpcf7-form-control-wrap\" data-name=\"vorname_name\"><input size=\"40\" maxlength=\"400\" class=\"wpcf7-form-control wpcf7-text wpcf7-validates-as-required\" aria-required=\"true\" aria-invalid=\"false\" placeholder=\"Vor- &amp; Nachname*\" value=\"\" type=\"text\" name=\"vorname_name\" \/><\/span><\/div>\n\n\t\t\t<div class=\"cell\"><span class=\"wpcf7-form-control-wrap\" data-name=\"telefon\"><input size=\"40\" maxlength=\"400\" class=\"wpcf7-form-control wpcf7-text\" aria-invalid=\"false\" placeholder=\"Telefonnummer\" value=\"\" type=\"text\" name=\"telefon\" \/><\/span><\/div>\n\n\t\t\t<div class=\"cell\"><span class=\"wpcf7-form-control-wrap\" data-name=\"client-email\"><input size=\"40\" maxlength=\"400\" class=\"wpcf7-form-control wpcf7-email wpcf7-validates-as-required wpcf7-text wpcf7-validates-as-email\" aria-required=\"true\" aria-invalid=\"false\" placeholder=\"E-Mail*\" value=\"\" type=\"email\" name=\"client-email\" \/><\/span> <\/div>\n\n\t\t\t\n\t\t<\/div>\n\t<\/div>\n\n\t<div class=\"cell large-6 message-box\">\n\t\t<span class=\"wpcf7-form-control-wrap\" data-name=\"message\"><textarea cols=\"40\" rows=\"10\" maxlength=\"2000\" class=\"wpcf7-form-control wpcf7-textarea\" aria-invalid=\"false\" placeholder=\"Bitte geben Sie uns so viele Information wie m\u00f6glich.\" name=\"message\"><\/textarea><\/span>\n\t<\/div>\n\n\t<div class=\"cell submit-btn\"> <input class=\"wpcf7-form-control wpcf7-submit has-spinner button fill small-only-expanded\" type=\"submit\" value=\"E-Mail senden\" \/><\/div>\n\n<\/div>\n\n<br>\n\t<p>\n\t\tHier k\u00f6nnen Sie die \n\t\t<u>\n\t\t\t<a href=\"https:\/\/www.sueverkruep.de\/datenschutzerklaerung\/\"target=\"_blank\">Datenschutzerkl\u00e4rung\n\t\t\t<\/a>\n\t\t<\/u> \n\t\tvon sueverkruep.de einsehen. Mit dem Absenden dieser Anfrage erkl\u00e4re ich mich damit einverstanden, dass meine Angaben zur Kontaktaufnahme gespeichert werden. Meine Einwilligung kann ich jederzeit mit Wirkung f\u00fcr die Zukunft per E-Mail an datenschutz@sueverkruep.de widerrufen. \n\t<\/p>\n<\/br><\/div><input type='hidden' class='wpcf7-pum' value='{\"closepopup\":false,\"closedelay\":0,\"openpopup\":false,\"openpopup_id\":0}' \/><div class=\"frc-captcha \" data-sitekey=\"FCMSI6ARJ3P3EIJS\" data-lang=\"de\" ><\/div>\n\t\t<noscript>You need to enable Javascript for the anti-spam check.<\/noscript><div class=\"wpcf7-response-output\" aria-hidden=\"true\"><\/div>\n<\/form>\n<\/div>\n<\/p>\t\t\t\t\t\t\t\t<\/div>\n\t\t\t\t<\/div>\n\t\t\t\t\t<\/div>\n\t\t<\/div>\n\t\t\t\t\t<\/div>\n\t\t<\/section>\n\t\t\t\t<\/div>\n\t\t","protected":false},"excerpt":{"rendered":"<p>\u00a0 Mazda: Qualit\u00e4t die begeistert Mazda erleben Im Autohaus S\u00fcverkr\u00fcp verbinden wir Mazda mit unserem Anspruch an h\u00f6chste Qualit\u00e4t und au\u00dfergew\u00f6hnlichem Design. Erleben Sie die Mazda-Vielfalt mit innovativer Technik und markantem Design \u2013 perfekt f\u00fcr Alltag und Abenteuer. Sp\u00fcren Sie Dynamik und Pr\u00e4zision bei einer Probefahrt und erleben Sie die Qualit\u00e4t und das markante Design, das Mazda auszeichnet. Lassen Sie sich begeistern! Neuheiten Werkstatttermin Angebotspalette Standorte Kontakt Unsere Mazda Gebrauchtwagen Unsere Neuheiten Mazda 2 Hybrid ab 169\u20ac \/ mtl. leasen + 0\u20ac Anzahlung neue Ausstattungslinien verf\u00fcgbar Barverkaufspreis schon ab 24.990\u20ac inkl. Sonderausstattung im Wert von 650\u20ac Gewerbekunden Vorteile &amp; Angebote Langfristig \u00fcberzeugend und Wertstabil Flexible Laufzeit zwischen 24 und 60 Monaten bis zu 180.000 Kilometer + Fullservice Die MyMazda App Wartungsmanagement und Service-Erinnerung Fahrzeugstatus und historie Direkte Pannenhilfe \u00fcber die App Unsere Angebotspalette Gebrauchtwagen Privatkunden Gewerbekunden Probefahrt Service &amp; Werkstatt Teile &amp; Zubeh\u00f6r Online-Terminvereinbarung W\u00e4hlen Sie nun den Service-Termin f\u00fcr Ihren Pkw Jetzt Termin buchen! Unsere Standorte Autohaus S\u00fcverkr\u00fcp Kiel Holzkoppelweg 18 24118 Kiel Details &amp; \u00d6ffnungszeiten Terminvereinbarung Autohaus S\u00fcverkr\u00fcp Rendsburg B\u00fcsumer Stra\u00dfe 97-101 24768 Rendsburg Details &amp; \u00d6ffnungszeiten Terminvereinbarung Autohaus S\u00fcverkr\u00fcp Flensburg Gutenbergstra\u00dfe 11 24941 Flensburg Details &amp; \u00d6ffnungszeiten Terminvereinbarung Zu den Ansprechpartnern Kontakt Kontaktieren Sie uns \u00fcber das Formular f\u00fcr eine Probefahrt, bei Fragen und f\u00fcr Unterst\u00fctzung bei Ihrer Auswahl. Wir freuen uns auf Ihre Kontaktaufnahme.<\/p>\n","protected":false},"author":1,"featured_media":0,"parent":0,"menu_order":0,"comment_status":"closed","ping_status":"closed","template":"","meta":{"footnotes":""},"class_list":["post-4","page","type-page","status-publish","hentry"],"acf":[],"yoast_head":"<!-- This site is optimized with the Yoast SEO plugin v27.4 - https:\/\/yoast.com\/product\/yoast-seo-wordpress\/ -->\n<title>S\u00fcverkr\u00fcp Mazda - TOP 2026 \u2714\ufe0f<\/title>\n<meta name=\"description\" content=\"lll\u27a4S\u00fcverkr\u00fcp ist Ihr Mazda Partner an vier Standorten in Schleswig-Holstein. Wir bieten Ihnen Neuwagen, Gebrauchtwagen, Services uvm. \u2705\" \/>\n<meta name=\"robots\" content=\"index, follow, max-snippet:-1, max-image-preview:large, max-video-preview:-1\" \/>\n<link rel=\"canonical\" href=\"https:\/\/www.sueverkruep.de\/mazda\/\" \/>\n<meta property=\"og:locale\" content=\"de_DE\" \/>\n<meta property=\"og:type\" content=\"article\" \/>\n<meta property=\"og:title\" content=\"S\u00fcverkr\u00fcp Mazda - TOP 2026 \u2714\ufe0f\" \/>\n<meta property=\"og:description\" content=\"lll\u27a4S\u00fcverkr\u00fcp ist Ihr Mazda Partner an vier Standorten in Schleswig-Holstein. Wir bieten Ihnen Neuwagen, Gebrauchtwagen, Services uvm. \u2705\" \/>\n<meta property=\"og:url\" content=\"https:\/\/www.sueverkruep.de\/mazda\/\" \/>\n<meta property=\"og:site_name\" content=\"S\u00fcverkr\u00fcp Mazda\" \/>\n<meta property=\"article:modified_time\" content=\"2025-11-24T08:26:39+00:00\" \/>\n<meta property=\"og:image\" content=\"https:\/\/www.sueverkruep.de\/mazda\/wp-content\/uploads\/sites\/5\/2024\/11\/Startseiten-Icon-Stern_Angebote_500x400x72_22-05-2024-150x150.png\" \/>\n<meta name=\"twitter:card\" content=\"summary_large_image\" \/>\n<meta name=\"twitter:label1\" content=\"Gesch\u00e4tzte Lesezeit\" \/>\n\t<meta name=\"twitter:data1\" content=\"5\u00a0Minuten\" \/>\n<script type=\"application\/ld+json\" class=\"yoast-schema-graph\">{\"@context\":\"https:\\\/\\\/schema.org\",\"@graph\":[{\"@type\":\"WebPage\",\"@id\":\"https:\\\/\\\/www.sueverkruep.de\\\/mazda\\\/\",\"url\":\"https:\\\/\\\/www.sueverkruep.de\\\/mazda\\\/\",\"name\":\"S\u00fcverkr\u00fcp Mazda - TOP 2026 \u2714\ufe0f\",\"isPartOf\":{\"@id\":\"https:\\\/\\\/www.sueverkruep.de\\\/mazda\\\/#website\"},\"primaryImageOfPage\":{\"@id\":\"https:\\\/\\\/www.sueverkruep.de\\\/mazda\\\/#primaryimage\"},\"image\":{\"@id\":\"https:\\\/\\\/www.sueverkruep.de\\\/mazda\\\/#primaryimage\"},\"thumbnailUrl\":\"https:\\\/\\\/www.sueverkruep.de\\\/mazda\\\/wp-content\\\/uploads\\\/sites\\\/5\\\/2024\\\/11\\\/Startseiten-Icon-Stern_Angebote_500x400x72_22-05-2024-150x150.png\",\"datePublished\":\"2019-02-27T12:13:22+00:00\",\"dateModified\":\"2025-11-24T08:26:39+00:00\",\"description\":\"lll\u27a4S\u00fcverkr\u00fcp ist Ihr Mazda Partner an vier Standorten in Schleswig-Holstein. Wir bieten Ihnen Neuwagen, Gebrauchtwagen, Services uvm. \u2705\",\"breadcrumb\":{\"@id\":\"https:\\\/\\\/www.sueverkruep.de\\\/mazda\\\/#breadcrumb\"},\"inLanguage\":\"de\",\"potentialAction\":[{\"@type\":\"ReadAction\",\"target\":[\"https:\\\/\\\/www.sueverkruep.de\\\/mazda\\\/\"]}]},{\"@type\":\"ImageObject\",\"inLanguage\":\"de\",\"@id\":\"https:\\\/\\\/www.sueverkruep.de\\\/mazda\\\/#primaryimage\",\"url\":\"https:\\\/\\\/www.sueverkruep.de\\\/mazda\\\/wp-content\\\/uploads\\\/sites\\\/5\\\/2024\\\/11\\\/Startseiten-Icon-Stern_Angebote_500x400x72_22-05-2024.png\",\"contentUrl\":\"https:\\\/\\\/www.sueverkruep.de\\\/mazda\\\/wp-content\\\/uploads\\\/sites\\\/5\\\/2024\\\/11\\\/Startseiten-Icon-Stern_Angebote_500x400x72_22-05-2024.png\",\"width\":500,\"height\":400,\"caption\":\"Startseiten-Icon-Stern_Angebote_500x400x72_22-05-2024.png\"},{\"@type\":\"BreadcrumbList\",\"@id\":\"https:\\\/\\\/www.sueverkruep.de\\\/mazda\\\/#breadcrumb\",\"itemListElement\":[{\"@type\":\"ListItem\",\"position\":1,\"name\":\"Startseite\",\"item\":\"https:\\\/\\\/www.sueverkruep.de\\\/mazda\\\/\"},{\"@type\":\"ListItem\",\"position\":2,\"name\":\"Mazda\"}]},{\"@type\":\"WebSite\",\"@id\":\"https:\\\/\\\/www.sueverkruep.de\\\/mazda\\\/#website\",\"url\":\"https:\\\/\\\/www.sueverkruep.de\\\/mazda\\\/\",\"name\":\"S\u00fcverkr\u00fcp Mazda\",\"description\":\"Ihr L\u00e4cheln. Unser Antrieb.\",\"publisher\":{\"@id\":\"https:\\\/\\\/www.sueverkruep.de\\\/mazda\\\/#organization\"},\"potentialAction\":[{\"@type\":\"SearchAction\",\"target\":{\"@type\":\"EntryPoint\",\"urlTemplate\":\"https:\\\/\\\/www.sueverkruep.de\\\/mazda\\\/?s={search_term_string}\"},\"query-input\":{\"@type\":\"PropertyValueSpecification\",\"valueRequired\":true,\"valueName\":\"search_term_string\"}}],\"inLanguage\":\"de\"},{\"@type\":\"Organization\",\"@id\":\"https:\\\/\\\/www.sueverkruep.de\\\/mazda\\\/#organization\",\"name\":\"S\u00fcverkr\u00fcp Mazda\",\"url\":\"https:\\\/\\\/www.sueverkruep.de\\\/mazda\\\/\",\"logo\":{\"@type\":\"ImageObject\",\"inLanguage\":\"de\",\"@id\":\"https:\\\/\\\/www.sueverkruep.de\\\/mazda\\\/#\\\/schema\\\/logo\\\/image\\\/\",\"url\":\"https:\\\/\\\/www.sueverkruep.de\\\/mazda\\\/wp-content\\\/uploads\\\/sites\\\/5\\\/2020\\\/12\\\/cropped-mazda_logoo.png\",\"contentUrl\":\"https:\\\/\\\/www.sueverkruep.de\\\/mazda\\\/wp-content\\\/uploads\\\/sites\\\/5\\\/2020\\\/12\\\/cropped-mazda_logoo.png\",\"width\":294,\"height\":88,\"caption\":\"S\u00fcverkr\u00fcp Mazda\"},\"image\":{\"@id\":\"https:\\\/\\\/www.sueverkruep.de\\\/mazda\\\/#\\\/schema\\\/logo\\\/image\\\/\"}}]}<\/script>\n<!-- \/ Yoast SEO plugin. -->","yoast_head_json":{"title":"S\u00fcverkr\u00fcp Mazda - TOP 2026 \u2714\ufe0f","description":"lll\u27a4S\u00fcverkr\u00fcp ist Ihr Mazda Partner an vier Standorten in Schleswig-Holstein. Wir bieten Ihnen Neuwagen, Gebrauchtwagen, Services uvm. \u2705","robots":{"index":"index","follow":"follow","max-snippet":"max-snippet:-1","max-image-preview":"max-image-preview:large","max-video-preview":"max-video-preview:-1"},"canonical":"https:\/\/www.sueverkruep.de\/mazda\/","og_locale":"de_DE","og_type":"article","og_title":"S\u00fcverkr\u00fcp Mazda - TOP 2026 \u2714\ufe0f","og_description":"lll\u27a4S\u00fcverkr\u00fcp ist Ihr Mazda Partner an vier Standorten in Schleswig-Holstein. Wir bieten Ihnen Neuwagen, Gebrauchtwagen, Services uvm. \u2705","og_url":"https:\/\/www.sueverkruep.de\/mazda\/","og_site_name":"S\u00fcverkr\u00fcp Mazda","article_modified_time":"2025-11-24T08:26:39+00:00","og_image":[{"url":"https:\/\/www.sueverkruep.de\/mazda\/wp-content\/uploads\/sites\/5\/2024\/11\/Startseiten-Icon-Stern_Angebote_500x400x72_22-05-2024-150x150.png","type":"","width":"","height":""}],"twitter_card":"summary_large_image","twitter_misc":{"Gesch\u00e4tzte Lesezeit":"5\u00a0Minuten"},"schema":{"@context":"https:\/\/schema.org","@graph":[{"@type":"WebPage","@id":"https:\/\/www.sueverkruep.de\/mazda\/","url":"https:\/\/www.sueverkruep.de\/mazda\/","name":"S\u00fcverkr\u00fcp Mazda - TOP 2026 \u2714\ufe0f","isPartOf":{"@id":"https:\/\/www.sueverkruep.de\/mazda\/#website"},"primaryImageOfPage":{"@id":"https:\/\/www.sueverkruep.de\/mazda\/#primaryimage"},"image":{"@id":"https:\/\/www.sueverkruep.de\/mazda\/#primaryimage"},"thumbnailUrl":"https:\/\/www.sueverkruep.de\/mazda\/wp-content\/uploads\/sites\/5\/2024\/11\/Startseiten-Icon-Stern_Angebote_500x400x72_22-05-2024-150x150.png","datePublished":"2019-02-27T12:13:22+00:00","dateModified":"2025-11-24T08:26:39+00:00","description":"lll\u27a4S\u00fcverkr\u00fcp ist Ihr Mazda Partner an vier Standorten in Schleswig-Holstein. Wir bieten Ihnen Neuwagen, Gebrauchtwagen, Services uvm. \u2705","breadcrumb":{"@id":"https:\/\/www.sueverkruep.de\/mazda\/#breadcrumb"},"inLanguage":"de","potentialAction":[{"@type":"ReadAction","target":["https:\/\/www.sueverkruep.de\/mazda\/"]}]},{"@type":"ImageObject","inLanguage":"de","@id":"https:\/\/www.sueverkruep.de\/mazda\/#primaryimage","url":"https:\/\/www.sueverkruep.de\/mazda\/wp-content\/uploads\/sites\/5\/2024\/11\/Startseiten-Icon-Stern_Angebote_500x400x72_22-05-2024.png","contentUrl":"https:\/\/www.sueverkruep.de\/mazda\/wp-content\/uploads\/sites\/5\/2024\/11\/Startseiten-Icon-Stern_Angebote_500x400x72_22-05-2024.png","width":500,"height":400,"caption":"Startseiten-Icon-Stern_Angebote_500x400x72_22-05-2024.png"},{"@type":"BreadcrumbList","@id":"https:\/\/www.sueverkruep.de\/mazda\/#breadcrumb","itemListElement":[{"@type":"ListItem","position":1,"name":"Startseite","item":"https:\/\/www.sueverkruep.de\/mazda\/"},{"@type":"ListItem","position":2,"name":"Mazda"}]},{"@type":"WebSite","@id":"https:\/\/www.sueverkruep.de\/mazda\/#website","url":"https:\/\/www.sueverkruep.de\/mazda\/","name":"S\u00fcverkr\u00fcp Mazda","description":"Ihr L\u00e4cheln. Unser Antrieb.","publisher":{"@id":"https:\/\/www.sueverkruep.de\/mazda\/#organization"},"potentialAction":[{"@type":"SearchAction","target":{"@type":"EntryPoint","urlTemplate":"https:\/\/www.sueverkruep.de\/mazda\/?s={search_term_string}"},"query-input":{"@type":"PropertyValueSpecification","valueRequired":true,"valueName":"search_term_string"}}],"inLanguage":"de"},{"@type":"Organization","@id":"https:\/\/www.sueverkruep.de\/mazda\/#organization","name":"S\u00fcverkr\u00fcp Mazda","url":"https:\/\/www.sueverkruep.de\/mazda\/","logo":{"@type":"ImageObject","inLanguage":"de","@id":"https:\/\/www.sueverkruep.de\/mazda\/#\/schema\/logo\/image\/","url":"https:\/\/www.sueverkruep.de\/mazda\/wp-content\/uploads\/sites\/5\/2020\/12\/cropped-mazda_logoo.png","contentUrl":"https:\/\/www.sueverkruep.de\/mazda\/wp-content\/uploads\/sites\/5\/2020\/12\/cropped-mazda_logoo.png","width":294,"height":88,"caption":"S\u00fcverkr\u00fcp Mazda"},"image":{"@id":"https:\/\/www.sueverkruep.de\/mazda\/#\/schema\/logo\/image\/"}}]}},"_links":{"self":[{"href":"https:\/\/www.sueverkruep.de\/mazda\/wp-json\/wp\/v2\/pages\/4","targetHints":{"allow":["GET"]}}],"collection":[{"href":"https:\/\/www.sueverkruep.de\/mazda\/wp-json\/wp\/v2\/pages"}],"about":[{"href":"https:\/\/www.sueverkruep.de\/mazda\/wp-json\/wp\/v2\/types\/page"}],"author":[{"embeddable":true,"href":"https:\/\/www.sueverkruep.de\/mazda\/wp-json\/wp\/v2\/users\/1"}],"replies":[{"embeddable":true,"href":"https:\/\/www.sueverkruep.de\/mazda\/wp-json\/wp\/v2\/comments?post=4"}],"version-history":[{"count":135,"href":"https:\/\/www.sueverkruep.de\/mazda\/wp-json\/wp\/v2\/pages\/4\/revisions"}],"predecessor-version":[{"id":2264,"href":"https:\/\/www.sueverkruep.de\/mazda\/wp-json\/wp\/v2\/pages\/4\/revisions\/2264"}],"wp:attachment":[{"href":"https:\/\/www.sueverkruep.de\/mazda\/wp-json\/wp\/v2\/media?parent=4"}],"curies":[{"name":"wp","href":"https:\/\/api.w.org\/{rel}","templated":true}]}}